{"id":90270,"date":"2025-10-03T19:02:22","date_gmt":"2025-10-03T17:02:22","guid":{"rendered":"https:\/\/artistics.com\/?post_type=product&#038;p=90270"},"modified":"2025-10-24T11:44:53","modified_gmt":"2025-10-24T09:44:53","slug":"voile-denfance-vii","status":"publish","type":"product","link":"https:\/\/artistics.com\/fr\/oeuvre\/voile-denfance-vii\/","title":{"rendered":"Voile d&rsquo;enfance VII"},"content":{"rendered":"","protected":false},"excerpt":{"rendered":"","protected":false},"featured_media":90258,"template":"","meta":{"_acf_changed":false,"_searchwp_excluded":"","inline_featured_image":false},"product_cat":[192,236,216,196,164,208,209,212],"product_tag":[510],"series":[2549],"class_list":{"0":"post-90270","1":"product","2":"type-product","3":"status-publish","4":"has-post-thumbnail","6":"product_cat-art-figuratif","7":"product_cat-de-3000-a-10-000-e","8":"product_cat-moyen","9":"product_cat-portrait-et-figure","10":"product_cat-sculpture-contemporaine","11":"product_cat-sculpture-en-bronze","12":"product_cat-sculpture-figurative","13":"product_cat-sculpture-portrait-et-figure","14":"product_tag-enfant","15":"series-marine-de-soos-voiles-denfance","17":"first","18":"instock","19":"taxable","20":"shipping-taxable","21":"purchasable","22":"product-type-simple"},"acf":{"artwork_artist":[2758],"artwork_medium":164,"artwork_categories":[212,208,209],"artwork_overall-tones":[],"artwork_main-material":[],"artwork_art-genre":[196],"artwork_art-movement":[192],"artwork_miscellaneous":[],"artwork_formats":[216],"artwork_price-ranges":[236],"artwork_main_subject":[510],"artwork_technique":[],"artwork_featured_location":[],"artwork_dominant_color":[],"artwork_physical_attributes":[],"artwork_creation_date":"20250101","artwork_unique_piece":false,"artwork_description":"Sculpture en bronze","artwork_signature":"\u0152uvre sign\u00e9e","artwork_authenticity":"L\u2019\u0153uvre est vendue avec un certificat d\u2019authenticit\u00e9 sign\u00e9 par l\u2019artiste.","artwork_framing":"not_specified","artwork_has_custom_framing_info":false,"artwork_custom_framing_info":"Not specified","artwork_location_country":"FR","artwork_location_city":"Paris","artwork_location_zipcode":"75006","artwork_shipment_type":"3D_artwork","artwork_shipping_delivery":"sculpture_edition_production_time","artwork_has_custom_shipping_delivery_info":false,"artwork_custom_shipping_delivery_info":"Not specified","artwork_360_view_url":"https:\/\/embed.imajize.com\/905856327","artwork_video_url":"","artwork_video_format":[],"artwork_preview_type":"featured_image","artwork_reserved":false,"artwork_hide_price":false,"artwork_about":"<p data-start=\"42\" data-end=\"616\"><em><strong>Voile d\u2019Enfance VII <\/strong><\/em>est une \u0153uvre captivante de la sculptrice contemporaine fran\u00e7aise Marine de Soos.<\/p>\r\n<p data-start=\"42\" data-end=\"616\">Cette sculpture figurative en bronze saisit avec beaut\u00e9 un moment d\u2019\u00e9merveillement et de libert\u00e9 propre \u00e0 l\u2019enfance. La pi\u00e8ce repr\u00e9sente un enfant solitaire, rendu avec un grand souci du d\u00e9tail, levant les yeux avec concentration et joie, tenant la ficelle d\u2019un cerf-volant en plein vol. Le cerf-volant, \u00e9galement fa\u00e7onn\u00e9 en bronze, appara\u00eet l\u00e9ger et dynamique, reli\u00e9 \u00e0 l\u2019enfant par une ligne d\u00e9licate et courbe qui souligne son envol dans le ciel ouvert. La composition de la sculpture est verticale : l\u2019enfant et son cerf-volant s\u2019\u00e9lancent vers le haut, cr\u00e9ant une impression puissante de mouvement ascendant et de connexion \u00e0 l\u2019immensit\u00e9 du ciel. Cette \u0153uvre \u00e9voque des th\u00e8mes d\u2019innocence, de r\u00eave, d\u2019imagination et des joies simples de la jeunesse.<\/p>\r\n<p data-start=\"1010\" data-end=\"1593\">Marine de Soos a toujours entretenu une ouverture au monde qui impr\u00e8gne profond\u00e9ment sa carri\u00e8re et son \u0153uvre. Pour chaque sculpture, l\u2019artiste puise son inspiration dans ses souvenirs, en particulier ceux des paysages africains et asiatiques. Quelle que soit l\u2019image initiale, il y a toujours une \u00e9motion qui y est attach\u00e9e : \u00ab Je ne peux travailler que lorsque je suis dans un \u00e9tat \u00e9motionnel \u00bb, dit l\u2019artiste. L\u2019\u00e9motion constitue son unique guide, aboutissant \u00e0 une invitation au voyage impr\u00e9gn\u00e9e d\u2019une po\u00e9sie singuli\u00e8re qui entra\u00eene le spectateur dans un \u00e9tat de contemplation.<\/p>\r\n<p data-start=\"1010\" data-end=\"1593\">La hauteur de la figure centrale de la sculpture est de 34 cm (13,3 in).<\/p>","artwork_series":[2549],"artwork_query_group":"20","artwork_lowest_grid_position":1,"artwork_random_position":8116007,"explicit_sensitive_content":false,"drupal_id":"5784"},"yoast_head":"<!-- This site is optimized with the Yoast SEO Premium plugin v27.3 (Yoast SEO v27.3) - https:\/\/yoast.com\/product\/yoast-seo-premium-wordpress\/ -->\n<title>Artistics | Voile d&#039;enfance VII par Marine de Soos - Sculpture contemporaine<\/title>\n<meta name=\"description\" content=\"Voile d&#039;enfance VII par Marine de Soos - achat d&#039;\u0153uvres d&#039;art contemporain originales sur la galerie d&#039;art en ligne Artistics.\" \/>\n<meta name=\"robots\" content=\"index, follow, max-snippet:-1, max-image-preview:large, max-video-preview:-1\" \/>\n<link rel=\"canonical\" href=\"https:\/\/artistics.com\/fr\/oeuvre\/voile-denfance-vii\/\" \/>\n<meta property=\"og:locale\" content=\"fr_FR\" \/>\n<meta property=\"og:type\" content=\"article\" \/>\n<meta property=\"og:title\" content=\"Voile d&#039;enfance VII\" \/>\n<meta property=\"og:description\" content=\"Voile d&#039;enfance VII par Marine de Soos - achat d&#039;\u0153uvres d&#039;art contemporain originales sur la galerie d&#039;art en ligne Artistics.\" \/>\n<meta property=\"og:url\" content=\"https:\/\/artistics.com\/fr\/oeuvre\/voile-denfance-vii\/\" \/>\n<meta property=\"og:site_name\" content=\"Artistics\" \/>\n<meta property=\"article:publisher\" content=\"https:\/\/www.facebook.com\/ArtisticsMag\" \/>\n<meta property=\"article:modified_time\" content=\"2025-10-24T09:44:53+00:00\" \/>\n<meta property=\"og:image\" content=\"https:\/\/artistics.com\/wp-content\/uploads\/2025\/10\/voile-d-enfance-vii-figurative-bronze-sculpture-by-marine-de-soos-1.jpg\" \/>\n\t<meta property=\"og:image:width\" content=\"1667\" \/>\n\t<meta property=\"og:image:height\" content=\"2500\" \/>\n\t<meta property=\"og:image:type\" content=\"image\/jpeg\" \/>\n<meta name=\"twitter:card\" content=\"summary_large_image\" \/>\n<meta name=\"twitter:site\" content=\"@Artistics_FR\" \/>\n<meta name=\"twitter:label1\" content=\"Prix\" \/>\n\t<meta name=\"twitter:data1\" content=\"5 900&nbsp;&euro;\" \/>\n\t<meta name=\"twitter:label2\" content=\"Disponibilit\u00e9\" \/>\n\t<meta name=\"twitter:data2\" content=\"En stock\" \/>\n<script type=\"application\/ld+json\" class=\"yoast-schema-graph\">{\"@context\":\"https:\\\/\\\/schema.org\",\"@graph\":[{\"@type\":[\"WebPage\",\"ItemPage\"],\"@id\":\"https:\\\/\\\/artistics.com\\\/fr\\\/oeuvre\\\/voile-denfance-vii\\\/\",\"url\":\"https:\\\/\\\/artistics.com\\\/fr\\\/oeuvre\\\/voile-denfance-vii\\\/\",\"name\":\"Artistics | Voile d'enfance VII par Marine de Soos - Sculpture contemporaine\",\"isPartOf\":{\"@id\":\"https:\\\/\\\/artistics.com\\\/fr\\\/#website\"},\"primaryImageOfPage\":{\"@id\":\"https:\\\/\\\/artistics.com\\\/fr\\\/oeuvre\\\/voile-denfance-vii\\\/#primaryimage\"},\"image\":{\"@id\":\"https:\\\/\\\/artistics.com\\\/fr\\\/oeuvre\\\/voile-denfance-vii\\\/#primaryimage\"},\"thumbnailUrl\":\"https:\\\/\\\/artistics.com\\\/wp-content\\\/uploads\\\/2025\\\/10\\\/voile-d-enfance-vii-figurative-bronze-sculpture-by-marine-de-soos-1.jpg\",\"datePublished\":\"2025-10-03T17:02:22+00:00\",\"dateModified\":\"2025-10-24T09:44:53+00:00\",\"description\":\"Voile d'enfance VII par Marine de Soos - achat d'\u0153uvres d'art contemporain originales sur la galerie d'art en ligne Artistics.\",\"breadcrumb\":{\"@id\":\"https:\\\/\\\/artistics.com\\\/fr\\\/oeuvre\\\/voile-denfance-vii\\\/#breadcrumb\"},\"inLanguage\":\"fr-FR\",\"potentialAction\":[{\"@type\":\"ReadAction\",\"target\":[\"https:\\\/\\\/artistics.com\\\/fr\\\/oeuvre\\\/voile-denfance-vii\\\/\"]}]},{\"@type\":\"ImageObject\",\"inLanguage\":\"fr-FR\",\"@id\":\"https:\\\/\\\/artistics.com\\\/fr\\\/oeuvre\\\/voile-denfance-vii\\\/#primaryimage\",\"url\":\"https:\\\/\\\/artistics.com\\\/wp-content\\\/uploads\\\/2025\\\/10\\\/voile-d-enfance-vii-figurative-bronze-sculpture-by-marine-de-soos-1.jpg\",\"contentUrl\":\"https:\\\/\\\/artistics.com\\\/wp-content\\\/uploads\\\/2025\\\/10\\\/voile-d-enfance-vii-figurative-bronze-sculpture-by-marine-de-soos-1.jpg\",\"width\":1667,\"height\":2500},{\"@type\":\"BreadcrumbList\",\"@id\":\"https:\\\/\\\/artistics.com\\\/fr\\\/oeuvre\\\/voile-denfance-vii\\\/#breadcrumb\",\"itemListElement\":[{\"@type\":\"ListItem\",\"position\":1,\"name\":\"Achat \u0153uvre d'art\",\"item\":\"https:\\\/\\\/artistics.com\\\/fr\\\/\"},{\"@type\":\"ListItem\",\"position\":2,\"name\":\"Galerie\",\"item\":\"https:\\\/\\\/artistics.com\\\/fr\\\/galerie\\\/\"},{\"@type\":\"ListItem\",\"position\":3,\"name\":\"Sculpture contemporaine\",\"item\":\"https:\\\/\\\/artistics.com\\\/fr\\\/categorie-oeuvre\\\/sculpture-contemporaine\\\/\"},{\"@type\":\"ListItem\",\"position\":4,\"name\":\"Voile d&#8217;enfance VII\"}]},{\"@type\":\"WebSite\",\"@id\":\"https:\\\/\\\/artistics.com\\\/fr\\\/#website\",\"url\":\"https:\\\/\\\/artistics.com\\\/fr\\\/\",\"name\":\"Artistics\",\"description\":\"The online art gallery\",\"publisher\":{\"@id\":\"https:\\\/\\\/artistics.com\\\/fr\\\/#organization\"},\"potentialAction\":[{\"@type\":\"SearchAction\",\"target\":{\"@type\":\"EntryPoint\",\"urlTemplate\":\"https:\\\/\\\/artistics.com\\\/fr\\\/?s={search_term_string}\"},\"query-input\":{\"@type\":\"PropertyValueSpecification\",\"valueRequired\":true,\"valueName\":\"search_term_string\"}}],\"inLanguage\":\"fr-FR\"},{\"@type\":\"Organization\",\"@id\":\"https:\\\/\\\/artistics.com\\\/fr\\\/#organization\",\"name\":\"Artistics\",\"url\":\"https:\\\/\\\/artistics.com\\\/fr\\\/\",\"logo\":{\"@type\":\"ImageObject\",\"inLanguage\":\"fr-FR\",\"@id\":\"https:\\\/\\\/artistics.com\\\/fr\\\/#\\\/schema\\\/logo\\\/image\\\/\",\"url\":\"https:\\\/\\\/artistics.com\\\/wp-content\\\/uploads\\\/2023\\\/02\\\/artistics-logo-web-1.svg\",\"contentUrl\":\"https:\\\/\\\/artistics.com\\\/wp-content\\\/uploads\\\/2023\\\/02\\\/artistics-logo-web-1.svg\",\"caption\":\"Artistics\"},\"image\":{\"@id\":\"https:\\\/\\\/artistics.com\\\/fr\\\/#\\\/schema\\\/logo\\\/image\\\/\"},\"sameAs\":[\"https:\\\/\\\/www.facebook.com\\\/ArtisticsMag\",\"https:\\\/\\\/x.com\\\/Artistics_FR\",\"http:\\\/\\\/www.linkedin.com\\\/company\\\/artistics\",\"https:\\\/\\\/www.instagram.com\\\/artistics_com\\\/\",\"http:\\\/\\\/www.pinterest.com\\\/ArtisticsMag\"],\"hasMerchantReturnPolicy\":{\"@type\":\"MerchantReturnPolicy\",\"merchantReturnLink\":\"https:\\\/\\\/artistics.com\\\/free-return-policy\\\/\"}}]}<\/script>\n<meta property=\"product:price:amount\" content=\"5900\" \/>\n<meta property=\"product:price:currency\" content=\"EUR\" \/>\n<meta property=\"og:availability\" content=\"instock\" \/>\n<meta property=\"product:availability\" content=\"instock\" \/>\n<meta property=\"product:retailer_item_id\" content=\"5796-1\" \/>\n<meta property=\"product:condition\" content=\"new\" \/>\n<!-- \/ Yoast SEO Premium plugin. -->","yoast_head_json":{"title":"Artistics | Voile d'enfance VII par Marine de Soos - Sculpture contemporaine","description":"Voile d'enfance VII par Marine de Soos - achat d'\u0153uvres d'art contemporain originales sur la galerie d'art en ligne Artistics.","robots":{"index":"index","follow":"follow","max-snippet":"max-snippet:-1","max-image-preview":"max-image-preview:large","max-video-preview":"max-video-preview:-1"},"canonical":"https:\/\/artistics.com\/fr\/oeuvre\/voile-denfance-vii\/","og_locale":"fr_FR","og_type":"article","og_title":"Voile d'enfance VII","og_description":"Voile d'enfance VII par Marine de Soos - achat d'\u0153uvres d'art contemporain originales sur la galerie d'art en ligne Artistics.","og_url":"https:\/\/artistics.com\/fr\/oeuvre\/voile-denfance-vii\/","og_site_name":"Artistics","article_publisher":"https:\/\/www.facebook.com\/ArtisticsMag","article_modified_time":"2025-10-24T09:44:53+00:00","og_image":[{"width":1667,"height":2500,"url":"https:\/\/artistics.com\/wp-content\/uploads\/2025\/10\/voile-d-enfance-vii-figurative-bronze-sculpture-by-marine-de-soos-1.jpg","type":"image\/jpeg"}],"twitter_card":"summary_large_image","twitter_site":"@Artistics_FR","twitter_misc":{"Prix":"5 900&nbsp;&euro;","Disponibilit\u00e9":"En stock"},"schema":{"@context":"https:\/\/schema.org","@graph":[{"@type":["WebPage","ItemPage"],"@id":"https:\/\/artistics.com\/fr\/oeuvre\/voile-denfance-vii\/","url":"https:\/\/artistics.com\/fr\/oeuvre\/voile-denfance-vii\/","name":"Artistics | Voile d'enfance VII par Marine de Soos - Sculpture contemporaine","isPartOf":{"@id":"https:\/\/artistics.com\/fr\/#website"},"primaryImageOfPage":{"@id":"https:\/\/artistics.com\/fr\/oeuvre\/voile-denfance-vii\/#primaryimage"},"image":{"@id":"https:\/\/artistics.com\/fr\/oeuvre\/voile-denfance-vii\/#primaryimage"},"thumbnailUrl":"https:\/\/artistics.com\/wp-content\/uploads\/2025\/10\/voile-d-enfance-vii-figurative-bronze-sculpture-by-marine-de-soos-1.jpg","datePublished":"2025-10-03T17:02:22+00:00","dateModified":"2025-10-24T09:44:53+00:00","description":"Voile d'enfance VII par Marine de Soos - achat d'\u0153uvres d'art contemporain originales sur la galerie d'art en ligne Artistics.","breadcrumb":{"@id":"https:\/\/artistics.com\/fr\/oeuvre\/voile-denfance-vii\/#breadcrumb"},"inLanguage":"fr-FR","potentialAction":[{"@type":"ReadAction","target":["https:\/\/artistics.com\/fr\/oeuvre\/voile-denfance-vii\/"]}]},{"@type":"ImageObject","inLanguage":"fr-FR","@id":"https:\/\/artistics.com\/fr\/oeuvre\/voile-denfance-vii\/#primaryimage","url":"https:\/\/artistics.com\/wp-content\/uploads\/2025\/10\/voile-d-enfance-vii-figurative-bronze-sculpture-by-marine-de-soos-1.jpg","contentUrl":"https:\/\/artistics.com\/wp-content\/uploads\/2025\/10\/voile-d-enfance-vii-figurative-bronze-sculpture-by-marine-de-soos-1.jpg","width":1667,"height":2500},{"@type":"BreadcrumbList","@id":"https:\/\/artistics.com\/fr\/oeuvre\/voile-denfance-vii\/#breadcrumb","itemListElement":[{"@type":"ListItem","position":1,"name":"Achat \u0153uvre d'art","item":"https:\/\/artistics.com\/fr\/"},{"@type":"ListItem","position":2,"name":"Galerie","item":"https:\/\/artistics.com\/fr\/galerie\/"},{"@type":"ListItem","position":3,"name":"Sculpture contemporaine","item":"https:\/\/artistics.com\/fr\/categorie-oeuvre\/sculpture-contemporaine\/"},{"@type":"ListItem","position":4,"name":"Voile d&#8217;enfance VII"}]},{"@type":"WebSite","@id":"https:\/\/artistics.com\/fr\/#website","url":"https:\/\/artistics.com\/fr\/","name":"Artistics","description":"The online art gallery","publisher":{"@id":"https:\/\/artistics.com\/fr\/#organization"},"potentialAction":[{"@type":"SearchAction","target":{"@type":"EntryPoint","urlTemplate":"https:\/\/artistics.com\/fr\/?s={search_term_string}"},"query-input":{"@type":"PropertyValueSpecification","valueRequired":true,"valueName":"search_term_string"}}],"inLanguage":"fr-FR"},{"@type":"Organization","@id":"https:\/\/artistics.com\/fr\/#organization","name":"Artistics","url":"https:\/\/artistics.com\/fr\/","logo":{"@type":"ImageObject","inLanguage":"fr-FR","@id":"https:\/\/artistics.com\/fr\/#\/schema\/logo\/image\/","url":"https:\/\/artistics.com\/wp-content\/uploads\/2023\/02\/artistics-logo-web-1.svg","contentUrl":"https:\/\/artistics.com\/wp-content\/uploads\/2023\/02\/artistics-logo-web-1.svg","caption":"Artistics"},"image":{"@id":"https:\/\/artistics.com\/fr\/#\/schema\/logo\/image\/"},"sameAs":["https:\/\/www.facebook.com\/ArtisticsMag","https:\/\/x.com\/Artistics_FR","http:\/\/www.linkedin.com\/company\/artistics","https:\/\/www.instagram.com\/artistics_com\/","http:\/\/www.pinterest.com\/ArtisticsMag"],"hasMerchantReturnPolicy":{"@type":"MerchantReturnPolicy","merchantReturnLink":"https:\/\/artistics.com\/free-return-policy\/"}}]},"product_price_amount":"5900","product_price_currency":"EUR","og_availability":"instock","product_availability":"instock","product_retailer_item_id":"5796-1","product_condition":"new"},"_links":{"self":[{"href":"https:\/\/artistics.com\/fr\/wp-json\/wp\/v2\/product\/90270","targetHints":{"allow":["GET"]}}],"collection":[{"href":"https:\/\/artistics.com\/fr\/wp-json\/wp\/v2\/product"}],"about":[{"href":"https:\/\/artistics.com\/fr\/wp-json\/wp\/v2\/types\/product"}],"acf:term":[{"embeddable":true,"taxonomy":"series","href":"https:\/\/artistics.com\/fr\/wp-json\/wp\/v2\/series\/2549"},{"embeddable":true,"taxonomy":"product_tag","href":"https:\/\/artistics.com\/fr\/wp-json\/wp\/v2\/product_tag\/510"},{"embeddable":true,"taxonomy":"product_cat","href":"https:\/\/artistics.com\/fr\/wp-json\/wp\/v2\/product_cat\/236"},{"embeddable":true,"taxonomy":"product_cat","href":"https:\/\/artistics.com\/fr\/wp-json\/wp\/v2\/product_cat\/216"},{"embeddable":true,"taxonomy":"product_cat","href":"https:\/\/artistics.com\/fr\/wp-json\/wp\/v2\/product_cat\/192"},{"embeddable":true,"taxonomy":"product_cat","href":"https:\/\/artistics.com\/fr\/wp-json\/wp\/v2\/product_cat\/196"},{"embeddable":true,"taxonomy":"product_cat","href":"https:\/\/artistics.com\/fr\/wp-json\/wp\/v2\/product_cat\/209"},{"embeddable":true,"taxonomy":"product_cat","href":"https:\/\/artistics.com\/fr\/wp-json\/wp\/v2\/product_cat\/208"},{"embeddable":true,"taxonomy":"product_cat","href":"https:\/\/artistics.com\/fr\/wp-json\/wp\/v2\/product_cat\/212"},{"embeddable":true,"taxonomy":"product_cat","href":"https:\/\/artistics.com\/fr\/wp-json\/wp\/v2\/product_cat\/164"}],"acf:post":[{"embeddable":true,"href":"https:\/\/artistics.com\/fr\/wp-json\/wp\/v2\/artist\/2758"}],"wp:featuredmedia":[{"embeddable":true,"href":"https:\/\/artistics.com\/fr\/wp-json\/wp\/v2\/media\/90258"}],"wp:attachment":[{"href":"https:\/\/artistics.com\/fr\/wp-json\/wp\/v2\/media?parent=90270"}],"wp:term":[{"taxonomy":"product_cat","embeddable":true,"href":"https:\/\/artistics.com\/fr\/wp-json\/wp\/v2\/product_cat?post=90270"},{"taxonomy":"product_tag","embeddable":true,"href":"https:\/\/artistics.com\/fr\/wp-json\/wp\/v2\/product_tag?post=90270"},{"taxonomy":"series","embeddable":true,"href":"https:\/\/artistics.com\/fr\/wp-json\/wp\/v2\/series?post=90270"}],"curies":[{"name":"wp","href":"https:\/\/api.w.org\/{rel}","templated":true}]}}