{"id":62470,"date":"2024-08-22T11:33:34","date_gmt":"2024-08-22T09:33:34","guid":{"rendered":"https:\/\/artistics.com\/?post_type=product&#038;p=62470"},"modified":"2024-09-11T18:40:39","modified_gmt":"2024-09-11T16:40:39","slug":"gm-101-09","status":"publish","type":"product","link":"https:\/\/artistics.com\/fr\/oeuvre\/gm-101-09\/","title":{"rendered":"GM 101-09"},"content":{"rendered":"","protected":false},"excerpt":{"rendered":"","protected":false},"featured_media":62929,"template":"","meta":{"_acf_changed":false,"_searchwp_excluded":"","inline_featured_image":false},"product_cat":[163,194,202,216,217,237],"product_tag":[522,527],"series":[2369],"class_list":{"0":"post-62470","1":"product","2":"type-product","3":"status-publish","4":"has-post-thumbnail","6":"product_cat-photographie-contemporaine","7":"product_cat-nature-et-paysage","8":"product_cat-photographie-nature-et-paysage","9":"product_cat-moyen","10":"product_cat-petit","11":"product_cat-moins-de-1000-e","12":"product_tag-mer","13":"product_tag-plage","14":"series-riccardo-varini-geometrie-silenzi-marine-marines-geometries-et-silences","16":"first","17":"instock","18":"shipping-taxable","19":"purchasable","20":"product-type-variable","21":"has-default-attributes"},"acf":{"artwork_artist":[61914],"artwork_medium":163,"artwork_categories":[202],"artwork_overall-tones":[],"artwork_main-material":[],"artwork_art-genre":[194],"artwork_art-movement":[],"artwork_miscellaneous":[],"artwork_formats":[217,216],"artwork_price-ranges":[237],"artwork_main_subject":[527,522],"artwork_technique":[],"artwork_featured_location":[],"artwork_dominant_color":[],"artwork_physical_attributes":[],"artwork_creation_date":"19850101","artwork_unique_piece":false,"artwork_description":"Tirage jet d'encre sur papier coton 260 gr","artwork_signature":"\u0152uvre sign\u00e9e","artwork_authenticity":"L\u2019\u0153uvre est vendue avec un certificat d\u2019authenticit\u00e9 sign\u00e9 par l\u2019artiste.","artwork_framing":"unframed","artwork_has_custom_framing_info":false,"artwork_custom_framing_info":"Not specified","artwork_location_country":"","artwork_location_city":"","artwork_location_zipcode":"","artwork_shipment_type":"2D_flat_artwork","artwork_shipping_delivery":"photography_production_time","artwork_has_custom_shipping_delivery_info":false,"artwork_custom_shipping_delivery_info":"Not specified","artwork_360_view_url":"","artwork_video_url":"","artwork_video_format":[],"artwork_preview_type":"auto","artwork_reserved":false,"artwork_hide_price":false,"artwork_about":"<b><i><span data-contrast=\"auto\">GM 101-09 <\/span><\/i><\/b><span data-contrast=\"auto\">est une photographie de Riccardo Varini issue de la s\u00e9rie <i>Geometrie Marine<\/i> (<i>G\u00e9om\u00e9tries Marines<\/i>)<\/span><span data-contrast=\"auto\">. <\/span><span data-ccp-props=\"{&quot;201341983&quot;:0,&quot;335551550&quot;:6,&quot;335551620&quot;:6,&quot;335559739&quot;:160,&quot;335559740&quot;:259}\">\u00a0<\/span>\r\n\r\n<span data-contrast=\"auto\">Dans les s\u00e9ries <\/span><i><span data-contrast=\"auto\">Silenzi Marine<\/span><\/i><span data-contrast=\"auto\"> (<\/span><i><span data-contrast=\"auto\">Silences Marines<\/span><\/i><span data-contrast=\"auto\">) et <\/span><i><span data-contrast=\"auto\">Geometrie Marine<\/span><\/i><span data-contrast=\"auto\"> (<\/span><i><span data-contrast=\"auto\">G\u00e9om\u00e9tries Marines<\/span><\/i><span data-contrast=\"auto\">) l\u2019artiste immortalise des plages et des stations baln\u00e9aires lorsque les visiteurs se font rares, quand le paysage redevient le protagoniste principal. Par rapport \u00e0 ses s\u00e9ries hivernales, o\u00f9 le blanc domine, ici des couleurs comme le beige, l\u2019azur ou le rouge apparaissent d\u00e9licatement.\u00a0<\/span><span data-ccp-props=\"{&quot;201341983&quot;:0,&quot;335551550&quot;:6,&quot;335551620&quot;:6,&quot;335559739&quot;:160,&quot;335559740&quot;:259}\">\u00a0<\/span>\r\n\r\n<span data-contrast=\"auto\">La photographie de Riccardo Varini est une photographie lente, faite de moments suspendus, de vides, de silences. Ses paysages, empreints d\u2019une d\u00e9licate po\u00e9sie, deviennent des paysages int\u00e9rieurs, \u00e9voquant non pas un souvenir pr\u00e9cis mais des \u00e9motions plus universelles. Le photographe invite l\u2019observateur \u00e0 se laisser aller \u00e0 une m\u00e9ditation calme, \u00e0 la contemplation, au r\u00eave. Les sujets ont perdu leur connotation spatio-temporelle et apparaissent suspendus, hors du temps. Les titres des photographies de Riccardo Varini ne comportent aucune indication de lieu ou de date\u202f: l\u2019imagination et les sensations de l\u2019observateur sont libres de se projeter dans le d\u00e9cor et l\u2019atmosph\u00e8re qui lui sont donn\u00e9s \u00e0 voir.\u00a0<\/span><span data-ccp-props=\"{&quot;201341983&quot;:0,&quot;335551550&quot;:6,&quot;335551620&quot;:6,&quot;335559739&quot;:160,&quot;335559740&quot;:259}\">\u00a0<\/span>\r\n\r\n<span data-contrast=\"auto\">L\u2019artiste utilise une surexposition \u00e0 la prise de vue afin d\u2019atteindre un langage sobre, aux tonalit\u00e9s claires et lumineuses, dans lequel apparait seulement l\u2019essentiel. La simplicit\u00e9 des lignes, des formes et des couleurs se combine avec une composition soign\u00e9e et longuement \u00e9tudi\u00e9e. Les photographies sont tir\u00e9es personnellement par l\u2019artiste sur du papier coton texturis\u00e9, qui conf\u00e8re \u00e0 l\u2019image un effet mat et velout\u00e9 se rapprochant visuellement de celui de l\u2019aquarelle.\u00a0<\/span><span data-ccp-props=\"{&quot;201341983&quot;:0,&quot;335551550&quot;:6,&quot;335551620&quot;:6,&quot;335559739&quot;:160,&quot;335559740&quot;:259}\">\u00a0<\/span>\r\n\r\n<span class=\"TextRun SCXW180219585 BCX2\" lang=\"FR-FR\" xml:lang=\"FR-FR\" data-contrast=\"auto\"><span class=\"NormalTextRun SCXW180219585 BCX2\">Riccardo <\/span><span class=\"NormalTextRun SCXW180219585 BCX2\">Varini<\/span> <span class=\"NormalTextRun SCXW180219585 BCX2\">\u00e9voque ainsi <\/span><span class=\"NormalTextRun SCXW180219585 BCX2\">sa d\u00e9marche artistique : \u00ab\u202f<\/span><\/span><em><span class=\"TextRun SCXW180219585 BCX2\" lang=\"FR-FR\" xml:lang=\"FR-FR\" data-contrast=\"auto\"><span class=\"NormalTextRun SCXW180219585 BCX2\">Ma photographie <\/span><span class=\"NormalTextRun SCXW180219585 BCX2\">ne \u00ab\u202f<\/span><span class=\"NormalTextRun SCXW180219585 BCX2\">hurle<\/span><span class=\"NormalTextRun SCXW180219585 BCX2\">\u202f\u00bb pas<\/span><span class=\"NormalTextRun SCXW180219585 BCX2\">. Elle est faite de pauses, de silences religieux, de temps longs et dilat\u00e9s, de lumi\u00e8res floues. C'est une photographie lente, qui <\/span><span class=\"NormalTextRun SCXW180219585 BCX2\">souhaite<\/span><span class=\"NormalTextRun SCXW180219585 BCX2\"> inviter \u00e0 la m\u00e9ditation... Et si \u00ab <\/span><span class=\"NormalTextRun SCXW180219585 BCX2\">il <\/span><span class=\"NormalTextRun SCXW180219585 BCX2\">naufragar<\/span><span class=\"NormalTextRun SCXW180219585 BCX2\"> m'\u00e8 dolce in <\/span><span class=\"NormalTextRun SpellingErrorV2Themed SCXW180219585 BCX2\">questo<\/span><span class=\"NormalTextRun SCXW180219585 BCX2\"> mare \u00bb (\u00ab il m\u2019est doux de faire naufrage dans cette mer \u00bb<\/span><\/span><\/em><span class=\"TextRun SCXW180219585 BCX2\" lang=\"FR-FR\" xml:lang=\"FR-FR\" data-contrast=\"auto\"><span class=\"NormalTextRun SCXW180219585 BCX2\">, un vers issu de l\u2019<\/span><\/span><em><span class=\"TextRun SCXW180219585 BCX2\" lang=\"FR-FR\" xml:lang=\"FR-FR\" data-contrast=\"auto\"><span class=\"NormalTextRun SCXW180219585 BCX2\">un des po\u00e8mes le plus connus de Giacomo Leopardi,<\/span><\/span><\/em><span class=\"TextRun SCXW180219585 BCX2\" lang=\"FR-FR\" xml:lang=\"FR-FR\" data-contrast=\"auto\"><em><span class=\"NormalTextRun SCXW180219585 BCX2\">l\u2019Infini<\/span><\/em><span class=\"NormalTextRun SCXW180219585 BCX2\">), elle veut tendre vers l'\u00e9ternit\u00e9, plut\u00f4t que vers la m\u00e9moire.<\/span><\/span><span class=\"TextRun SCXW180219585 BCX2\" lang=\"FR-FR\" xml:lang=\"FR-FR\" data-contrast=\"auto\"><span class=\"NormalTextRun SCXW180219585 BCX2\">\u202f\u00bb\u00a0<\/span><\/span>\r\n\r\nLes formats 30 x 45 cm et 20 x 30 cm sont imprim\u00e9s avec des marges blanches d\u2019environ 3 cm (1,5 cm sur chaque c\u00f4t\u00e9). Dimensions du papier : 32,9 cm x 48,3 cm pour le format 30 x 45 cm et 24,1 x 32,9 cm pour le format 20 x 30 cm.","artwork_series":[2369],"artwork_query_group":"20","artwork_lowest_grid_position":1,"artwork_random_position":2274616,"explicit_sensitive_content":false,"drupal_id":""},"yoast_head":"<!-- This site is optimized with the Yoast SEO Premium plugin v27.3 (Yoast SEO v27.3) - https:\/\/yoast.com\/product\/yoast-seo-premium-wordpress\/ -->\n<title>GM 101-09 par Riccardo Varini - Photographie contemporaine | Artistics<\/title>\n<meta name=\"description\" content=\"GM 101-09 par Riccardo Varini - achetez en ligne cette \u0153uvre d\u2019art originale avec son certificat d\u2019authenticit\u00e9 et b\u00e9n\u00e9ficiez de notre service premium.\" \/>\n<meta name=\"robots\" content=\"index, follow, max-snippet:-1, max-image-preview:large, max-video-preview:-1\" \/>\n<link rel=\"canonical\" href=\"https:\/\/artistics.com\/fr\/oeuvre\/gm-101-09\/\" \/>\n<meta property=\"og:locale\" content=\"fr_FR\" \/>\n<meta property=\"og:type\" content=\"article\" \/>\n<meta property=\"og:title\" content=\"GM 101-09\" \/>\n<meta property=\"og:description\" content=\"GM 101-09 par Riccardo Varini - achetez en ligne cette \u0153uvre d\u2019art originale avec son certificat d\u2019authenticit\u00e9 et b\u00e9n\u00e9ficiez de notre service premium.\" \/>\n<meta property=\"og:url\" content=\"https:\/\/artistics.com\/fr\/oeuvre\/gm-101-09\/\" \/>\n<meta property=\"og:site_name\" content=\"Artistics\" \/>\n<meta property=\"article:publisher\" content=\"https:\/\/www.facebook.com\/ArtisticsMag\" \/>\n<meta property=\"article:modified_time\" content=\"2024-09-11T16:40:39+00:00\" \/>\n<meta property=\"og:image\" content=\"https:\/\/artistics.com\/wp-content\/uploads\/2024\/08\/gm-101-09-landscape-photography-by-riccardo-varini-1024x680.jpg\" \/>\n\t<meta property=\"og:image:width\" content=\"1024\" \/>\n\t<meta property=\"og:image:height\" content=\"680\" \/>\n\t<meta property=\"og:image:type\" content=\"image\/jpeg\" \/>\n<meta name=\"twitter:card\" content=\"summary_large_image\" \/>\n<meta name=\"twitter:site\" content=\"@Artistics_FR\" \/>\n<meta name=\"twitter:label1\" content=\"Disponibilit\u00e9\" \/>\n\t<meta name=\"twitter:data1\" content=\"En stock\" \/>\n<script type=\"application\/ld+json\" class=\"yoast-schema-graph\">{\"@context\":\"https:\\\/\\\/schema.org\",\"@graph\":[{\"@type\":[\"WebPage\",\"ItemPage\"],\"@id\":\"https:\\\/\\\/artistics.com\\\/fr\\\/oeuvre\\\/gm-101-09\\\/\",\"url\":\"https:\\\/\\\/artistics.com\\\/fr\\\/oeuvre\\\/gm-101-09\\\/\",\"name\":\"GM 101-09 par Riccardo Varini - Photographie contemporaine | Artistics\",\"isPartOf\":{\"@id\":\"https:\\\/\\\/artistics.com\\\/fr\\\/#website\"},\"primaryImageOfPage\":{\"@id\":\"https:\\\/\\\/artistics.com\\\/fr\\\/oeuvre\\\/gm-101-09\\\/#primaryimage\"},\"image\":{\"@id\":\"https:\\\/\\\/artistics.com\\\/fr\\\/oeuvre\\\/gm-101-09\\\/#primaryimage\"},\"thumbnailUrl\":\"https:\\\/\\\/artistics.com\\\/wp-content\\\/uploads\\\/2024\\\/08\\\/gm-101-09-landscape-photography-by-riccardo-varini.jpg\",\"datePublished\":\"2024-08-22T09:33:34+00:00\",\"dateModified\":\"2024-09-11T16:40:39+00:00\",\"description\":\"GM 101-09 par Riccardo Varini - achetez en ligne cette \u0153uvre d\u2019art originale avec son certificat d\u2019authenticit\u00e9 et b\u00e9n\u00e9ficiez de notre service premium.\",\"breadcrumb\":{\"@id\":\"https:\\\/\\\/artistics.com\\\/fr\\\/oeuvre\\\/gm-101-09\\\/#breadcrumb\"},\"inLanguage\":\"fr-FR\",\"potentialAction\":[{\"@type\":\"ReadAction\",\"target\":[\"https:\\\/\\\/artistics.com\\\/fr\\\/oeuvre\\\/gm-101-09\\\/\"]}]},{\"@type\":\"ImageObject\",\"inLanguage\":\"fr-FR\",\"@id\":\"https:\\\/\\\/artistics.com\\\/fr\\\/oeuvre\\\/gm-101-09\\\/#primaryimage\",\"url\":\"https:\\\/\\\/artistics.com\\\/wp-content\\\/uploads\\\/2024\\\/08\\\/gm-101-09-landscape-photography-by-riccardo-varini.jpg\",\"contentUrl\":\"https:\\\/\\\/artistics.com\\\/wp-content\\\/uploads\\\/2024\\\/08\\\/gm-101-09-landscape-photography-by-riccardo-varini.jpg\",\"width\":1900,\"height\":1262},{\"@type\":\"BreadcrumbList\",\"@id\":\"https:\\\/\\\/artistics.com\\\/fr\\\/oeuvre\\\/gm-101-09\\\/#breadcrumb\",\"itemListElement\":[{\"@type\":\"ListItem\",\"position\":1,\"name\":\"Achat \u0153uvre d'art\",\"item\":\"https:\\\/\\\/artistics.com\\\/fr\\\/\"},{\"@type\":\"ListItem\",\"position\":2,\"name\":\"Galerie\",\"item\":\"https:\\\/\\\/artistics.com\\\/fr\\\/galerie\\\/\"},{\"@type\":\"ListItem\",\"position\":3,\"name\":\"Photographie contemporaine\",\"item\":\"https:\\\/\\\/artistics.com\\\/fr\\\/categorie-oeuvre\\\/photographie-contemporaine\\\/\"},{\"@type\":\"ListItem\",\"position\":4,\"name\":\"GM 101-09\"}]},{\"@type\":\"WebSite\",\"@id\":\"https:\\\/\\\/artistics.com\\\/fr\\\/#website\",\"url\":\"https:\\\/\\\/artistics.com\\\/fr\\\/\",\"name\":\"Artistics\",\"description\":\"The online art gallery\",\"publisher\":{\"@id\":\"https:\\\/\\\/artistics.com\\\/fr\\\/#organization\"},\"potentialAction\":[{\"@type\":\"SearchAction\",\"target\":{\"@type\":\"EntryPoint\",\"urlTemplate\":\"https:\\\/\\\/artistics.com\\\/fr\\\/?s={search_term_string}\"},\"query-input\":{\"@type\":\"PropertyValueSpecification\",\"valueRequired\":true,\"valueName\":\"search_term_string\"}}],\"inLanguage\":\"fr-FR\"},{\"@type\":\"Organization\",\"@id\":\"https:\\\/\\\/artistics.com\\\/fr\\\/#organization\",\"name\":\"Artistics\",\"url\":\"https:\\\/\\\/artistics.com\\\/fr\\\/\",\"logo\":{\"@type\":\"ImageObject\",\"inLanguage\":\"fr-FR\",\"@id\":\"https:\\\/\\\/artistics.com\\\/fr\\\/#\\\/schema\\\/logo\\\/image\\\/\",\"url\":\"https:\\\/\\\/artistics.com\\\/wp-content\\\/uploads\\\/2023\\\/02\\\/artistics-logo-web-1.svg\",\"contentUrl\":\"https:\\\/\\\/artistics.com\\\/wp-content\\\/uploads\\\/2023\\\/02\\\/artistics-logo-web-1.svg\",\"caption\":\"Artistics\"},\"image\":{\"@id\":\"https:\\\/\\\/artistics.com\\\/fr\\\/#\\\/schema\\\/logo\\\/image\\\/\"},\"sameAs\":[\"https:\\\/\\\/www.facebook.com\\\/ArtisticsMag\",\"https:\\\/\\\/x.com\\\/Artistics_FR\",\"http:\\\/\\\/www.linkedin.com\\\/company\\\/artistics\",\"https:\\\/\\\/www.instagram.com\\\/artistics_com\\\/\",\"http:\\\/\\\/www.pinterest.com\\\/ArtisticsMag\"],\"hasMerchantReturnPolicy\":{\"@type\":\"MerchantReturnPolicy\",\"merchantReturnLink\":\"https:\\\/\\\/artistics.com\\\/free-return-policy\\\/\"}}]}<\/script>\n<meta property=\"og:availability\" content=\"instock\" \/>\n<meta property=\"product:availability\" content=\"instock\" \/>\n<meta property=\"product:condition\" content=\"new\" \/>\n<!-- \/ Yoast SEO Premium plugin. -->","yoast_head_json":{"title":"GM 101-09 par Riccardo Varini - Photographie contemporaine | Artistics","description":"GM 101-09 par Riccardo Varini - achetez en ligne cette \u0153uvre d\u2019art originale avec son certificat d\u2019authenticit\u00e9 et b\u00e9n\u00e9ficiez de notre service premium.","robots":{"index":"index","follow":"follow","max-snippet":"max-snippet:-1","max-image-preview":"max-image-preview:large","max-video-preview":"max-video-preview:-1"},"canonical":"https:\/\/artistics.com\/fr\/oeuvre\/gm-101-09\/","og_locale":"fr_FR","og_type":"article","og_title":"GM 101-09","og_description":"GM 101-09 par Riccardo Varini - achetez en ligne cette \u0153uvre d\u2019art originale avec son certificat d\u2019authenticit\u00e9 et b\u00e9n\u00e9ficiez de notre service premium.","og_url":"https:\/\/artistics.com\/fr\/oeuvre\/gm-101-09\/","og_site_name":"Artistics","article_publisher":"https:\/\/www.facebook.com\/ArtisticsMag","article_modified_time":"2024-09-11T16:40:39+00:00","og_image":[{"width":1024,"height":680,"url":"https:\/\/artistics.com\/wp-content\/uploads\/2024\/08\/gm-101-09-landscape-photography-by-riccardo-varini-1024x680.jpg","type":"image\/jpeg"}],"twitter_card":"summary_large_image","twitter_site":"@Artistics_FR","twitter_misc":{"Disponibilit\u00e9":"En stock"},"schema":{"@context":"https:\/\/schema.org","@graph":[{"@type":["WebPage","ItemPage"],"@id":"https:\/\/artistics.com\/fr\/oeuvre\/gm-101-09\/","url":"https:\/\/artistics.com\/fr\/oeuvre\/gm-101-09\/","name":"GM 101-09 par Riccardo Varini - Photographie contemporaine | Artistics","isPartOf":{"@id":"https:\/\/artistics.com\/fr\/#website"},"primaryImageOfPage":{"@id":"https:\/\/artistics.com\/fr\/oeuvre\/gm-101-09\/#primaryimage"},"image":{"@id":"https:\/\/artistics.com\/fr\/oeuvre\/gm-101-09\/#primaryimage"},"thumbnailUrl":"https:\/\/artistics.com\/wp-content\/uploads\/2024\/08\/gm-101-09-landscape-photography-by-riccardo-varini.jpg","datePublished":"2024-08-22T09:33:34+00:00","dateModified":"2024-09-11T16:40:39+00:00","description":"GM 101-09 par Riccardo Varini - achetez en ligne cette \u0153uvre d\u2019art originale avec son certificat d\u2019authenticit\u00e9 et b\u00e9n\u00e9ficiez de notre service premium.","breadcrumb":{"@id":"https:\/\/artistics.com\/fr\/oeuvre\/gm-101-09\/#breadcrumb"},"inLanguage":"fr-FR","potentialAction":[{"@type":"ReadAction","target":["https:\/\/artistics.com\/fr\/oeuvre\/gm-101-09\/"]}]},{"@type":"ImageObject","inLanguage":"fr-FR","@id":"https:\/\/artistics.com\/fr\/oeuvre\/gm-101-09\/#primaryimage","url":"https:\/\/artistics.com\/wp-content\/uploads\/2024\/08\/gm-101-09-landscape-photography-by-riccardo-varini.jpg","contentUrl":"https:\/\/artistics.com\/wp-content\/uploads\/2024\/08\/gm-101-09-landscape-photography-by-riccardo-varini.jpg","width":1900,"height":1262},{"@type":"BreadcrumbList","@id":"https:\/\/artistics.com\/fr\/oeuvre\/gm-101-09\/#breadcrumb","itemListElement":[{"@type":"ListItem","position":1,"name":"Achat \u0153uvre d'art","item":"https:\/\/artistics.com\/fr\/"},{"@type":"ListItem","position":2,"name":"Galerie","item":"https:\/\/artistics.com\/fr\/galerie\/"},{"@type":"ListItem","position":3,"name":"Photographie contemporaine","item":"https:\/\/artistics.com\/fr\/categorie-oeuvre\/photographie-contemporaine\/"},{"@type":"ListItem","position":4,"name":"GM 101-09"}]},{"@type":"WebSite","@id":"https:\/\/artistics.com\/fr\/#website","url":"https:\/\/artistics.com\/fr\/","name":"Artistics","description":"The online art gallery","publisher":{"@id":"https:\/\/artistics.com\/fr\/#organization"},"potentialAction":[{"@type":"SearchAction","target":{"@type":"EntryPoint","urlTemplate":"https:\/\/artistics.com\/fr\/?s={search_term_string}"},"query-input":{"@type":"PropertyValueSpecification","valueRequired":true,"valueName":"search_term_string"}}],"inLanguage":"fr-FR"},{"@type":"Organization","@id":"https:\/\/artistics.com\/fr\/#organization","name":"Artistics","url":"https:\/\/artistics.com\/fr\/","logo":{"@type":"ImageObject","inLanguage":"fr-FR","@id":"https:\/\/artistics.com\/fr\/#\/schema\/logo\/image\/","url":"https:\/\/artistics.com\/wp-content\/uploads\/2023\/02\/artistics-logo-web-1.svg","contentUrl":"https:\/\/artistics.com\/wp-content\/uploads\/2023\/02\/artistics-logo-web-1.svg","caption":"Artistics"},"image":{"@id":"https:\/\/artistics.com\/fr\/#\/schema\/logo\/image\/"},"sameAs":["https:\/\/www.facebook.com\/ArtisticsMag","https:\/\/x.com\/Artistics_FR","http:\/\/www.linkedin.com\/company\/artistics","https:\/\/www.instagram.com\/artistics_com\/","http:\/\/www.pinterest.com\/ArtisticsMag"],"hasMerchantReturnPolicy":{"@type":"MerchantReturnPolicy","merchantReturnLink":"https:\/\/artistics.com\/free-return-policy\/"}}]},"og_availability":"instock","product_availability":"instock","product_condition":"new"},"_links":{"self":[{"href":"https:\/\/artistics.com\/fr\/wp-json\/wp\/v2\/product\/62470","targetHints":{"allow":["GET"]}}],"collection":[{"href":"https:\/\/artistics.com\/fr\/wp-json\/wp\/v2\/product"}],"about":[{"href":"https:\/\/artistics.com\/fr\/wp-json\/wp\/v2\/types\/product"}],"acf:term":[{"embeddable":true,"taxonomy":"series","href":"https:\/\/artistics.com\/fr\/wp-json\/wp\/v2\/series\/2369"},{"embeddable":true,"taxonomy":"product_tag","href":"https:\/\/artistics.com\/fr\/wp-json\/wp\/v2\/product_tag\/522"},{"embeddable":true,"taxonomy":"product_tag","href":"https:\/\/artistics.com\/fr\/wp-json\/wp\/v2\/product_tag\/527"},{"embeddable":true,"taxonomy":"product_cat","href":"https:\/\/artistics.com\/fr\/wp-json\/wp\/v2\/product_cat\/237"},{"embeddable":true,"taxonomy":"product_cat","href":"https:\/\/artistics.com\/fr\/wp-json\/wp\/v2\/product_cat\/216"},{"embeddable":true,"taxonomy":"product_cat","href":"https:\/\/artistics.com\/fr\/wp-json\/wp\/v2\/product_cat\/217"},{"embeddable":true,"taxonomy":"product_cat","href":"https:\/\/artistics.com\/fr\/wp-json\/wp\/v2\/product_cat\/194"},{"embeddable":true,"taxonomy":"product_cat","href":"https:\/\/artistics.com\/fr\/wp-json\/wp\/v2\/product_cat\/202"},{"embeddable":true,"taxonomy":"product_cat","href":"https:\/\/artistics.com\/fr\/wp-json\/wp\/v2\/product_cat\/163"}],"acf:post":[{"embeddable":true,"href":"https:\/\/artistics.com\/fr\/wp-json\/wp\/v2\/artist\/61914"}],"wp:featuredmedia":[{"embeddable":true,"href":"https:\/\/artistics.com\/fr\/wp-json\/wp\/v2\/media\/62929"}],"wp:attachment":[{"href":"https:\/\/artistics.com\/fr\/wp-json\/wp\/v2\/media?parent=62470"}],"wp:term":[{"taxonomy":"product_cat","embeddable":true,"href":"https:\/\/artistics.com\/fr\/wp-json\/wp\/v2\/product_cat?post=62470"},{"taxonomy":"product_tag","embeddable":true,"href":"https:\/\/artistics.com\/fr\/wp-json\/wp\/v2\/product_tag?post=62470"},{"taxonomy":"series","embeddable":true,"href":"https:\/\/artistics.com\/fr\/wp-json\/wp\/v2\/series?post=62470"}],"curies":[{"name":"wp","href":"https:\/\/api.w.org\/{rel}","templated":true}]}}