{"id":61137,"date":"2024-07-24T17:08:53","date_gmt":"2024-07-24T15:08:53","guid":{"rendered":"https:\/\/artistics.com\/?post_type=product&#038;p=61137"},"modified":"2025-09-01T12:03:02","modified_gmt":"2025-09-01T10:03:02","slug":"11-02-2023-19h26","status":"publish","type":"product","link":"https:\/\/artistics.com\/fr\/oeuvre\/11-02-2023-19h26\/","title":{"rendered":"11\/02\/2023, 19h26"},"content":{"rendered":"","protected":false},"excerpt":{"rendered":"","protected":false},"featured_media":61076,"template":"","meta":{"_acf_changed":false,"_searchwp_excluded":"","inline_featured_image":false},"product_cat":[2486,428,162,170,172,192,194,216,235],"product_tag":[2507,354],"series":[2573],"class_list":{"0":"post-61137","1":"product","2":"type-product","3":"status-publish","4":"has-post-thumbnail","6":"product_cat-art-realiste","7":"product_cat-couleurs-neutres","8":"product_cat-peinture-contemporaine","9":"product_cat-peinture-figurative","10":"product_cat-tableau-nature-et-paysage","11":"product_cat-art-figuratif","12":"product_cat-nature-et-paysage","13":"product_cat-moyen","14":"product_cat-de-1000-a-3000-e","15":"product_tag-dessin-au-crayon","16":"product_tag-tableau-grand-format","17":"series-calo-carratala-casamance-dessins-au-crayon-gras","19":"first","20":"instock","21":"shipping-taxable","22":"purchasable","23":"product-type-simple"},"acf":{"artwork_artist":[2787],"artwork_medium":162,"artwork_categories":[170,172],"artwork_overall-tones":[428],"artwork_main-material":[],"artwork_art-genre":[194,2486],"artwork_art-movement":[192],"artwork_miscellaneous":[],"artwork_formats":[216],"artwork_price-ranges":[235],"artwork_main_subject":[],"artwork_technique":[2507],"artwork_featured_location":[],"artwork_dominant_color":[],"artwork_physical_attributes":[354],"artwork_creation_date":"20240101","artwork_unique_piece":true,"artwork_description":"Crayon gras sur carton, coll\u00e9 sur ch\u00e2ssis en bois","artwork_signature":"\u0152uvre sign\u00e9e","artwork_authenticity":"L\u2019\u0153uvre est vendue avec un certificat d\u2019authenticit\u00e9 sign\u00e9 par l\u2019artiste.","artwork_framing":"unframed","artwork_has_custom_framing_info":true,"artwork_custom_framing_info":"L'\u0153uvre est vendue sans cadre mais une bo\u00eete en m\u00e9thacrylate peut \u00eatre rajout\u00e9e sur demande. Elle peut \u00eatre viss\u00e9e au cadre en bois mais peut \u00eatre facilement enlev\u00e9e. Dimensions de l'\u0153uvre non encadr\u00e9e : 80 x 139 x 4 cm. Dimensions de l'\u0153uvre encadr\u00e9e : 82 x 141 x 5 cm.","artwork_location_country":"ES","artwork_location_city":"Alaquas  - Valencia","artwork_location_zipcode":"46970","artwork_shipment_type":"2D_flat_artwork","artwork_shipping_delivery":"painting_immediate_availability","artwork_has_custom_shipping_delivery_info":false,"artwork_custom_shipping_delivery_info":"Not specified","artwork_360_view_url":"","artwork_video_url":"","artwork_video_format":[],"artwork_preview_type":"featured_image","artwork_reserved":false,"artwork_hide_price":false,"artwork_about":"<p class=\"x_MsoNormal ai-optimize-24\"><em><strong>11\/02\/2023, 19h26 <\/strong><\/em><span data-contrast=\"auto\">est une \u0153uvre de l'artiste espagnol Calo Carratal\u00e1.\u00a0<\/span><span data-contrast=\"auto\">Dans cette s\u00e9rie, l\u2019artiste repr\u00e9sente des paysage de cette r\u00e9gion historique et naturelle du S\u00e9n\u00e9gal, situ\u00e9e au sud du pays et bordant le fleuve Casamance. Le titre de l'\u0153uvre fait r\u00e9f\u00e9rence \u00e0 l'instant pr\u00e9cis saisi par Calo Carratal\u00e1 au cours de son voyage dans le paysage africain.<\/span><\/p>\r\n<p class=\"x_MsoNormal ai-optimize-25\"><span data-contrast=\"auto\">L'\u0153uvre a \u00e9t\u00e9 pr\u00e9sent\u00e9e lors de l'exposition personnelle de l'artiste \u00ab <\/span><i><span data-contrast=\"auto\">No hay espacio, todo es tiempo. Africa en la memoria<\/span><\/i><span data-contrast=\"auto\"> \u00bb, qui a eu lieu au centre culturel La Nau de l'Universit\u00e9 de Valence en Espagne en 2024. Les \u0153uvres d'art expos\u00e9es vont de tr\u00e8s petites \u00e0 tr\u00e8s grandes, invitant les visiteurs \u00e0 \u00e9tablir une proximit\u00e9 physique avec les premi\u00e8res et \u00e0 se d\u00e9placer dans l'espace pour explorer les secondes. Certaines \u0153uvres ont \u00e9t\u00e9 cr\u00e9\u00e9es sp\u00e9cifiquement pour le magnifique clo\u00eetre et pour la Sala Oberta. L'\u0153uvre de Calo Carratal\u00e1 t\u00e9moigne d'un profond attachement \u00e0 la nature, et elle a la capacit\u00e9 de susciter des r\u00e9flexions sur la conscience \u00e9cologique et sur notre place dans le monde dans lequel nous vivons. <\/span><span data-ccp-props=\"{&quot;134233117&quot;:false,&quot;134233118&quot;:false,&quot;201341983&quot;:0,&quot;335551550&quot;:6,&quot;335551620&quot;:6,&quot;335559738&quot;:0,&quot;335559739&quot;:240,&quot;335559740&quot;:279}\">\u00a0<\/span><\/p>\r\n<p class=\"ai-optimize-26\"><span data-contrast=\"auto\">\u00ab <\/span><i><span data-contrast=\"auto\">Calo Carratal\u00e1 ne montre pas le voyage comme un simple voyage, mais comme un objectif en soi. [...] Il pr\u00e9sente le paysage qu'il a trouv\u00e9 en arrivant sur place, ce qu'il d\u00e9couvre et, \u00e0 travers la peinture, il construit une nouvelle repr\u00e9sentation du paysage.<\/span><\/i><span data-contrast=\"auto\"> \u00bb - Victoria Chesner, artiste et professeur de peinture et de paysage \u00e0 la facult\u00e9 des beaux-arts de l'Universit\u00e9 de Murcie. <\/span><span data-ccp-props=\"{&quot;134233117&quot;:false,&quot;134233118&quot;:false,&quot;201341983&quot;:0,&quot;335551550&quot;:6,&quot;335551620&quot;:6,&quot;335559738&quot;:0,&quot;335559739&quot;:240,&quot;335559740&quot;:279}\">\u00a0<\/span><\/p>\r\n<p class=\"ai-optimize-27\"><span data-contrast=\"auto\">Passionn\u00e9 de voyage, Calo Carratal\u00e1 a choisi de repr\u00e9senter des paysages dont la d\u00e9couverte et la contemplation l\u2019ont touch\u00e9. Ses peintures sont autant d\u2019hommages rendus aux paysages grandioses de l\u2019Amazonie, de la Tanzanie ou encore de la Norv\u00e8ge, dont le caract\u00e8re sublime est exacerb\u00e9 sous le pinceau du peintre. Sans rien imposer, l\u2019artiste nous confronte \u00e0 notre propre rapport \u00e0 la nature, et aux sentiments ambivalents qu\u2019elle peut inspirer, entre fascination et crainte. Son travail a \u00e9t\u00e9 expos\u00e9 dans de nombreuses galeries europ\u00e9ennes et institutions publiques. Il a remport\u00e9 plusieurs premiers prix prestigieux depuis le d\u00e9but des ann\u00e9es 1990.<\/span><span data-ccp-props=\"{&quot;134233117&quot;:false,&quot;134233118&quot;:false,&quot;201341983&quot;:0,&quot;335551550&quot;:6,&quot;335551620&quot;:6,&quot;335559738&quot;:240,&quot;335559739&quot;:240,&quot;335559740&quot;:279}\">\u00a0<\/span><\/p>\r\n<p class=\"ai-optimize-28\"><span data-contrast=\"auto\">\u00ab <\/span><i><span data-contrast=\"auto\">Lorsque je peins un paysage, j\u2019essaie de refl\u00e9ter les sensations qu\u2019il suscite en moi, en adoptant une perspective totalement personnelle.<\/span><\/i><span data-contrast=\"auto\"> \u00bb - <\/span><span data-contrast=\"auto\">Calo Carratal\u00e1.<\/span><span data-ccp-props=\"{&quot;134233117&quot;:false,&quot;134233118&quot;:false,&quot;201341983&quot;:0,&quot;335551550&quot;:6,&quot;335551620&quot;:6,&quot;335559738&quot;:240,&quot;335559739&quot;:240,&quot;335559740&quot;:279}\">\u00a0<\/span><\/p>\r\n<p class=\"ai-optimize-29\">Cette peinture a \u00e9t\u00e9 expos\u00e9e \u00e0 la Casa de Cultura Marqu\u00e9s Gonz\u00e1lez de Quir\u00f3s, \u00e0 Gandia, en Espagne, lors de l\u2019exposition personnelle de Calo Carratal\u00e1 <em>\u00ab Paysage et changement climatique : la transformation du regard \u00bb<\/em> en 2025.<\/p>\r\n\r\n<div id=\"UniqueMessageBody\" class=\"XbIp4 jmmB7 GNqVo yxtKT allowTextSelection OuGoX\" tabindex=\"-1\" role=\"document\" aria-label=\"Message body\">\r\n<div lang=\"fr\">\r\n<p class=\"ai-optimize-30\">L'\u0153uvre est vendue sans cadre mais une bo\u00eete en m\u00e9thacrylate peut \u00eatre rajout\u00e9e sur demande. Elle peut \u00eatre viss\u00e9e au cadre en bois mais peut \u00eatre facilement enlev\u00e9e. Dimensions de l'\u0153uvre non encadr\u00e9e : 80 x 139 x 4 cm. Dimensions de l'\u0153uvre encadr\u00e9e : 82 x 141 x 5 cm.<\/p>\r\n\r\n<\/div>\r\n<\/div>","artwork_series":[2573],"artwork_query_group":"10","artwork_lowest_grid_position":1,"artwork_random_position":6651127,"explicit_sensitive_content":false,"drupal_id":"10214"},"yoast_head":"<!-- This site is optimized with the Yoast SEO Premium plugin v27.3 (Yoast SEO v27.3) - https:\/\/yoast.com\/product\/yoast-seo-premium-wordpress\/ -->\n<title>Artistics | 11\/02\/2023, 19h26 par Calo Carratal\u00e1 - Peinture contemporaine<\/title>\n<meta name=\"description\" content=\"11\/02\/2023, 19h26 par Calo Carratal\u00e1 - achat d&#039;\u0153uvres d&#039;art contemporain originales sur la galerie d&#039;art en ligne Artistics.\" \/>\n<meta name=\"robots\" content=\"index, follow, max-snippet:-1, max-image-preview:large, max-video-preview:-1\" \/>\n<link rel=\"canonical\" href=\"https:\/\/artistics.com\/fr\/oeuvre\/11-02-2023-19h26\/\" \/>\n<meta property=\"og:locale\" content=\"fr_FR\" \/>\n<meta property=\"og:type\" content=\"article\" \/>\n<meta property=\"og:title\" content=\"11\/02\/2023, 19h26\" \/>\n<meta property=\"og:description\" content=\"11\/02\/2023, 19h26 par Calo Carratal\u00e1 - achat d&#039;\u0153uvres d&#039;art contemporain originales sur la galerie d&#039;art en ligne Artistics.\" \/>\n<meta property=\"og:url\" content=\"https:\/\/artistics.com\/fr\/oeuvre\/11-02-2023-19h26\/\" \/>\n<meta property=\"og:site_name\" content=\"Artistics\" \/>\n<meta property=\"article:publisher\" content=\"https:\/\/www.facebook.com\/ArtisticsMag\" \/>\n<meta property=\"article:modified_time\" content=\"2025-09-01T10:03:02+00:00\" \/>\n<meta property=\"og:image\" content=\"https:\/\/artistics.com\/wp-content\/uploads\/2024\/07\/11-02-2023-19-26-h-landscape-painting-by-calo-carratala-1024x588.jpg\" \/>\n\t<meta property=\"og:image:width\" content=\"1024\" \/>\n\t<meta property=\"og:image:height\" content=\"588\" \/>\n\t<meta property=\"og:image:type\" content=\"image\/jpeg\" \/>\n<meta name=\"twitter:card\" content=\"summary_large_image\" \/>\n<meta name=\"twitter:site\" content=\"@Artistics_FR\" \/>\n<meta name=\"twitter:label1\" content=\"Prix\" \/>\n\t<meta name=\"twitter:data1\" content=\"2 900&nbsp;&euro;\" \/>\n\t<meta name=\"twitter:label2\" content=\"Disponibilit\u00e9\" \/>\n\t<meta name=\"twitter:data2\" content=\"En stock\" \/>\n<script type=\"application\/ld+json\" class=\"yoast-schema-graph\">{\"@context\":\"https:\\\/\\\/schema.org\",\"@graph\":[{\"@type\":[\"WebPage\",\"ItemPage\"],\"@id\":\"https:\\\/\\\/artistics.com\\\/fr\\\/oeuvre\\\/11-02-2023-19h26\\\/\",\"url\":\"https:\\\/\\\/artistics.com\\\/fr\\\/oeuvre\\\/11-02-2023-19h26\\\/\",\"name\":\"Artistics | 11\\\/02\\\/2023, 19h26 par Calo Carratal\u00e1 - Peinture contemporaine\",\"isPartOf\":{\"@id\":\"https:\\\/\\\/artistics.com\\\/fr\\\/#website\"},\"primaryImageOfPage\":{\"@id\":\"https:\\\/\\\/artistics.com\\\/fr\\\/oeuvre\\\/11-02-2023-19h26\\\/#primaryimage\"},\"image\":{\"@id\":\"https:\\\/\\\/artistics.com\\\/fr\\\/oeuvre\\\/11-02-2023-19h26\\\/#primaryimage\"},\"thumbnailUrl\":\"https:\\\/\\\/artistics.com\\\/wp-content\\\/uploads\\\/2024\\\/07\\\/11-02-2023-19-26-h-landscape-painting-by-calo-carratala.jpg\",\"datePublished\":\"2024-07-24T15:08:53+00:00\",\"dateModified\":\"2025-09-01T10:03:02+00:00\",\"description\":\"11\\\/02\\\/2023, 19h26 par Calo Carratal\u00e1 - achat d'\u0153uvres d'art contemporain originales sur la galerie d'art en ligne Artistics.\",\"breadcrumb\":{\"@id\":\"https:\\\/\\\/artistics.com\\\/fr\\\/oeuvre\\\/11-02-2023-19h26\\\/#breadcrumb\"},\"inLanguage\":\"fr-FR\",\"potentialAction\":[{\"@type\":\"ReadAction\",\"target\":[\"https:\\\/\\\/artistics.com\\\/fr\\\/oeuvre\\\/11-02-2023-19h26\\\/\"]}]},{\"@type\":\"ImageObject\",\"inLanguage\":\"fr-FR\",\"@id\":\"https:\\\/\\\/artistics.com\\\/fr\\\/oeuvre\\\/11-02-2023-19h26\\\/#primaryimage\",\"url\":\"https:\\\/\\\/artistics.com\\\/wp-content\\\/uploads\\\/2024\\\/07\\\/11-02-2023-19-26-h-landscape-painting-by-calo-carratala.jpg\",\"contentUrl\":\"https:\\\/\\\/artistics.com\\\/wp-content\\\/uploads\\\/2024\\\/07\\\/11-02-2023-19-26-h-landscape-painting-by-calo-carratala.jpg\",\"width\":2560,\"height\":1471},{\"@type\":\"BreadcrumbList\",\"@id\":\"https:\\\/\\\/artistics.com\\\/fr\\\/oeuvre\\\/11-02-2023-19h26\\\/#breadcrumb\",\"itemListElement\":[{\"@type\":\"ListItem\",\"position\":1,\"name\":\"Achat \u0153uvre d'art\",\"item\":\"https:\\\/\\\/artistics.com\\\/fr\\\/\"},{\"@type\":\"ListItem\",\"position\":2,\"name\":\"Galerie\",\"item\":\"https:\\\/\\\/artistics.com\\\/fr\\\/galerie\\\/\"},{\"@type\":\"ListItem\",\"position\":3,\"name\":\"Peinture contemporaine\",\"item\":\"https:\\\/\\\/artistics.com\\\/fr\\\/categorie-oeuvre\\\/peinture-contemporaine\\\/\"},{\"@type\":\"ListItem\",\"position\":4,\"name\":\"11\\\/02\\\/2023, 19h26\"}]},{\"@type\":\"WebSite\",\"@id\":\"https:\\\/\\\/artistics.com\\\/fr\\\/#website\",\"url\":\"https:\\\/\\\/artistics.com\\\/fr\\\/\",\"name\":\"Artistics\",\"description\":\"The online art gallery\",\"publisher\":{\"@id\":\"https:\\\/\\\/artistics.com\\\/fr\\\/#organization\"},\"potentialAction\":[{\"@type\":\"SearchAction\",\"target\":{\"@type\":\"EntryPoint\",\"urlTemplate\":\"https:\\\/\\\/artistics.com\\\/fr\\\/?s={search_term_string}\"},\"query-input\":{\"@type\":\"PropertyValueSpecification\",\"valueRequired\":true,\"valueName\":\"search_term_string\"}}],\"inLanguage\":\"fr-FR\"},{\"@type\":\"Organization\",\"@id\":\"https:\\\/\\\/artistics.com\\\/fr\\\/#organization\",\"name\":\"Artistics\",\"url\":\"https:\\\/\\\/artistics.com\\\/fr\\\/\",\"logo\":{\"@type\":\"ImageObject\",\"inLanguage\":\"fr-FR\",\"@id\":\"https:\\\/\\\/artistics.com\\\/fr\\\/#\\\/schema\\\/logo\\\/image\\\/\",\"url\":\"https:\\\/\\\/artistics.com\\\/wp-content\\\/uploads\\\/2023\\\/02\\\/artistics-logo-web-1.svg\",\"contentUrl\":\"https:\\\/\\\/artistics.com\\\/wp-content\\\/uploads\\\/2023\\\/02\\\/artistics-logo-web-1.svg\",\"caption\":\"Artistics\"},\"image\":{\"@id\":\"https:\\\/\\\/artistics.com\\\/fr\\\/#\\\/schema\\\/logo\\\/image\\\/\"},\"sameAs\":[\"https:\\\/\\\/www.facebook.com\\\/ArtisticsMag\",\"https:\\\/\\\/x.com\\\/Artistics_FR\",\"http:\\\/\\\/www.linkedin.com\\\/company\\\/artistics\",\"https:\\\/\\\/www.instagram.com\\\/artistics_com\\\/\",\"http:\\\/\\\/www.pinterest.com\\\/ArtisticsMag\"],\"hasMerchantReturnPolicy\":{\"@type\":\"MerchantReturnPolicy\",\"merchantReturnLink\":\"https:\\\/\\\/artistics.com\\\/free-return-policy\\\/\"}}]}<\/script>\n<meta property=\"product:price:amount\" content=\"2900\" \/>\n<meta property=\"product:price:currency\" content=\"EUR\" \/>\n<meta property=\"og:availability\" content=\"instock\" \/>\n<meta property=\"product:availability\" content=\"instock\" \/>\n<meta property=\"product:retailer_item_id\" content=\"10215-1-1-2\" \/>\n<meta property=\"product:condition\" content=\"new\" \/>\n<!-- \/ Yoast SEO Premium plugin. -->","yoast_head_json":{"title":"Artistics | 11\/02\/2023, 19h26 par Calo Carratal\u00e1 - Peinture contemporaine","description":"11\/02\/2023, 19h26 par Calo Carratal\u00e1 - achat d'\u0153uvres d'art contemporain originales sur la galerie d'art en ligne Artistics.","robots":{"index":"index","follow":"follow","max-snippet":"max-snippet:-1","max-image-preview":"max-image-preview:large","max-video-preview":"max-video-preview:-1"},"canonical":"https:\/\/artistics.com\/fr\/oeuvre\/11-02-2023-19h26\/","og_locale":"fr_FR","og_type":"article","og_title":"11\/02\/2023, 19h26","og_description":"11\/02\/2023, 19h26 par Calo Carratal\u00e1 - achat d'\u0153uvres d'art contemporain originales sur la galerie d'art en ligne Artistics.","og_url":"https:\/\/artistics.com\/fr\/oeuvre\/11-02-2023-19h26\/","og_site_name":"Artistics","article_publisher":"https:\/\/www.facebook.com\/ArtisticsMag","article_modified_time":"2025-09-01T10:03:02+00:00","og_image":[{"width":1024,"height":588,"url":"https:\/\/artistics.com\/wp-content\/uploads\/2024\/07\/11-02-2023-19-26-h-landscape-painting-by-calo-carratala-1024x588.jpg","type":"image\/jpeg"}],"twitter_card":"summary_large_image","twitter_site":"@Artistics_FR","twitter_misc":{"Prix":"2 900&nbsp;&euro;","Disponibilit\u00e9":"En stock"},"schema":{"@context":"https:\/\/schema.org","@graph":[{"@type":["WebPage","ItemPage"],"@id":"https:\/\/artistics.com\/fr\/oeuvre\/11-02-2023-19h26\/","url":"https:\/\/artistics.com\/fr\/oeuvre\/11-02-2023-19h26\/","name":"Artistics | 11\/02\/2023, 19h26 par Calo Carratal\u00e1 - Peinture contemporaine","isPartOf":{"@id":"https:\/\/artistics.com\/fr\/#website"},"primaryImageOfPage":{"@id":"https:\/\/artistics.com\/fr\/oeuvre\/11-02-2023-19h26\/#primaryimage"},"image":{"@id":"https:\/\/artistics.com\/fr\/oeuvre\/11-02-2023-19h26\/#primaryimage"},"thumbnailUrl":"https:\/\/artistics.com\/wp-content\/uploads\/2024\/07\/11-02-2023-19-26-h-landscape-painting-by-calo-carratala.jpg","datePublished":"2024-07-24T15:08:53+00:00","dateModified":"2025-09-01T10:03:02+00:00","description":"11\/02\/2023, 19h26 par Calo Carratal\u00e1 - achat d'\u0153uvres d'art contemporain originales sur la galerie d'art en ligne Artistics.","breadcrumb":{"@id":"https:\/\/artistics.com\/fr\/oeuvre\/11-02-2023-19h26\/#breadcrumb"},"inLanguage":"fr-FR","potentialAction":[{"@type":"ReadAction","target":["https:\/\/artistics.com\/fr\/oeuvre\/11-02-2023-19h26\/"]}]},{"@type":"ImageObject","inLanguage":"fr-FR","@id":"https:\/\/artistics.com\/fr\/oeuvre\/11-02-2023-19h26\/#primaryimage","url":"https:\/\/artistics.com\/wp-content\/uploads\/2024\/07\/11-02-2023-19-26-h-landscape-painting-by-calo-carratala.jpg","contentUrl":"https:\/\/artistics.com\/wp-content\/uploads\/2024\/07\/11-02-2023-19-26-h-landscape-painting-by-calo-carratala.jpg","width":2560,"height":1471},{"@type":"BreadcrumbList","@id":"https:\/\/artistics.com\/fr\/oeuvre\/11-02-2023-19h26\/#breadcrumb","itemListElement":[{"@type":"ListItem","position":1,"name":"Achat \u0153uvre d'art","item":"https:\/\/artistics.com\/fr\/"},{"@type":"ListItem","position":2,"name":"Galerie","item":"https:\/\/artistics.com\/fr\/galerie\/"},{"@type":"ListItem","position":3,"name":"Peinture contemporaine","item":"https:\/\/artistics.com\/fr\/categorie-oeuvre\/peinture-contemporaine\/"},{"@type":"ListItem","position":4,"name":"11\/02\/2023, 19h26"}]},{"@type":"WebSite","@id":"https:\/\/artistics.com\/fr\/#website","url":"https:\/\/artistics.com\/fr\/","name":"Artistics","description":"The online art gallery","publisher":{"@id":"https:\/\/artistics.com\/fr\/#organization"},"potentialAction":[{"@type":"SearchAction","target":{"@type":"EntryPoint","urlTemplate":"https:\/\/artistics.com\/fr\/?s={search_term_string}"},"query-input":{"@type":"PropertyValueSpecification","valueRequired":true,"valueName":"search_term_string"}}],"inLanguage":"fr-FR"},{"@type":"Organization","@id":"https:\/\/artistics.com\/fr\/#organization","name":"Artistics","url":"https:\/\/artistics.com\/fr\/","logo":{"@type":"ImageObject","inLanguage":"fr-FR","@id":"https:\/\/artistics.com\/fr\/#\/schema\/logo\/image\/","url":"https:\/\/artistics.com\/wp-content\/uploads\/2023\/02\/artistics-logo-web-1.svg","contentUrl":"https:\/\/artistics.com\/wp-content\/uploads\/2023\/02\/artistics-logo-web-1.svg","caption":"Artistics"},"image":{"@id":"https:\/\/artistics.com\/fr\/#\/schema\/logo\/image\/"},"sameAs":["https:\/\/www.facebook.com\/ArtisticsMag","https:\/\/x.com\/Artistics_FR","http:\/\/www.linkedin.com\/company\/artistics","https:\/\/www.instagram.com\/artistics_com\/","http:\/\/www.pinterest.com\/ArtisticsMag"],"hasMerchantReturnPolicy":{"@type":"MerchantReturnPolicy","merchantReturnLink":"https:\/\/artistics.com\/free-return-policy\/"}}]},"product_price_amount":"2900","product_price_currency":"EUR","og_availability":"instock","product_availability":"instock","product_retailer_item_id":"10215-1-1-2","product_condition":"new"},"_links":{"self":[{"href":"https:\/\/artistics.com\/fr\/wp-json\/wp\/v2\/product\/61137","targetHints":{"allow":["GET"]}}],"collection":[{"href":"https:\/\/artistics.com\/fr\/wp-json\/wp\/v2\/product"}],"about":[{"href":"https:\/\/artistics.com\/fr\/wp-json\/wp\/v2\/types\/product"}],"acf:term":[{"embeddable":true,"taxonomy":"series","href":"https:\/\/artistics.com\/fr\/wp-json\/wp\/v2\/series\/2573"},{"embeddable":true,"taxonomy":"product_tag","href":"https:\/\/artistics.com\/fr\/wp-json\/wp\/v2\/product_tag\/354"},{"embeddable":true,"taxonomy":"product_tag","href":"https:\/\/artistics.com\/fr\/wp-json\/wp\/v2\/product_tag\/2507"},{"embeddable":true,"taxonomy":"product_cat","href":"https:\/\/artistics.com\/fr\/wp-json\/wp\/v2\/product_cat\/235"},{"embeddable":true,"taxonomy":"product_cat","href":"https:\/\/artistics.com\/fr\/wp-json\/wp\/v2\/product_cat\/216"},{"embeddable":true,"taxonomy":"product_cat","href":"https:\/\/artistics.com\/fr\/wp-json\/wp\/v2\/product_cat\/192"},{"embeddable":true,"taxonomy":"product_cat","href":"https:\/\/artistics.com\/fr\/wp-json\/wp\/v2\/product_cat\/2486"},{"embeddable":true,"taxonomy":"product_cat","href":"https:\/\/artistics.com\/fr\/wp-json\/wp\/v2\/product_cat\/194"},{"embeddable":true,"taxonomy":"product_cat","href":"https:\/\/artistics.com\/fr\/wp-json\/wp\/v2\/product_cat\/428"},{"embeddable":true,"taxonomy":"product_cat","href":"https:\/\/artistics.com\/fr\/wp-json\/wp\/v2\/product_cat\/172"},{"embeddable":true,"taxonomy":"product_cat","href":"https:\/\/artistics.com\/fr\/wp-json\/wp\/v2\/product_cat\/170"},{"embeddable":true,"taxonomy":"product_cat","href":"https:\/\/artistics.com\/fr\/wp-json\/wp\/v2\/product_cat\/162"}],"acf:post":[{"embeddable":true,"href":"https:\/\/artistics.com\/fr\/wp-json\/wp\/v2\/artist\/2787"}],"wp:featuredmedia":[{"embeddable":true,"href":"https:\/\/artistics.com\/fr\/wp-json\/wp\/v2\/media\/61076"}],"wp:attachment":[{"href":"https:\/\/artistics.com\/fr\/wp-json\/wp\/v2\/media?parent=61137"}],"wp:term":[{"taxonomy":"product_cat","embeddable":true,"href":"https:\/\/artistics.com\/fr\/wp-json\/wp\/v2\/product_cat?post=61137"},{"taxonomy":"product_tag","embeddable":true,"href":"https:\/\/artistics.com\/fr\/wp-json\/wp\/v2\/product_tag?post=61137"},{"taxonomy":"series","embeddable":true,"href":"https:\/\/artistics.com\/fr\/wp-json\/wp\/v2\/series?post=61137"}],"curies":[{"name":"wp","href":"https:\/\/api.w.org\/{rel}","templated":true}]}}