{"id":27499,"date":"2014-03-12T18:35:03","date_gmt":"2014-03-12T17:35:03","guid":{"rendered":"https:\/\/2022.devartistics.com\/artwork\/160-02-11\/"},"modified":"2024-09-24T11:21:32","modified_gmt":"2024-09-24T09:21:32","slug":"160-02-11","status":"publish","type":"product","link":"https:\/\/artistics.com\/fr\/oeuvre\/160-02-11\/","title":{"rendered":"160.02.11"},"content":{"rendered":"","protected":false},"excerpt":{"rendered":"","protected":false},"featured_media":23447,"template":"","meta":{"_acf_changed":false,"_searchwp_excluded":"","inline_featured_image":false},"product_cat":[235,2173,216,195,163,206,418,201],"product_tag":[513],"series":[1922],"class_list":{"0":"post-27499","1":"product","2":"type-product","3":"status-publish","4":"has-post-thumbnail","6":"product_cat-de-1000-a-3000-e","7":"product_cat-mise-en-scene-photographique","8":"product_cat-moyen","9":"product_cat-nu-artistique","10":"product_cat-photographie-contemporaine","11":"product_cat-photographie-de-nu","12":"product_cat-photographie-de-studio","13":"product_cat-photographie-noir-et-blanc","14":"product_tag-femme","15":"series-klaus-kampert-hommage-a-modigliani-fr","17":"first","18":"instock","19":"taxable","20":"shipping-taxable","21":"purchasable","22":"product-type-variable","23":"has-default-attributes"},"acf":{"artwork_artist":[2768],"artwork_medium":163,"artwork_categories":[201,206,2173,418],"artwork_overall-tones":[],"artwork_main-material":[],"artwork_art-genre":[418,195],"artwork_art-movement":[],"artwork_miscellaneous":[],"artwork_formats":[216,216],"artwork_price-ranges":[235],"artwork_main_subject":[513],"artwork_technique":[],"artwork_featured_location":[],"artwork_dominant_color":[],"artwork_physical_attributes":[],"artwork_creation_date":"20110101","artwork_unique_piece":false,"artwork_description":"Impression pigmentaire Archival","artwork_signature":"\u0152uvre sign\u00e9e","artwork_authenticity":"L\u2019\u0153uvre est vendue avec un certificat d\u2019authenticit\u00e9 sign\u00e9 par l\u2019artiste.","artwork_framing":"unframed","artwork_has_custom_framing_info":false,"artwork_custom_framing_info":"Not specified","artwork_location_country":"DE","artwork_location_city":"Dusseldorf","artwork_location_zipcode":"40545","artwork_shipment_type":"2D_flat_artwork","artwork_shipping_delivery":"photography_production_time","artwork_has_custom_shipping_delivery_info":false,"artwork_custom_shipping_delivery_info":"Not specified","artwork_360_view_url":"","artwork_video_url":"","artwork_video_format":[],"artwork_preview_type":"featured_image","artwork_reserved":false,"artwork_hide_price":false,"artwork_about":"<strong><em>160.02.11 <\/em><\/strong><span data-contrast=\"auto\">est une \u0153uvre du photographe contemporain Klaus Kampert, issue de la s\u00e9rie <\/span><i><span data-contrast=\"auto\">Hommage \u00e0 Modigliani<\/span><\/i><span data-contrast=\"auto\">.\u00a0\u00a0<\/span><span data-ccp-props=\"{&quot;134233117&quot;:false,&quot;134233118&quot;:false,&quot;201341983&quot;:0,&quot;335551550&quot;:6,&quot;335551620&quot;:6,&quot;335559738&quot;:0,&quot;335559739&quot;:240,&quot;335559740&quot;:279}\">\u00a0<\/span>\r\n\r\n<span data-contrast=\"auto\">Klaus Kampert a choisi d\u2019orienter son travail personnel sur la photographie de nu, cherchant \u00e0 capter dans le corps de ses mod\u00e8les l\u2019expression d\u2019une \u00e9motion qui d\u00e9passe la seule dimension physique. Pour lui, le corps est l\u2019\u00e9crin de l\u2019\u00e2me : en travaillant sur le langage corporel, il s\u2019emploie \u00e0 saisir l\u2019un et l\u2019autre dans chacune de ses photographies r\u00e9alis\u00e9es en studio.\u00a0\u00a0<\/span><span data-ccp-props=\"{&quot;134233117&quot;:false,&quot;134233118&quot;:false,&quot;201341983&quot;:0,&quot;335551550&quot;:6,&quot;335551620&quot;:6,&quot;335559738&quot;:240,&quot;335559739&quot;:240,&quot;335559740&quot;:279}\">\u00a0<\/span>\r\n\r\n<span data-contrast=\"auto\">Le titre de cette s\u00e9rie \u00e9claire sur l\u2019intention du photographe : <em>\u00ab \u00c0 plusieurs reprises dans ma vie, je suis tomb\u00e9 sur l\u2019\u0153uvre de Modigliani. J\u2019adore sa compr\u00e9hension sculpturale de la forme et du rythme, autant que le naturel de l\u2019expression m\u00e9lancolique de ses visages, en particulier dans ses dessins. C\u2019est une inspiration parfaite pour moi \u00bb<\/em>. Les photographies de cette s\u00e9rie sont notamment inspir\u00e9es des c\u00e9l\u00e8bres cariatides de l\u2019artiste italien : assis ou accroupi, son mod\u00e8le f\u00e9minin au corps \u00e9lanc\u00e9 et aux paupi\u00e8res baiss\u00e9es adopte des poses qui \u00e9voquent celles des dessins de Modigliani. Gr\u00e2ce \u00e0 une totale ma\u00eetrise de la lumi\u00e8re, Klaus Kampert cr\u00e9e un subtil jeu d\u2019ombres et de lumi\u00e8re sur ce corps f\u00e9minin nu qui accentue la ressemblance avec un dessin.<\/span><span data-ccp-props=\"{&quot;134233117&quot;:false,&quot;134233118&quot;:false,&quot;201341983&quot;:0,&quot;335551550&quot;:6,&quot;335551620&quot;:6,&quot;335559738&quot;:240,&quot;335559739&quot;:240,&quot;335559740&quot;:279}\">\u00a0<\/span>\r\n\r\n<span data-contrast=\"auto\">Le prix indiqu\u00e9 correspond au tirage seul, vendu non mont\u00e9 et non encadr\u00e9. Pour toute demande particuli\u00e8re concernant le montage ou l\u2019encadrement, merci de nous contacter. Chaque tirage est num\u00e9rot\u00e9 et sign\u00e9.<\/span><span data-ccp-props=\"{&quot;134233117&quot;:false,&quot;134233118&quot;:false,&quot;201341983&quot;:0,&quot;335551550&quot;:6,&quot;335551620&quot;:6,&quot;335559738&quot;:240,&quot;335559739&quot;:240,&quot;335559740&quot;:279}\">\u00a0<\/span>","artwork_series":[1922],"artwork_query_group":"20","artwork_lowest_grid_position":1,"artwork_random_position":1963203,"explicit_sensitive_content":true,"drupal_id":"1259"},"yoast_head":"<!-- This site is optimized with the Yoast SEO Premium plugin v27.3 (Yoast SEO v27.3) - https:\/\/yoast.com\/product\/yoast-seo-premium-wordpress\/ -->\n<title>Artistics | 160.02.11 par Klaus Kampert - Photographie contemporaine<\/title>\n<meta name=\"description\" content=\"160.02.11 par Klaus Kampert - achat d&#039;\u0153uvres d&#039;art contemporain originales sur la galerie d&#039;art en ligne Artistics.\" \/>\n<meta name=\"robots\" content=\"index, follow, max-snippet:-1, max-image-preview:large, max-video-preview:-1\" \/>\n<link rel=\"canonical\" href=\"https:\/\/artistics.com\/fr\/oeuvre\/160-02-11\/\" \/>\n<meta property=\"og:locale\" content=\"fr_FR\" \/>\n<meta property=\"og:type\" content=\"article\" \/>\n<meta property=\"og:title\" content=\"160.02.11\" \/>\n<meta property=\"og:description\" content=\"160.02.11 par Klaus Kampert - achat d&#039;\u0153uvres d&#039;art contemporain originales sur la galerie d&#039;art en ligne Artistics.\" \/>\n<meta property=\"og:url\" content=\"https:\/\/artistics.com\/fr\/oeuvre\/160-02-11\/\" \/>\n<meta property=\"og:site_name\" content=\"Artistics\" \/>\n<meta property=\"article:publisher\" content=\"https:\/\/www.facebook.com\/ArtisticsMag\" \/>\n<meta property=\"article:modified_time\" content=\"2024-09-24T09:21:32+00:00\" \/>\n<meta property=\"og:image\" content=\"https:\/\/artistics.com\/wp-content\/uploads\/2023\/04\/160-02-11-by-klaus-kampert.jpg\" \/>\n\t<meta property=\"og:image:width\" content=\"700\" \/>\n\t<meta property=\"og:image:height\" content=\"963\" \/>\n\t<meta property=\"og:image:type\" content=\"image\/jpeg\" \/>\n<meta name=\"twitter:card\" content=\"summary_large_image\" \/>\n<meta name=\"twitter:site\" content=\"@Artistics_FR\" \/>\n<meta name=\"twitter:label1\" content=\"Disponibilit\u00e9\" \/>\n\t<meta name=\"twitter:data1\" content=\"En stock\" \/>\n<script type=\"application\/ld+json\" class=\"yoast-schema-graph\">{\"@context\":\"https:\\\/\\\/schema.org\",\"@graph\":[{\"@type\":[\"WebPage\",\"ItemPage\"],\"@id\":\"https:\\\/\\\/artistics.com\\\/fr\\\/oeuvre\\\/160-02-11\\\/\",\"url\":\"https:\\\/\\\/artistics.com\\\/fr\\\/oeuvre\\\/160-02-11\\\/\",\"name\":\"Artistics | 160.02.11 par Klaus Kampert - Photographie contemporaine\",\"isPartOf\":{\"@id\":\"https:\\\/\\\/artistics.com\\\/fr\\\/#website\"},\"primaryImageOfPage\":{\"@id\":\"https:\\\/\\\/artistics.com\\\/fr\\\/oeuvre\\\/160-02-11\\\/#primaryimage\"},\"image\":{\"@id\":\"https:\\\/\\\/artistics.com\\\/fr\\\/oeuvre\\\/160-02-11\\\/#primaryimage\"},\"thumbnailUrl\":\"https:\\\/\\\/artistics.com\\\/wp-content\\\/uploads\\\/2023\\\/04\\\/160-02-11-by-klaus-kampert.jpg\",\"datePublished\":\"2014-03-12T17:35:03+00:00\",\"dateModified\":\"2024-09-24T09:21:32+00:00\",\"description\":\"160.02.11 par Klaus Kampert - achat d'\u0153uvres d'art contemporain originales sur la galerie d'art en ligne Artistics.\",\"breadcrumb\":{\"@id\":\"https:\\\/\\\/artistics.com\\\/fr\\\/oeuvre\\\/160-02-11\\\/#breadcrumb\"},\"inLanguage\":\"fr-FR\",\"potentialAction\":[{\"@type\":\"ReadAction\",\"target\":[\"https:\\\/\\\/artistics.com\\\/fr\\\/oeuvre\\\/160-02-11\\\/\"]}]},{\"@type\":\"ImageObject\",\"inLanguage\":\"fr-FR\",\"@id\":\"https:\\\/\\\/artistics.com\\\/fr\\\/oeuvre\\\/160-02-11\\\/#primaryimage\",\"url\":\"https:\\\/\\\/artistics.com\\\/wp-content\\\/uploads\\\/2023\\\/04\\\/160-02-11-by-klaus-kampert.jpg\",\"contentUrl\":\"https:\\\/\\\/artistics.com\\\/wp-content\\\/uploads\\\/2023\\\/04\\\/160-02-11-by-klaus-kampert.jpg\",\"width\":700,\"height\":963},{\"@type\":\"BreadcrumbList\",\"@id\":\"https:\\\/\\\/artistics.com\\\/fr\\\/oeuvre\\\/160-02-11\\\/#breadcrumb\",\"itemListElement\":[{\"@type\":\"ListItem\",\"position\":1,\"name\":\"Achat \u0153uvre d'art\",\"item\":\"https:\\\/\\\/artistics.com\\\/fr\\\/\"},{\"@type\":\"ListItem\",\"position\":2,\"name\":\"Galerie\",\"item\":\"https:\\\/\\\/artistics.com\\\/fr\\\/galerie\\\/\"},{\"@type\":\"ListItem\",\"position\":3,\"name\":\"Photographie contemporaine\",\"item\":\"https:\\\/\\\/artistics.com\\\/fr\\\/categorie-oeuvre\\\/photographie-contemporaine\\\/\"},{\"@type\":\"ListItem\",\"position\":4,\"name\":\"160.02.11\"}]},{\"@type\":\"WebSite\",\"@id\":\"https:\\\/\\\/artistics.com\\\/fr\\\/#website\",\"url\":\"https:\\\/\\\/artistics.com\\\/fr\\\/\",\"name\":\"Artistics\",\"description\":\"The online art gallery\",\"publisher\":{\"@id\":\"https:\\\/\\\/artistics.com\\\/fr\\\/#organization\"},\"potentialAction\":[{\"@type\":\"SearchAction\",\"target\":{\"@type\":\"EntryPoint\",\"urlTemplate\":\"https:\\\/\\\/artistics.com\\\/fr\\\/?s={search_term_string}\"},\"query-input\":{\"@type\":\"PropertyValueSpecification\",\"valueRequired\":true,\"valueName\":\"search_term_string\"}}],\"inLanguage\":\"fr-FR\"},{\"@type\":\"Organization\",\"@id\":\"https:\\\/\\\/artistics.com\\\/fr\\\/#organization\",\"name\":\"Artistics\",\"url\":\"https:\\\/\\\/artistics.com\\\/fr\\\/\",\"logo\":{\"@type\":\"ImageObject\",\"inLanguage\":\"fr-FR\",\"@id\":\"https:\\\/\\\/artistics.com\\\/fr\\\/#\\\/schema\\\/logo\\\/image\\\/\",\"url\":\"https:\\\/\\\/artistics.com\\\/wp-content\\\/uploads\\\/2023\\\/02\\\/artistics-logo-web-1.svg\",\"contentUrl\":\"https:\\\/\\\/artistics.com\\\/wp-content\\\/uploads\\\/2023\\\/02\\\/artistics-logo-web-1.svg\",\"caption\":\"Artistics\"},\"image\":{\"@id\":\"https:\\\/\\\/artistics.com\\\/fr\\\/#\\\/schema\\\/logo\\\/image\\\/\"},\"sameAs\":[\"https:\\\/\\\/www.facebook.com\\\/ArtisticsMag\",\"https:\\\/\\\/x.com\\\/Artistics_FR\",\"http:\\\/\\\/www.linkedin.com\\\/company\\\/artistics\",\"https:\\\/\\\/www.instagram.com\\\/artistics_com\\\/\",\"http:\\\/\\\/www.pinterest.com\\\/ArtisticsMag\"],\"hasMerchantReturnPolicy\":{\"@type\":\"MerchantReturnPolicy\",\"merchantReturnLink\":\"https:\\\/\\\/artistics.com\\\/free-return-policy\\\/\"}}]}<\/script>\n<meta property=\"og:availability\" content=\"instock\" \/>\n<meta property=\"product:availability\" content=\"instock\" \/>\n<meta property=\"product:retailer_item_id\" content=\"1260\" \/>\n<meta property=\"product:condition\" content=\"new\" \/>\n<!-- \/ Yoast SEO Premium plugin. -->","yoast_head_json":{"title":"Artistics | 160.02.11 par Klaus Kampert - Photographie contemporaine","description":"160.02.11 par Klaus Kampert - achat d'\u0153uvres d'art contemporain originales sur la galerie d'art en ligne Artistics.","robots":{"index":"index","follow":"follow","max-snippet":"max-snippet:-1","max-image-preview":"max-image-preview:large","max-video-preview":"max-video-preview:-1"},"canonical":"https:\/\/artistics.com\/fr\/oeuvre\/160-02-11\/","og_locale":"fr_FR","og_type":"article","og_title":"160.02.11","og_description":"160.02.11 par Klaus Kampert - achat d'\u0153uvres d'art contemporain originales sur la galerie d'art en ligne Artistics.","og_url":"https:\/\/artistics.com\/fr\/oeuvre\/160-02-11\/","og_site_name":"Artistics","article_publisher":"https:\/\/www.facebook.com\/ArtisticsMag","article_modified_time":"2024-09-24T09:21:32+00:00","og_image":[{"width":700,"height":963,"url":"https:\/\/artistics.com\/wp-content\/uploads\/2023\/04\/160-02-11-by-klaus-kampert.jpg","type":"image\/jpeg"}],"twitter_card":"summary_large_image","twitter_site":"@Artistics_FR","twitter_misc":{"Disponibilit\u00e9":"En stock"},"schema":{"@context":"https:\/\/schema.org","@graph":[{"@type":["WebPage","ItemPage"],"@id":"https:\/\/artistics.com\/fr\/oeuvre\/160-02-11\/","url":"https:\/\/artistics.com\/fr\/oeuvre\/160-02-11\/","name":"Artistics | 160.02.11 par Klaus Kampert - Photographie contemporaine","isPartOf":{"@id":"https:\/\/artistics.com\/fr\/#website"},"primaryImageOfPage":{"@id":"https:\/\/artistics.com\/fr\/oeuvre\/160-02-11\/#primaryimage"},"image":{"@id":"https:\/\/artistics.com\/fr\/oeuvre\/160-02-11\/#primaryimage"},"thumbnailUrl":"https:\/\/artistics.com\/wp-content\/uploads\/2023\/04\/160-02-11-by-klaus-kampert.jpg","datePublished":"2014-03-12T17:35:03+00:00","dateModified":"2024-09-24T09:21:32+00:00","description":"160.02.11 par Klaus Kampert - achat d'\u0153uvres d'art contemporain originales sur la galerie d'art en ligne Artistics.","breadcrumb":{"@id":"https:\/\/artistics.com\/fr\/oeuvre\/160-02-11\/#breadcrumb"},"inLanguage":"fr-FR","potentialAction":[{"@type":"ReadAction","target":["https:\/\/artistics.com\/fr\/oeuvre\/160-02-11\/"]}]},{"@type":"ImageObject","inLanguage":"fr-FR","@id":"https:\/\/artistics.com\/fr\/oeuvre\/160-02-11\/#primaryimage","url":"https:\/\/artistics.com\/wp-content\/uploads\/2023\/04\/160-02-11-by-klaus-kampert.jpg","contentUrl":"https:\/\/artistics.com\/wp-content\/uploads\/2023\/04\/160-02-11-by-klaus-kampert.jpg","width":700,"height":963},{"@type":"BreadcrumbList","@id":"https:\/\/artistics.com\/fr\/oeuvre\/160-02-11\/#breadcrumb","itemListElement":[{"@type":"ListItem","position":1,"name":"Achat \u0153uvre d'art","item":"https:\/\/artistics.com\/fr\/"},{"@type":"ListItem","position":2,"name":"Galerie","item":"https:\/\/artistics.com\/fr\/galerie\/"},{"@type":"ListItem","position":3,"name":"Photographie contemporaine","item":"https:\/\/artistics.com\/fr\/categorie-oeuvre\/photographie-contemporaine\/"},{"@type":"ListItem","position":4,"name":"160.02.11"}]},{"@type":"WebSite","@id":"https:\/\/artistics.com\/fr\/#website","url":"https:\/\/artistics.com\/fr\/","name":"Artistics","description":"The online art gallery","publisher":{"@id":"https:\/\/artistics.com\/fr\/#organization"},"potentialAction":[{"@type":"SearchAction","target":{"@type":"EntryPoint","urlTemplate":"https:\/\/artistics.com\/fr\/?s={search_term_string}"},"query-input":{"@type":"PropertyValueSpecification","valueRequired":true,"valueName":"search_term_string"}}],"inLanguage":"fr-FR"},{"@type":"Organization","@id":"https:\/\/artistics.com\/fr\/#organization","name":"Artistics","url":"https:\/\/artistics.com\/fr\/","logo":{"@type":"ImageObject","inLanguage":"fr-FR","@id":"https:\/\/artistics.com\/fr\/#\/schema\/logo\/image\/","url":"https:\/\/artistics.com\/wp-content\/uploads\/2023\/02\/artistics-logo-web-1.svg","contentUrl":"https:\/\/artistics.com\/wp-content\/uploads\/2023\/02\/artistics-logo-web-1.svg","caption":"Artistics"},"image":{"@id":"https:\/\/artistics.com\/fr\/#\/schema\/logo\/image\/"},"sameAs":["https:\/\/www.facebook.com\/ArtisticsMag","https:\/\/x.com\/Artistics_FR","http:\/\/www.linkedin.com\/company\/artistics","https:\/\/www.instagram.com\/artistics_com\/","http:\/\/www.pinterest.com\/ArtisticsMag"],"hasMerchantReturnPolicy":{"@type":"MerchantReturnPolicy","merchantReturnLink":"https:\/\/artistics.com\/free-return-policy\/"}}]},"og_availability":"instock","product_availability":"instock","product_retailer_item_id":"1260","product_condition":"new"},"_links":{"self":[{"href":"https:\/\/artistics.com\/fr\/wp-json\/wp\/v2\/product\/27499","targetHints":{"allow":["GET"]}}],"collection":[{"href":"https:\/\/artistics.com\/fr\/wp-json\/wp\/v2\/product"}],"about":[{"href":"https:\/\/artistics.com\/fr\/wp-json\/wp\/v2\/types\/product"}],"acf:term":[{"embeddable":true,"taxonomy":"series","href":"https:\/\/artistics.com\/fr\/wp-json\/wp\/v2\/series\/1922"},{"embeddable":true,"taxonomy":"product_tag","href":"https:\/\/artistics.com\/fr\/wp-json\/wp\/v2\/product_tag\/513"},{"embeddable":true,"taxonomy":"product_cat","href":"https:\/\/artistics.com\/fr\/wp-json\/wp\/v2\/product_cat\/235"},{"embeddable":true,"taxonomy":"product_cat","href":"https:\/\/artistics.com\/fr\/wp-json\/wp\/v2\/product_cat\/216"},{"embeddable":true,"taxonomy":"product_cat","href":"https:\/\/artistics.com\/fr\/wp-json\/wp\/v2\/product_cat\/195"},{"embeddable":true,"taxonomy":"product_cat","href":"https:\/\/artistics.com\/fr\/wp-json\/wp\/v2\/product_cat\/418"},{"embeddable":true,"taxonomy":"product_cat","href":"https:\/\/artistics.com\/fr\/wp-json\/wp\/v2\/product_cat\/2173"},{"embeddable":true,"taxonomy":"product_cat","href":"https:\/\/artistics.com\/fr\/wp-json\/wp\/v2\/product_cat\/206"},{"embeddable":true,"taxonomy":"product_cat","href":"https:\/\/artistics.com\/fr\/wp-json\/wp\/v2\/product_cat\/201"},{"embeddable":true,"taxonomy":"product_cat","href":"https:\/\/artistics.com\/fr\/wp-json\/wp\/v2\/product_cat\/163"}],"acf:post":[{"embeddable":true,"href":"https:\/\/artistics.com\/fr\/wp-json\/wp\/v2\/artist\/2768"}],"wp:featuredmedia":[{"embeddable":true,"href":"https:\/\/artistics.com\/fr\/wp-json\/wp\/v2\/media\/23447"}],"wp:attachment":[{"href":"https:\/\/artistics.com\/fr\/wp-json\/wp\/v2\/media?parent=27499"}],"wp:term":[{"taxonomy":"product_cat","embeddable":true,"href":"https:\/\/artistics.com\/fr\/wp-json\/wp\/v2\/product_cat?post=27499"},{"taxonomy":"product_tag","embeddable":true,"href":"https:\/\/artistics.com\/fr\/wp-json\/wp\/v2\/product_tag?post=27499"},{"taxonomy":"series","embeddable":true,"href":"https:\/\/artistics.com\/fr\/wp-json\/wp\/v2\/series?post=27499"}],"curies":[{"name":"wp","href":"https:\/\/api.w.org\/{rel}","templated":true}]}}