{"id":23045,"date":"2022-05-31T17:56:28","date_gmt":"2022-05-31T15:56:28","guid":{"rendered":"https:\/\/2022.devartistics.com\/artwork\/derniers-rayons-dans-la-chambre\/"},"modified":"2023-04-22T02:14:24","modified_gmt":"2023-04-22T00:14:24","slug":"derniers-rayons-dans-la-chambre","status":"publish","type":"product","link":"https:\/\/artistics.com\/fr\/oeuvre\/derniers-rayons-dans-la-chambre\/","title":{"rendered":"Derniers rayons dans la chambre"},"content":{"rendered":"","protected":false},"excerpt":{"rendered":"","protected":false},"featured_media":18292,"template":"","meta":{"_acf_changed":false,"_searchwp_excluded":"","inline_featured_image":false},"product_cat":[2486,420,162,170,172,192,194,217,237],"product_tag":[],"series":[2009],"class_list":{"0":"post-23045","1":"product","2":"type-product","3":"status-publish","4":"has-post-thumbnail","6":"product_cat-art-realiste","7":"product_cat-scene-de-vie","8":"product_cat-peinture-contemporaine","9":"product_cat-peinture-figurative","10":"product_cat-tableau-nature-et-paysage","11":"product_cat-art-figuratif","12":"product_cat-nature-et-paysage","13":"product_cat-petit","14":"product_cat-moins-de-1000-e","15":"series-valerie-de-sarrieu-paysages-domestiques-fr","17":"first","18":"outofstock","19":"shipping-taxable","20":"purchasable","21":"product-type-simple"},"acf":{"artwork_artist":[2772],"artwork_medium":162,"artwork_categories":[170,172],"artwork_overall-tones":[],"artwork_main-material":[],"artwork_art-genre":[420,194,2486],"artwork_art-movement":[192],"artwork_miscellaneous":[],"artwork_formats":[217],"artwork_price-ranges":[237],"artwork_main_subject":[],"artwork_technique":[],"artwork_featured_location":[],"artwork_dominant_color":[],"artwork_physical_attributes":[],"artwork_creation_date":"20220101","artwork_unique_piece":true,"artwork_description":"Huile sur toile","artwork_signature":"Signed artwork","artwork_authenticity":"The artwork is sold with a certificate of authenticity signed by the artist.","artwork_framing":"unframed","artwork_has_custom_framing_info":false,"artwork_custom_framing_info":"Not specified","artwork_location_country":"FR","artwork_location_city":"toulouse","artwork_location_zipcode":"31500","artwork_shipment_type":"2D_flat_artwork","artwork_shipping_delivery":"painting_immediate_availability","artwork_has_custom_shipping_delivery_info":false,"artwork_custom_shipping_delivery_info":"Not specified","artwork_360_view_url":"","artwork_video_url":"","artwork_video_format":[],"artwork_preview_type":"featured_image","artwork_reserved":false,"artwork_hide_price":false,"artwork_about":"<p ><strong><em>Derniers rayons dans la chambre<\/em><\/strong><span ><span >\u00a0est une \u0153uvre de l\u2019artiste Val\u00e9rie de\u00a0<\/span><\/span><span ><span >Sarrieu.<\/span><\/span><\/p><p ><span ><span >Majoritairement compos\u00e9e de tableaux de paysages naturels, cette\u00a0<\/span><\/span><span ><span >repr\u00e9sentation d\u2019un environnement domestique fait figure d\u2019exception dans\u00a0<\/span><\/span><span ><span >l\u2019\u0153uvre picturale de Val\u00e9rie de Sarrieu. Cependant, la nature est toujours\u00a0<\/span><\/span><span ><span >omnipr\u00e9sente : les plantes en dehors de la fen\u00eatre ou la lumi\u00e8re du jour qui\u00a0<\/span><\/span><span ><span >rentre dans la pi\u00e8ce. \u00a0<\/span><\/span><\/p><p ><span ><span >La peinture sur le motif implique rapidit\u00e9 et rigueur : Val\u00e9rie de Sarrieu\u00a0<\/span><\/span><span ><span >excelle dans cet exercice gr\u00e2ce \u00e0 la communion intime qu\u2019elle entretient\u00a0<\/span><\/span><span ><span >avec le paysage et qui donne \u00e0 ses tableaux leur douce et attachante po\u00e9sie.<\/span><\/span><\/p>","artwork_series":[2009],"artwork_query_group":"40","artwork_lowest_grid_position":1,"artwork_random_position":6700242,"explicit_sensitive_content":false,"drupal_id":"9481"},"yoast_head":"<!-- This site is optimized with the Yoast SEO Premium plugin v27.3 (Yoast SEO v27.3) - https:\/\/yoast.com\/product\/yoast-seo-premium-wordpress\/ -->\n<title>Artistics | Derniers rayons dans la chambre par Val\u00e9rie de Sarrieu - Peinture contemporaine<\/title>\n<meta name=\"description\" content=\"Derniers rayons dans la chambre par Val\u00e9rie de Sarrieu - achat d&#039;\u0153uvres d&#039;art contemporain originales sur la galerie d&#039;art en ligne Artistics.\" \/>\n<meta name=\"robots\" content=\"index, follow, max-snippet:-1, max-image-preview:large, max-video-preview:-1\" \/>\n<link rel=\"canonical\" href=\"https:\/\/artistics.com\/fr\/oeuvre\/derniers-rayons-dans-la-chambre\/\" \/>\n<meta property=\"og:locale\" content=\"fr_FR\" \/>\n<meta property=\"og:type\" content=\"article\" \/>\n<meta property=\"og:title\" content=\"Derniers rayons dans la chambre\" \/>\n<meta property=\"og:description\" content=\"Derniers rayons dans la chambre par Val\u00e9rie de Sarrieu - achat d&#039;\u0153uvres d&#039;art contemporain originales sur la galerie d&#039;art en ligne Artistics.\" \/>\n<meta property=\"og:url\" content=\"https:\/\/artistics.com\/fr\/oeuvre\/derniers-rayons-dans-la-chambre\/\" \/>\n<meta property=\"og:site_name\" content=\"Artistics\" \/>\n<meta property=\"article:publisher\" content=\"https:\/\/www.facebook.com\/ArtisticsMag\" \/>\n<meta property=\"article:modified_time\" content=\"2023-04-22T00:14:24+00:00\" \/>\n<meta property=\"og:image\" content=\"https:\/\/artistics.com\/wp-content\/uploads\/2023\/04\/tache-de-soleil-by-valerie-de-sarrieu.jpg\" \/>\n\t<meta property=\"og:image:width\" content=\"1000\" \/>\n\t<meta property=\"og:image:height\" content=\"1719\" \/>\n\t<meta property=\"og:image:type\" content=\"image\/jpeg\" \/>\n<meta name=\"twitter:card\" content=\"summary_large_image\" \/>\n<meta name=\"twitter:site\" content=\"@Artistics_FR\" \/>\n<meta name=\"twitter:label1\" content=\"Prix\" \/>\n\t<meta name=\"twitter:data1\" content=\"430&nbsp;&euro;\" \/>\n\t<meta name=\"twitter:label2\" content=\"Disponibilit\u00e9\" \/>\n\t<meta name=\"twitter:data2\" content=\"Rupture de stock\" \/>\n<script type=\"application\/ld+json\" class=\"yoast-schema-graph\">{\"@context\":\"https:\\\/\\\/schema.org\",\"@graph\":[{\"@type\":[\"WebPage\",\"ItemPage\"],\"@id\":\"https:\\\/\\\/artistics.com\\\/fr\\\/oeuvre\\\/derniers-rayons-dans-la-chambre\\\/\",\"url\":\"https:\\\/\\\/artistics.com\\\/fr\\\/oeuvre\\\/derniers-rayons-dans-la-chambre\\\/\",\"name\":\"Artistics | Derniers rayons dans la chambre par Val\u00e9rie de Sarrieu - Peinture contemporaine\",\"isPartOf\":{\"@id\":\"https:\\\/\\\/artistics.com\\\/fr\\\/#website\"},\"primaryImageOfPage\":{\"@id\":\"https:\\\/\\\/artistics.com\\\/fr\\\/oeuvre\\\/derniers-rayons-dans-la-chambre\\\/#primaryimage\"},\"image\":{\"@id\":\"https:\\\/\\\/artistics.com\\\/fr\\\/oeuvre\\\/derniers-rayons-dans-la-chambre\\\/#primaryimage\"},\"thumbnailUrl\":\"https:\\\/\\\/artistics.com\\\/wp-content\\\/uploads\\\/2023\\\/04\\\/tache-de-soleil-by-valerie-de-sarrieu.jpg\",\"datePublished\":\"2022-05-31T15:56:28+00:00\",\"dateModified\":\"2023-04-22T00:14:24+00:00\",\"description\":\"Derniers rayons dans la chambre par Val\u00e9rie de Sarrieu - achat d'\u0153uvres d'art contemporain originales sur la galerie d'art en ligne Artistics.\",\"breadcrumb\":{\"@id\":\"https:\\\/\\\/artistics.com\\\/fr\\\/oeuvre\\\/derniers-rayons-dans-la-chambre\\\/#breadcrumb\"},\"inLanguage\":\"fr-FR\",\"potentialAction\":[{\"@type\":\"ReadAction\",\"target\":[\"https:\\\/\\\/artistics.com\\\/fr\\\/oeuvre\\\/derniers-rayons-dans-la-chambre\\\/\"]}]},{\"@type\":\"ImageObject\",\"inLanguage\":\"fr-FR\",\"@id\":\"https:\\\/\\\/artistics.com\\\/fr\\\/oeuvre\\\/derniers-rayons-dans-la-chambre\\\/#primaryimage\",\"url\":\"https:\\\/\\\/artistics.com\\\/wp-content\\\/uploads\\\/2023\\\/04\\\/tache-de-soleil-by-valerie-de-sarrieu.jpg\",\"contentUrl\":\"https:\\\/\\\/artistics.com\\\/wp-content\\\/uploads\\\/2023\\\/04\\\/tache-de-soleil-by-valerie-de-sarrieu.jpg\",\"width\":1000,\"height\":1719},{\"@type\":\"BreadcrumbList\",\"@id\":\"https:\\\/\\\/artistics.com\\\/fr\\\/oeuvre\\\/derniers-rayons-dans-la-chambre\\\/#breadcrumb\",\"itemListElement\":[{\"@type\":\"ListItem\",\"position\":1,\"name\":\"Achat \u0153uvre d'art\",\"item\":\"https:\\\/\\\/artistics.com\\\/fr\\\/\"},{\"@type\":\"ListItem\",\"position\":2,\"name\":\"Galerie\",\"item\":\"https:\\\/\\\/artistics.com\\\/fr\\\/galerie\\\/\"},{\"@type\":\"ListItem\",\"position\":3,\"name\":\"Peinture contemporaine\",\"item\":\"https:\\\/\\\/artistics.com\\\/fr\\\/categorie-oeuvre\\\/peinture-contemporaine\\\/\"},{\"@type\":\"ListItem\",\"position\":4,\"name\":\"Derniers rayons dans la chambre\"}]},{\"@type\":\"WebSite\",\"@id\":\"https:\\\/\\\/artistics.com\\\/fr\\\/#website\",\"url\":\"https:\\\/\\\/artistics.com\\\/fr\\\/\",\"name\":\"Artistics\",\"description\":\"The online art gallery\",\"publisher\":{\"@id\":\"https:\\\/\\\/artistics.com\\\/fr\\\/#organization\"},\"potentialAction\":[{\"@type\":\"SearchAction\",\"target\":{\"@type\":\"EntryPoint\",\"urlTemplate\":\"https:\\\/\\\/artistics.com\\\/fr\\\/?s={search_term_string}\"},\"query-input\":{\"@type\":\"PropertyValueSpecification\",\"valueRequired\":true,\"valueName\":\"search_term_string\"}}],\"inLanguage\":\"fr-FR\"},{\"@type\":\"Organization\",\"@id\":\"https:\\\/\\\/artistics.com\\\/fr\\\/#organization\",\"name\":\"Artistics\",\"url\":\"https:\\\/\\\/artistics.com\\\/fr\\\/\",\"logo\":{\"@type\":\"ImageObject\",\"inLanguage\":\"fr-FR\",\"@id\":\"https:\\\/\\\/artistics.com\\\/fr\\\/#\\\/schema\\\/logo\\\/image\\\/\",\"url\":\"https:\\\/\\\/artistics.com\\\/wp-content\\\/uploads\\\/2023\\\/02\\\/artistics-logo-web-1.svg\",\"contentUrl\":\"https:\\\/\\\/artistics.com\\\/wp-content\\\/uploads\\\/2023\\\/02\\\/artistics-logo-web-1.svg\",\"caption\":\"Artistics\"},\"image\":{\"@id\":\"https:\\\/\\\/artistics.com\\\/fr\\\/#\\\/schema\\\/logo\\\/image\\\/\"},\"sameAs\":[\"https:\\\/\\\/www.facebook.com\\\/ArtisticsMag\",\"https:\\\/\\\/x.com\\\/Artistics_FR\",\"http:\\\/\\\/www.linkedin.com\\\/company\\\/artistics\",\"https:\\\/\\\/www.instagram.com\\\/artistics_com\\\/\",\"http:\\\/\\\/www.pinterest.com\\\/ArtisticsMag\"],\"hasMerchantReturnPolicy\":{\"@type\":\"MerchantReturnPolicy\",\"merchantReturnLink\":\"https:\\\/\\\/artistics.com\\\/free-return-policy\\\/\"}}]}<\/script>\n<meta property=\"product:price:amount\" content=\"430\" \/>\n<meta property=\"product:price:currency\" content=\"EUR\" \/>\n<meta property=\"og:availability\" content=\"out of stock\" \/>\n<meta property=\"product:availability\" content=\"out of stock\" \/>\n<meta property=\"product:retailer_item_id\" content=\"9482\" \/>\n<meta property=\"product:condition\" content=\"new\" \/>\n<!-- \/ Yoast SEO Premium plugin. -->","yoast_head_json":{"title":"Artistics | Derniers rayons dans la chambre par Val\u00e9rie de Sarrieu - Peinture contemporaine","description":"Derniers rayons dans la chambre par Val\u00e9rie de Sarrieu - achat d'\u0153uvres d'art contemporain originales sur la galerie d'art en ligne Artistics.","robots":{"index":"index","follow":"follow","max-snippet":"max-snippet:-1","max-image-preview":"max-image-preview:large","max-video-preview":"max-video-preview:-1"},"canonical":"https:\/\/artistics.com\/fr\/oeuvre\/derniers-rayons-dans-la-chambre\/","og_locale":"fr_FR","og_type":"article","og_title":"Derniers rayons dans la chambre","og_description":"Derniers rayons dans la chambre par Val\u00e9rie de Sarrieu - achat d'\u0153uvres d'art contemporain originales sur la galerie d'art en ligne Artistics.","og_url":"https:\/\/artistics.com\/fr\/oeuvre\/derniers-rayons-dans-la-chambre\/","og_site_name":"Artistics","article_publisher":"https:\/\/www.facebook.com\/ArtisticsMag","article_modified_time":"2023-04-22T00:14:24+00:00","og_image":[{"width":1000,"height":1719,"url":"https:\/\/artistics.com\/wp-content\/uploads\/2023\/04\/tache-de-soleil-by-valerie-de-sarrieu.jpg","type":"image\/jpeg"}],"twitter_card":"summary_large_image","twitter_site":"@Artistics_FR","twitter_misc":{"Prix":"430&nbsp;&euro;","Disponibilit\u00e9":"Rupture de stock"},"schema":{"@context":"https:\/\/schema.org","@graph":[{"@type":["WebPage","ItemPage"],"@id":"https:\/\/artistics.com\/fr\/oeuvre\/derniers-rayons-dans-la-chambre\/","url":"https:\/\/artistics.com\/fr\/oeuvre\/derniers-rayons-dans-la-chambre\/","name":"Artistics | Derniers rayons dans la chambre par Val\u00e9rie de Sarrieu - Peinture contemporaine","isPartOf":{"@id":"https:\/\/artistics.com\/fr\/#website"},"primaryImageOfPage":{"@id":"https:\/\/artistics.com\/fr\/oeuvre\/derniers-rayons-dans-la-chambre\/#primaryimage"},"image":{"@id":"https:\/\/artistics.com\/fr\/oeuvre\/derniers-rayons-dans-la-chambre\/#primaryimage"},"thumbnailUrl":"https:\/\/artistics.com\/wp-content\/uploads\/2023\/04\/tache-de-soleil-by-valerie-de-sarrieu.jpg","datePublished":"2022-05-31T15:56:28+00:00","dateModified":"2023-04-22T00:14:24+00:00","description":"Derniers rayons dans la chambre par Val\u00e9rie de Sarrieu - achat d'\u0153uvres d'art contemporain originales sur la galerie d'art en ligne Artistics.","breadcrumb":{"@id":"https:\/\/artistics.com\/fr\/oeuvre\/derniers-rayons-dans-la-chambre\/#breadcrumb"},"inLanguage":"fr-FR","potentialAction":[{"@type":"ReadAction","target":["https:\/\/artistics.com\/fr\/oeuvre\/derniers-rayons-dans-la-chambre\/"]}]},{"@type":"ImageObject","inLanguage":"fr-FR","@id":"https:\/\/artistics.com\/fr\/oeuvre\/derniers-rayons-dans-la-chambre\/#primaryimage","url":"https:\/\/artistics.com\/wp-content\/uploads\/2023\/04\/tache-de-soleil-by-valerie-de-sarrieu.jpg","contentUrl":"https:\/\/artistics.com\/wp-content\/uploads\/2023\/04\/tache-de-soleil-by-valerie-de-sarrieu.jpg","width":1000,"height":1719},{"@type":"BreadcrumbList","@id":"https:\/\/artistics.com\/fr\/oeuvre\/derniers-rayons-dans-la-chambre\/#breadcrumb","itemListElement":[{"@type":"ListItem","position":1,"name":"Achat \u0153uvre d'art","item":"https:\/\/artistics.com\/fr\/"},{"@type":"ListItem","position":2,"name":"Galerie","item":"https:\/\/artistics.com\/fr\/galerie\/"},{"@type":"ListItem","position":3,"name":"Peinture contemporaine","item":"https:\/\/artistics.com\/fr\/categorie-oeuvre\/peinture-contemporaine\/"},{"@type":"ListItem","position":4,"name":"Derniers rayons dans la chambre"}]},{"@type":"WebSite","@id":"https:\/\/artistics.com\/fr\/#website","url":"https:\/\/artistics.com\/fr\/","name":"Artistics","description":"The online art gallery","publisher":{"@id":"https:\/\/artistics.com\/fr\/#organization"},"potentialAction":[{"@type":"SearchAction","target":{"@type":"EntryPoint","urlTemplate":"https:\/\/artistics.com\/fr\/?s={search_term_string}"},"query-input":{"@type":"PropertyValueSpecification","valueRequired":true,"valueName":"search_term_string"}}],"inLanguage":"fr-FR"},{"@type":"Organization","@id":"https:\/\/artistics.com\/fr\/#organization","name":"Artistics","url":"https:\/\/artistics.com\/fr\/","logo":{"@type":"ImageObject","inLanguage":"fr-FR","@id":"https:\/\/artistics.com\/fr\/#\/schema\/logo\/image\/","url":"https:\/\/artistics.com\/wp-content\/uploads\/2023\/02\/artistics-logo-web-1.svg","contentUrl":"https:\/\/artistics.com\/wp-content\/uploads\/2023\/02\/artistics-logo-web-1.svg","caption":"Artistics"},"image":{"@id":"https:\/\/artistics.com\/fr\/#\/schema\/logo\/image\/"},"sameAs":["https:\/\/www.facebook.com\/ArtisticsMag","https:\/\/x.com\/Artistics_FR","http:\/\/www.linkedin.com\/company\/artistics","https:\/\/www.instagram.com\/artistics_com\/","http:\/\/www.pinterest.com\/ArtisticsMag"],"hasMerchantReturnPolicy":{"@type":"MerchantReturnPolicy","merchantReturnLink":"https:\/\/artistics.com\/free-return-policy\/"}}]},"product_price_amount":"430","product_price_currency":"EUR","og_availability":"out of stock","product_availability":"out of stock","product_retailer_item_id":"9482","product_condition":"new"},"_links":{"self":[{"href":"https:\/\/artistics.com\/fr\/wp-json\/wp\/v2\/product\/23045","targetHints":{"allow":["GET"]}}],"collection":[{"href":"https:\/\/artistics.com\/fr\/wp-json\/wp\/v2\/product"}],"about":[{"href":"https:\/\/artistics.com\/fr\/wp-json\/wp\/v2\/types\/product"}],"acf:term":[{"embeddable":true,"taxonomy":"series","href":"https:\/\/artistics.com\/fr\/wp-json\/wp\/v2\/series\/2009"},{"embeddable":true,"taxonomy":"product_cat","href":"https:\/\/artistics.com\/fr\/wp-json\/wp\/v2\/product_cat\/237"},{"embeddable":true,"taxonomy":"product_cat","href":"https:\/\/artistics.com\/fr\/wp-json\/wp\/v2\/product_cat\/217"},{"embeddable":true,"taxonomy":"product_cat","href":"https:\/\/artistics.com\/fr\/wp-json\/wp\/v2\/product_cat\/192"},{"embeddable":true,"taxonomy":"product_cat","href":"https:\/\/artistics.com\/fr\/wp-json\/wp\/v2\/product_cat\/2486"},{"embeddable":true,"taxonomy":"product_cat","href":"https:\/\/artistics.com\/fr\/wp-json\/wp\/v2\/product_cat\/194"},{"embeddable":true,"taxonomy":"product_cat","href":"https:\/\/artistics.com\/fr\/wp-json\/wp\/v2\/product_cat\/420"},{"embeddable":true,"taxonomy":"product_cat","href":"https:\/\/artistics.com\/fr\/wp-json\/wp\/v2\/product_cat\/172"},{"embeddable":true,"taxonomy":"product_cat","href":"https:\/\/artistics.com\/fr\/wp-json\/wp\/v2\/product_cat\/170"},{"embeddable":true,"taxonomy":"product_cat","href":"https:\/\/artistics.com\/fr\/wp-json\/wp\/v2\/product_cat\/162"}],"acf:post":[{"embeddable":true,"href":"https:\/\/artistics.com\/fr\/wp-json\/wp\/v2\/artist\/2772"}],"wp:featuredmedia":[{"embeddable":true,"href":"https:\/\/artistics.com\/fr\/wp-json\/wp\/v2\/media\/18292"}],"wp:attachment":[{"href":"https:\/\/artistics.com\/fr\/wp-json\/wp\/v2\/media?parent=23045"}],"wp:term":[{"taxonomy":"product_cat","embeddable":true,"href":"https:\/\/artistics.com\/fr\/wp-json\/wp\/v2\/product_cat?post=23045"},{"taxonomy":"product_tag","embeddable":true,"href":"https:\/\/artistics.com\/fr\/wp-json\/wp\/v2\/product_tag?post=23045"},{"taxonomy":"series","embeddable":true,"href":"https:\/\/artistics.com\/fr\/wp-json\/wp\/v2\/series?post=23045"}],"curies":[{"name":"wp","href":"https:\/\/api.w.org\/{rel}","templated":true}]}}