{"id":22582,"date":"2021-04-06T12:21:55","date_gmt":"2021-04-06T10:21:55","guid":{"rendered":"https:\/\/2022.devartistics.com\/artwork\/le-groupe-serie-formes-premieres\/"},"modified":"2023-04-22T02:05:06","modified_gmt":"2023-04-22T00:05:06","slug":"le-groupe-serie-formes-premieres","status":"publish","type":"product","link":"https:\/\/artistics.com\/fr\/oeuvre\/le-groupe-serie-formes-premieres\/","title":{"rendered":"Le Groupe, s\u00e9rie Formes Premi\u00e8res"},"content":{"rendered":"","protected":false},"excerpt":{"rendered":"","protected":false},"featured_media":14032,"template":"","meta":{"_acf_changed":false,"_searchwp_excluded":"","inline_featured_image":false},"product_cat":[164,192,208,209,216,236],"product_tag":[],"series":[1954],"class_list":{"0":"post-22582","1":"product","2":"type-product","3":"status-publish","4":"has-post-thumbnail","6":"product_cat-sculpture-contemporaine","7":"product_cat-art-figuratif","8":"product_cat-sculpture-en-bronze","9":"product_cat-sculpture-figurative","10":"product_cat-moyen","11":"product_cat-de-3000-a-10-000-e","12":"series-martine-demal-formes-premieres-fr","14":"first","15":"instock","16":"taxable","17":"shipping-taxable","18":"purchasable","19":"product-type-simple"},"acf":{"artwork_artist":[2797],"artwork_medium":164,"artwork_categories":[208,209],"artwork_overall-tones":[],"artwork_main-material":[],"artwork_art-genre":[],"artwork_art-movement":[192],"artwork_miscellaneous":[],"artwork_formats":[216],"artwork_price-ranges":[236],"artwork_main_subject":[],"artwork_technique":[],"artwork_featured_location":[],"artwork_dominant_color":[],"artwork_physical_attributes":[],"artwork_creation_date":"19990101","artwork_unique_piece":false,"artwork_description":"Sculpture en bronze","artwork_signature":"Signed artwork","artwork_authenticity":"The artwork is sold with a certificate of authenticity signed by the artist.","artwork_framing":"not_specified","artwork_has_custom_framing_info":false,"artwork_custom_framing_info":"Not specified","artwork_location_country":"FR","artwork_location_city":"Ivry sur Seine","artwork_location_zipcode":"94200","artwork_shipment_type":"3D_artwork","artwork_shipping_delivery":"sculpture_edition_production_time","artwork_has_custom_shipping_delivery_info":false,"artwork_custom_shipping_delivery_info":"Not specified","artwork_360_view_url":"https:\/\/embed.imajize.com\/2931910","artwork_video_url":"","artwork_video_format":[],"artwork_preview_type":"featured_image","artwork_reserved":false,"artwork_hide_price":false,"artwork_about":"<p  >\u00a0<\/p><p  ><em><span ><strong><span>Le Groupe<\/span><\/strong><\/span><\/em><span ><span> est une sculpture en bronze de l\u2019artiste fran\u00e7aise Martine Demal, issue de la s\u00e9rie <em>Formes Premi\u00e8res.<\/em><\/span><\/span><\/p><p  >Cette sculpture repr\u00e9sente un ensemble de trois paires de figures, dont chacune semble regarder dans le m\u00eame sens, \u00e0 l\u2019exception d\u2019une. Cette disruption accentue ainsi le rythme de cette composition. La notion de dualit\u00e9, pr\u00e9pond\u00e9rante dans l\u2019\u0153uvre de Martine Demal et convoqu\u00e9e ici par ces paires, et elle est d\u2019autre part sugg\u00e9r\u00e9e par le double sens de lecture de l\u2019\u0153uvre dont le rythme fonctionne de gauche \u00e0 droite et vice-versa.\u00a0 \u00a0 \u00a0\u00a0<\/p><p  >Chez Martine Demal, le corps est signifiant d\u2019une po\u00e9tique dont il est fait point de d\u00e9part et point d\u2019arriv\u00e9e. Il est inspiration premi\u00e8re de l\u2019artiste, et son premier outil dont l\u2019engagement et l\u2019\u00e9nergie sont garants d\u2019une <em>intention de sculpture<\/em>. Si les formes du corps sont la premi\u00e8re source d\u2019influence du processus cr\u00e9atif de l\u2019artiste, la production de ses \u0153uvres est \u00e9galement motiv\u00e9e par le d\u00e9sir de satisfaction d\u2019une exigence dynamique qui contraste l\u2019immobilit\u00e9 de la sculpture. Souci de justesse et rigueur accrue accompagnent la main de l\u2019artiste et se font les guides d\u2019une recherche esth\u00e9tique perp\u00e9tuellement r\u00e9actualis\u00e9e.\u00a0<\/p><p  ><span ><span >Les dimensions indiqu\u00e9es incluent la base de la sculpture, qui mesure 10 cm H x 21 cm L x 5 cm P. \u0152uvre d\u2019art originale : sculpture sign\u00e9e dans une limite de 8 exemplaires et 4 \u00e9preuves d\u2019artiste.<\/span><\/span><\/p><p  ><span ><span >\u00a0<\/span><\/span><\/p><p  ><span ><span >Cr\u00e9dits photo\u00a0: \u00a9 Christian Baraja, \u00a9 Martine Demal, @ ADAGP<\/span><\/span><\/p><p  ><span ><span >\u00a0<\/span><\/span><\/p>","artwork_series":[1954],"artwork_query_group":"20","artwork_lowest_grid_position":1,"artwork_random_position":186465,"explicit_sensitive_content":false,"drupal_id":"8016"},"yoast_head":"<!-- This site is optimized with the Yoast SEO Premium plugin v27.3 (Yoast SEO v27.3) - https:\/\/yoast.com\/product\/yoast-seo-premium-wordpress\/ -->\n<title>Artistics | Le Groupe, s\u00e9rie Formes Premi\u00e8res par Martine Demal - Sculpture contemporaine<\/title>\n<meta name=\"description\" content=\"Le Groupe, s\u00e9rie Formes Premi\u00e8res par Martine Demal - achat d&#039;\u0153uvres d&#039;art contemporain originales sur la galerie d&#039;art en ligne Artistics.\" \/>\n<meta name=\"robots\" content=\"index, follow, max-snippet:-1, max-image-preview:large, max-video-preview:-1\" \/>\n<link rel=\"canonical\" href=\"https:\/\/artistics.com\/fr\/oeuvre\/le-groupe-serie-formes-premieres\/\" \/>\n<meta property=\"og:locale\" content=\"fr_FR\" \/>\n<meta property=\"og:type\" content=\"article\" \/>\n<meta property=\"og:title\" content=\"Le Groupe, s\u00e9rie Formes Premi\u00e8res\" \/>\n<meta property=\"og:description\" content=\"Le Groupe, s\u00e9rie Formes Premi\u00e8res par Martine Demal - achat d&#039;\u0153uvres d&#039;art contemporain originales sur la galerie d&#039;art en ligne Artistics.\" \/>\n<meta property=\"og:url\" content=\"https:\/\/artistics.com\/fr\/oeuvre\/le-groupe-serie-formes-premieres\/\" \/>\n<meta property=\"og:site_name\" content=\"Artistics\" \/>\n<meta property=\"article:publisher\" content=\"https:\/\/www.facebook.com\/ArtisticsMag\" \/>\n<meta property=\"article:modified_time\" content=\"2023-04-22T00:05:06+00:00\" \/>\n<meta property=\"og:image\" content=\"https:\/\/artistics.com\/wp-content\/uploads\/2023\/04\/le_groupe-bronze-sculpture-by-martine-demal-1999-photo-christian-baraja_1_0.jpeg\" \/>\n\t<meta property=\"og:image:width\" content=\"1000\" \/>\n\t<meta property=\"og:image:height\" content=\"1505\" \/>\n\t<meta property=\"og:image:type\" content=\"image\/jpeg\" \/>\n<meta name=\"twitter:card\" content=\"summary_large_image\" \/>\n<meta name=\"twitter:site\" content=\"@Artistics_FR\" \/>\n<meta name=\"twitter:label1\" content=\"Prix\" \/>\n\t<meta name=\"twitter:data1\" content=\"6 200&nbsp;&euro;\" \/>\n\t<meta name=\"twitter:label2\" content=\"Disponibilit\u00e9\" \/>\n\t<meta name=\"twitter:data2\" content=\"En stock\" \/>\n<script type=\"application\/ld+json\" class=\"yoast-schema-graph\">{\"@context\":\"https:\\\/\\\/schema.org\",\"@graph\":[{\"@type\":[\"WebPage\",\"ItemPage\"],\"@id\":\"https:\\\/\\\/artistics.com\\\/fr\\\/oeuvre\\\/le-groupe-serie-formes-premieres\\\/\",\"url\":\"https:\\\/\\\/artistics.com\\\/fr\\\/oeuvre\\\/le-groupe-serie-formes-premieres\\\/\",\"name\":\"Artistics | Le Groupe, s\u00e9rie Formes Premi\u00e8res par Martine Demal - Sculpture contemporaine\",\"isPartOf\":{\"@id\":\"https:\\\/\\\/artistics.com\\\/fr\\\/#website\"},\"primaryImageOfPage\":{\"@id\":\"https:\\\/\\\/artistics.com\\\/fr\\\/oeuvre\\\/le-groupe-serie-formes-premieres\\\/#primaryimage\"},\"image\":{\"@id\":\"https:\\\/\\\/artistics.com\\\/fr\\\/oeuvre\\\/le-groupe-serie-formes-premieres\\\/#primaryimage\"},\"thumbnailUrl\":\"https:\\\/\\\/artistics.com\\\/wp-content\\\/uploads\\\/2023\\\/04\\\/le_groupe-bronze-sculpture-by-martine-demal-1999-photo-christian-baraja_1_0.jpeg\",\"datePublished\":\"2021-04-06T10:21:55+00:00\",\"dateModified\":\"2023-04-22T00:05:06+00:00\",\"description\":\"Le Groupe, s\u00e9rie Formes Premi\u00e8res par Martine Demal - achat d'\u0153uvres d'art contemporain originales sur la galerie d'art en ligne Artistics.\",\"breadcrumb\":{\"@id\":\"https:\\\/\\\/artistics.com\\\/fr\\\/oeuvre\\\/le-groupe-serie-formes-premieres\\\/#breadcrumb\"},\"inLanguage\":\"fr-FR\",\"potentialAction\":[{\"@type\":\"ReadAction\",\"target\":[\"https:\\\/\\\/artistics.com\\\/fr\\\/oeuvre\\\/le-groupe-serie-formes-premieres\\\/\"]}]},{\"@type\":\"ImageObject\",\"inLanguage\":\"fr-FR\",\"@id\":\"https:\\\/\\\/artistics.com\\\/fr\\\/oeuvre\\\/le-groupe-serie-formes-premieres\\\/#primaryimage\",\"url\":\"https:\\\/\\\/artistics.com\\\/wp-content\\\/uploads\\\/2023\\\/04\\\/le_groupe-bronze-sculpture-by-martine-demal-1999-photo-christian-baraja_1_0.jpeg\",\"contentUrl\":\"https:\\\/\\\/artistics.com\\\/wp-content\\\/uploads\\\/2023\\\/04\\\/le_groupe-bronze-sculpture-by-martine-demal-1999-photo-christian-baraja_1_0.jpeg\",\"width\":1000,\"height\":1505},{\"@type\":\"BreadcrumbList\",\"@id\":\"https:\\\/\\\/artistics.com\\\/fr\\\/oeuvre\\\/le-groupe-serie-formes-premieres\\\/#breadcrumb\",\"itemListElement\":[{\"@type\":\"ListItem\",\"position\":1,\"name\":\"Achat \u0153uvre d'art\",\"item\":\"https:\\\/\\\/artistics.com\\\/fr\\\/\"},{\"@type\":\"ListItem\",\"position\":2,\"name\":\"Galerie\",\"item\":\"https:\\\/\\\/artistics.com\\\/fr\\\/galerie\\\/\"},{\"@type\":\"ListItem\",\"position\":3,\"name\":\"Sculpture contemporaine\",\"item\":\"https:\\\/\\\/artistics.com\\\/fr\\\/categorie-oeuvre\\\/sculpture-contemporaine\\\/\"},{\"@type\":\"ListItem\",\"position\":4,\"name\":\"Le Groupe, s\u00e9rie Formes Premi\u00e8res\"}]},{\"@type\":\"WebSite\",\"@id\":\"https:\\\/\\\/artistics.com\\\/fr\\\/#website\",\"url\":\"https:\\\/\\\/artistics.com\\\/fr\\\/\",\"name\":\"Artistics\",\"description\":\"The online art gallery\",\"publisher\":{\"@id\":\"https:\\\/\\\/artistics.com\\\/fr\\\/#organization\"},\"potentialAction\":[{\"@type\":\"SearchAction\",\"target\":{\"@type\":\"EntryPoint\",\"urlTemplate\":\"https:\\\/\\\/artistics.com\\\/fr\\\/?s={search_term_string}\"},\"query-input\":{\"@type\":\"PropertyValueSpecification\",\"valueRequired\":true,\"valueName\":\"search_term_string\"}}],\"inLanguage\":\"fr-FR\"},{\"@type\":\"Organization\",\"@id\":\"https:\\\/\\\/artistics.com\\\/fr\\\/#organization\",\"name\":\"Artistics\",\"url\":\"https:\\\/\\\/artistics.com\\\/fr\\\/\",\"logo\":{\"@type\":\"ImageObject\",\"inLanguage\":\"fr-FR\",\"@id\":\"https:\\\/\\\/artistics.com\\\/fr\\\/#\\\/schema\\\/logo\\\/image\\\/\",\"url\":\"https:\\\/\\\/artistics.com\\\/wp-content\\\/uploads\\\/2023\\\/02\\\/artistics-logo-web-1.svg\",\"contentUrl\":\"https:\\\/\\\/artistics.com\\\/wp-content\\\/uploads\\\/2023\\\/02\\\/artistics-logo-web-1.svg\",\"caption\":\"Artistics\"},\"image\":{\"@id\":\"https:\\\/\\\/artistics.com\\\/fr\\\/#\\\/schema\\\/logo\\\/image\\\/\"},\"sameAs\":[\"https:\\\/\\\/www.facebook.com\\\/ArtisticsMag\",\"https:\\\/\\\/x.com\\\/Artistics_FR\",\"http:\\\/\\\/www.linkedin.com\\\/company\\\/artistics\",\"https:\\\/\\\/www.instagram.com\\\/artistics_com\\\/\",\"http:\\\/\\\/www.pinterest.com\\\/ArtisticsMag\"],\"hasMerchantReturnPolicy\":{\"@type\":\"MerchantReturnPolicy\",\"merchantReturnLink\":\"https:\\\/\\\/artistics.com\\\/free-return-policy\\\/\"}}]}<\/script>\n<meta property=\"product:price:amount\" content=\"6200\" \/>\n<meta property=\"product:price:currency\" content=\"EUR\" \/>\n<meta property=\"og:availability\" content=\"instock\" \/>\n<meta property=\"product:availability\" content=\"instock\" \/>\n<meta property=\"product:retailer_item_id\" content=\"8017\" \/>\n<meta property=\"product:condition\" content=\"new\" \/>\n<!-- \/ Yoast SEO Premium plugin. -->","yoast_head_json":{"title":"Artistics | Le Groupe, s\u00e9rie Formes Premi\u00e8res par Martine Demal - Sculpture contemporaine","description":"Le Groupe, s\u00e9rie Formes Premi\u00e8res par Martine Demal - achat d'\u0153uvres d'art contemporain originales sur la galerie d'art en ligne Artistics.","robots":{"index":"index","follow":"follow","max-snippet":"max-snippet:-1","max-image-preview":"max-image-preview:large","max-video-preview":"max-video-preview:-1"},"canonical":"https:\/\/artistics.com\/fr\/oeuvre\/le-groupe-serie-formes-premieres\/","og_locale":"fr_FR","og_type":"article","og_title":"Le Groupe, s\u00e9rie Formes Premi\u00e8res","og_description":"Le Groupe, s\u00e9rie Formes Premi\u00e8res par Martine Demal - achat d'\u0153uvres d'art contemporain originales sur la galerie d'art en ligne Artistics.","og_url":"https:\/\/artistics.com\/fr\/oeuvre\/le-groupe-serie-formes-premieres\/","og_site_name":"Artistics","article_publisher":"https:\/\/www.facebook.com\/ArtisticsMag","article_modified_time":"2023-04-22T00:05:06+00:00","og_image":[{"width":1000,"height":1505,"url":"https:\/\/artistics.com\/wp-content\/uploads\/2023\/04\/le_groupe-bronze-sculpture-by-martine-demal-1999-photo-christian-baraja_1_0.jpeg","type":"image\/jpeg"}],"twitter_card":"summary_large_image","twitter_site":"@Artistics_FR","twitter_misc":{"Prix":"6 200&nbsp;&euro;","Disponibilit\u00e9":"En stock"},"schema":{"@context":"https:\/\/schema.org","@graph":[{"@type":["WebPage","ItemPage"],"@id":"https:\/\/artistics.com\/fr\/oeuvre\/le-groupe-serie-formes-premieres\/","url":"https:\/\/artistics.com\/fr\/oeuvre\/le-groupe-serie-formes-premieres\/","name":"Artistics | Le Groupe, s\u00e9rie Formes Premi\u00e8res par Martine Demal - Sculpture contemporaine","isPartOf":{"@id":"https:\/\/artistics.com\/fr\/#website"},"primaryImageOfPage":{"@id":"https:\/\/artistics.com\/fr\/oeuvre\/le-groupe-serie-formes-premieres\/#primaryimage"},"image":{"@id":"https:\/\/artistics.com\/fr\/oeuvre\/le-groupe-serie-formes-premieres\/#primaryimage"},"thumbnailUrl":"https:\/\/artistics.com\/wp-content\/uploads\/2023\/04\/le_groupe-bronze-sculpture-by-martine-demal-1999-photo-christian-baraja_1_0.jpeg","datePublished":"2021-04-06T10:21:55+00:00","dateModified":"2023-04-22T00:05:06+00:00","description":"Le Groupe, s\u00e9rie Formes Premi\u00e8res par Martine Demal - achat d'\u0153uvres d'art contemporain originales sur la galerie d'art en ligne Artistics.","breadcrumb":{"@id":"https:\/\/artistics.com\/fr\/oeuvre\/le-groupe-serie-formes-premieres\/#breadcrumb"},"inLanguage":"fr-FR","potentialAction":[{"@type":"ReadAction","target":["https:\/\/artistics.com\/fr\/oeuvre\/le-groupe-serie-formes-premieres\/"]}]},{"@type":"ImageObject","inLanguage":"fr-FR","@id":"https:\/\/artistics.com\/fr\/oeuvre\/le-groupe-serie-formes-premieres\/#primaryimage","url":"https:\/\/artistics.com\/wp-content\/uploads\/2023\/04\/le_groupe-bronze-sculpture-by-martine-demal-1999-photo-christian-baraja_1_0.jpeg","contentUrl":"https:\/\/artistics.com\/wp-content\/uploads\/2023\/04\/le_groupe-bronze-sculpture-by-martine-demal-1999-photo-christian-baraja_1_0.jpeg","width":1000,"height":1505},{"@type":"BreadcrumbList","@id":"https:\/\/artistics.com\/fr\/oeuvre\/le-groupe-serie-formes-premieres\/#breadcrumb","itemListElement":[{"@type":"ListItem","position":1,"name":"Achat \u0153uvre d'art","item":"https:\/\/artistics.com\/fr\/"},{"@type":"ListItem","position":2,"name":"Galerie","item":"https:\/\/artistics.com\/fr\/galerie\/"},{"@type":"ListItem","position":3,"name":"Sculpture contemporaine","item":"https:\/\/artistics.com\/fr\/categorie-oeuvre\/sculpture-contemporaine\/"},{"@type":"ListItem","position":4,"name":"Le Groupe, s\u00e9rie Formes Premi\u00e8res"}]},{"@type":"WebSite","@id":"https:\/\/artistics.com\/fr\/#website","url":"https:\/\/artistics.com\/fr\/","name":"Artistics","description":"The online art gallery","publisher":{"@id":"https:\/\/artistics.com\/fr\/#organization"},"potentialAction":[{"@type":"SearchAction","target":{"@type":"EntryPoint","urlTemplate":"https:\/\/artistics.com\/fr\/?s={search_term_string}"},"query-input":{"@type":"PropertyValueSpecification","valueRequired":true,"valueName":"search_term_string"}}],"inLanguage":"fr-FR"},{"@type":"Organization","@id":"https:\/\/artistics.com\/fr\/#organization","name":"Artistics","url":"https:\/\/artistics.com\/fr\/","logo":{"@type":"ImageObject","inLanguage":"fr-FR","@id":"https:\/\/artistics.com\/fr\/#\/schema\/logo\/image\/","url":"https:\/\/artistics.com\/wp-content\/uploads\/2023\/02\/artistics-logo-web-1.svg","contentUrl":"https:\/\/artistics.com\/wp-content\/uploads\/2023\/02\/artistics-logo-web-1.svg","caption":"Artistics"},"image":{"@id":"https:\/\/artistics.com\/fr\/#\/schema\/logo\/image\/"},"sameAs":["https:\/\/www.facebook.com\/ArtisticsMag","https:\/\/x.com\/Artistics_FR","http:\/\/www.linkedin.com\/company\/artistics","https:\/\/www.instagram.com\/artistics_com\/","http:\/\/www.pinterest.com\/ArtisticsMag"],"hasMerchantReturnPolicy":{"@type":"MerchantReturnPolicy","merchantReturnLink":"https:\/\/artistics.com\/free-return-policy\/"}}]},"product_price_amount":"6200","product_price_currency":"EUR","og_availability":"instock","product_availability":"instock","product_retailer_item_id":"8017","product_condition":"new"},"_links":{"self":[{"href":"https:\/\/artistics.com\/fr\/wp-json\/wp\/v2\/product\/22582","targetHints":{"allow":["GET"]}}],"collection":[{"href":"https:\/\/artistics.com\/fr\/wp-json\/wp\/v2\/product"}],"about":[{"href":"https:\/\/artistics.com\/fr\/wp-json\/wp\/v2\/types\/product"}],"acf:term":[{"embeddable":true,"taxonomy":"series","href":"https:\/\/artistics.com\/fr\/wp-json\/wp\/v2\/series\/1954"},{"embeddable":true,"taxonomy":"product_cat","href":"https:\/\/artistics.com\/fr\/wp-json\/wp\/v2\/product_cat\/236"},{"embeddable":true,"taxonomy":"product_cat","href":"https:\/\/artistics.com\/fr\/wp-json\/wp\/v2\/product_cat\/216"},{"embeddable":true,"taxonomy":"product_cat","href":"https:\/\/artistics.com\/fr\/wp-json\/wp\/v2\/product_cat\/192"},{"embeddable":true,"taxonomy":"product_cat","href":"https:\/\/artistics.com\/fr\/wp-json\/wp\/v2\/product_cat\/209"},{"embeddable":true,"taxonomy":"product_cat","href":"https:\/\/artistics.com\/fr\/wp-json\/wp\/v2\/product_cat\/208"},{"embeddable":true,"taxonomy":"product_cat","href":"https:\/\/artistics.com\/fr\/wp-json\/wp\/v2\/product_cat\/164"}],"acf:post":[{"embeddable":true,"href":"https:\/\/artistics.com\/fr\/wp-json\/wp\/v2\/artist\/2797"}],"wp:featuredmedia":[{"embeddable":true,"href":"https:\/\/artistics.com\/fr\/wp-json\/wp\/v2\/media\/14032"}],"wp:attachment":[{"href":"https:\/\/artistics.com\/fr\/wp-json\/wp\/v2\/media?parent=22582"}],"wp:term":[{"taxonomy":"product_cat","embeddable":true,"href":"https:\/\/artistics.com\/fr\/wp-json\/wp\/v2\/product_cat?post=22582"},{"taxonomy":"product_tag","embeddable":true,"href":"https:\/\/artistics.com\/fr\/wp-json\/wp\/v2\/product_tag?post=22582"},{"taxonomy":"series","embeddable":true,"href":"https:\/\/artistics.com\/fr\/wp-json\/wp\/v2\/series?post=22582"}],"curies":[{"name":"wp","href":"https:\/\/api.w.org\/{rel}","templated":true}]}}