{"id":22360,"date":"2020-01-06T16:45:36","date_gmt":"2020-01-06T15:45:36","guid":{"rendered":"https:\/\/2022.devartistics.com\/artwork\/femme-au-cordon\/"},"modified":"2025-07-02T16:02:09","modified_gmt":"2025-07-02T14:02:09","slug":"je-te-me-love-avec-melanie","status":"publish","type":"product","link":"https:\/\/artistics.com\/fr\/oeuvre\/je-te-me-love-avec-melanie\/","title":{"rendered":"Je te me love (avec M\u00e9lanie)"},"content":{"rendered":"","protected":false},"excerpt":{"rendered":"","protected":false},"featured_media":85066,"template":"","meta":{"_acf_changed":false,"_searchwp_excluded":"","inline_featured_image":false},"product_cat":[164,192,196,209,212,213,215,236],"product_tag":[513,540,521,542,368],"series":[1820],"class_list":{"0":"post-22360","1":"product","2":"type-product","3":"status-publish","4":"has-post-thumbnail","6":"product_cat-sculpture-contemporaine","7":"product_cat-art-figuratif","8":"product_cat-portrait-et-figure","9":"product_cat-sculpture-figurative","10":"product_cat-sculpture-portrait-et-figure","11":"product_cat-sculpture-terre-et-ceramique","12":"product_cat-grand","13":"product_cat-de-3000-a-10-000-e","14":"product_tag-femme","15":"product_tag-installation-fr","16":"product_tag-maternite","17":"product_tag-pigment-fr","18":"product_tag-sculpture-grand-format","19":"series-cecile-raynal-a-lenfant-qui-nous-garde-fr","21":"first","22":"instock","23":"taxable","24":"shipping-taxable","25":"purchasable","26":"product-type-simple"},"acf":{"artwork_artist":[2769],"artwork_medium":164,"artwork_categories":[213,212,209],"artwork_overall-tones":[],"artwork_main-material":[],"artwork_art-genre":[196],"artwork_art-movement":[192],"artwork_miscellaneous":[],"artwork_formats":[215],"artwork_price-ranges":[236],"artwork_main_subject":[521,513],"artwork_technique":[540,542],"artwork_featured_location":[],"artwork_dominant_color":[],"artwork_physical_attributes":[368,368],"artwork_creation_date":"20190101","artwork_unique_piece":true,"artwork_description":"Sculpture en gr\u00e8s enfum\u00e9, pigments, socle en cypr\u00e8s","artwork_signature":"\u0152uvre sign\u00e9e","artwork_authenticity":"L\u2019\u0153uvre est vendue avec un certificat d\u2019authenticit\u00e9 sign\u00e9 par l\u2019artiste.","artwork_framing":"not_specified","artwork_has_custom_framing_info":false,"artwork_custom_framing_info":"Not specified","artwork_location_country":"FR","artwork_location_city":"Criquetot-l'Esneval","artwork_location_zipcode":"76 280","artwork_shipment_type":"3D_artwork","artwork_shipping_delivery":"sculpture_unique_piece_immediate_availability","artwork_has_custom_shipping_delivery_info":false,"artwork_custom_shipping_delivery_info":"Not specified","artwork_360_view_url":"https:\/\/embed.imajize.com\/7189516","artwork_video_url":"","artwork_video_format":[],"artwork_preview_type":"featured_image","artwork_reserved":false,"artwork_hide_price":false,"artwork_about":"<p class=\"ai-optimize-27\"><em><strong>Je te me love (with M\u00e9lanie)<\/strong><\/em>\u00a0est une sculpture en gr\u00e8s enfum\u00e9 de l\u2019artiste contemporaine C\u00e9cile Raynal. Cette sculpture fait partie de l\u2019exposition intitul\u00e9e \u00ab A l\u2019enfant qui nous garde \u00bb, dont la cr\u00e9ation fait suite \u00e0 une r\u00e9sidence de huit semaines de l\u2019artiste au sein d\u2019une maternit\u00e9 lyonnaise. Durant cette r\u00e9sidence, l\u2019artiste s\u2019est inspir\u00e9e du personnel m\u00e9dical et de ses patients. Ici, le mod\u00e8le est une sage-femme repr\u00e9sent\u00e9e avec un cordon ombilical qui s\u2019enroule autour de son corps. Cette sculpture est remarquable au sein m\u00eame de l\u2019exposition car elle comporte une r\u00e9f\u00e9rence explicite \u00e0 la dimension organique qui fait partie du quotidien de la clinique, face \u00e0 des sculptures qui livrent un t\u00e9moignage plus esth\u00e9tis\u00e9 de la maternit\u00e9.<\/p>\r\n<p class=\"ai-optimize-28\">Durant plusieurs s\u00e9jours \u00e0 l\u2019h\u00f4pital priv\u00e9 Natecia de Lyon, l\u2019artiste s\u2019est immerg\u00e9e dans la vie de la maternit\u00e9, parcourant ses couloirs avec un cahier de croquis ou modelant directement dans la terre les portraits des personnes qui venaient \u00e0 elle, professionnels de sant\u00e9 comme patients. Ces temps de pose parcourus d\u2019\u00e9changes sensibles ont donn\u00e9 naissance \u00e0 des figures d\u2019argile habit\u00e9es par les circonstances si singuli\u00e8res de ces rencontres : l\u2019attente d\u2019un heureux \u00e9v\u00e9nement, toujours teint\u00e9e d\u2019incertitude, pour les futurs parents ; la passion et la tension, constamment li\u00e9es dans l\u2019activit\u00e9 des \u00e9quipes soignantes.<\/p>\r\n<p class=\"ai-optimize-29\">De retour \u00e0 l\u2019atelier, d\u2019autres sculptures ont vu le jour. Figures d\u2019animaux, de nouveau-n\u00e9s, de peluches, litt\u00e9ralement chor\u00e9graphi\u00e9es sur des blocs de bois, sont venues dialoguer avec les portraits. C\u00e9cile Raynal a tiss\u00e9 dans ses sculptures des liens po\u00e9tiques, incongrus ou ludiques, en \u00e9cho aux perceptions et aux r\u00e9flexions qui ont nourris sa r\u00e9sidence. Pour la sculptrice, la maternit\u00e9 est apparue en v\u00e9ritable caisse de r\u00e9sonance de questions fondamentales telles quelles le rapport \u00e0 la vie et \u00e0 l\u2019enfance ou la parentalit\u00e9 et ses enjeux de pouvoir.<\/p>\r\n<p class=\"ai-optimize-31\">La vid\u00e9o \u00e0 360 degr\u00e9s est ant\u00e9rieure aux photos, qui refl\u00e8tent l'aspect actuel de la sculpture apr\u00e8s des modifications mineures.\u00a0Les photographies ont \u00e9t\u00e9 prises lors de l\u2019exposition personnelle de C\u00e9cile Raynal, <a href=\"https:\/\/artistics.com\/fr\/artzine\/cecile-raynal-a-la-table-des-dames\/\" target=\"_blank\" rel=\"noopener\"><em data-start=\"199\" data-end=\"221\">\u00c0 la table des Dames<\/em><\/a>, \u00e0 l\u2019Abbaye de Montivilliers en Normandie (2025).<\/p>\r\n<p class=\"ai-optimize-33\"><em>Dimensions de la femme : 66 H x 30 L x 42 P cm\u00a0<\/em><\/p>\r\n<p class=\"ai-optimize-36\"><em>Dimensions des b\u00e9b\u00e9s : <\/em><em>12 x 29 x 24 cm<\/em><\/p>\r\n<p class=\"ai-optimize-34\"><em>Hauteur du socle : 105 cm\u00a0<\/em><\/p>\r\n<p class=\"ai-optimize-35\"><em>Dimensions totales de l'installation : 138 H x 38 L x 73 P cm<\/em><\/p>\r\n<p class=\"ai-optimize-26\">Cr\u00e9dits derni\u00e8re photo : \u00a9 Enola Jemin<\/p>","artwork_series":[1820],"artwork_query_group":"10","artwork_lowest_grid_position":1,"artwork_random_position":9578374,"explicit_sensitive_content":false,"drupal_id":"6872"},"yoast_head":"<!-- This site is optimized with the Yoast SEO Premium plugin v27.3 (Yoast SEO v27.3) - https:\/\/yoast.com\/product\/yoast-seo-premium-wordpress\/ -->\n<title>Je te me love (avec M\u00e9lanie) par C\u00e9cile Raynal - Sculpture contemporaine | Artistics<\/title>\n<meta name=\"description\" content=\"Je te me love (avec M\u00e9lanie) par C\u00e9cile Raynal - achetez en ligne cette \u0153uvre d\u2019art originale avec son certificat d\u2019authenticit\u00e9 et b\u00e9n\u00e9ficiez de notre service premium.\" \/>\n<meta name=\"robots\" content=\"index, follow, max-snippet:-1, max-image-preview:large, max-video-preview:-1\" \/>\n<link rel=\"canonical\" href=\"https:\/\/artistics.com\/fr\/oeuvre\/je-te-me-love-avec-melanie\/\" \/>\n<meta property=\"og:locale\" content=\"fr_FR\" \/>\n<meta property=\"og:type\" content=\"article\" \/>\n<meta property=\"og:title\" content=\"Je te me love (avec M\u00e9lanie)\" \/>\n<meta property=\"og:description\" content=\"Je te me love (avec M\u00e9lanie) par C\u00e9cile Raynal - achetez en ligne cette \u0153uvre d\u2019art originale avec son certificat d\u2019authenticit\u00e9 et b\u00e9n\u00e9ficiez de notre service premium.\" \/>\n<meta property=\"og:url\" content=\"https:\/\/artistics.com\/fr\/oeuvre\/je-te-me-love-avec-melanie\/\" \/>\n<meta property=\"og:site_name\" content=\"Artistics\" \/>\n<meta property=\"article:publisher\" content=\"https:\/\/www.facebook.com\/ArtisticsMag\" \/>\n<meta property=\"article:modified_time\" content=\"2025-07-02T14:02:09+00:00\" \/>\n<meta property=\"og:image\" content=\"https:\/\/artistics.com\/wp-content\/uploads\/2025\/07\/femme-au-cordon-contemporary-portrait-sculpture-by-cecile-raynal-7.jpg\" \/>\n\t<meta property=\"og:image:width\" content=\"1492\" \/>\n\t<meta property=\"og:image:height\" content=\"2000\" \/>\n\t<meta property=\"og:image:type\" content=\"image\/jpeg\" \/>\n<meta name=\"twitter:card\" content=\"summary_large_image\" \/>\n<meta name=\"twitter:site\" content=\"@Artistics_FR\" \/>\n<meta name=\"twitter:label1\" content=\"Prix\" \/>\n\t<meta name=\"twitter:data1\" content=\"5 900&nbsp;&euro;\" \/>\n\t<meta name=\"twitter:label2\" content=\"Disponibilit\u00e9\" \/>\n\t<meta name=\"twitter:data2\" content=\"En stock\" \/>\n<script type=\"application\/ld+json\" class=\"yoast-schema-graph\">{\"@context\":\"https:\\\/\\\/schema.org\",\"@graph\":[{\"@type\":[\"WebPage\",\"ItemPage\"],\"@id\":\"https:\\\/\\\/artistics.com\\\/fr\\\/oeuvre\\\/je-te-me-love-avec-melanie\\\/\",\"url\":\"https:\\\/\\\/artistics.com\\\/fr\\\/oeuvre\\\/je-te-me-love-avec-melanie\\\/\",\"name\":\"Je te me love (avec M\u00e9lanie) par C\u00e9cile Raynal - Sculpture contemporaine | Artistics\",\"isPartOf\":{\"@id\":\"https:\\\/\\\/artistics.com\\\/fr\\\/#website\"},\"primaryImageOfPage\":{\"@id\":\"https:\\\/\\\/artistics.com\\\/fr\\\/oeuvre\\\/je-te-me-love-avec-melanie\\\/#primaryimage\"},\"image\":{\"@id\":\"https:\\\/\\\/artistics.com\\\/fr\\\/oeuvre\\\/je-te-me-love-avec-melanie\\\/#primaryimage\"},\"thumbnailUrl\":\"https:\\\/\\\/artistics.com\\\/wp-content\\\/uploads\\\/2025\\\/07\\\/femme-au-cordon-contemporary-portrait-sculpture-by-cecile-raynal-23-2.jpg\",\"datePublished\":\"2020-01-06T15:45:36+00:00\",\"dateModified\":\"2025-07-02T14:02:09+00:00\",\"description\":\"Je te me love (avec M\u00e9lanie) par C\u00e9cile Raynal - achetez en ligne cette \u0153uvre d\u2019art originale avec son certificat d\u2019authenticit\u00e9 et b\u00e9n\u00e9ficiez de notre service premium.\",\"breadcrumb\":{\"@id\":\"https:\\\/\\\/artistics.com\\\/fr\\\/oeuvre\\\/je-te-me-love-avec-melanie\\\/#breadcrumb\"},\"inLanguage\":\"fr-FR\",\"potentialAction\":[{\"@type\":\"ReadAction\",\"target\":[\"https:\\\/\\\/artistics.com\\\/fr\\\/oeuvre\\\/je-te-me-love-avec-melanie\\\/\"]}]},{\"@type\":\"ImageObject\",\"inLanguage\":\"fr-FR\",\"@id\":\"https:\\\/\\\/artistics.com\\\/fr\\\/oeuvre\\\/je-te-me-love-avec-melanie\\\/#primaryimage\",\"url\":\"https:\\\/\\\/artistics.com\\\/wp-content\\\/uploads\\\/2025\\\/07\\\/femme-au-cordon-contemporary-portrait-sculpture-by-cecile-raynal-23-2.jpg\",\"contentUrl\":\"https:\\\/\\\/artistics.com\\\/wp-content\\\/uploads\\\/2025\\\/07\\\/femme-au-cordon-contemporary-portrait-sculpture-by-cecile-raynal-23-2.jpg\",\"width\":1495,\"height\":1999},{\"@type\":\"BreadcrumbList\",\"@id\":\"https:\\\/\\\/artistics.com\\\/fr\\\/oeuvre\\\/je-te-me-love-avec-melanie\\\/#breadcrumb\",\"itemListElement\":[{\"@type\":\"ListItem\",\"position\":1,\"name\":\"Achat \u0153uvre d'art\",\"item\":\"https:\\\/\\\/artistics.com\\\/fr\\\/\"},{\"@type\":\"ListItem\",\"position\":2,\"name\":\"Galerie\",\"item\":\"https:\\\/\\\/artistics.com\\\/fr\\\/galerie\\\/\"},{\"@type\":\"ListItem\",\"position\":3,\"name\":\"Sculpture contemporaine\",\"item\":\"https:\\\/\\\/artistics.com\\\/fr\\\/categorie-oeuvre\\\/sculpture-contemporaine\\\/\"},{\"@type\":\"ListItem\",\"position\":4,\"name\":\"Je te me love (avec M\u00e9lanie)\"}]},{\"@type\":\"WebSite\",\"@id\":\"https:\\\/\\\/artistics.com\\\/fr\\\/#website\",\"url\":\"https:\\\/\\\/artistics.com\\\/fr\\\/\",\"name\":\"Artistics\",\"description\":\"The online art gallery\",\"publisher\":{\"@id\":\"https:\\\/\\\/artistics.com\\\/fr\\\/#organization\"},\"potentialAction\":[{\"@type\":\"SearchAction\",\"target\":{\"@type\":\"EntryPoint\",\"urlTemplate\":\"https:\\\/\\\/artistics.com\\\/fr\\\/?s={search_term_string}\"},\"query-input\":{\"@type\":\"PropertyValueSpecification\",\"valueRequired\":true,\"valueName\":\"search_term_string\"}}],\"inLanguage\":\"fr-FR\"},{\"@type\":\"Organization\",\"@id\":\"https:\\\/\\\/artistics.com\\\/fr\\\/#organization\",\"name\":\"Artistics\",\"url\":\"https:\\\/\\\/artistics.com\\\/fr\\\/\",\"logo\":{\"@type\":\"ImageObject\",\"inLanguage\":\"fr-FR\",\"@id\":\"https:\\\/\\\/artistics.com\\\/fr\\\/#\\\/schema\\\/logo\\\/image\\\/\",\"url\":\"https:\\\/\\\/artistics.com\\\/wp-content\\\/uploads\\\/2023\\\/02\\\/artistics-logo-web-1.svg\",\"contentUrl\":\"https:\\\/\\\/artistics.com\\\/wp-content\\\/uploads\\\/2023\\\/02\\\/artistics-logo-web-1.svg\",\"caption\":\"Artistics\"},\"image\":{\"@id\":\"https:\\\/\\\/artistics.com\\\/fr\\\/#\\\/schema\\\/logo\\\/image\\\/\"},\"sameAs\":[\"https:\\\/\\\/www.facebook.com\\\/ArtisticsMag\",\"https:\\\/\\\/x.com\\\/Artistics_FR\",\"http:\\\/\\\/www.linkedin.com\\\/company\\\/artistics\",\"https:\\\/\\\/www.instagram.com\\\/artistics_com\\\/\",\"http:\\\/\\\/www.pinterest.com\\\/ArtisticsMag\"],\"hasMerchantReturnPolicy\":{\"@type\":\"MerchantReturnPolicy\",\"merchantReturnLink\":\"https:\\\/\\\/artistics.com\\\/free-return-policy\\\/\"}}]}<\/script>\n<meta property=\"product:price:amount\" content=\"5900\" \/>\n<meta property=\"product:price:currency\" content=\"EUR\" \/>\n<meta property=\"og:availability\" content=\"instock\" \/>\n<meta property=\"product:availability\" content=\"instock\" \/>\n<meta property=\"product:retailer_item_id\" content=\"6873\" \/>\n<meta property=\"product:condition\" content=\"new\" \/>\n<!-- \/ Yoast SEO Premium plugin. -->","yoast_head_json":{"title":"Je te me love (avec M\u00e9lanie) par C\u00e9cile Raynal - Sculpture contemporaine | Artistics","description":"Je te me love (avec M\u00e9lanie) par C\u00e9cile Raynal - achetez en ligne cette \u0153uvre d\u2019art originale avec son certificat d\u2019authenticit\u00e9 et b\u00e9n\u00e9ficiez de notre service premium.","robots":{"index":"index","follow":"follow","max-snippet":"max-snippet:-1","max-image-preview":"max-image-preview:large","max-video-preview":"max-video-preview:-1"},"canonical":"https:\/\/artistics.com\/fr\/oeuvre\/je-te-me-love-avec-melanie\/","og_locale":"fr_FR","og_type":"article","og_title":"Je te me love (avec M\u00e9lanie)","og_description":"Je te me love (avec M\u00e9lanie) par C\u00e9cile Raynal - achetez en ligne cette \u0153uvre d\u2019art originale avec son certificat d\u2019authenticit\u00e9 et b\u00e9n\u00e9ficiez de notre service premium.","og_url":"https:\/\/artistics.com\/fr\/oeuvre\/je-te-me-love-avec-melanie\/","og_site_name":"Artistics","article_publisher":"https:\/\/www.facebook.com\/ArtisticsMag","article_modified_time":"2025-07-02T14:02:09+00:00","og_image":[{"width":1492,"height":2000,"url":"https:\/\/artistics.com\/wp-content\/uploads\/2025\/07\/femme-au-cordon-contemporary-portrait-sculpture-by-cecile-raynal-7.jpg","type":"image\/jpeg"}],"twitter_card":"summary_large_image","twitter_site":"@Artistics_FR","twitter_misc":{"Prix":"5 900&nbsp;&euro;","Disponibilit\u00e9":"En stock"},"schema":{"@context":"https:\/\/schema.org","@graph":[{"@type":["WebPage","ItemPage"],"@id":"https:\/\/artistics.com\/fr\/oeuvre\/je-te-me-love-avec-melanie\/","url":"https:\/\/artistics.com\/fr\/oeuvre\/je-te-me-love-avec-melanie\/","name":"Je te me love (avec M\u00e9lanie) par C\u00e9cile Raynal - Sculpture contemporaine | Artistics","isPartOf":{"@id":"https:\/\/artistics.com\/fr\/#website"},"primaryImageOfPage":{"@id":"https:\/\/artistics.com\/fr\/oeuvre\/je-te-me-love-avec-melanie\/#primaryimage"},"image":{"@id":"https:\/\/artistics.com\/fr\/oeuvre\/je-te-me-love-avec-melanie\/#primaryimage"},"thumbnailUrl":"https:\/\/artistics.com\/wp-content\/uploads\/2025\/07\/femme-au-cordon-contemporary-portrait-sculpture-by-cecile-raynal-23-2.jpg","datePublished":"2020-01-06T15:45:36+00:00","dateModified":"2025-07-02T14:02:09+00:00","description":"Je te me love (avec M\u00e9lanie) par C\u00e9cile Raynal - achetez en ligne cette \u0153uvre d\u2019art originale avec son certificat d\u2019authenticit\u00e9 et b\u00e9n\u00e9ficiez de notre service premium.","breadcrumb":{"@id":"https:\/\/artistics.com\/fr\/oeuvre\/je-te-me-love-avec-melanie\/#breadcrumb"},"inLanguage":"fr-FR","potentialAction":[{"@type":"ReadAction","target":["https:\/\/artistics.com\/fr\/oeuvre\/je-te-me-love-avec-melanie\/"]}]},{"@type":"ImageObject","inLanguage":"fr-FR","@id":"https:\/\/artistics.com\/fr\/oeuvre\/je-te-me-love-avec-melanie\/#primaryimage","url":"https:\/\/artistics.com\/wp-content\/uploads\/2025\/07\/femme-au-cordon-contemporary-portrait-sculpture-by-cecile-raynal-23-2.jpg","contentUrl":"https:\/\/artistics.com\/wp-content\/uploads\/2025\/07\/femme-au-cordon-contemporary-portrait-sculpture-by-cecile-raynal-23-2.jpg","width":1495,"height":1999},{"@type":"BreadcrumbList","@id":"https:\/\/artistics.com\/fr\/oeuvre\/je-te-me-love-avec-melanie\/#breadcrumb","itemListElement":[{"@type":"ListItem","position":1,"name":"Achat \u0153uvre d'art","item":"https:\/\/artistics.com\/fr\/"},{"@type":"ListItem","position":2,"name":"Galerie","item":"https:\/\/artistics.com\/fr\/galerie\/"},{"@type":"ListItem","position":3,"name":"Sculpture contemporaine","item":"https:\/\/artistics.com\/fr\/categorie-oeuvre\/sculpture-contemporaine\/"},{"@type":"ListItem","position":4,"name":"Je te me love (avec M\u00e9lanie)"}]},{"@type":"WebSite","@id":"https:\/\/artistics.com\/fr\/#website","url":"https:\/\/artistics.com\/fr\/","name":"Artistics","description":"The online art gallery","publisher":{"@id":"https:\/\/artistics.com\/fr\/#organization"},"potentialAction":[{"@type":"SearchAction","target":{"@type":"EntryPoint","urlTemplate":"https:\/\/artistics.com\/fr\/?s={search_term_string}"},"query-input":{"@type":"PropertyValueSpecification","valueRequired":true,"valueName":"search_term_string"}}],"inLanguage":"fr-FR"},{"@type":"Organization","@id":"https:\/\/artistics.com\/fr\/#organization","name":"Artistics","url":"https:\/\/artistics.com\/fr\/","logo":{"@type":"ImageObject","inLanguage":"fr-FR","@id":"https:\/\/artistics.com\/fr\/#\/schema\/logo\/image\/","url":"https:\/\/artistics.com\/wp-content\/uploads\/2023\/02\/artistics-logo-web-1.svg","contentUrl":"https:\/\/artistics.com\/wp-content\/uploads\/2023\/02\/artistics-logo-web-1.svg","caption":"Artistics"},"image":{"@id":"https:\/\/artistics.com\/fr\/#\/schema\/logo\/image\/"},"sameAs":["https:\/\/www.facebook.com\/ArtisticsMag","https:\/\/x.com\/Artistics_FR","http:\/\/www.linkedin.com\/company\/artistics","https:\/\/www.instagram.com\/artistics_com\/","http:\/\/www.pinterest.com\/ArtisticsMag"],"hasMerchantReturnPolicy":{"@type":"MerchantReturnPolicy","merchantReturnLink":"https:\/\/artistics.com\/free-return-policy\/"}}]},"product_price_amount":"5900","product_price_currency":"EUR","og_availability":"instock","product_availability":"instock","product_retailer_item_id":"6873","product_condition":"new"},"_links":{"self":[{"href":"https:\/\/artistics.com\/fr\/wp-json\/wp\/v2\/product\/22360","targetHints":{"allow":["GET"]}}],"collection":[{"href":"https:\/\/artistics.com\/fr\/wp-json\/wp\/v2\/product"}],"about":[{"href":"https:\/\/artistics.com\/fr\/wp-json\/wp\/v2\/types\/product"}],"acf:term":[{"embeddable":true,"taxonomy":"series","href":"https:\/\/artistics.com\/fr\/wp-json\/wp\/v2\/series\/1820"},{"embeddable":true,"taxonomy":"product_tag","href":"https:\/\/artistics.com\/fr\/wp-json\/wp\/v2\/product_tag\/368"},{"embeddable":true,"taxonomy":"product_tag","href":"https:\/\/artistics.com\/fr\/wp-json\/wp\/v2\/product_tag\/542"},{"embeddable":true,"taxonomy":"product_tag","href":"https:\/\/artistics.com\/fr\/wp-json\/wp\/v2\/product_tag\/540"},{"embeddable":true,"taxonomy":"product_tag","href":"https:\/\/artistics.com\/fr\/wp-json\/wp\/v2\/product_tag\/513"},{"embeddable":true,"taxonomy":"product_tag","href":"https:\/\/artistics.com\/fr\/wp-json\/wp\/v2\/product_tag\/521"},{"embeddable":true,"taxonomy":"product_cat","href":"https:\/\/artistics.com\/fr\/wp-json\/wp\/v2\/product_cat\/236"},{"embeddable":true,"taxonomy":"product_cat","href":"https:\/\/artistics.com\/fr\/wp-json\/wp\/v2\/product_cat\/215"},{"embeddable":true,"taxonomy":"product_cat","href":"https:\/\/artistics.com\/fr\/wp-json\/wp\/v2\/product_cat\/192"},{"embeddable":true,"taxonomy":"product_cat","href":"https:\/\/artistics.com\/fr\/wp-json\/wp\/v2\/product_cat\/196"},{"embeddable":true,"taxonomy":"product_cat","href":"https:\/\/artistics.com\/fr\/wp-json\/wp\/v2\/product_cat\/209"},{"embeddable":true,"taxonomy":"product_cat","href":"https:\/\/artistics.com\/fr\/wp-json\/wp\/v2\/product_cat\/212"},{"embeddable":true,"taxonomy":"product_cat","href":"https:\/\/artistics.com\/fr\/wp-json\/wp\/v2\/product_cat\/213"},{"embeddable":true,"taxonomy":"product_cat","href":"https:\/\/artistics.com\/fr\/wp-json\/wp\/v2\/product_cat\/164"}],"acf:post":[{"embeddable":true,"href":"https:\/\/artistics.com\/fr\/wp-json\/wp\/v2\/artist\/2769"}],"wp:featuredmedia":[{"embeddable":true,"href":"https:\/\/artistics.com\/fr\/wp-json\/wp\/v2\/media\/85066"}],"wp:attachment":[{"href":"https:\/\/artistics.com\/fr\/wp-json\/wp\/v2\/media?parent=22360"}],"wp:term":[{"taxonomy":"product_cat","embeddable":true,"href":"https:\/\/artistics.com\/fr\/wp-json\/wp\/v2\/product_cat?post=22360"},{"taxonomy":"product_tag","embeddable":true,"href":"https:\/\/artistics.com\/fr\/wp-json\/wp\/v2\/product_tag?post=22360"},{"taxonomy":"series","embeddable":true,"href":"https:\/\/artistics.com\/fr\/wp-json\/wp\/v2\/series?post=22360"}],"curies":[{"name":"wp","href":"https:\/\/api.w.org\/{rel}","templated":true}]}}