{"id":22291,"date":"2019-09-25T13:32:54","date_gmt":"2019-09-25T11:32:54","guid":{"rendered":"https:\/\/2022.devartistics.com\/artwork\/persona-ae-acteur-personne\/"},"modified":"2023-04-22T01:59:09","modified_gmt":"2023-04-21T23:59:09","slug":"persona-ae-acteur-personne","status":"publish","type":"product","link":"https:\/\/artistics.com\/fr\/oeuvre\/persona-ae-acteur-personne\/","title":{"rendered":"Persona, ae: acteur, personne"},"content":{"rendered":"","protected":false},"excerpt":{"rendered":"","protected":false},"featured_media":11545,"template":"","meta":{"_acf_changed":false,"_searchwp_excluded":"","inline_featured_image":false},"product_cat":[164,192,196,209,212,213,215,238],"product_tag":[518,540,368],"series":[2268],"class_list":{"0":"post-22291","1":"product","2":"type-product","3":"status-publish","4":"has-post-thumbnail","6":"product_cat-sculpture-contemporaine","7":"product_cat-art-figuratif","8":"product_cat-portrait-et-figure","9":"product_cat-sculpture-figurative","10":"product_cat-sculpture-portrait-et-figure","11":"product_cat-sculpture-terre-et-ceramique","12":"product_cat-grand","13":"product_cat-plus-de-10-000-e","14":"product_tag-homme","15":"product_tag-installation-fr","16":"product_tag-sculpture-grand-format","17":"series-cecile-raynal-de-rencontres-en-portraits","19":"first","20":"outofstock","21":"taxable","22":"shipping-taxable","23":"purchasable","24":"product-type-simple"},"acf":{"artwork_artist":[2769],"artwork_medium":164,"artwork_categories":[213,212,209],"artwork_overall-tones":[],"artwork_main-material":[],"artwork_art-genre":[196],"artwork_art-movement":[192],"artwork_miscellaneous":[],"artwork_formats":[215],"artwork_price-ranges":[238],"artwork_main_subject":[518],"artwork_technique":[540],"artwork_featured_location":[],"artwork_dominant_color":[],"artwork_physical_attributes":[368,368],"artwork_creation_date":"20090101","artwork_unique_piece":true,"artwork_description":"Installation de six bustes d\u2019hommes en gr\u00e8s enfum\u00e9 et r\u00e9sine, trois plaques m\u00e9talliques, structure m\u00e9tallique type \u00e9chafaudage","artwork_signature":"Signed artwork","artwork_authenticity":"The artwork is sold with a certificate of authenticity signed by the artist.","artwork_framing":"not_specified","artwork_has_custom_framing_info":false,"artwork_custom_framing_info":"Not specified","artwork_location_country":"FR","artwork_location_city":"Criquetot-l'Esneval","artwork_location_zipcode":"76 280","artwork_shipment_type":"3D_artwork","artwork_shipping_delivery":"sculpture_unique_piece_immediate_availability","artwork_has_custom_shipping_delivery_info":false,"artwork_custom_shipping_delivery_info":"Not specified","artwork_360_view_url":"","artwork_video_url":"","artwork_video_format":[],"artwork_preview_type":"featured_image","artwork_reserved":false,"artwork_hide_price":false,"artwork_about":"<p ><strong><em>Persona, ae: acteur, personne<\/em><\/strong> est une installation de l\u2019artiste contemporain C\u00e9cile Raynal, compos\u00e9e par six bustes d\u2019hommes en gr\u00e8s enfum\u00e9 et r\u00e9sine attabl\u00e9s autour de trois tables m\u00e9talliques.<\/p><p >Pour cette sculpture, C\u00e9cile a invit\u00e9 des individus condamn\u00e9s \u00e0 de longues peines s\u00e9journant au centre de d\u00e9tention de Caen \u00e0 poser pour une sculpture, dans un esprit de dialogue entre la prison et le monde ext\u00e9rieur. Le projet a donn\u00e9 la possibilit\u00e9 \u00e0 l\u2019artiste d\u2019entrer en relation avec ces personnes et de construire un espace d\u2019\u00e9change humain avec eux.\u00a0 Elle-m\u00eame raconte : \u00ab Un homme en prison depuis 23 ans, disant qu\u2019il ne savait plus \u00e0 quoi il ressemblait, pensait que la sculpture lui donnerait une r\u00e9ponse. Il esp\u00e9rait pouvoir se reconnaitre \u00bb.\u00a0<\/p><p >Dans ce lieu de pens\u00e9es et de sentiments forts, o\u00f9 les relations humaines sont souvent difficiles et m\u00e9fiantes, l\u2019artiste a r\u00e9ussi \u00e0 instaurer un moment de l\u00e9g\u00e8ret\u00e9 et de discussion pendant ses ateliers. Une fois termin\u00e9s, les bustes des d\u00e9tenus ont \u00e9t\u00e9 mont\u00e9s sur une structure en m\u00e9tal, une sorte d\u2019\u00e9chafaudage, afin d\u2019ouvrir leur espace et de les placer \u00e0 la hauteur de l\u2019observateur. Les statues affirment ainsi leur pr\u00e9sence silencieuse autour d\u2019une table qui rappelle une C\u00e8ne imaginaire.\u00a0<\/p><p >En 2014 , l\u2019installation Persona, ae fut expos\u00e9e dans la cour du palais de justice de Rouen. Entre 2015 et 2017, \u00e0 l\u2019initiative du Minist\u00e8re des Affaires \u00e9trang\u00e8res, elle s\u00e9journa dans les jardins du domaine de la Celle Saint Cloud. Depuis 2017, elle est expos\u00e9e devant le si\u00e8ge social du groupe de presse La D\u00e9p\u00eache \u00e0 Toulouse.<\/p><p >Surface demand\u00e9e pour l\u2019installation de la sculpture : 2m50 x 6m<\/p><p >Hauteur de chaque buste sur son socle : 1m70<\/p><p >Dimensions de la table en m\u00e9tal : 3m30 x 1m10<\/p><p >Cette \u0153uvre est une pi\u00e8ce unique, livr\u00e9e avec certificat d'authenticit\u00e9.\u00a0<\/p>","artwork_series":[2268],"artwork_query_group":"10","artwork_lowest_grid_position":1,"artwork_random_position":9448969,"explicit_sensitive_content":false,"drupal_id":"6513"},"yoast_head":"<!-- This site is optimized with the Yoast SEO Premium plugin v27.3 (Yoast SEO v27.3) - https:\/\/yoast.com\/product\/yoast-seo-premium-wordpress\/ -->\n<title>Artistics | Persona, ae: acteur, personne par C\u00e9cile Raynal - Sculpture contemporaine<\/title>\n<meta name=\"description\" content=\"Persona, ae: acteur, personne par C\u00e9cile Raynal - achat d&#039;\u0153uvres d&#039;art contemporain originales sur la galerie d&#039;art en ligne Artistics.\" \/>\n<meta name=\"robots\" content=\"index, follow, max-snippet:-1, max-image-preview:large, max-video-preview:-1\" \/>\n<link rel=\"canonical\" href=\"https:\/\/artistics.com\/fr\/oeuvre\/persona-ae-acteur-personne\/\" \/>\n<meta property=\"og:locale\" content=\"fr_FR\" \/>\n<meta property=\"og:type\" content=\"article\" \/>\n<meta property=\"og:title\" content=\"Persona, ae: acteur, personne\" \/>\n<meta property=\"og:description\" content=\"Persona, ae: acteur, personne par C\u00e9cile Raynal - achat d&#039;\u0153uvres d&#039;art contemporain originales sur la galerie d&#039;art en ligne Artistics.\" \/>\n<meta property=\"og:url\" content=\"https:\/\/artistics.com\/fr\/oeuvre\/persona-ae-acteur-personne\/\" \/>\n<meta property=\"og:site_name\" content=\"Artistics\" \/>\n<meta property=\"article:publisher\" content=\"https:\/\/www.facebook.com\/ArtisticsMag\" \/>\n<meta property=\"article:modified_time\" content=\"2023-04-21T23:59:09+00:00\" \/>\n<meta property=\"og:image\" content=\"https:\/\/artistics.com\/wp-content\/uploads\/2023\/04\/persona-contemporary-portrait-sculpture-by-cecile-raynal_5_4.jpg\" \/>\n\t<meta property=\"og:image:width\" content=\"1306\" \/>\n\t<meta property=\"og:image:height\" content=\"971\" \/>\n\t<meta property=\"og:image:type\" content=\"image\/jpeg\" \/>\n<meta name=\"twitter:card\" content=\"summary_large_image\" \/>\n<meta name=\"twitter:site\" content=\"@Artistics_FR\" \/>\n<meta name=\"twitter:label1\" content=\"Prix\" \/>\n\t<meta name=\"twitter:data1\" content=\"90 000&nbsp;&euro;\" \/>\n\t<meta name=\"twitter:label2\" content=\"Disponibilit\u00e9\" \/>\n\t<meta name=\"twitter:data2\" content=\"Rupture de stock\" \/>\n<script type=\"application\/ld+json\" class=\"yoast-schema-graph\">{\"@context\":\"https:\\\/\\\/schema.org\",\"@graph\":[{\"@type\":[\"WebPage\",\"ItemPage\"],\"@id\":\"https:\\\/\\\/artistics.com\\\/fr\\\/oeuvre\\\/persona-ae-acteur-personne\\\/\",\"url\":\"https:\\\/\\\/artistics.com\\\/fr\\\/oeuvre\\\/persona-ae-acteur-personne\\\/\",\"name\":\"Artistics | Persona, ae: acteur, personne par C\u00e9cile Raynal - Sculpture contemporaine\",\"isPartOf\":{\"@id\":\"https:\\\/\\\/artistics.com\\\/fr\\\/#website\"},\"primaryImageOfPage\":{\"@id\":\"https:\\\/\\\/artistics.com\\\/fr\\\/oeuvre\\\/persona-ae-acteur-personne\\\/#primaryimage\"},\"image\":{\"@id\":\"https:\\\/\\\/artistics.com\\\/fr\\\/oeuvre\\\/persona-ae-acteur-personne\\\/#primaryimage\"},\"thumbnailUrl\":\"https:\\\/\\\/artistics.com\\\/wp-content\\\/uploads\\\/2023\\\/04\\\/persona-contemporary-portrait-sculpture-by-cecile-raynal_5_4.jpg\",\"datePublished\":\"2019-09-25T11:32:54+00:00\",\"dateModified\":\"2023-04-21T23:59:09+00:00\",\"description\":\"Persona, ae: acteur, personne par C\u00e9cile Raynal - achat d'\u0153uvres d'art contemporain originales sur la galerie d'art en ligne Artistics.\",\"breadcrumb\":{\"@id\":\"https:\\\/\\\/artistics.com\\\/fr\\\/oeuvre\\\/persona-ae-acteur-personne\\\/#breadcrumb\"},\"inLanguage\":\"fr-FR\",\"potentialAction\":[{\"@type\":\"ReadAction\",\"target\":[\"https:\\\/\\\/artistics.com\\\/fr\\\/oeuvre\\\/persona-ae-acteur-personne\\\/\"]}]},{\"@type\":\"ImageObject\",\"inLanguage\":\"fr-FR\",\"@id\":\"https:\\\/\\\/artistics.com\\\/fr\\\/oeuvre\\\/persona-ae-acteur-personne\\\/#primaryimage\",\"url\":\"https:\\\/\\\/artistics.com\\\/wp-content\\\/uploads\\\/2023\\\/04\\\/persona-contemporary-portrait-sculpture-by-cecile-raynal_5_4.jpg\",\"contentUrl\":\"https:\\\/\\\/artistics.com\\\/wp-content\\\/uploads\\\/2023\\\/04\\\/persona-contemporary-portrait-sculpture-by-cecile-raynal_5_4.jpg\",\"width\":1306,\"height\":971},{\"@type\":\"BreadcrumbList\",\"@id\":\"https:\\\/\\\/artistics.com\\\/fr\\\/oeuvre\\\/persona-ae-acteur-personne\\\/#breadcrumb\",\"itemListElement\":[{\"@type\":\"ListItem\",\"position\":1,\"name\":\"Achat \u0153uvre d'art\",\"item\":\"https:\\\/\\\/artistics.com\\\/fr\\\/\"},{\"@type\":\"ListItem\",\"position\":2,\"name\":\"Galerie\",\"item\":\"https:\\\/\\\/artistics.com\\\/fr\\\/galerie\\\/\"},{\"@type\":\"ListItem\",\"position\":3,\"name\":\"Sculpture contemporaine\",\"item\":\"https:\\\/\\\/artistics.com\\\/fr\\\/categorie-oeuvre\\\/sculpture-contemporaine\\\/\"},{\"@type\":\"ListItem\",\"position\":4,\"name\":\"Persona, ae: acteur, personne\"}]},{\"@type\":\"WebSite\",\"@id\":\"https:\\\/\\\/artistics.com\\\/fr\\\/#website\",\"url\":\"https:\\\/\\\/artistics.com\\\/fr\\\/\",\"name\":\"Artistics\",\"description\":\"The online art gallery\",\"publisher\":{\"@id\":\"https:\\\/\\\/artistics.com\\\/fr\\\/#organization\"},\"potentialAction\":[{\"@type\":\"SearchAction\",\"target\":{\"@type\":\"EntryPoint\",\"urlTemplate\":\"https:\\\/\\\/artistics.com\\\/fr\\\/?s={search_term_string}\"},\"query-input\":{\"@type\":\"PropertyValueSpecification\",\"valueRequired\":true,\"valueName\":\"search_term_string\"}}],\"inLanguage\":\"fr-FR\"},{\"@type\":\"Organization\",\"@id\":\"https:\\\/\\\/artistics.com\\\/fr\\\/#organization\",\"name\":\"Artistics\",\"url\":\"https:\\\/\\\/artistics.com\\\/fr\\\/\",\"logo\":{\"@type\":\"ImageObject\",\"inLanguage\":\"fr-FR\",\"@id\":\"https:\\\/\\\/artistics.com\\\/fr\\\/#\\\/schema\\\/logo\\\/image\\\/\",\"url\":\"https:\\\/\\\/artistics.com\\\/wp-content\\\/uploads\\\/2023\\\/02\\\/artistics-logo-web-1.svg\",\"contentUrl\":\"https:\\\/\\\/artistics.com\\\/wp-content\\\/uploads\\\/2023\\\/02\\\/artistics-logo-web-1.svg\",\"caption\":\"Artistics\"},\"image\":{\"@id\":\"https:\\\/\\\/artistics.com\\\/fr\\\/#\\\/schema\\\/logo\\\/image\\\/\"},\"sameAs\":[\"https:\\\/\\\/www.facebook.com\\\/ArtisticsMag\",\"https:\\\/\\\/x.com\\\/Artistics_FR\",\"http:\\\/\\\/www.linkedin.com\\\/company\\\/artistics\",\"https:\\\/\\\/www.instagram.com\\\/artistics_com\\\/\",\"http:\\\/\\\/www.pinterest.com\\\/ArtisticsMag\"],\"hasMerchantReturnPolicy\":{\"@type\":\"MerchantReturnPolicy\",\"merchantReturnLink\":\"https:\\\/\\\/artistics.com\\\/free-return-policy\\\/\"}}]}<\/script>\n<meta property=\"product:price:amount\" content=\"90000\" \/>\n<meta property=\"product:price:currency\" content=\"EUR\" \/>\n<meta property=\"og:availability\" content=\"out of stock\" \/>\n<meta property=\"product:availability\" content=\"out of stock\" \/>\n<meta property=\"product:retailer_item_id\" content=\"6514\" \/>\n<meta property=\"product:condition\" content=\"new\" \/>\n<!-- \/ Yoast SEO Premium plugin. -->","yoast_head_json":{"title":"Artistics | Persona, ae: acteur, personne par C\u00e9cile Raynal - Sculpture contemporaine","description":"Persona, ae: acteur, personne par C\u00e9cile Raynal - achat d'\u0153uvres d'art contemporain originales sur la galerie d'art en ligne Artistics.","robots":{"index":"index","follow":"follow","max-snippet":"max-snippet:-1","max-image-preview":"max-image-preview:large","max-video-preview":"max-video-preview:-1"},"canonical":"https:\/\/artistics.com\/fr\/oeuvre\/persona-ae-acteur-personne\/","og_locale":"fr_FR","og_type":"article","og_title":"Persona, ae: acteur, personne","og_description":"Persona, ae: acteur, personne par C\u00e9cile Raynal - achat d'\u0153uvres d'art contemporain originales sur la galerie d'art en ligne Artistics.","og_url":"https:\/\/artistics.com\/fr\/oeuvre\/persona-ae-acteur-personne\/","og_site_name":"Artistics","article_publisher":"https:\/\/www.facebook.com\/ArtisticsMag","article_modified_time":"2023-04-21T23:59:09+00:00","og_image":[{"width":1306,"height":971,"url":"https:\/\/artistics.com\/wp-content\/uploads\/2023\/04\/persona-contemporary-portrait-sculpture-by-cecile-raynal_5_4.jpg","type":"image\/jpeg"}],"twitter_card":"summary_large_image","twitter_site":"@Artistics_FR","twitter_misc":{"Prix":"90 000&nbsp;&euro;","Disponibilit\u00e9":"Rupture de stock"},"schema":{"@context":"https:\/\/schema.org","@graph":[{"@type":["WebPage","ItemPage"],"@id":"https:\/\/artistics.com\/fr\/oeuvre\/persona-ae-acteur-personne\/","url":"https:\/\/artistics.com\/fr\/oeuvre\/persona-ae-acteur-personne\/","name":"Artistics | Persona, ae: acteur, personne par C\u00e9cile Raynal - Sculpture contemporaine","isPartOf":{"@id":"https:\/\/artistics.com\/fr\/#website"},"primaryImageOfPage":{"@id":"https:\/\/artistics.com\/fr\/oeuvre\/persona-ae-acteur-personne\/#primaryimage"},"image":{"@id":"https:\/\/artistics.com\/fr\/oeuvre\/persona-ae-acteur-personne\/#primaryimage"},"thumbnailUrl":"https:\/\/artistics.com\/wp-content\/uploads\/2023\/04\/persona-contemporary-portrait-sculpture-by-cecile-raynal_5_4.jpg","datePublished":"2019-09-25T11:32:54+00:00","dateModified":"2023-04-21T23:59:09+00:00","description":"Persona, ae: acteur, personne par C\u00e9cile Raynal - achat d'\u0153uvres d'art contemporain originales sur la galerie d'art en ligne Artistics.","breadcrumb":{"@id":"https:\/\/artistics.com\/fr\/oeuvre\/persona-ae-acteur-personne\/#breadcrumb"},"inLanguage":"fr-FR","potentialAction":[{"@type":"ReadAction","target":["https:\/\/artistics.com\/fr\/oeuvre\/persona-ae-acteur-personne\/"]}]},{"@type":"ImageObject","inLanguage":"fr-FR","@id":"https:\/\/artistics.com\/fr\/oeuvre\/persona-ae-acteur-personne\/#primaryimage","url":"https:\/\/artistics.com\/wp-content\/uploads\/2023\/04\/persona-contemporary-portrait-sculpture-by-cecile-raynal_5_4.jpg","contentUrl":"https:\/\/artistics.com\/wp-content\/uploads\/2023\/04\/persona-contemporary-portrait-sculpture-by-cecile-raynal_5_4.jpg","width":1306,"height":971},{"@type":"BreadcrumbList","@id":"https:\/\/artistics.com\/fr\/oeuvre\/persona-ae-acteur-personne\/#breadcrumb","itemListElement":[{"@type":"ListItem","position":1,"name":"Achat \u0153uvre d'art","item":"https:\/\/artistics.com\/fr\/"},{"@type":"ListItem","position":2,"name":"Galerie","item":"https:\/\/artistics.com\/fr\/galerie\/"},{"@type":"ListItem","position":3,"name":"Sculpture contemporaine","item":"https:\/\/artistics.com\/fr\/categorie-oeuvre\/sculpture-contemporaine\/"},{"@type":"ListItem","position":4,"name":"Persona, ae: acteur, personne"}]},{"@type":"WebSite","@id":"https:\/\/artistics.com\/fr\/#website","url":"https:\/\/artistics.com\/fr\/","name":"Artistics","description":"The online art gallery","publisher":{"@id":"https:\/\/artistics.com\/fr\/#organization"},"potentialAction":[{"@type":"SearchAction","target":{"@type":"EntryPoint","urlTemplate":"https:\/\/artistics.com\/fr\/?s={search_term_string}"},"query-input":{"@type":"PropertyValueSpecification","valueRequired":true,"valueName":"search_term_string"}}],"inLanguage":"fr-FR"},{"@type":"Organization","@id":"https:\/\/artistics.com\/fr\/#organization","name":"Artistics","url":"https:\/\/artistics.com\/fr\/","logo":{"@type":"ImageObject","inLanguage":"fr-FR","@id":"https:\/\/artistics.com\/fr\/#\/schema\/logo\/image\/","url":"https:\/\/artistics.com\/wp-content\/uploads\/2023\/02\/artistics-logo-web-1.svg","contentUrl":"https:\/\/artistics.com\/wp-content\/uploads\/2023\/02\/artistics-logo-web-1.svg","caption":"Artistics"},"image":{"@id":"https:\/\/artistics.com\/fr\/#\/schema\/logo\/image\/"},"sameAs":["https:\/\/www.facebook.com\/ArtisticsMag","https:\/\/x.com\/Artistics_FR","http:\/\/www.linkedin.com\/company\/artistics","https:\/\/www.instagram.com\/artistics_com\/","http:\/\/www.pinterest.com\/ArtisticsMag"],"hasMerchantReturnPolicy":{"@type":"MerchantReturnPolicy","merchantReturnLink":"https:\/\/artistics.com\/free-return-policy\/"}}]},"product_price_amount":"90000","product_price_currency":"EUR","og_availability":"out of stock","product_availability":"out of stock","product_retailer_item_id":"6514","product_condition":"new"},"_links":{"self":[{"href":"https:\/\/artistics.com\/fr\/wp-json\/wp\/v2\/product\/22291","targetHints":{"allow":["GET"]}}],"collection":[{"href":"https:\/\/artistics.com\/fr\/wp-json\/wp\/v2\/product"}],"about":[{"href":"https:\/\/artistics.com\/fr\/wp-json\/wp\/v2\/types\/product"}],"acf:term":[{"embeddable":true,"taxonomy":"series","href":"https:\/\/artistics.com\/fr\/wp-json\/wp\/v2\/series\/2268"},{"embeddable":true,"taxonomy":"product_tag","href":"https:\/\/artistics.com\/fr\/wp-json\/wp\/v2\/product_tag\/368"},{"embeddable":true,"taxonomy":"product_tag","href":"https:\/\/artistics.com\/fr\/wp-json\/wp\/v2\/product_tag\/540"},{"embeddable":true,"taxonomy":"product_tag","href":"https:\/\/artistics.com\/fr\/wp-json\/wp\/v2\/product_tag\/518"},{"embeddable":true,"taxonomy":"product_cat","href":"https:\/\/artistics.com\/fr\/wp-json\/wp\/v2\/product_cat\/238"},{"embeddable":true,"taxonomy":"product_cat","href":"https:\/\/artistics.com\/fr\/wp-json\/wp\/v2\/product_cat\/215"},{"embeddable":true,"taxonomy":"product_cat","href":"https:\/\/artistics.com\/fr\/wp-json\/wp\/v2\/product_cat\/192"},{"embeddable":true,"taxonomy":"product_cat","href":"https:\/\/artistics.com\/fr\/wp-json\/wp\/v2\/product_cat\/196"},{"embeddable":true,"taxonomy":"product_cat","href":"https:\/\/artistics.com\/fr\/wp-json\/wp\/v2\/product_cat\/209"},{"embeddable":true,"taxonomy":"product_cat","href":"https:\/\/artistics.com\/fr\/wp-json\/wp\/v2\/product_cat\/212"},{"embeddable":true,"taxonomy":"product_cat","href":"https:\/\/artistics.com\/fr\/wp-json\/wp\/v2\/product_cat\/213"},{"embeddable":true,"taxonomy":"product_cat","href":"https:\/\/artistics.com\/fr\/wp-json\/wp\/v2\/product_cat\/164"}],"acf:post":[{"embeddable":true,"href":"https:\/\/artistics.com\/fr\/wp-json\/wp\/v2\/artist\/2769"}],"wp:featuredmedia":[{"embeddable":true,"href":"https:\/\/artistics.com\/fr\/wp-json\/wp\/v2\/media\/11545"}],"wp:attachment":[{"href":"https:\/\/artistics.com\/fr\/wp-json\/wp\/v2\/media?parent=22291"}],"wp:term":[{"taxonomy":"product_cat","embeddable":true,"href":"https:\/\/artistics.com\/fr\/wp-json\/wp\/v2\/product_cat?post=22291"},{"taxonomy":"product_tag","embeddable":true,"href":"https:\/\/artistics.com\/fr\/wp-json\/wp\/v2\/product_tag?post=22291"},{"taxonomy":"series","embeddable":true,"href":"https:\/\/artistics.com\/fr\/wp-json\/wp\/v2\/series?post=22291"}],"curies":[{"name":"wp","href":"https:\/\/api.w.org\/{rel}","templated":true}]}}