{"id":21929,"date":"2016-04-05T10:18:09","date_gmt":"2016-04-05T08:18:09","guid":{"rendered":"https:\/\/2022.devartistics.com\/artwork\/figure-allongee-monumentale\/"},"modified":"2024-10-03T11:25:41","modified_gmt":"2024-10-03T09:25:41","slug":"figure-allongee-monumentale","status":"publish","type":"product","link":"https:\/\/artistics.com\/fr\/oeuvre\/figure-allongee-monumentale\/","title":{"rendered":"Figure allong\u00e9e monumentale"},"content":{"rendered":"","protected":false},"excerpt":{"rendered":"","protected":false},"featured_media":8397,"template":"","meta":{"_acf_changed":false,"_searchwp_excluded":"","inline_featured_image":false},"product_cat":[421,164,192,196,208,209,212,215,238],"product_tag":[368],"series":[1985],"class_list":{"0":"post-21929","1":"product","2":"type-product","3":"status-publish","4":"has-post-thumbnail","6":"product_cat-sculpture-dexterieur","7":"product_cat-sculpture-contemporaine","8":"product_cat-art-figuratif","9":"product_cat-portrait-et-figure","10":"product_cat-sculpture-en-bronze","11":"product_cat-sculpture-figurative","12":"product_cat-sculpture-portrait-et-figure","13":"product_cat-grand","14":"product_cat-plus-de-10-000-e","15":"product_tag-sculpture-grand-format","16":"series-pierre-yermia-sculptures-monumentales-fr","18":"first","19":"instock","20":"taxable","21":"shipping-taxable","22":"purchasable","23":"product-type-simple"},"acf":{"artwork_artist":[2757],"artwork_medium":164,"artwork_categories":[212,208,209],"artwork_overall-tones":[],"artwork_main-material":[],"artwork_art-genre":[421,196],"artwork_art-movement":[192],"artwork_miscellaneous":[],"artwork_formats":[215],"artwork_price-ranges":[238],"artwork_main_subject":[],"artwork_technique":[],"artwork_featured_location":[],"artwork_dominant_color":[],"artwork_physical_attributes":[368,368],"artwork_creation_date":"20130101","artwork_unique_piece":false,"artwork_description":"Sculpture en bronze","artwork_signature":"\u0152uvre sign\u00e9e","artwork_authenticity":"L\u2019\u0153uvre est vendue avec un certificat d\u2019authenticit\u00e9 sign\u00e9 par l\u2019artiste.","artwork_framing":"not_specified","artwork_has_custom_framing_info":false,"artwork_custom_framing_info":"Not specified","artwork_location_country":"FR","artwork_location_city":"Charenton le Pont","artwork_location_zipcode":"94220","artwork_shipment_type":"3D_artwork","artwork_shipping_delivery":"sculpture_edition_production_time","artwork_has_custom_shipping_delivery_info":false,"artwork_custom_shipping_delivery_info":"Not specified","artwork_360_view_url":"","artwork_video_url":"","artwork_video_format":[],"artwork_preview_type":"featured_image","artwork_reserved":false,"artwork_hide_price":false,"artwork_about":"<strong><em>Figure allong\u00e9e monumentale<\/em><\/strong> est une sculpture en bronze de l'artiste contemporain fran\u00e7ais Pierre Yermia, repr\u00e9sentant une figure humaine.\r\n\r\nCette sculpture monumentale en bronze repr\u00e9sente une figure f\u00e9minine allong\u00e9e. Cette femme longiligne, semblant pourtant au repos, se trouve dans un \u00e9quilibre assez pr\u00e9caire puisqu\u2019elle se trouve en l\u00e9g\u00e8re l\u00e9vitation, uniquement appuy\u00e9e sur son bras droit. Cette sculpture semble \u00e9voquer la figure de l\u2019Odalisque, sujet r\u00e9current dans l\u2019histoire de l\u2019art.\r\n\r\nHabitu\u00e9 \u00e0 r\u00e9aliser des \u0153uvres d\u2019art monumentales, Pierre Yermia expose r\u00e9guli\u00e8rement cette sculpture, aux c\u00f4t\u00e9s d\u2019autres de ses \u0153uvres de grands formats, en ext\u00e9rieur, \u00e0 l\u2019occasion notamment des biennales de Bois-Guilbert et de Sologne. Cette sculpture a \u00e9galement \u00e9t\u00e9 pr\u00e9sent\u00e9e dans le parc d\u2019un domaine h\u00f4telier dans le Loir-et-Cher qui a d'ailleurs command\u00e9 \u00e0 l\u2019artiste une sculpture monumentale sur-mesure.\r\n\r\n\u0152uvre d\u2019art originale : sculpture sign\u00e9e et num\u00e9rot\u00e9e dans une limite de 8 exemplaires et 4 \u00e9preuves d\u2019artiste.\r\n\r\nPierre Yermia a d\u00e9velopp\u00e9 un vocabulaire personnel qui rend ses figures humaines et animales imm\u00e9diatement reconnaissables. Qu\u2019il s\u2019agisse de personnages isol\u00e9s ou en groupe, debout ou allong\u00e9s, ou bien de taureaux, d\u2019oiseaux ou de f\u00e9lins, l\u2019artiste s\u2019applique toujours \u00e0 \u00e9tirer leurs proportions jusqu\u2019\u00e0 atteindre un point d\u2019\u00e9quilibre fragile mettant la sculpture en tension entre stabilit\u00e9 et l\u00e9g\u00e8ret\u00e9. Le travail de Pierre Yermia, des petits formats jusqu\u2019aux \u0153uvres monumentales, fait l\u2019objet de commandes ambitieuses et il est r\u00e9guli\u00e8rement expos\u00e9 en France et \u00e0 l\u2019\u00e9tranger.\r\n\r\n&nbsp;\r\n\r\n&nbsp;","artwork_series":[1985],"artwork_query_group":"10","artwork_lowest_grid_position":1,"artwork_random_position":6387558,"explicit_sensitive_content":false,"drupal_id":"3534"},"yoast_head":"<!-- This site is optimized with the Yoast SEO Premium plugin v27.3 (Yoast SEO v27.3) - https:\/\/yoast.com\/product\/yoast-seo-premium-wordpress\/ -->\n<title>Artistics | Figure allong\u00e9e monumentale par Pierre Yermia - Sculpture contemporaine<\/title>\n<meta name=\"description\" content=\"Figure allong\u00e9e monumentale par Pierre Yermia - achat d&#039;\u0153uvres d&#039;art contemporain originales sur la galerie d&#039;art en ligne Artistics.\" \/>\n<meta name=\"robots\" content=\"index, follow, max-snippet:-1, max-image-preview:large, max-video-preview:-1\" \/>\n<link rel=\"canonical\" href=\"https:\/\/artistics.com\/fr\/oeuvre\/figure-allongee-monumentale\/\" \/>\n<meta property=\"og:locale\" content=\"fr_FR\" \/>\n<meta property=\"og:type\" content=\"article\" \/>\n<meta property=\"og:title\" content=\"Figure allong\u00e9e monumentale\" \/>\n<meta property=\"og:description\" content=\"Figure allong\u00e9e monumentale par Pierre Yermia - achat d&#039;\u0153uvres d&#039;art contemporain originales sur la galerie d&#039;art en ligne Artistics.\" \/>\n<meta property=\"og:url\" content=\"https:\/\/artistics.com\/fr\/oeuvre\/figure-allongee-monumentale\/\" \/>\n<meta property=\"og:site_name\" content=\"Artistics\" \/>\n<meta property=\"article:publisher\" content=\"https:\/\/www.facebook.com\/ArtisticsMag\" \/>\n<meta property=\"article:modified_time\" content=\"2024-10-03T09:25:41+00:00\" \/>\n<meta property=\"og:image\" content=\"https:\/\/artistics.com\/wp-content\/uploads\/2023\/04\/figure-allongee-monumentale-by-pierre-yermia-scaled.jpg\" \/>\n\t<meta property=\"og:image:width\" content=\"2560\" \/>\n\t<meta property=\"og:image:height\" content=\"1670\" \/>\n\t<meta property=\"og:image:type\" content=\"image\/jpeg\" \/>\n<meta name=\"twitter:card\" content=\"summary_large_image\" \/>\n<meta name=\"twitter:site\" content=\"@Artistics_FR\" \/>\n<meta name=\"twitter:label1\" content=\"Prix\" \/>\n\t<meta name=\"twitter:data1\" content=\"79 000&nbsp;&euro;\" \/>\n\t<meta name=\"twitter:label2\" content=\"Disponibilit\u00e9\" \/>\n\t<meta name=\"twitter:data2\" content=\"En stock\" \/>\n<script type=\"application\/ld+json\" class=\"yoast-schema-graph\">{\"@context\":\"https:\\\/\\\/schema.org\",\"@graph\":[{\"@type\":[\"WebPage\",\"ItemPage\"],\"@id\":\"https:\\\/\\\/artistics.com\\\/fr\\\/oeuvre\\\/figure-allongee-monumentale\\\/\",\"url\":\"https:\\\/\\\/artistics.com\\\/fr\\\/oeuvre\\\/figure-allongee-monumentale\\\/\",\"name\":\"Artistics | Figure allong\u00e9e monumentale par Pierre Yermia - Sculpture contemporaine\",\"isPartOf\":{\"@id\":\"https:\\\/\\\/artistics.com\\\/fr\\\/#website\"},\"primaryImageOfPage\":{\"@id\":\"https:\\\/\\\/artistics.com\\\/fr\\\/oeuvre\\\/figure-allongee-monumentale\\\/#primaryimage\"},\"image\":{\"@id\":\"https:\\\/\\\/artistics.com\\\/fr\\\/oeuvre\\\/figure-allongee-monumentale\\\/#primaryimage\"},\"thumbnailUrl\":\"https:\\\/\\\/artistics.com\\\/wp-content\\\/uploads\\\/2023\\\/04\\\/figure-allongee-monumentale-by-pierre-yermia-scaled.jpg\",\"datePublished\":\"2016-04-05T08:18:09+00:00\",\"dateModified\":\"2024-10-03T09:25:41+00:00\",\"description\":\"Figure allong\u00e9e monumentale par Pierre Yermia - achat d'\u0153uvres d'art contemporain originales sur la galerie d'art en ligne Artistics.\",\"breadcrumb\":{\"@id\":\"https:\\\/\\\/artistics.com\\\/fr\\\/oeuvre\\\/figure-allongee-monumentale\\\/#breadcrumb\"},\"inLanguage\":\"fr-FR\",\"potentialAction\":[{\"@type\":\"ReadAction\",\"target\":[\"https:\\\/\\\/artistics.com\\\/fr\\\/oeuvre\\\/figure-allongee-monumentale\\\/\"]}]},{\"@type\":\"ImageObject\",\"inLanguage\":\"fr-FR\",\"@id\":\"https:\\\/\\\/artistics.com\\\/fr\\\/oeuvre\\\/figure-allongee-monumentale\\\/#primaryimage\",\"url\":\"https:\\\/\\\/artistics.com\\\/wp-content\\\/uploads\\\/2023\\\/04\\\/figure-allongee-monumentale-by-pierre-yermia-scaled.jpg\",\"contentUrl\":\"https:\\\/\\\/artistics.com\\\/wp-content\\\/uploads\\\/2023\\\/04\\\/figure-allongee-monumentale-by-pierre-yermia-scaled.jpg\",\"width\":2560,\"height\":1670},{\"@type\":\"BreadcrumbList\",\"@id\":\"https:\\\/\\\/artistics.com\\\/fr\\\/oeuvre\\\/figure-allongee-monumentale\\\/#breadcrumb\",\"itemListElement\":[{\"@type\":\"ListItem\",\"position\":1,\"name\":\"Achat \u0153uvre d'art\",\"item\":\"https:\\\/\\\/artistics.com\\\/fr\\\/\"},{\"@type\":\"ListItem\",\"position\":2,\"name\":\"Galerie\",\"item\":\"https:\\\/\\\/artistics.com\\\/fr\\\/galerie\\\/\"},{\"@type\":\"ListItem\",\"position\":3,\"name\":\"Sculpture contemporaine\",\"item\":\"https:\\\/\\\/artistics.com\\\/fr\\\/categorie-oeuvre\\\/sculpture-contemporaine\\\/\"},{\"@type\":\"ListItem\",\"position\":4,\"name\":\"Figure allong\u00e9e monumentale\"}]},{\"@type\":\"WebSite\",\"@id\":\"https:\\\/\\\/artistics.com\\\/fr\\\/#website\",\"url\":\"https:\\\/\\\/artistics.com\\\/fr\\\/\",\"name\":\"Artistics\",\"description\":\"The online art gallery\",\"publisher\":{\"@id\":\"https:\\\/\\\/artistics.com\\\/fr\\\/#organization\"},\"potentialAction\":[{\"@type\":\"SearchAction\",\"target\":{\"@type\":\"EntryPoint\",\"urlTemplate\":\"https:\\\/\\\/artistics.com\\\/fr\\\/?s={search_term_string}\"},\"query-input\":{\"@type\":\"PropertyValueSpecification\",\"valueRequired\":true,\"valueName\":\"search_term_string\"}}],\"inLanguage\":\"fr-FR\"},{\"@type\":\"Organization\",\"@id\":\"https:\\\/\\\/artistics.com\\\/fr\\\/#organization\",\"name\":\"Artistics\",\"url\":\"https:\\\/\\\/artistics.com\\\/fr\\\/\",\"logo\":{\"@type\":\"ImageObject\",\"inLanguage\":\"fr-FR\",\"@id\":\"https:\\\/\\\/artistics.com\\\/fr\\\/#\\\/schema\\\/logo\\\/image\\\/\",\"url\":\"https:\\\/\\\/artistics.com\\\/wp-content\\\/uploads\\\/2023\\\/02\\\/artistics-logo-web-1.svg\",\"contentUrl\":\"https:\\\/\\\/artistics.com\\\/wp-content\\\/uploads\\\/2023\\\/02\\\/artistics-logo-web-1.svg\",\"caption\":\"Artistics\"},\"image\":{\"@id\":\"https:\\\/\\\/artistics.com\\\/fr\\\/#\\\/schema\\\/logo\\\/image\\\/\"},\"sameAs\":[\"https:\\\/\\\/www.facebook.com\\\/ArtisticsMag\",\"https:\\\/\\\/x.com\\\/Artistics_FR\",\"http:\\\/\\\/www.linkedin.com\\\/company\\\/artistics\",\"https:\\\/\\\/www.instagram.com\\\/artistics_com\\\/\",\"http:\\\/\\\/www.pinterest.com\\\/ArtisticsMag\"],\"hasMerchantReturnPolicy\":{\"@type\":\"MerchantReturnPolicy\",\"merchantReturnLink\":\"https:\\\/\\\/artistics.com\\\/free-return-policy\\\/\"}}]}<\/script>\n<meta property=\"product:price:amount\" content=\"79000\" \/>\n<meta property=\"product:price:currency\" content=\"EUR\" \/>\n<meta property=\"og:availability\" content=\"instock\" \/>\n<meta property=\"product:availability\" content=\"instock\" \/>\n<meta property=\"product:retailer_item_id\" content=\"3535\" \/>\n<meta property=\"product:condition\" content=\"new\" \/>\n<!-- \/ Yoast SEO Premium plugin. -->","yoast_head_json":{"title":"Artistics | Figure allong\u00e9e monumentale par Pierre Yermia - Sculpture contemporaine","description":"Figure allong\u00e9e monumentale par Pierre Yermia - achat d'\u0153uvres d'art contemporain originales sur la galerie d'art en ligne Artistics.","robots":{"index":"index","follow":"follow","max-snippet":"max-snippet:-1","max-image-preview":"max-image-preview:large","max-video-preview":"max-video-preview:-1"},"canonical":"https:\/\/artistics.com\/fr\/oeuvre\/figure-allongee-monumentale\/","og_locale":"fr_FR","og_type":"article","og_title":"Figure allong\u00e9e monumentale","og_description":"Figure allong\u00e9e monumentale par Pierre Yermia - achat d'\u0153uvres d'art contemporain originales sur la galerie d'art en ligne Artistics.","og_url":"https:\/\/artistics.com\/fr\/oeuvre\/figure-allongee-monumentale\/","og_site_name":"Artistics","article_publisher":"https:\/\/www.facebook.com\/ArtisticsMag","article_modified_time":"2024-10-03T09:25:41+00:00","og_image":[{"width":2560,"height":1670,"url":"https:\/\/artistics.com\/wp-content\/uploads\/2023\/04\/figure-allongee-monumentale-by-pierre-yermia-scaled.jpg","type":"image\/jpeg"}],"twitter_card":"summary_large_image","twitter_site":"@Artistics_FR","twitter_misc":{"Prix":"79 000&nbsp;&euro;","Disponibilit\u00e9":"En stock"},"schema":{"@context":"https:\/\/schema.org","@graph":[{"@type":["WebPage","ItemPage"],"@id":"https:\/\/artistics.com\/fr\/oeuvre\/figure-allongee-monumentale\/","url":"https:\/\/artistics.com\/fr\/oeuvre\/figure-allongee-monumentale\/","name":"Artistics | Figure allong\u00e9e monumentale par Pierre Yermia - Sculpture contemporaine","isPartOf":{"@id":"https:\/\/artistics.com\/fr\/#website"},"primaryImageOfPage":{"@id":"https:\/\/artistics.com\/fr\/oeuvre\/figure-allongee-monumentale\/#primaryimage"},"image":{"@id":"https:\/\/artistics.com\/fr\/oeuvre\/figure-allongee-monumentale\/#primaryimage"},"thumbnailUrl":"https:\/\/artistics.com\/wp-content\/uploads\/2023\/04\/figure-allongee-monumentale-by-pierre-yermia-scaled.jpg","datePublished":"2016-04-05T08:18:09+00:00","dateModified":"2024-10-03T09:25:41+00:00","description":"Figure allong\u00e9e monumentale par Pierre Yermia - achat d'\u0153uvres d'art contemporain originales sur la galerie d'art en ligne Artistics.","breadcrumb":{"@id":"https:\/\/artistics.com\/fr\/oeuvre\/figure-allongee-monumentale\/#breadcrumb"},"inLanguage":"fr-FR","potentialAction":[{"@type":"ReadAction","target":["https:\/\/artistics.com\/fr\/oeuvre\/figure-allongee-monumentale\/"]}]},{"@type":"ImageObject","inLanguage":"fr-FR","@id":"https:\/\/artistics.com\/fr\/oeuvre\/figure-allongee-monumentale\/#primaryimage","url":"https:\/\/artistics.com\/wp-content\/uploads\/2023\/04\/figure-allongee-monumentale-by-pierre-yermia-scaled.jpg","contentUrl":"https:\/\/artistics.com\/wp-content\/uploads\/2023\/04\/figure-allongee-monumentale-by-pierre-yermia-scaled.jpg","width":2560,"height":1670},{"@type":"BreadcrumbList","@id":"https:\/\/artistics.com\/fr\/oeuvre\/figure-allongee-monumentale\/#breadcrumb","itemListElement":[{"@type":"ListItem","position":1,"name":"Achat \u0153uvre d'art","item":"https:\/\/artistics.com\/fr\/"},{"@type":"ListItem","position":2,"name":"Galerie","item":"https:\/\/artistics.com\/fr\/galerie\/"},{"@type":"ListItem","position":3,"name":"Sculpture contemporaine","item":"https:\/\/artistics.com\/fr\/categorie-oeuvre\/sculpture-contemporaine\/"},{"@type":"ListItem","position":4,"name":"Figure allong\u00e9e monumentale"}]},{"@type":"WebSite","@id":"https:\/\/artistics.com\/fr\/#website","url":"https:\/\/artistics.com\/fr\/","name":"Artistics","description":"The online art gallery","publisher":{"@id":"https:\/\/artistics.com\/fr\/#organization"},"potentialAction":[{"@type":"SearchAction","target":{"@type":"EntryPoint","urlTemplate":"https:\/\/artistics.com\/fr\/?s={search_term_string}"},"query-input":{"@type":"PropertyValueSpecification","valueRequired":true,"valueName":"search_term_string"}}],"inLanguage":"fr-FR"},{"@type":"Organization","@id":"https:\/\/artistics.com\/fr\/#organization","name":"Artistics","url":"https:\/\/artistics.com\/fr\/","logo":{"@type":"ImageObject","inLanguage":"fr-FR","@id":"https:\/\/artistics.com\/fr\/#\/schema\/logo\/image\/","url":"https:\/\/artistics.com\/wp-content\/uploads\/2023\/02\/artistics-logo-web-1.svg","contentUrl":"https:\/\/artistics.com\/wp-content\/uploads\/2023\/02\/artistics-logo-web-1.svg","caption":"Artistics"},"image":{"@id":"https:\/\/artistics.com\/fr\/#\/schema\/logo\/image\/"},"sameAs":["https:\/\/www.facebook.com\/ArtisticsMag","https:\/\/x.com\/Artistics_FR","http:\/\/www.linkedin.com\/company\/artistics","https:\/\/www.instagram.com\/artistics_com\/","http:\/\/www.pinterest.com\/ArtisticsMag"],"hasMerchantReturnPolicy":{"@type":"MerchantReturnPolicy","merchantReturnLink":"https:\/\/artistics.com\/free-return-policy\/"}}]},"product_price_amount":"79000","product_price_currency":"EUR","og_availability":"instock","product_availability":"instock","product_retailer_item_id":"3535","product_condition":"new"},"_links":{"self":[{"href":"https:\/\/artistics.com\/fr\/wp-json\/wp\/v2\/product\/21929","targetHints":{"allow":["GET"]}}],"collection":[{"href":"https:\/\/artistics.com\/fr\/wp-json\/wp\/v2\/product"}],"about":[{"href":"https:\/\/artistics.com\/fr\/wp-json\/wp\/v2\/types\/product"}],"acf:term":[{"embeddable":true,"taxonomy":"series","href":"https:\/\/artistics.com\/fr\/wp-json\/wp\/v2\/series\/1985"},{"embeddable":true,"taxonomy":"product_tag","href":"https:\/\/artistics.com\/fr\/wp-json\/wp\/v2\/product_tag\/368"},{"embeddable":true,"taxonomy":"product_cat","href":"https:\/\/artistics.com\/fr\/wp-json\/wp\/v2\/product_cat\/238"},{"embeddable":true,"taxonomy":"product_cat","href":"https:\/\/artistics.com\/fr\/wp-json\/wp\/v2\/product_cat\/215"},{"embeddable":true,"taxonomy":"product_cat","href":"https:\/\/artistics.com\/fr\/wp-json\/wp\/v2\/product_cat\/192"},{"embeddable":true,"taxonomy":"product_cat","href":"https:\/\/artistics.com\/fr\/wp-json\/wp\/v2\/product_cat\/196"},{"embeddable":true,"taxonomy":"product_cat","href":"https:\/\/artistics.com\/fr\/wp-json\/wp\/v2\/product_cat\/421"},{"embeddable":true,"taxonomy":"product_cat","href":"https:\/\/artistics.com\/fr\/wp-json\/wp\/v2\/product_cat\/209"},{"embeddable":true,"taxonomy":"product_cat","href":"https:\/\/artistics.com\/fr\/wp-json\/wp\/v2\/product_cat\/208"},{"embeddable":true,"taxonomy":"product_cat","href":"https:\/\/artistics.com\/fr\/wp-json\/wp\/v2\/product_cat\/212"},{"embeddable":true,"taxonomy":"product_cat","href":"https:\/\/artistics.com\/fr\/wp-json\/wp\/v2\/product_cat\/164"}],"acf:post":[{"embeddable":true,"href":"https:\/\/artistics.com\/fr\/wp-json\/wp\/v2\/artist\/2757"}],"wp:featuredmedia":[{"embeddable":true,"href":"https:\/\/artistics.com\/fr\/wp-json\/wp\/v2\/media\/8397"}],"wp:attachment":[{"href":"https:\/\/artistics.com\/fr\/wp-json\/wp\/v2\/media?parent=21929"}],"wp:term":[{"taxonomy":"product_cat","embeddable":true,"href":"https:\/\/artistics.com\/fr\/wp-json\/wp\/v2\/product_cat?post=21929"},{"taxonomy":"product_tag","embeddable":true,"href":"https:\/\/artistics.com\/fr\/wp-json\/wp\/v2\/product_tag?post=21929"},{"taxonomy":"series","embeddable":true,"href":"https:\/\/artistics.com\/fr\/wp-json\/wp\/v2\/series?post=21929"}],"curies":[{"name":"wp","href":"https:\/\/api.w.org\/{rel}","templated":true}]}}