{"id":21892,"date":"2016-01-15T12:54:33","date_gmt":"2016-01-15T11:54:33","guid":{"rendered":"https:\/\/2022.devartistics.com\/artwork\/vestibule-des-pommes-avec-marc\/"},"modified":"2023-04-22T01:50:25","modified_gmt":"2023-04-21T23:50:25","slug":"vestibule-des-pommes-avec-marc","status":"publish","type":"product","link":"https:\/\/artistics.com\/fr\/oeuvre\/vestibule-des-pommes-avec-marc\/","title":{"rendered":"Vestibule des pommes (avec Marc)"},"content":{"rendered":"","protected":false},"excerpt":{"rendered":"","protected":false},"featured_media":8094,"template":"","meta":{"_acf_changed":false,"_searchwp_excluded":"","inline_featured_image":false},"product_cat":[192,236,216,196,164,209,212,213],"product_tag":[518],"series":[1823],"class_list":["post-21892","product","type-product","status-publish","has-post-thumbnail","product_cat-art-figuratif","product_cat-de-3000-a-10-000-e","product_cat-moyen","product_cat-portrait-et-figure","product_cat-sculpture-contemporaine","product_cat-sculpture-figurative","product_cat-sculpture-portrait-et-figure","product_cat-sculpture-terre-et-ceramique","product_tag-homme","series-cecile-raynal-les-ombres-dalice-fr","first","instock","taxable","shipping-taxable","purchasable","product-type-simple"],"acf":{"artwork_artist":[2769],"artwork_medium":164,"artwork_categories":[213,212,209],"artwork_overall-tones":[],"artwork_main-material":[],"artwork_art-genre":[196],"artwork_art-movement":[192],"artwork_miscellaneous":[],"artwork_formats":[216],"artwork_price-ranges":[236],"artwork_main_subject":[518],"artwork_technique":[],"artwork_featured_location":[],"artwork_dominant_color":[],"artwork_physical_attributes":[],"artwork_creation_date":"20150101","artwork_unique_piece":true,"artwork_description":"Sculpture en gr\u00e8s enfum\u00e9, socle en bois","artwork_signature":"Signed artwork","artwork_authenticity":"The artwork is sold with a certificate of authenticity signed by the artist.","artwork_framing":"not_specified","artwork_has_custom_framing_info":false,"artwork_custom_framing_info":"Not specified","artwork_location_country":"FR","artwork_location_city":"Criquetot-l'Esneval","artwork_location_zipcode":"76 280","artwork_shipment_type":"3D_artwork","artwork_shipping_delivery":"sculpture_unique_piece_immediate_availability","artwork_has_custom_shipping_delivery_info":false,"artwork_custom_shipping_delivery_info":"Not specified","artwork_360_view_url":"https:\/\/embed.imajize.com\/6639605","artwork_video_url":"","artwork_video_format":[],"artwork_preview_type":"featured_image","artwork_reserved":false,"artwork_hide_price":false,"artwork_about":"<p ><em><strong>Vestibule des pommes (avec Marc)<\/strong><\/em> est une sculpture en gr\u00e8s enfum\u00e9 de l\u2019artiste contemporaine fran\u00e7aise C\u00e9cile Raynal.<\/p><p >Cette sculpture est fix\u00e9e sur un socle en bois est aux dimensions de 57 cm \u00d7 30 cm \u00d7 10 cm. La pi\u00e8ce figurative repr\u00e9sente un homme assis sur le bord d\u2019une table, ses mains sont crois\u00e9es \u00e0 hauteur de son torse. Son regard fixe et serein laisse le spectateur pensif.<\/p><p >Cette \u0153uvre fait partie de la collection intitul\u00e9e <em>Les Ombres d\u2019Alice<\/em>, regroupant les pi\u00e8ces oniriques de C\u00e9cile Raynal. L\u2019artiste qui aime \u00e0 s\u2019immerger dans les lieux et dans des univers singuliers afin de donner une voix silencieuse \u00e0 ceux qui les habitent, nous invite \u00e0 la r\u00eaverie.<\/p><p >Avec cette collection, dont <em>Alice au pays des merveilles<\/em> de Lewis Caroll est une r\u00e9f\u00e9rence, le spectateur est entra\u00een\u00e9 dans un monde po\u00e9tique et peupl\u00e9 de cr\u00e9atures \u00e9tonnantes et r\u00eaveuses.<\/p><p >Cette oeuvre est une pi\u00e8ce unique, livr\u00e9e avec certificat d'authenticit\u00e9.\u00a0<\/p><p >Dimensions de la sculpture : H 57 x L 30 x P 28 cm.<\/p><p >La sculpture est vendue avec socle\/table en bois qui n'est pas celui de l'image mais serait cr\u00e9e sur mesure. Dimensions indicatives de la table sur mesure : H 25 x L 50 X P 25 cm\u00a0<\/p>","artwork_series":[1823],"artwork_query_group":"10","artwork_lowest_grid_position":1,"artwork_random_position":9249636,"explicit_sensitive_content":false,"drupal_id":"2641"},"yoast_head":"<!-- This site is optimized with the Yoast SEO Premium plugin v28.3 (Yoast SEO v28.3) - https:\/\/yoast.com\/product\/yoast-seo-premium-wordpress\/ -->\n<title>Artistics | Vestibule des pommes (avec Marc) par C\u00e9cile Raynal - Sculpture contemporaine<\/title>\n<meta name=\"description\" content=\"Vestibule des pommes (avec Marc) par C\u00e9cile Raynal - achat d&#039;\u0153uvres d&#039;art contemporain originales sur la galerie d&#039;art en ligne Artistics.\" \/>\n<meta name=\"robots\" content=\"index, follow, max-snippet:-1, max-image-preview:large, max-video-preview:-1\" \/>\n<link rel=\"canonical\" href=\"https:\/\/artistics.com\/fr\/oeuvre\/vestibule-des-pommes-avec-marc\/\" \/>\n<meta property=\"og:locale\" content=\"fr_FR\" \/>\n<meta property=\"og:type\" content=\"article\" \/>\n<meta property=\"og:title\" content=\"Vestibule des pommes (avec Marc)\" \/>\n<meta property=\"og:description\" content=\"Vestibule des pommes (avec Marc) par C\u00e9cile Raynal - achat d&#039;\u0153uvres d&#039;art contemporain originales sur la galerie d&#039;art en ligne Artistics.\" \/>\n<meta property=\"og:url\" content=\"https:\/\/artistics.com\/fr\/oeuvre\/vestibule-des-pommes-avec-marc\/\" \/>\n<meta property=\"og:site_name\" content=\"Artistics\" \/>\n<meta property=\"article:publisher\" content=\"https:\/\/www.facebook.com\/ArtisticsMag\" \/>\n<meta property=\"article:modified_time\" content=\"2023-04-21T23:50:25+00:00\" \/>\n<meta property=\"og:image\" content=\"https:\/\/artistics.com\/wp-content\/uploads\/2023\/04\/vestibule-des-pommes-avec-marc-by-cecile-raynal.jpg\" \/>\n\t<meta property=\"og:image:width\" content=\"1920\" \/>\n\t<meta property=\"og:image:height\" content=\"1440\" \/>\n\t<meta property=\"og:image:type\" content=\"image\/jpeg\" \/>\n<meta name=\"twitter:card\" content=\"summary_large_image\" \/>\n<meta name=\"twitter:site\" content=\"@Artistics_FR\" \/>\n<meta name=\"twitter:label1\" content=\"Prix\" \/>\n\t<meta name=\"twitter:data1\" content=\"3 900&nbsp;&euro;\" \/>\n\t<meta name=\"twitter:label2\" content=\"Disponibilit\u00e9\" \/>\n\t<meta name=\"twitter:data2\" content=\"En stock\" \/>\n<script type=\"application\/ld+json\" class=\"yoast-schema-graph\">{\"@context\":\"https:\\\/\\\/schema.org\",\"@graph\":[{\"@type\":[\"WebPage\",\"ItemPage\"],\"@id\":\"https:\\\/\\\/artistics.com\\\/fr\\\/oeuvre\\\/vestibule-des-pommes-avec-marc\\\/\",\"url\":\"https:\\\/\\\/artistics.com\\\/fr\\\/oeuvre\\\/vestibule-des-pommes-avec-marc\\\/\",\"name\":\"Artistics | Vestibule des pommes (avec Marc) par C\u00e9cile Raynal - Sculpture contemporaine\",\"isPartOf\":{\"@id\":\"https:\\\/\\\/artistics.com\\\/fr\\\/#website\"},\"primaryImageOfPage\":{\"@id\":\"https:\\\/\\\/artistics.com\\\/fr\\\/oeuvre\\\/vestibule-des-pommes-avec-marc\\\/#primaryimage\"},\"image\":{\"@id\":\"https:\\\/\\\/artistics.com\\\/fr\\\/oeuvre\\\/vestibule-des-pommes-avec-marc\\\/#primaryimage\"},\"thumbnailUrl\":\"https:\\\/\\\/artistics.com\\\/wp-content\\\/uploads\\\/2023\\\/04\\\/vestibule-des-pommes-avec-marc-by-cecile-raynal.jpg\",\"datePublished\":\"2016-01-15T11:54:33+00:00\",\"dateModified\":\"2023-04-21T23:50:25+00:00\",\"description\":\"Vestibule des pommes (avec Marc) par C\u00e9cile Raynal - achat d'\u0153uvres d'art contemporain originales sur la galerie d'art en ligne Artistics.\",\"breadcrumb\":{\"@id\":\"https:\\\/\\\/artistics.com\\\/fr\\\/oeuvre\\\/vestibule-des-pommes-avec-marc\\\/#breadcrumb\"},\"inLanguage\":\"fr-FR\",\"potentialAction\":[{\"@type\":\"ReadAction\",\"target\":[\"https:\\\/\\\/artistics.com\\\/fr\\\/oeuvre\\\/vestibule-des-pommes-avec-marc\\\/\"]}]},{\"@type\":\"ImageObject\",\"inLanguage\":\"fr-FR\",\"@id\":\"https:\\\/\\\/artistics.com\\\/fr\\\/oeuvre\\\/vestibule-des-pommes-avec-marc\\\/#primaryimage\",\"url\":\"https:\\\/\\\/artistics.com\\\/wp-content\\\/uploads\\\/2023\\\/04\\\/vestibule-des-pommes-avec-marc-by-cecile-raynal.jpg\",\"contentUrl\":\"https:\\\/\\\/artistics.com\\\/wp-content\\\/uploads\\\/2023\\\/04\\\/vestibule-des-pommes-avec-marc-by-cecile-raynal.jpg\",\"width\":1920,\"height\":1440},{\"@type\":\"BreadcrumbList\",\"@id\":\"https:\\\/\\\/artistics.com\\\/fr\\\/oeuvre\\\/vestibule-des-pommes-avec-marc\\\/#breadcrumb\",\"itemListElement\":[{\"@type\":\"ListItem\",\"position\":1,\"name\":\"Achat \u0153uvre d'art\",\"item\":\"https:\\\/\\\/artistics.com\\\/fr\\\/\"},{\"@type\":\"ListItem\",\"position\":2,\"name\":\"Galerie\",\"item\":\"https:\\\/\\\/artistics.com\\\/fr\\\/galerie\\\/\"},{\"@type\":\"ListItem\",\"position\":3,\"name\":\"Sculpture contemporaine\",\"item\":\"https:\\\/\\\/artistics.com\\\/fr\\\/categorie-oeuvre\\\/sculpture-contemporaine\\\/\"},{\"@type\":\"ListItem\",\"position\":4,\"name\":\"Vestibule des pommes (avec Marc)\"}]},{\"@type\":\"WebSite\",\"@id\":\"https:\\\/\\\/artistics.com\\\/fr\\\/#website\",\"url\":\"https:\\\/\\\/artistics.com\\\/fr\\\/\",\"name\":\"Artistics\",\"description\":\"Contemporary art gallery\",\"publisher\":{\"@id\":\"https:\\\/\\\/artistics.com\\\/fr\\\/#organization\"},\"potentialAction\":[{\"@type\":\"SearchAction\",\"target\":{\"@type\":\"EntryPoint\",\"urlTemplate\":\"https:\\\/\\\/artistics.com\\\/fr\\\/?s={search_term_string}\"},\"query-input\":{\"@type\":\"PropertyValueSpecification\",\"valueRequired\":true,\"valueName\":\"search_term_string\"}}],\"inLanguage\":\"fr-FR\"},{\"@type\":\"Organization\",\"@id\":\"https:\\\/\\\/artistics.com\\\/fr\\\/#organization\",\"name\":\"Artistics\",\"url\":\"https:\\\/\\\/artistics.com\\\/fr\\\/\",\"logo\":{\"@type\":\"ImageObject\",\"inLanguage\":\"fr-FR\",\"@id\":\"https:\\\/\\\/artistics.com\\\/fr\\\/#\\\/schema\\\/logo\\\/image\\\/\",\"url\":\"https:\\\/\\\/artistics.com\\\/wp-content\\\/uploads\\\/2026\\\/06\\\/artistics-logo-web-2.svg\",\"contentUrl\":\"https:\\\/\\\/artistics.com\\\/wp-content\\\/uploads\\\/2026\\\/06\\\/artistics-logo-web-2.svg\",\"width\":100,\"height\":100,\"caption\":\"Artistics\"},\"image\":{\"@id\":\"https:\\\/\\\/artistics.com\\\/fr\\\/#\\\/schema\\\/logo\\\/image\\\/\"},\"sameAs\":[\"https:\\\/\\\/www.facebook.com\\\/ArtisticsMag\",\"https:\\\/\\\/x.com\\\/Artistics_FR\",\"http:\\\/\\\/www.linkedin.com\\\/company\\\/artistics\",\"https:\\\/\\\/www.instagram.com\\\/artistics_com\\\/\",\"http:\\\/\\\/www.pinterest.com\\\/ArtisticsMag\"],\"hasMerchantReturnPolicy\":{\"@type\":\"MerchantReturnPolicy\",\"merchantReturnLink\":\"https:\\\/\\\/artistics.com\\\/free-return-policy\\\/\"}}]}<\/script>\n<meta property=\"product:price:amount\" content=\"3900\" \/>\n<meta property=\"product:price:currency\" content=\"EUR\" \/>\n<meta property=\"og:availability\" content=\"instock\" \/>\n<meta property=\"product:availability\" content=\"instock\" \/>\n<meta property=\"product:retailer_item_id\" content=\"2642\" \/>\n<meta property=\"product:condition\" content=\"new\" \/>\n<!-- \/ Yoast SEO Premium plugin. -->","yoast_head_json":{"title":"Artistics | Vestibule des pommes (avec Marc) par C\u00e9cile Raynal - Sculpture contemporaine","description":"Vestibule des pommes (avec Marc) par C\u00e9cile Raynal - achat d'\u0153uvres d'art contemporain originales sur la galerie d'art en ligne Artistics.","robots":{"index":"index","follow":"follow","max-snippet":"max-snippet:-1","max-image-preview":"max-image-preview:large","max-video-preview":"max-video-preview:-1"},"canonical":"https:\/\/artistics.com\/fr\/oeuvre\/vestibule-des-pommes-avec-marc\/","og_locale":"fr_FR","og_type":"article","og_title":"Vestibule des pommes (avec Marc)","og_description":"Vestibule des pommes (avec Marc) par C\u00e9cile Raynal - achat d'\u0153uvres d'art contemporain originales sur la galerie d'art en ligne Artistics.","og_url":"https:\/\/artistics.com\/fr\/oeuvre\/vestibule-des-pommes-avec-marc\/","og_site_name":"Artistics","article_publisher":"https:\/\/www.facebook.com\/ArtisticsMag","article_modified_time":"2023-04-21T23:50:25+00:00","og_image":[{"width":1920,"height":1440,"url":"https:\/\/artistics.com\/wp-content\/uploads\/2023\/04\/vestibule-des-pommes-avec-marc-by-cecile-raynal.jpg","type":"image\/jpeg"}],"twitter_card":"summary_large_image","twitter_site":"@Artistics_FR","twitter_misc":{"Prix":"3 900&nbsp;&euro;","Disponibilit\u00e9":"En stock"},"schema":{"@context":"https:\/\/schema.org","@graph":[{"@type":["WebPage","ItemPage"],"@id":"https:\/\/artistics.com\/fr\/oeuvre\/vestibule-des-pommes-avec-marc\/","url":"https:\/\/artistics.com\/fr\/oeuvre\/vestibule-des-pommes-avec-marc\/","name":"Artistics | Vestibule des pommes (avec Marc) par C\u00e9cile Raynal - Sculpture contemporaine","isPartOf":{"@id":"https:\/\/artistics.com\/fr\/#website"},"primaryImageOfPage":{"@id":"https:\/\/artistics.com\/fr\/oeuvre\/vestibule-des-pommes-avec-marc\/#primaryimage"},"image":{"@id":"https:\/\/artistics.com\/fr\/oeuvre\/vestibule-des-pommes-avec-marc\/#primaryimage"},"thumbnailUrl":"https:\/\/artistics.com\/wp-content\/uploads\/2023\/04\/vestibule-des-pommes-avec-marc-by-cecile-raynal.jpg","datePublished":"2016-01-15T11:54:33+00:00","dateModified":"2023-04-21T23:50:25+00:00","description":"Vestibule des pommes (avec Marc) par C\u00e9cile Raynal - achat d'\u0153uvres d'art contemporain originales sur la galerie d'art en ligne Artistics.","breadcrumb":{"@id":"https:\/\/artistics.com\/fr\/oeuvre\/vestibule-des-pommes-avec-marc\/#breadcrumb"},"inLanguage":"fr-FR","potentialAction":[{"@type":"ReadAction","target":["https:\/\/artistics.com\/fr\/oeuvre\/vestibule-des-pommes-avec-marc\/"]}]},{"@type":"ImageObject","inLanguage":"fr-FR","@id":"https:\/\/artistics.com\/fr\/oeuvre\/vestibule-des-pommes-avec-marc\/#primaryimage","url":"https:\/\/artistics.com\/wp-content\/uploads\/2023\/04\/vestibule-des-pommes-avec-marc-by-cecile-raynal.jpg","contentUrl":"https:\/\/artistics.com\/wp-content\/uploads\/2023\/04\/vestibule-des-pommes-avec-marc-by-cecile-raynal.jpg","width":1920,"height":1440},{"@type":"BreadcrumbList","@id":"https:\/\/artistics.com\/fr\/oeuvre\/vestibule-des-pommes-avec-marc\/#breadcrumb","itemListElement":[{"@type":"ListItem","position":1,"name":"Achat \u0153uvre d'art","item":"https:\/\/artistics.com\/fr\/"},{"@type":"ListItem","position":2,"name":"Galerie","item":"https:\/\/artistics.com\/fr\/galerie\/"},{"@type":"ListItem","position":3,"name":"Sculpture contemporaine","item":"https:\/\/artistics.com\/fr\/categorie-oeuvre\/sculpture-contemporaine\/"},{"@type":"ListItem","position":4,"name":"Vestibule des pommes (avec Marc)"}]},{"@type":"WebSite","@id":"https:\/\/artistics.com\/fr\/#website","url":"https:\/\/artistics.com\/fr\/","name":"Artistics","description":"Contemporary art gallery","publisher":{"@id":"https:\/\/artistics.com\/fr\/#organization"},"potentialAction":[{"@type":"SearchAction","target":{"@type":"EntryPoint","urlTemplate":"https:\/\/artistics.com\/fr\/?s={search_term_string}"},"query-input":{"@type":"PropertyValueSpecification","valueRequired":true,"valueName":"search_term_string"}}],"inLanguage":"fr-FR"},{"@type":"Organization","@id":"https:\/\/artistics.com\/fr\/#organization","name":"Artistics","url":"https:\/\/artistics.com\/fr\/","logo":{"@type":"ImageObject","inLanguage":"fr-FR","@id":"https:\/\/artistics.com\/fr\/#\/schema\/logo\/image\/","url":"https:\/\/artistics.com\/wp-content\/uploads\/2026\/06\/artistics-logo-web-2.svg","contentUrl":"https:\/\/artistics.com\/wp-content\/uploads\/2026\/06\/artistics-logo-web-2.svg","width":100,"height":100,"caption":"Artistics"},"image":{"@id":"https:\/\/artistics.com\/fr\/#\/schema\/logo\/image\/"},"sameAs":["https:\/\/www.facebook.com\/ArtisticsMag","https:\/\/x.com\/Artistics_FR","http:\/\/www.linkedin.com\/company\/artistics","https:\/\/www.instagram.com\/artistics_com\/","http:\/\/www.pinterest.com\/ArtisticsMag"],"hasMerchantReturnPolicy":{"@type":"MerchantReturnPolicy","merchantReturnLink":"https:\/\/artistics.com\/free-return-policy\/"}}]},"product_price_amount":"3900","product_price_currency":"EUR","og_availability":"instock","product_availability":"instock","product_retailer_item_id":"2642","product_condition":"new"},"_links":{"self":[{"href":"https:\/\/artistics.com\/fr\/wp-json\/wp\/v2\/product\/21892","targetHints":{"allow":["GET"]}}],"collection":[{"href":"https:\/\/artistics.com\/fr\/wp-json\/wp\/v2\/product"}],"about":[{"href":"https:\/\/artistics.com\/fr\/wp-json\/wp\/v2\/types\/product"}],"acf:term":[{"embeddable":true,"taxonomy":"series","href":"https:\/\/artistics.com\/fr\/wp-json\/wp\/v2\/series\/1823"},{"embeddable":true,"taxonomy":"product_tag","href":"https:\/\/artistics.com\/fr\/wp-json\/wp\/v2\/product_tag\/518"},{"embeddable":true,"taxonomy":"product_cat","href":"https:\/\/artistics.com\/fr\/wp-json\/wp\/v2\/product_cat\/236"},{"embeddable":true,"taxonomy":"product_cat","href":"https:\/\/artistics.com\/fr\/wp-json\/wp\/v2\/product_cat\/216"},{"embeddable":true,"taxonomy":"product_cat","href":"https:\/\/artistics.com\/fr\/wp-json\/wp\/v2\/product_cat\/192"},{"embeddable":true,"taxonomy":"product_cat","href":"https:\/\/artistics.com\/fr\/wp-json\/wp\/v2\/product_cat\/196"},{"embeddable":true,"taxonomy":"product_cat","href":"https:\/\/artistics.com\/fr\/wp-json\/wp\/v2\/product_cat\/209"},{"embeddable":true,"taxonomy":"product_cat","href":"https:\/\/artistics.com\/fr\/wp-json\/wp\/v2\/product_cat\/212"},{"embeddable":true,"taxonomy":"product_cat","href":"https:\/\/artistics.com\/fr\/wp-json\/wp\/v2\/product_cat\/213"},{"embeddable":true,"taxonomy":"product_cat","href":"https:\/\/artistics.com\/fr\/wp-json\/wp\/v2\/product_cat\/164"}],"acf:post":[{"embeddable":true,"href":"https:\/\/artistics.com\/fr\/wp-json\/wp\/v2\/artist\/2769"}],"wp:featuredmedia":[{"embeddable":true,"href":"https:\/\/artistics.com\/fr\/wp-json\/wp\/v2\/media\/8094"}],"wp:attachment":[{"href":"https:\/\/artistics.com\/fr\/wp-json\/wp\/v2\/media?parent=21892"}],"wp:term":[{"taxonomy":"product_cat","embeddable":true,"href":"https:\/\/artistics.com\/fr\/wp-json\/wp\/v2\/product_cat?post=21892"},{"taxonomy":"product_tag","embeddable":true,"href":"https:\/\/artistics.com\/fr\/wp-json\/wp\/v2\/product_tag?post=21892"},{"taxonomy":"series","embeddable":true,"href":"https:\/\/artistics.com\/fr\/wp-json\/wp\/v2\/series?post=21892"}],"curies":[{"name":"wp","href":"https:\/\/api.w.org\/{rel}","templated":true}]}}