{"id":21767,"date":"2014-09-17T12:12:06","date_gmt":"2014-09-17T10:12:06","guid":{"rendered":"https:\/\/2022.devartistics.com\/artwork\/sans-titre-i-3\/"},"modified":"2023-11-29T13:07:07","modified_gmt":"2023-11-29T12:07:07","slug":"sans-titre-i-3","status":"publish","type":"product","link":"https:\/\/artistics.com\/fr\/oeuvre\/sans-titre-i-3\/","title":{"rendered":"Sans Titre I"},"content":{"rendered":"","protected":false},"excerpt":{"rendered":"","protected":false},"featured_media":7019,"template":"","meta":{"_acf_changed":false,"_searchwp_excluded":"","inline_featured_image":false},"product_cat":[2486,162,170,172,192,194,215,235],"product_tag":[504,354,546],"series":[2011],"class_list":{"0":"post-21767","1":"product","2":"type-product","3":"status-publish","4":"has-post-thumbnail","6":"product_cat-art-realiste","7":"product_cat-peinture-contemporaine","8":"product_cat-peinture-figurative","9":"product_cat-tableau-nature-et-paysage","10":"product_cat-art-figuratif","11":"product_cat-nature-et-paysage","12":"product_cat-grand","13":"product_cat-de-1000-a-3000-e","14":"product_tag-arbre","15":"product_tag-tableau-grand-format","16":"product_tag-tempera-fr","17":"series-valerie-de-sarrieu-ramures-fr","19":"first","20":"instock","21":"shipping-taxable","22":"purchasable","23":"product-type-simple"},"acf":{"artwork_artist":2772,"artwork_medium":162,"artwork_categories":[170,172],"artwork_overall-tones":[],"artwork_main-material":[],"artwork_art-genre":[194,2486],"artwork_art-movement":[192],"artwork_miscellaneous":[],"artwork_formats":[215],"artwork_price-ranges":[235],"artwork_main_subject":[504],"artwork_technique":[546],"artwork_featured_location":[],"artwork_dominant_color":[],"artwork_physical_attributes":[354,354],"artwork_creation_date":"20090101","artwork_unique_piece":true,"artwork_description":"Tempera et huile sur toile. ","artwork_signature":"\u0152uvre sign\u00e9e","artwork_authenticity":"L\u2019\u0153uvre est vendue avec un certificat d\u2019authenticit\u00e9 sign\u00e9 par l\u2019artiste.","artwork_framing":"unframed","artwork_has_custom_framing_info":false,"artwork_custom_framing_info":"Not specified","artwork_location_country":"FR","artwork_location_city":"toulouse","artwork_location_zipcode":"31500","artwork_shipment_type":"2D_flat_artwork","artwork_shipping_delivery":"painting_immediate_availability","artwork_has_custom_shipping_delivery_info":false,"artwork_custom_shipping_delivery_info":"Not specified","artwork_360_view_url":"","artwork_video_url":"","artwork_video_format":[],"artwork_preview_type":"featured_image","artwork_reserved":false,"artwork_hide_price":false,"artwork_about":"<p ><em><strong>Sans Titre I<\/strong><\/em> est une oeuvre de l\u2019artiste fran\u00e7aise Val\u00e9rie de Sarrieu. Cette peinture \u00e0 la tempera et \u00e0 l\u2019huile appartient \u00e0 la s\u00e9rie Ramures, dans laquelle l\u2019artiste nous invite \u00e0 lever le regard pour observer la d\u00e9licate dentelle que les cimes des arbres dessinent dans le ciel en toute saisons.\u00a0<\/p><p >En fine observatrice de la nature, qu\u2019elle peint souvent sur le motif, Val\u00e9rie de Sarrieu restitue avec une \u00e9gale justesse la silhouette d\u00e9chirante d\u2019arbres d\u00e9nud\u00e9s sous un triste ciel d\u2019hiver, et la valse l\u00e9g\u00e8re des feuilles de saules en automne. Avec ses subtiles variations de couleurs et d\u2019atmosph\u00e8res, cette s\u00e9rie de toiles tr\u00e8s graphiques souligne la r\u00e9sonance que chacun peut trouver entre les visages changeants de la nature et nos propres paysages int\u00e9rieurs.<\/p><p >Cette oeuvre est sign\u00e9e, vendue non encadr\u00e9e.<span ><br \/><\/span><\/p>","artwork_series":[2011],"artwork_query_group":"40","artwork_lowest_grid_position":1,"artwork_random_position":517012,"explicit_sensitive_content":false,"drupal_id":"1585"},"yoast_head":"<!-- This site is optimized with the Yoast SEO Premium plugin v27.3 (Yoast SEO v27.3) - https:\/\/yoast.com\/product\/yoast-seo-premium-wordpress\/ -->\n<title>Artistics | Sans Titre I par Val\u00e9rie de Sarrieu - Peinture contemporaine<\/title>\n<meta name=\"description\" content=\"Sans Titre I par Val\u00e9rie de Sarrieu - achat d&#039;\u0153uvres d&#039;art contemporain originales sur la galerie d&#039;art en ligne Artistics.\" \/>\n<meta name=\"robots\" content=\"index, follow, max-snippet:-1, max-image-preview:large, max-video-preview:-1\" \/>\n<link rel=\"canonical\" href=\"https:\/\/artistics.com\/fr\/oeuvre\/sans-titre-i-3\/\" \/>\n<meta property=\"og:locale\" content=\"fr_FR\" \/>\n<meta property=\"og:type\" content=\"article\" \/>\n<meta property=\"og:title\" content=\"Sans Titre I\" \/>\n<meta property=\"og:description\" content=\"Sans Titre I par Val\u00e9rie de Sarrieu - achat d&#039;\u0153uvres d&#039;art contemporain originales sur la galerie d&#039;art en ligne Artistics.\" \/>\n<meta property=\"og:url\" content=\"https:\/\/artistics.com\/fr\/oeuvre\/sans-titre-i-3\/\" \/>\n<meta property=\"og:site_name\" content=\"Artistics\" \/>\n<meta property=\"article:publisher\" content=\"https:\/\/www.facebook.com\/ArtisticsMag\" \/>\n<meta property=\"article:modified_time\" content=\"2023-11-29T12:07:07+00:00\" \/>\n<meta property=\"og:image\" content=\"https:\/\/artistics.com\/wp-content\/uploads\/2023\/04\/sans-titre-i-by-valerie-de-sarrieu-scaled.jpg\" \/>\n\t<meta property=\"og:image:width\" content=\"2560\" \/>\n\t<meta property=\"og:image:height\" content=\"2037\" \/>\n\t<meta property=\"og:image:type\" content=\"image\/jpeg\" \/>\n<meta name=\"twitter:card\" content=\"summary_large_image\" \/>\n<meta name=\"twitter:site\" content=\"@Artistics_FR\" \/>\n<meta name=\"twitter:label1\" content=\"Prix\" \/>\n\t<meta name=\"twitter:data1\" content=\"2 800&nbsp;&euro;\" \/>\n\t<meta name=\"twitter:label2\" content=\"Disponibilit\u00e9\" \/>\n\t<meta name=\"twitter:data2\" content=\"En stock\" \/>\n<script type=\"application\/ld+json\" class=\"yoast-schema-graph\">{\"@context\":\"https:\\\/\\\/schema.org\",\"@graph\":[{\"@type\":[\"WebPage\",\"ItemPage\"],\"@id\":\"https:\\\/\\\/artistics.com\\\/fr\\\/oeuvre\\\/sans-titre-i-3\\\/\",\"url\":\"https:\\\/\\\/artistics.com\\\/fr\\\/oeuvre\\\/sans-titre-i-3\\\/\",\"name\":\"Artistics | Sans Titre I par Val\u00e9rie de Sarrieu - Peinture contemporaine\",\"isPartOf\":{\"@id\":\"https:\\\/\\\/artistics.com\\\/fr\\\/#website\"},\"primaryImageOfPage\":{\"@id\":\"https:\\\/\\\/artistics.com\\\/fr\\\/oeuvre\\\/sans-titre-i-3\\\/#primaryimage\"},\"image\":{\"@id\":\"https:\\\/\\\/artistics.com\\\/fr\\\/oeuvre\\\/sans-titre-i-3\\\/#primaryimage\"},\"thumbnailUrl\":\"https:\\\/\\\/artistics.com\\\/wp-content\\\/uploads\\\/2023\\\/04\\\/sans-titre-i-by-valerie-de-sarrieu-scaled.jpg\",\"datePublished\":\"2014-09-17T10:12:06+00:00\",\"dateModified\":\"2023-11-29T12:07:07+00:00\",\"description\":\"Sans Titre I par Val\u00e9rie de Sarrieu - achat d'\u0153uvres d'art contemporain originales sur la galerie d'art en ligne Artistics.\",\"breadcrumb\":{\"@id\":\"https:\\\/\\\/artistics.com\\\/fr\\\/oeuvre\\\/sans-titre-i-3\\\/#breadcrumb\"},\"inLanguage\":\"fr-FR\",\"potentialAction\":[{\"@type\":\"ReadAction\",\"target\":[\"https:\\\/\\\/artistics.com\\\/fr\\\/oeuvre\\\/sans-titre-i-3\\\/\"]}]},{\"@type\":\"ImageObject\",\"inLanguage\":\"fr-FR\",\"@id\":\"https:\\\/\\\/artistics.com\\\/fr\\\/oeuvre\\\/sans-titre-i-3\\\/#primaryimage\",\"url\":\"https:\\\/\\\/artistics.com\\\/wp-content\\\/uploads\\\/2023\\\/04\\\/sans-titre-i-by-valerie-de-sarrieu-scaled.jpg\",\"contentUrl\":\"https:\\\/\\\/artistics.com\\\/wp-content\\\/uploads\\\/2023\\\/04\\\/sans-titre-i-by-valerie-de-sarrieu-scaled.jpg\",\"width\":2560,\"height\":2037},{\"@type\":\"BreadcrumbList\",\"@id\":\"https:\\\/\\\/artistics.com\\\/fr\\\/oeuvre\\\/sans-titre-i-3\\\/#breadcrumb\",\"itemListElement\":[{\"@type\":\"ListItem\",\"position\":1,\"name\":\"Achat \u0153uvre d'art\",\"item\":\"https:\\\/\\\/artistics.com\\\/fr\\\/\"},{\"@type\":\"ListItem\",\"position\":2,\"name\":\"Galerie\",\"item\":\"https:\\\/\\\/artistics.com\\\/fr\\\/galerie\\\/\"},{\"@type\":\"ListItem\",\"position\":3,\"name\":\"Peinture contemporaine\",\"item\":\"https:\\\/\\\/artistics.com\\\/fr\\\/categorie-oeuvre\\\/peinture-contemporaine\\\/\"},{\"@type\":\"ListItem\",\"position\":4,\"name\":\"Sans Titre I\"}]},{\"@type\":\"WebSite\",\"@id\":\"https:\\\/\\\/artistics.com\\\/fr\\\/#website\",\"url\":\"https:\\\/\\\/artistics.com\\\/fr\\\/\",\"name\":\"Artistics\",\"description\":\"The online art gallery\",\"publisher\":{\"@id\":\"https:\\\/\\\/artistics.com\\\/fr\\\/#organization\"},\"potentialAction\":[{\"@type\":\"SearchAction\",\"target\":{\"@type\":\"EntryPoint\",\"urlTemplate\":\"https:\\\/\\\/artistics.com\\\/fr\\\/?s={search_term_string}\"},\"query-input\":{\"@type\":\"PropertyValueSpecification\",\"valueRequired\":true,\"valueName\":\"search_term_string\"}}],\"inLanguage\":\"fr-FR\"},{\"@type\":\"Organization\",\"@id\":\"https:\\\/\\\/artistics.com\\\/fr\\\/#organization\",\"name\":\"Artistics\",\"url\":\"https:\\\/\\\/artistics.com\\\/fr\\\/\",\"logo\":{\"@type\":\"ImageObject\",\"inLanguage\":\"fr-FR\",\"@id\":\"https:\\\/\\\/artistics.com\\\/fr\\\/#\\\/schema\\\/logo\\\/image\\\/\",\"url\":\"https:\\\/\\\/artistics.com\\\/wp-content\\\/uploads\\\/2023\\\/02\\\/artistics-logo-web-1.svg\",\"contentUrl\":\"https:\\\/\\\/artistics.com\\\/wp-content\\\/uploads\\\/2023\\\/02\\\/artistics-logo-web-1.svg\",\"caption\":\"Artistics\"},\"image\":{\"@id\":\"https:\\\/\\\/artistics.com\\\/fr\\\/#\\\/schema\\\/logo\\\/image\\\/\"},\"sameAs\":[\"https:\\\/\\\/www.facebook.com\\\/ArtisticsMag\",\"https:\\\/\\\/x.com\\\/Artistics_FR\",\"http:\\\/\\\/www.linkedin.com\\\/company\\\/artistics\",\"https:\\\/\\\/www.instagram.com\\\/artistics_com\\\/\",\"http:\\\/\\\/www.pinterest.com\\\/ArtisticsMag\"],\"hasMerchantReturnPolicy\":{\"@type\":\"MerchantReturnPolicy\",\"merchantReturnLink\":\"https:\\\/\\\/artistics.com\\\/free-return-policy\\\/\"}}]}<\/script>\n<meta property=\"product:price:amount\" content=\"2800\" \/>\n<meta property=\"product:price:currency\" content=\"EUR\" \/>\n<meta property=\"og:availability\" content=\"instock\" \/>\n<meta property=\"product:availability\" content=\"instock\" \/>\n<meta property=\"product:retailer_item_id\" content=\"1586\" \/>\n<meta property=\"product:condition\" content=\"new\" \/>\n<!-- \/ Yoast SEO Premium plugin. -->","yoast_head_json":{"title":"Artistics | Sans Titre I par Val\u00e9rie de Sarrieu - Peinture contemporaine","description":"Sans Titre I par Val\u00e9rie de Sarrieu - achat d'\u0153uvres d'art contemporain originales sur la galerie d'art en ligne Artistics.","robots":{"index":"index","follow":"follow","max-snippet":"max-snippet:-1","max-image-preview":"max-image-preview:large","max-video-preview":"max-video-preview:-1"},"canonical":"https:\/\/artistics.com\/fr\/oeuvre\/sans-titre-i-3\/","og_locale":"fr_FR","og_type":"article","og_title":"Sans Titre I","og_description":"Sans Titre I par Val\u00e9rie de Sarrieu - achat d'\u0153uvres d'art contemporain originales sur la galerie d'art en ligne Artistics.","og_url":"https:\/\/artistics.com\/fr\/oeuvre\/sans-titre-i-3\/","og_site_name":"Artistics","article_publisher":"https:\/\/www.facebook.com\/ArtisticsMag","article_modified_time":"2023-11-29T12:07:07+00:00","og_image":[{"width":2560,"height":2037,"url":"https:\/\/artistics.com\/wp-content\/uploads\/2023\/04\/sans-titre-i-by-valerie-de-sarrieu-scaled.jpg","type":"image\/jpeg"}],"twitter_card":"summary_large_image","twitter_site":"@Artistics_FR","twitter_misc":{"Prix":"2 800&nbsp;&euro;","Disponibilit\u00e9":"En stock"},"schema":{"@context":"https:\/\/schema.org","@graph":[{"@type":["WebPage","ItemPage"],"@id":"https:\/\/artistics.com\/fr\/oeuvre\/sans-titre-i-3\/","url":"https:\/\/artistics.com\/fr\/oeuvre\/sans-titre-i-3\/","name":"Artistics | Sans Titre I par Val\u00e9rie de Sarrieu - Peinture contemporaine","isPartOf":{"@id":"https:\/\/artistics.com\/fr\/#website"},"primaryImageOfPage":{"@id":"https:\/\/artistics.com\/fr\/oeuvre\/sans-titre-i-3\/#primaryimage"},"image":{"@id":"https:\/\/artistics.com\/fr\/oeuvre\/sans-titre-i-3\/#primaryimage"},"thumbnailUrl":"https:\/\/artistics.com\/wp-content\/uploads\/2023\/04\/sans-titre-i-by-valerie-de-sarrieu-scaled.jpg","datePublished":"2014-09-17T10:12:06+00:00","dateModified":"2023-11-29T12:07:07+00:00","description":"Sans Titre I par Val\u00e9rie de Sarrieu - achat d'\u0153uvres d'art contemporain originales sur la galerie d'art en ligne Artistics.","breadcrumb":{"@id":"https:\/\/artistics.com\/fr\/oeuvre\/sans-titre-i-3\/#breadcrumb"},"inLanguage":"fr-FR","potentialAction":[{"@type":"ReadAction","target":["https:\/\/artistics.com\/fr\/oeuvre\/sans-titre-i-3\/"]}]},{"@type":"ImageObject","inLanguage":"fr-FR","@id":"https:\/\/artistics.com\/fr\/oeuvre\/sans-titre-i-3\/#primaryimage","url":"https:\/\/artistics.com\/wp-content\/uploads\/2023\/04\/sans-titre-i-by-valerie-de-sarrieu-scaled.jpg","contentUrl":"https:\/\/artistics.com\/wp-content\/uploads\/2023\/04\/sans-titre-i-by-valerie-de-sarrieu-scaled.jpg","width":2560,"height":2037},{"@type":"BreadcrumbList","@id":"https:\/\/artistics.com\/fr\/oeuvre\/sans-titre-i-3\/#breadcrumb","itemListElement":[{"@type":"ListItem","position":1,"name":"Achat \u0153uvre d'art","item":"https:\/\/artistics.com\/fr\/"},{"@type":"ListItem","position":2,"name":"Galerie","item":"https:\/\/artistics.com\/fr\/galerie\/"},{"@type":"ListItem","position":3,"name":"Peinture contemporaine","item":"https:\/\/artistics.com\/fr\/categorie-oeuvre\/peinture-contemporaine\/"},{"@type":"ListItem","position":4,"name":"Sans Titre I"}]},{"@type":"WebSite","@id":"https:\/\/artistics.com\/fr\/#website","url":"https:\/\/artistics.com\/fr\/","name":"Artistics","description":"The online art gallery","publisher":{"@id":"https:\/\/artistics.com\/fr\/#organization"},"potentialAction":[{"@type":"SearchAction","target":{"@type":"EntryPoint","urlTemplate":"https:\/\/artistics.com\/fr\/?s={search_term_string}"},"query-input":{"@type":"PropertyValueSpecification","valueRequired":true,"valueName":"search_term_string"}}],"inLanguage":"fr-FR"},{"@type":"Organization","@id":"https:\/\/artistics.com\/fr\/#organization","name":"Artistics","url":"https:\/\/artistics.com\/fr\/","logo":{"@type":"ImageObject","inLanguage":"fr-FR","@id":"https:\/\/artistics.com\/fr\/#\/schema\/logo\/image\/","url":"https:\/\/artistics.com\/wp-content\/uploads\/2023\/02\/artistics-logo-web-1.svg","contentUrl":"https:\/\/artistics.com\/wp-content\/uploads\/2023\/02\/artistics-logo-web-1.svg","caption":"Artistics"},"image":{"@id":"https:\/\/artistics.com\/fr\/#\/schema\/logo\/image\/"},"sameAs":["https:\/\/www.facebook.com\/ArtisticsMag","https:\/\/x.com\/Artistics_FR","http:\/\/www.linkedin.com\/company\/artistics","https:\/\/www.instagram.com\/artistics_com\/","http:\/\/www.pinterest.com\/ArtisticsMag"],"hasMerchantReturnPolicy":{"@type":"MerchantReturnPolicy","merchantReturnLink":"https:\/\/artistics.com\/free-return-policy\/"}}]},"product_price_amount":"2800","product_price_currency":"EUR","og_availability":"instock","product_availability":"instock","product_retailer_item_id":"1586","product_condition":"new"},"_links":{"self":[{"href":"https:\/\/artistics.com\/fr\/wp-json\/wp\/v2\/product\/21767","targetHints":{"allow":["GET"]}}],"collection":[{"href":"https:\/\/artistics.com\/fr\/wp-json\/wp\/v2\/product"}],"about":[{"href":"https:\/\/artistics.com\/fr\/wp-json\/wp\/v2\/types\/product"}],"acf:term":[{"embeddable":true,"taxonomy":"series","href":"https:\/\/artistics.com\/fr\/wp-json\/wp\/v2\/series\/2011"},{"embeddable":true,"taxonomy":"product_tag","href":"https:\/\/artistics.com\/fr\/wp-json\/wp\/v2\/product_tag\/354"},{"embeddable":true,"taxonomy":"product_tag","href":"https:\/\/artistics.com\/fr\/wp-json\/wp\/v2\/product_tag\/546"},{"embeddable":true,"taxonomy":"product_tag","href":"https:\/\/artistics.com\/fr\/wp-json\/wp\/v2\/product_tag\/504"},{"embeddable":true,"taxonomy":"product_cat","href":"https:\/\/artistics.com\/fr\/wp-json\/wp\/v2\/product_cat\/235"},{"embeddable":true,"taxonomy":"product_cat","href":"https:\/\/artistics.com\/fr\/wp-json\/wp\/v2\/product_cat\/215"},{"embeddable":true,"taxonomy":"product_cat","href":"https:\/\/artistics.com\/fr\/wp-json\/wp\/v2\/product_cat\/192"},{"embeddable":true,"taxonomy":"product_cat","href":"https:\/\/artistics.com\/fr\/wp-json\/wp\/v2\/product_cat\/2486"},{"embeddable":true,"taxonomy":"product_cat","href":"https:\/\/artistics.com\/fr\/wp-json\/wp\/v2\/product_cat\/194"},{"embeddable":true,"taxonomy":"product_cat","href":"https:\/\/artistics.com\/fr\/wp-json\/wp\/v2\/product_cat\/172"},{"embeddable":true,"taxonomy":"product_cat","href":"https:\/\/artistics.com\/fr\/wp-json\/wp\/v2\/product_cat\/170"},{"embeddable":true,"taxonomy":"product_cat","href":"https:\/\/artistics.com\/fr\/wp-json\/wp\/v2\/product_cat\/162"}],"acf:post":[{"embeddable":true,"href":"https:\/\/artistics.com\/fr\/wp-json\/wp\/v2\/artist\/2772"}],"wp:featuredmedia":[{"embeddable":true,"href":"https:\/\/artistics.com\/fr\/wp-json\/wp\/v2\/media\/7019"}],"wp:attachment":[{"href":"https:\/\/artistics.com\/fr\/wp-json\/wp\/v2\/media?parent=21767"}],"wp:term":[{"taxonomy":"product_cat","embeddable":true,"href":"https:\/\/artistics.com\/fr\/wp-json\/wp\/v2\/product_cat?post=21767"},{"taxonomy":"product_tag","embeddable":true,"href":"https:\/\/artistics.com\/fr\/wp-json\/wp\/v2\/product_tag?post=21767"},{"taxonomy":"series","embeddable":true,"href":"https:\/\/artistics.com\/fr\/wp-json\/wp\/v2\/series?post=21767"}],"curies":[{"name":"wp","href":"https:\/\/api.w.org\/{rel}","templated":true}]}}