{"id":1885,"date":"2022-09-22T19:15:25","date_gmt":"2022-09-22T17:15:25","guid":{"rendered":"https:\/\/2022.devartistics.com\/presse\/"},"modified":"2026-03-31T15:27:43","modified_gmt":"2026-03-31T13:27:43","slug":"presse","status":"publish","type":"page","link":"https:\/\/artistics.com\/fr\/presse\/","title":{"rendered":"Presse"},"content":{"rendered":"<div style=\"height:35px\" aria-hidden=\"true\" class=\"wp-block-spacer\"><\/div><p>Contact presse :<br>presse@artistics.com<br>+33 (0) 1 40 28 92 28<\/p><div style=\"height:35px\" aria-hidden=\"true\" class=\"wp-block-spacer\"><\/div><h2 class=\"wp-block-heading\" id=\"h-parutions-liste-partielle\">Parutions (liste partielle)<\/h2><div class=\"wp-block-media-text is-stacked-on-mobile\" style=\"grid-template-columns:27% auto\"><figure class=\"wp-block-media-text__media\"><img decoding=\"async\" width=\"236\" height=\"56\" src=\"https:\/\/artistics.com\/wp-content\/uploads\/2026\/01\/style-essentials.avif\" alt=\"\" class=\"wp-image-96222 size-full\"\/><\/figure><div class=\"wp-block-media-text__content\"><p><strong>Novembre 2025<\/strong><\/p>\n\n<p><strong>\u00ab\u00a0Pierre Yermia et l&rsquo;art de l&rsquo;immobilit\u00e9\u00a0\u00bb<\/strong><\/p>\n\n<p>Dans une <a href=\"https:\/\/artistics.com\/wp-content\/uploads\/2026\/01\/DESIGN-DIARY-ISSUE-x-PIERRE-YERMIA.pdf\" target=\"_blank\" rel=\"noreferrer noopener\">interview pour Design Diary International<\/a> (Style Essentials) l&rsquo;artiste fran\u00e7ais Pierre Yermia revient sur ses premi\u00e8res influences, son processus de cr\u00e9ation et sa qu\u00eate permanente de l&rsquo;\u00e9quilibre \u00e0 travers la forme et le rythme.<\/p>\n\n<p class=\"has-small-font-size\">[Th\u00e9matiques: art contemporain, sculpture contemporaine]<\/p><\/div><\/div><hr class=\"wp-block-separator has-alpha-channel-opacity\"\/><div class=\"wp-block-media-text is-stacked-on-mobile\" style=\"grid-template-columns:27% auto\"><figure class=\"wp-block-media-text__media\"><img decoding=\"async\" width=\"1024\" height=\"364\" src=\"https:\/\/artistics.com\/wp-content\/uploads\/2025\/12\/logo-artnet-1024x364.png\" alt=\"\" class=\"wp-image-95133 size-full\" srcset=\"https:\/\/artistics.com\/wp-content\/uploads\/2025\/12\/logo-artnet-1024x364.png 1024w, https:\/\/artistics.com\/wp-content\/uploads\/2025\/12\/logo-artnet-300x107.png 300w, https:\/\/artistics.com\/wp-content\/uploads\/2025\/12\/logo-artnet-768x273.png 768w, https:\/\/artistics.com\/wp-content\/uploads\/2025\/12\/logo-artnet-550x195.png 550w, https:\/\/artistics.com\/wp-content\/uploads\/2025\/12\/logo-artnet.png 1528w\" sizes=\"(max-width: 1024px) 100vw, 1024px\" \/><\/figure><div class=\"wp-block-media-text__content\"><p><strong>Novembre 2025<\/strong><\/p>\n\n<p><strong>\u00ab\u00a0Tom Price\u202f: le sculpteur qui trouve du sens dans l\u2019exp\u00e9rimentation des mat\u00e9riaux\u00a0\u00bb<\/strong><\/p>\n\n<p>Artnet propose dans cet <a href=\"https:\/\/news.artnet.com\/art-world\/tom-price-radical-material-experimentation-2716989\" target=\"_blank\" rel=\"noreferrer noopener\">article en ligne<\/a> une interview du sculpteur anglais Tom Price, qui revient sur sa d\u00e9marche artistique\u202f: sa passion pour les mat\u00e9riaux et les processus d\u2019exp\u00e9rimentation, les liens entre figuration et abstraction, ainsi que la relation entre art et design dans ses \u0153uvres.<\/p>\n\n<p class=\"has-small-font-size\">[Th\u00e9matiques: art contemporain, sculpture contemporaine]<\/p><\/div><\/div><hr class=\"wp-block-separator has-alpha-channel-opacity\"\/><div class=\"wp-block-media-text is-stacked-on-mobile\" style=\"grid-template-columns:31% auto\"><figure class=\"wp-block-media-text__media\"><img decoding=\"async\" width=\"300\" height=\"300\" src=\"https:\/\/artistics.com\/wp-content\/uploads\/2026\/03\/samourais-du-business-1.jpeg\" alt=\"\" class=\"wp-image-100383 size-full\" srcset=\"https:\/\/artistics.com\/wp-content\/uploads\/2026\/03\/samourais-du-business-1.jpeg 300w, https:\/\/artistics.com\/wp-content\/uploads\/2026\/03\/samourais-du-business-1-150x150.jpeg 150w, https:\/\/artistics.com\/wp-content\/uploads\/2026\/03\/samourais-du-business-1-100x100.jpeg 100w\" sizes=\"(max-width: 300px) 100vw, 300px\" \/><\/figure><div class=\"wp-block-media-text__content\"><p><strong>Juin 2025<\/strong><\/p>\n\n<p><strong>Interview de Sonia Rameau, CEO de Artistics<\/strong><\/p>\n\n<p>\u00ab\u00a0Les Samoura\u00efs du Business\u00a0\u00bb, le podcast d\u00e9di\u00e9 \u00e0 l&rsquo;entrepreneuriat ax\u00e9 sur la FrenchTech, <a href=\"https:\/\/soundcloud.com\/lessamouraisdubusiness\/636-sonia-rameau-ceo-de-artistics?utm_source=clipboard&amp;utm_medium=text&amp;utm_campaign=social_sharing\" type=\"link\" id=\"https:\/\/soundcloud.com\/lessamouraisdubusiness\/636-sonia-rameau-ceo-de-artistics?utm_source=clipboard&amp;utm_medium=text&amp;utm_campaign=social_sharing\">interviewe Sonia Rameau<\/a>. L\u2019occasion de revenir sur le parcours de la fondatrice et pr\u00e9sidente d\u2019Artistics, et d\u2019\u00e9voquer les d\u00e9fis rencontr\u00e9s au cours des 10 premi\u00e8res ann\u00e9es d\u2019activit\u00e9 de la galerie en ligne fond\u00e9e en 2014.<\/p>\n\n<p><sup>[Th\u00e9matiques: march\u00e9 de l\u2019art, entrepreneuriat]<\/sup><\/p><\/div><\/div><hr class=\"wp-block-separator has-alpha-channel-opacity\"\/><div class=\"wp-block-media-text is-stacked-on-mobile\" style=\"grid-template-columns:27% auto\"><figure class=\"wp-block-media-text__media\"><img decoding=\"async\" width=\"600\" height=\"54\" src=\"https:\/\/artistics.com\/wp-content\/uploads\/2023\/12\/unknown-1.png\" alt=\"\" class=\"wp-image-44176 size-full\" srcset=\"https:\/\/artistics.com\/wp-content\/uploads\/2023\/12\/unknown-1.png 600w, https:\/\/artistics.com\/wp-content\/uploads\/2023\/12\/unknown-1-300x27.png 300w, https:\/\/artistics.com\/wp-content\/uploads\/2023\/12\/unknown-1-550x50.png 550w\" sizes=\"(max-width: 600px) 100vw, 600px\" \/><\/figure><div class=\"wp-block-media-text__content\"><p><strong>Janvier 2025<\/strong><\/p>\n\n<p><strong>\u00ab\u00a0Artistics : Tamary Kudita : African Victorian\u00a0\u00bb<\/strong><\/p>\n\n<p>L&rsquo;Oeil de la photographie pr\u00e9sente dans cet <a href=\"https:\/\/loeildelaphotographie.com\/fr\/artistics-tamary-kudita-african-victorian\/\" target=\"_blank\" rel=\"noreferrer noopener\">article en ligne<\/a> le travail de la photographe zimbabw\u00e9enne Tamary Kudita, centr\u00e9 sur la repr\u00e9sentation de l\u2019identit\u00e9 africaine.<\/p>\n\n<p class=\"has-small-font-size\">[Th\u00e9matiques: art contemporain, photographie contemporaine]<\/p><\/div><\/div><hr class=\"wp-block-separator has-alpha-channel-opacity\"\/><div class=\"wp-block-media-text alignfull is-stacked-on-mobile is-vertically-aligned-center\" style=\"grid-template-columns:28% auto\"><figure class=\"wp-block-media-text__media\"><img decoding=\"async\" src=\"https:\/\/artistics.com\/wp-content\/uploads\/2025\/01\/wwd.jpeg\" alt=\"\" class=\"wp-image-74745 size-full\"\/><\/figure><div class=\"wp-block-media-text__content\"><p><strong>Janvier 2025<\/strong><\/p>\n\n<p><strong>\u00ab\u00a0Le joaillier Unsaid, sp\u00e9cialis\u00e9 dans les diamants cultiv\u00e9s en laboratoire, ouvre un magasin neutre en carbone \u00e0 Paris\u00a0\u00bb<\/strong><\/p>\n\n<p style=\"font-size:18px\">La revue am\u00e9ricaine de mode f\u00e9minine tr\u00e8s renomm\u00e9e WWD consacre un <a href=\"https:\/\/artistics.com\/wp-content\/uploads\/2025\/01\/U-WWD-35opening-Jan10th2025edition-6.pdf\">article<\/a> au nouveau flagship de la maison de joaillerie Unsaid, qui accueille les \u0153uvres des artistes Mattia Bosco et Romain Langlois.<\/p>\n\n<p class=\"has-small-font-size\">[Th\u00e9matiques: art contemporain, sculpture contemporaine, art &amp; mode, art &amp; luxe]<\/p><\/div><\/div><hr class=\"wp-block-separator has-alpha-channel-opacity\"\/><div class=\"wp-block-media-text alignfull is-stacked-on-mobile is-vertically-aligned-center\" style=\"grid-template-columns:28% auto\"><figure class=\"wp-block-media-text__media\"><img decoding=\"async\" width=\"500\" height=\"184\" src=\"https:\/\/artistics.com\/wp-content\/uploads\/2023\/01\/1stdibs-logo-black-on-white-500px-padding.png\" alt=\"\" class=\"wp-image-1078 size-full\" srcset=\"https:\/\/artistics.com\/wp-content\/uploads\/2023\/01\/1stdibs-logo-black-on-white-500px-padding.png 500w, https:\/\/artistics.com\/wp-content\/uploads\/2023\/01\/1stdibs-logo-black-on-white-500px-padding-300x110.png 300w, https:\/\/artistics.com\/wp-content\/uploads\/2023\/01\/1stdibs-logo-black-on-white-500px-padding-180x66.png 180w\" sizes=\"(max-width: 500px) 100vw, 500px\" \/><\/figure><div class=\"wp-block-media-text__content\"><p><strong>Mai 2024<\/strong><\/p>\n\n<p><strong>\u00ab\u00a0Cette sculpture en acier Corten distille une forme de protestation dans un monument minimaliste\u00a0\u00bb<\/strong><\/p>\n\n<p style=\"font-size:18px\">Un <a href=\"https:\/\/www.1stdibs.com\/blogs\/the-study\/alejandro-vega-beuvrin-barricada-2-outdoor-sculpture\/\" rel=\"nofollow\">a<\/a><a href=\"https:\/\/www.1stdibs.com\/blogs\/the-study\/tom-price-counterpart-bench\/\" rel=\"nofollow\">rticle en ligne<\/a> sur le blog de 1stidibs The Study d\u00e9voile l&rsquo;histoire derri\u00e8re les sculptures \u00ab\u00a0Barricada\u00a0\u00bb de l&rsquo;artiste v\u00e9n\u00e9zu\u00e9lien Alejandro Vega Beuvrin. <\/p>\n\n<p class=\"has-small-font-size\">[Th\u00e9matiques: art contemporain, sculpture contemporaine]<\/p><\/div><\/div><hr class=\"wp-block-separator has-alpha-channel-opacity\"\/><div class=\"wp-block-media-text alignfull is-stacked-on-mobile is-vertically-aligned-center\" style=\"grid-template-columns:28% auto\"><figure class=\"wp-block-media-text__media\"><img decoding=\"async\" width=\"504\" height=\"100\" src=\"https:\/\/artistics.com\/wp-content\/uploads\/2023\/01\/widewalls-logo.png\" alt=\"\" class=\"wp-image-1080 size-full\" srcset=\"https:\/\/artistics.com\/wp-content\/uploads\/2023\/01\/widewalls-logo.png 504w, https:\/\/artistics.com\/wp-content\/uploads\/2023\/01\/widewalls-logo-300x60.png 300w, https:\/\/artistics.com\/wp-content\/uploads\/2023\/01\/widewalls-logo-180x36.png 180w\" sizes=\"(max-width: 504px) 100vw, 504px\" \/><\/figure><div class=\"wp-block-media-text__content\"><p><strong>Mars 2024<\/strong><\/p>\n\n<p><strong>\u00ab\u00a0Exploration du royaume fractal &#8211; Conversation avec Oliver Ashworth-Martin\u00a0\u00bb<\/strong><\/p>\n\n<p><a href=\"https:\/\/www.widewalls.ch\/magazine\/julien-delagrange-interview\" rel=\"nofollow\">Sur <\/a><a href=\"https:\/\/www.widewalls.ch\/magazine\/oliver-ashworth-martin-interview\" target=\"_blank\" rel=\"noreferrer noopener\">Widewalls<\/a><a href=\"https:\/\/www.widewalls.ch\/magazine\/julien-delagrange-interview\" rel=\"nofollow\">,<\/a> une interview avec l&rsquo;artiste britannique bas\u00e9 en Australie Oliver Ashworth-Martin.<\/p>\n\n<p class=\"has-small-font-size\">[Th\u00e9matiques: art contemporain, sculpture contemporaine, interview d&rsquo;artiste]<\/p><\/div><\/div><hr class=\"wp-block-separator has-alpha-channel-opacity\"\/><div class=\"wp-block-media-text is-stacked-on-mobile\" style=\"grid-template-columns:27% auto\"><figure class=\"wp-block-media-text__media\"><img decoding=\"async\" width=\"600\" height=\"54\" src=\"https:\/\/artistics.com\/wp-content\/uploads\/2023\/12\/unknown-1.png\" alt=\"\" class=\"wp-image-44176 size-full\" srcset=\"https:\/\/artistics.com\/wp-content\/uploads\/2023\/12\/unknown-1.png 600w, https:\/\/artistics.com\/wp-content\/uploads\/2023\/12\/unknown-1-300x27.png 300w, https:\/\/artistics.com\/wp-content\/uploads\/2023\/12\/unknown-1-550x50.png 550w\" sizes=\"(max-width: 600px) 100vw, 600px\" \/><\/figure><div class=\"wp-block-media-text__content\"><p><strong>Mars 2024<\/strong><\/p>\n\n<p><strong>\u00ab\u00a0Artistics : Pawel \u017bak : Natures mortes\u00a0\u00bb<\/strong><\/p>\n\n<p>L&rsquo;Oeil de la photographie pr\u00e9sente le travail du photographe polonnais Pawel \u017bak dans cet <a href=\"https:\/\/loeildelaphotographie.com\/fr\/artistics-pawel-zak-natures-mortes\/\" rel=\"nofollow\">article en<\/a><a href=\"https:\/\/loeildelaphotographie.com\/fr\/artistics-camille-brasselet-ce-qui-nous-echappe\/\" rel=\"nofollow\"> <\/a><a href=\"https:\/\/loeildelaphotographie.com\/fr\/artistics-pawel-zak-natures-mortes\/\" target=\"_blank\" rel=\"noreferrer noopener\">ligne<\/a>.<\/p>\n\n<p class=\"has-small-font-size\">[Th\u00e9matiques: art contemporain, photographie contemporaine, galerie d&rsquo;art en ligne, photographie de nature morte]<\/p><\/div><\/div><hr class=\"wp-block-separator has-alpha-channel-opacity\"\/><div class=\"wp-block-media-text alignfull is-stacked-on-mobile is-vertically-aligned-center\" style=\"grid-template-columns:28% auto\"><figure class=\"wp-block-media-text__media\"><img decoding=\"async\" width=\"1024\" height=\"264\" src=\"https:\/\/artistics.com\/wp-content\/uploads\/2024\/05\/Logo-arts-magazine-1024x264.webp\" alt=\"\" class=\"wp-image-55693 size-full\" srcset=\"https:\/\/artistics.com\/wp-content\/uploads\/2024\/05\/Logo-arts-magazine-1024x264.webp 1024w, https:\/\/artistics.com\/wp-content\/uploads\/2024\/05\/Logo-arts-magazine-300x77.webp 300w, https:\/\/artistics.com\/wp-content\/uploads\/2024\/05\/Logo-arts-magazine-768x198.webp 768w, https:\/\/artistics.com\/wp-content\/uploads\/2024\/05\/Logo-arts-magazine-1536x397.webp 1536w, https:\/\/artistics.com\/wp-content\/uploads\/2024\/05\/Logo-arts-magazine-2048x529.webp 2048w, https:\/\/artistics.com\/wp-content\/uploads\/2024\/05\/Logo-arts-magazine-550x142.webp 550w\" sizes=\"(max-width: 1024px) 100vw, 1024px\" \/><\/figure><div class=\"wp-block-media-text__content\"><p><strong>F\u00e9vrier 2024<\/strong><\/p>\n\n<p><strong>\u00ab\u00a0Financer ses \u0153uvres d&rsquo;art en LEASING\u00a0\u00bb<\/strong><\/p>\n\n<p>Dans le num\u00e9ro de f\u00e9vrier 2024 d&rsquo;Arts Magazine, un article d\u00e9di\u00e9 au financement des \u0153uvres d&rsquo;art en leasing cite la fondatrice d&rsquo;Artistics Sonia Rameau et montre une \u0153uvre de l&rsquo;artiste Martine Demal.<\/p>\n\n<p class=\"has-small-font-size\">[Th\u00e9matiques: art contemporain, leasing d&rsquo;\u0153uvres d&rsquo;art]<\/p><\/div><\/div><hr class=\"wp-block-separator has-alpha-channel-opacity\"\/><div class=\"wp-block-media-text alignfull is-stacked-on-mobile is-vertically-aligned-center\" style=\"grid-template-columns:28% auto\"><figure class=\"wp-block-media-text__media\"><img decoding=\"async\" width=\"215\" height=\"162\" src=\"https:\/\/artistics.com\/wp-content\/uploads\/2023\/01\/leventail-logo.jpeg\" alt=\"\" class=\"wp-image-1074 size-full\" srcset=\"https:\/\/artistics.com\/wp-content\/uploads\/2023\/01\/leventail-logo.jpeg 215w, https:\/\/artistics.com\/wp-content\/uploads\/2023\/01\/leventail-logo-180x136.jpeg 180w\" sizes=\"(max-width: 215px) 100vw, 215px\" \/><\/figure><div class=\"wp-block-media-text__content\"><p><strong>D\u00e9cembre 2023<\/strong><\/p>\n\n<p><strong>\u00ab\u00a0Art animalier \u2013 La b\u00eate, si loin, si proche\u00a0\u00bb<\/strong><\/p>\n\n<p>L&rsquo;Eventail pr\u00e9sente l&rsquo;\u0153uvre de Brad Wilson, Pierre Yermia et C\u00e9cile Bisciglia dans cet <a href=\"https:\/\/www.eventail.be\/art-et-culture\/marche-de-lart\/art-animalier-la-bete-si-loin-si-proche\" target=\"_blank\" rel=\"noreferrer noopener nofollow\">article en ligne<\/a> et dans le num\u00e9ro de D\u00e9cembre 2023.<\/p>\n\n<p class=\"has-small-font-size\">[Th\u00e9matiques: art contemporain, sculpture animali\u00e8re, photographie animali\u00e8re, dessin contemporain]<\/p><\/div><\/div><hr class=\"wp-block-separator has-alpha-channel-opacity\"\/><div class=\"wp-block-media-text alignfull is-stacked-on-mobile is-vertically-aligned-center\" style=\"grid-template-columns:28% auto\"><figure class=\"wp-block-media-text__media\"><img decoding=\"async\" width=\"215\" height=\"162\" src=\"https:\/\/artistics.com\/wp-content\/uploads\/2023\/01\/leventail-logo.jpeg\" alt=\"\" class=\"wp-image-1074 size-full\" srcset=\"https:\/\/artistics.com\/wp-content\/uploads\/2023\/01\/leventail-logo.jpeg 215w, https:\/\/artistics.com\/wp-content\/uploads\/2023\/01\/leventail-logo-180x136.jpeg 180w\" sizes=\"(max-width: 215px) 100vw, 215px\" \/><\/figure><div class=\"wp-block-media-text__content\"><p><strong>D\u00e9cembre 2023<\/strong><\/p>\n\n<p><strong>\u00ab\u00a0Mattia Bosco : le marbre et la Rome \u00e9ternelle\u00a0\u00bb<\/strong><\/p>\n\n<p>L&rsquo;Eventail pr\u00e9sente l&rsquo;exposition personnelle de Mattia Bosco au Parc arch\u00e9ologique du Colis\u00e9e de Rome dans cet <a href=\"https:\/\/www.eventail.be\/art-et-culture\/expositions\/mattia-bosco-le-marbre-et-la-rome-eternelle\" target=\"_blank\" rel=\"noreferrer noopener nofollow\">article en<\/a><a href=\"https:\/\/www.eventail.be\/art-et-culture\/expositions\/marine-de-soos-conversations\" rel=\"nofollow\"> ligne<\/a>.<\/p>\n\n<p class=\"has-small-font-size\">[Th\u00e9matiques: art contemporain, sculpture contemporaine, exposition de sculpture]<\/p><\/div><\/div><hr class=\"wp-block-separator has-alpha-channel-opacity\"\/><div class=\"wp-block-media-text alignfull is-stacked-on-mobile is-vertically-aligned-center\" style=\"grid-template-columns:28% auto\"><figure class=\"wp-block-media-text__media\"><img decoding=\"async\" width=\"504\" height=\"100\" src=\"https:\/\/artistics.com\/wp-content\/uploads\/2023\/01\/widewalls-logo.png\" alt=\"\" class=\"wp-image-1080 size-full\" srcset=\"https:\/\/artistics.com\/wp-content\/uploads\/2023\/01\/widewalls-logo.png 504w, https:\/\/artistics.com\/wp-content\/uploads\/2023\/01\/widewalls-logo-300x60.png 300w, https:\/\/artistics.com\/wp-content\/uploads\/2023\/01\/widewalls-logo-180x36.png 180w\" sizes=\"(max-width: 504px) 100vw, 504px\" \/><\/figure><div class=\"wp-block-media-text__content\"><p><strong>D\u00e9cembre 2023<\/strong><\/p>\n\n<p><strong>\u00ab\u00a0Floating Enigmas \u2013 An Interview with Camille Brasselet\u00a0\u00bb<\/strong><\/p>\n\n<p><a href=\"https:\/\/www.widewalls.ch\/magazine\/julien-delagrange-interview\" rel=\"nofollow\">Sur <\/a><a href=\"https:\/\/www.widewalls.ch\/magazine\/camille-brasselet-interview\" rel=\"nofollow\">Widewalls<\/a><a href=\"https:\/\/www.widewalls.ch\/magazine\/julien-delagrange-interview\" rel=\"nofollow\">,<\/a> une interview de la photographe fran\u00e7aise Camille Brasselet au sujet de son processus cr\u00e9atif.<\/p>\n\n<p class=\"has-small-font-size\">[Th\u00e9matiques: art contemporain, photographie contemporaine]<\/p><\/div><\/div><hr class=\"wp-block-separator has-alpha-channel-opacity\"\/><div class=\"wp-block-media-text is-stacked-on-mobile\" style=\"grid-template-columns:27% auto\"><figure class=\"wp-block-media-text__media\"><img decoding=\"async\" width=\"600\" height=\"54\" src=\"https:\/\/artistics.com\/wp-content\/uploads\/2023\/12\/unknown-1.png\" alt=\"\" class=\"wp-image-44176 size-full\" srcset=\"https:\/\/artistics.com\/wp-content\/uploads\/2023\/12\/unknown-1.png 600w, https:\/\/artistics.com\/wp-content\/uploads\/2023\/12\/unknown-1-300x27.png 300w, https:\/\/artistics.com\/wp-content\/uploads\/2023\/12\/unknown-1-550x50.png 550w\" sizes=\"(max-width: 600px) 100vw, 600px\" \/><\/figure><div class=\"wp-block-media-text__content\"><p><strong>Novembre 2023<\/strong><\/p>\n\n<p><strong>\u00ab\u00a0Editions Bessard : Camille Brasselet : The Sound of Silence\u00a0\u00bb<\/strong><\/p>\n\n<p>L&rsquo;Oeil de la photographie pr\u00e9sente <strong>\u00ab\u00a0<\/strong>The Sound of Silence<strong>\u00ab\u00a0<\/strong> de la photographe Camille Brasselet publi\u00e9 aux \u00e9ditions Bessard dans cet <a href=\"https:\/\/loeildelaphotographie.com\/fr\/artistics-camille-brasselet-ce-qui-nous-echappe\/\" rel=\"nofollow\">article <\/a><a href=\"https:\/\/loeildelaphotographie.com\/fr\/editions-bessard-camille-brasselet-the-sound-of-silence\/\" rel=\"nofollow\">en<\/a><a href=\"https:\/\/loeildelaphotographie.com\/fr\/artistics-camille-brasselet-ce-qui-nous-echappe\/\" rel=\"nofollow\"> <\/a><a href=\"https:\/\/loeildelaphotographie.com\/fr\/editions-bessard-camille-brasselet-the-sound-of-silence\/\" rel=\"nofollow\">ligne<\/a>.<\/p>\n\n<p class=\"has-small-font-size\">[Th\u00e9matiques: art contemporain, photographie contemporaine]<\/p><\/div><\/div><hr class=\"wp-block-separator has-alpha-channel-opacity\"\/><div class=\"wp-block-media-text is-stacked-on-mobile\" style=\"grid-template-columns:27% auto\"><figure class=\"wp-block-media-text__media\"><img decoding=\"async\" width=\"600\" height=\"54\" src=\"https:\/\/artistics.com\/wp-content\/uploads\/2023\/12\/unknown-1.png\" alt=\"\" class=\"wp-image-44176 size-full\" srcset=\"https:\/\/artistics.com\/wp-content\/uploads\/2023\/12\/unknown-1.png 600w, https:\/\/artistics.com\/wp-content\/uploads\/2023\/12\/unknown-1-300x27.png 300w, https:\/\/artistics.com\/wp-content\/uploads\/2023\/12\/unknown-1-550x50.png 550w\" sizes=\"(max-width: 600px) 100vw, 600px\" \/><\/figure><div class=\"wp-block-media-text__content\"><p><strong>Octobre 2023<\/strong><\/p>\n\n<p><strong>\u00ab\u00a0Camille Brasselet : ce qui nous \u00e9chappe\u00a0\u00bb<\/strong><\/p>\n\n<p>L&rsquo;Oeil de la photographie pr\u00e9sente le travail de la photographe Camille Brasselet et ses compositions pastel dans cet <a href=\"https:\/\/loeildelaphotographie.com\/fr\/artistics-camille-brasselet-ce-qui-nous-echappe\/\" rel=\"nofollow\">article en <\/a><a href=\"https:\/\/www.eventail.be\/art-et-culture\/marche-de-lart\/tom-price-explorateur-des-frontieres\" rel=\"nofollow\">ligne<\/a>.<\/p>\n\n<p class=\"has-small-font-size\">[Th\u00e9matiques: art contemporain, photographie contemporaine]<\/p><\/div><\/div><hr class=\"wp-block-separator has-alpha-channel-opacity\"\/><div class=\"wp-block-media-text is-stacked-on-mobile\" style=\"grid-template-columns:27% auto\"><figure class=\"wp-block-media-text__media\"><img decoding=\"async\" width=\"600\" height=\"54\" src=\"https:\/\/artistics.com\/wp-content\/uploads\/2023\/12\/unknown-1.png\" alt=\"\" class=\"wp-image-44176 size-full\" srcset=\"https:\/\/artistics.com\/wp-content\/uploads\/2023\/12\/unknown-1.png 600w, https:\/\/artistics.com\/wp-content\/uploads\/2023\/12\/unknown-1-300x27.png 300w, https:\/\/artistics.com\/wp-content\/uploads\/2023\/12\/unknown-1-550x50.png 550w\" sizes=\"(max-width: 600px) 100vw, 600px\" \/><\/figure><div class=\"wp-block-media-text__content\"><p><strong>Octobre 2023<\/strong><\/p>\n\n<p><strong>\u00ab\u00a0Klaus Kampert : Sous la peau\u00a0\u00bb<\/strong><\/p>\n\n<p>L&rsquo;Oeil de la photographie pr\u00e9sente le travail du photographe Klaus Kampert et son approche du nu photographique dans cet <a href=\"https:\/\/loeildelaphotographie.com\/fr\/artistics-klaus-kampert-sous-la-peau\/\" rel=\"nofollow\">article en ligne<\/a>.<\/p>\n\n<p class=\"has-small-font-size\">[Th\u00e9matiques: art contemporain, photographie contemporaine]<\/p><\/div><\/div><hr class=\"wp-block-separator has-alpha-channel-opacity\"\/><div class=\"wp-block-media-text alignfull is-stacked-on-mobile is-vertically-aligned-center\" style=\"grid-template-columns:28% auto\"><figure class=\"wp-block-media-text__media\"><img decoding=\"async\" width=\"215\" height=\"162\" src=\"https:\/\/artistics.com\/wp-content\/uploads\/2023\/01\/leventail-logo.jpeg\" alt=\"\" class=\"wp-image-1074 size-full\" srcset=\"https:\/\/artistics.com\/wp-content\/uploads\/2023\/01\/leventail-logo.jpeg 215w, https:\/\/artistics.com\/wp-content\/uploads\/2023\/01\/leventail-logo-180x136.jpeg 180w\" sizes=\"(max-width: 215px) 100vw, 215px\" \/><\/figure><div class=\"wp-block-media-text__content\"><p><strong>Octobre 2023<\/strong><\/p>\n\n<p><strong>\u00ab\u00a0Marine de Soos : Conversations\u00a0\u00bb<\/strong><\/p>\n\n<p>L&rsquo;Eventail pr\u00e9sente l&rsquo;exposition en plein air de Marine de Soos organis\u00e9e par la ville de Fondettes dans cet <a href=\"https:\/\/www.eventail.be\/art-et-culture\/expositions\/marine-de-soos-conversations\" rel=\"nofollow\">article <\/a><a href=\"https:\/\/www.eventail.be\/art-et-culture\/marche-de-lart\/ramon-enrich-le-silence-et-le-mystere\" rel=\"nofollow\">en<\/a><a href=\"https:\/\/www.eventail.be\/art-et-culture\/expositions\/marine-de-soos-conversations\" rel=\"nofollow\"> ligne<\/a>.<\/p>\n\n<p class=\"has-small-font-size\">[Th\u00e9matiques: art contemporain, sculpture contemporaine, exposition de sculpture]<\/p><\/div><\/div><hr class=\"wp-block-separator has-alpha-channel-opacity\"\/><div class=\"wp-block-media-text alignfull is-stacked-on-mobile is-vertically-aligned-center\" style=\"grid-template-columns:28% auto\"><figure class=\"wp-block-media-text__media\"><img decoding=\"async\" width=\"215\" height=\"162\" src=\"https:\/\/artistics.com\/wp-content\/uploads\/2023\/01\/leventail-logo.jpeg\" alt=\"\" class=\"wp-image-1074 size-full\" srcset=\"https:\/\/artistics.com\/wp-content\/uploads\/2023\/01\/leventail-logo.jpeg 215w, https:\/\/artistics.com\/wp-content\/uploads\/2023\/01\/leventail-logo-180x136.jpeg 180w\" sizes=\"(max-width: 215px) 100vw, 215px\" \/><\/figure><div class=\"wp-block-media-text__content\"><p><strong>Octobre 2023<\/strong><\/p>\n\n<p><strong>\u00ab\u00a0Ramon Enrich, le silence et le myst\u00e8re\u00a0\u00bb<\/strong><\/p>\n\n<p>L&rsquo;Eventail pr\u00e9sente le travail de l&rsquo;artiste Ramon Enrich dans son \u00e9dition d&rsquo;octobre 2023 ainsi que dans cet <a href=\"https:\/\/www.eventail.be\/art-et-culture\/marche-de-lart\/tom-price-explorateur-des-frontieres\" rel=\"nofollow\">article<\/a><a href=\"https:\/\/www.eventail.be\/art-et-culture\/marche-de-lart\/ramon-enrich-le-silence-et-le-mystere\" rel=\"nofollow\"> en <\/a><a href=\"https:\/\/www.eventail.be\/art-et-culture\/marche-de-lart\/tom-price-explorateur-des-frontieres\" rel=\"nofollow\">ligne<\/a>.<\/p>\n\n<p class=\"has-small-font-size\">[Th\u00e9matiques: art contemporain, peinture contemporaine]<\/p><\/div><\/div><hr class=\"wp-block-separator has-alpha-channel-opacity\"\/><div class=\"wp-block-media-text alignfull is-stacked-on-mobile is-vertically-aligned-center\" style=\"grid-template-columns:28% auto\"><figure class=\"wp-block-media-text__media\"><img decoding=\"async\" width=\"504\" height=\"100\" src=\"https:\/\/artistics.com\/wp-content\/uploads\/2023\/01\/widewalls-logo.png\" alt=\"\" class=\"wp-image-1080 size-full\" srcset=\"https:\/\/artistics.com\/wp-content\/uploads\/2023\/01\/widewalls-logo.png 504w, https:\/\/artistics.com\/wp-content\/uploads\/2023\/01\/widewalls-logo-300x60.png 300w, https:\/\/artistics.com\/wp-content\/uploads\/2023\/01\/widewalls-logo-180x36.png 180w\" sizes=\"(max-width: 504px) 100vw, 504px\" \/><\/figure><div class=\"wp-block-media-text__content\"><p><strong>Septembre 2023<\/strong><\/p>\n\n<p><strong>\u00ab\u00a0Sculptures by Mattia Bosco Take Over the Colosseum Archeological Park in Rome\u00a0\u00bb<\/strong><\/p>\n\n<p><a href=\"https:\/\/www.widewalls.ch\/magazine\/mattia-bosco-archeological-park-rome\" rel=\"nofollow\">Sur Widewalls,<\/a> un article pr\u00e9sente \u00ab\u00a0Korai\u00a0\u00bb, une exposition de Mattia Bosco au Parc Arch\u00e9ologique du Colis\u00e9e.  <\/p>\n\n<p class=\"has-small-font-size\">[Th\u00e9matiques: art contemporain, sculpture contemporaine, exposition de sculpture]<\/p><\/div><\/div><hr class=\"wp-block-separator has-alpha-channel-opacity\"\/><div class=\"wp-block-media-text alignfull is-stacked-on-mobile is-vertically-aligned-center\" style=\"grid-template-columns:28% auto\"><figure class=\"wp-block-media-text__media\"><img decoding=\"async\" width=\"400\" height=\"400\" src=\"https:\/\/artistics.com\/wp-content\/uploads\/2023\/01\/logo-luxuo.jpeg\" alt=\"\" class=\"wp-image-1076 size-full\" srcset=\"https:\/\/artistics.com\/wp-content\/uploads\/2023\/01\/logo-luxuo.jpeg 400w, https:\/\/artistics.com\/wp-content\/uploads\/2023\/01\/logo-luxuo-300x300.jpeg 300w, https:\/\/artistics.com\/wp-content\/uploads\/2023\/01\/logo-luxuo-150x150.jpeg 150w, https:\/\/artistics.com\/wp-content\/uploads\/2023\/01\/logo-luxuo-100x100.jpeg 100w, https:\/\/artistics.com\/wp-content\/uploads\/2023\/01\/logo-luxuo-180x180.jpeg 180w\" sizes=\"(max-width: 400px) 100vw, 400px\" \/><\/figure><div class=\"wp-block-media-text__content\"><p><strong>D\u00e9cembre 2022<\/strong><\/p>\n\n<p><strong>\u00ab\u00a0Marcelo Martin Burgos: Sculpture of the Golden Age\u00a0\u00bb<\/strong><\/p>\n\n<p>Un <a href=\"https:\/\/www.luxuo.com\/culture\/art\/marcelo-martin-burgos-sculpture-of-the-golden-age.html?fbclid=IwAR3JZclPepm-uxKuAz9G17gFkT-dcYsXBlD2r6FtOMzVflVj7F9vmlagr1M\" rel=\"nofollow\">article en ligne<\/a> de Luxuo pr\u00e9sente les sculptures de l\u2019artiste argentin Marcelo Martin Burgos.<\/p>\n\n<p class=\"has-small-font-size\">[Th\u00e9matiques: art contemporain, collection, sculpture contemporaine]<\/p><\/div><\/div><hr class=\"wp-block-separator has-alpha-channel-opacity\"\/><div class=\"wp-block-media-text alignfull is-stacked-on-mobile is-vertically-aligned-center\" style=\"grid-template-columns:28% auto\"><figure class=\"wp-block-media-text__media\"><img decoding=\"async\" width=\"1024\" height=\"663\" src=\"https:\/\/artistics.com\/wp-content\/uploads\/2023\/02\/architectural-digest-logosvg-1024x663.png\" alt=\"\" class=\"wp-image-1871 size-full\" srcset=\"https:\/\/artistics.com\/wp-content\/uploads\/2023\/02\/architectural-digest-logosvg-1024x663.png 1024w, https:\/\/artistics.com\/wp-content\/uploads\/2023\/02\/architectural-digest-logosvg-300x194.png 300w, https:\/\/artistics.com\/wp-content\/uploads\/2023\/02\/architectural-digest-logosvg-768x497.png 768w, https:\/\/artistics.com\/wp-content\/uploads\/2023\/02\/architectural-digest-logosvg-1536x995.png 1536w, https:\/\/artistics.com\/wp-content\/uploads\/2023\/02\/architectural-digest-logosvg-2048x1326.png 2048w, https:\/\/artistics.com\/wp-content\/uploads\/2023\/02\/architectural-digest-logosvg-550x356.png 550w, https:\/\/artistics.com\/wp-content\/uploads\/2023\/02\/architectural-digest-logosvg-180x117.png 180w\" sizes=\"(max-width: 1024px) 100vw, 1024px\" \/><\/figure><div class=\"wp-block-media-text__content\"><p><strong>D\u00e9cembre 2022<\/strong><\/p>\n\n<p><strong>\u00ab\u00a0Artistics : Quand l&rsquo;art abstrait dialogue avec un int\u00e9rieur au design affirm\u00e9\u00a0\u00bb<\/strong><\/p>\n\n<p>Un <a href=\"https:\/\/www.admagazine.fr\/promotion\/artistics-quand-lart-abstrait-dialogue-avec-un-interieur-au-design-affirme?fbclid=IwAR0TJv06BnKSMlEs2OCiViwt0JQHmakIIdXXH0RfHm6dSJgfKW1l6_JGgKA\" rel=\"nofollow\">article en ligne<\/a> de AD Magazine pr\u00e9sente une s\u00e9lection d&rsquo;oeuvres mise en perspective dans des int\u00e9rieurs designs.<\/p>\n\n<p class=\"has-small-font-size\">[Th\u00e9matiques: art contemporain, design d&rsquo;int\u00e9rieur]<\/p><\/div><\/div><hr class=\"wp-block-separator has-alpha-channel-opacity\"\/><div class=\"wp-block-media-text alignfull is-stacked-on-mobile is-vertically-aligned-center\" style=\"grid-template-columns:28% auto\"><figure class=\"wp-block-media-text__media\"><img decoding=\"async\" width=\"348\" height=\"196\" src=\"https:\/\/artistics.com\/wp-content\/uploads\/2023\/02\/artnet-logo-brand-product-font-artnet-logo-thumbnail-0.png\" alt=\"\" class=\"wp-image-1873 size-full\" srcset=\"https:\/\/artistics.com\/wp-content\/uploads\/2023\/02\/artnet-logo-brand-product-font-artnet-logo-thumbnail-0.png 348w, https:\/\/artistics.com\/wp-content\/uploads\/2023\/02\/artnet-logo-brand-product-font-artnet-logo-thumbnail-0-300x169.png 300w, https:\/\/artistics.com\/wp-content\/uploads\/2023\/02\/artnet-logo-brand-product-font-artnet-logo-thumbnail-0-180x101.png 180w\" sizes=\"(max-width: 348px) 100vw, 348px\" \/><\/figure><div class=\"wp-block-media-text__content\"><p><strong>Novembre 2022<\/strong><\/p>\n\n<p><strong>\u00ab\u00a07 questions to Ramon Enrich, whose otherwordly landscapes suspend notions of time and space\u00a0\u00bb<\/strong><\/p>\n\n<p><a href=\"https:\/\/news.artnet.com\/buyers-guide\/7-questions-for-ramon-enrich-artistics-2212135\" rel=\"nofollow\">Sur Artnet,<\/a> une interview de l&rsquo;artiste espagnol Ramon Enrich dans lequel il aborde son rapport au paysage et \u00e0 l&rsquo;architecture..<\/p>\n\n<p class=\"has-small-font-size\">[Th\u00e9matiques: art contemporain, peinture contemporaine]<\/p><\/div><\/div><hr class=\"wp-block-separator has-alpha-channel-opacity\"\/><div class=\"wp-block-media-text alignfull is-stacked-on-mobile is-vertically-aligned-center\" style=\"grid-template-columns:28% auto\"><figure class=\"wp-block-media-text__media\"><img decoding=\"async\" width=\"1024\" height=\"663\" src=\"https:\/\/artistics.com\/wp-content\/uploads\/2023\/02\/architectural-digest-logosvg-1024x663.png\" alt=\"\" class=\"wp-image-1871 size-full\" srcset=\"https:\/\/artistics.com\/wp-content\/uploads\/2023\/02\/architectural-digest-logosvg-1024x663.png 1024w, https:\/\/artistics.com\/wp-content\/uploads\/2023\/02\/architectural-digest-logosvg-300x194.png 300w, https:\/\/artistics.com\/wp-content\/uploads\/2023\/02\/architectural-digest-logosvg-768x497.png 768w, https:\/\/artistics.com\/wp-content\/uploads\/2023\/02\/architectural-digest-logosvg-1536x995.png 1536w, https:\/\/artistics.com\/wp-content\/uploads\/2023\/02\/architectural-digest-logosvg-2048x1326.png 2048w, https:\/\/artistics.com\/wp-content\/uploads\/2023\/02\/architectural-digest-logosvg-550x356.png 550w, https:\/\/artistics.com\/wp-content\/uploads\/2023\/02\/architectural-digest-logosvg-180x117.png 180w\" sizes=\"(max-width: 1024px) 100vw, 1024px\" \/><\/figure><div class=\"wp-block-media-text__content\"><p><strong>Octobre 2022<\/strong><\/p>\n\n<p><strong>\u00ab\u00a0La s\u00e9lection AD : nos 6 talents coups de c\u0153ur \u00e0 retrouver sur Artistics\u00a0\u00bb<\/strong><\/p>\n\n<p>un <a href=\"https:\/\/www.admagazine.fr\/promotion\/artistics-quand-lart-abstrait-dialogue-avec-un-interieur-au-design-affirme?fbclid=IwAR0TJv06BnKSMlEs2OCiViwt0JQHmakIIdXXH0RfHm6dSJgfKW1l6_JGgKA\" rel=\"nofollow\">article en ligne<\/a> de AD pr\u00e9sente le travail de 6 artistes repr\u00e9sent\u00e9s par Artistics.<\/p>\n\n<p class=\"has-small-font-size\">[Th\u00e9matiques: art contemporain, galerie d&rsquo;art, collection]<\/p><\/div><\/div><hr class=\"wp-block-separator has-alpha-channel-opacity\"\/><div class=\"wp-block-media-text alignfull is-stacked-on-mobile is-vertically-aligned-center\" style=\"grid-template-columns:28% auto\"><figure class=\"wp-block-media-text__media\"><img decoding=\"async\" width=\"504\" height=\"100\" src=\"https:\/\/artistics.com\/wp-content\/uploads\/2023\/01\/widewalls-logo.png\" alt=\"\" class=\"wp-image-1080 size-full\" srcset=\"https:\/\/artistics.com\/wp-content\/uploads\/2023\/01\/widewalls-logo.png 504w, https:\/\/artistics.com\/wp-content\/uploads\/2023\/01\/widewalls-logo-300x60.png 300w, https:\/\/artistics.com\/wp-content\/uploads\/2023\/01\/widewalls-logo-180x36.png 180w\" sizes=\"(max-width: 504px) 100vw, 504px\" \/><\/figure><div class=\"wp-block-media-text__content\"><p><strong>Octobre 2022<\/strong><\/p>\n\n<p><strong>\u00ab\u00a0Julien Delagrange questions internal conflicts with his Art\u00a0\u00bb<\/strong><\/p>\n\n<p><a href=\"https:\/\/www.widewalls.ch\/magazine\/julien-delagrange-interview\" rel=\"nofollow\">Sur Widewalls,<\/a> une interview de l&rsquo;artiste belge Julien Delagrange au sujet de son processus cr\u00e9atif.<\/p>\n\n<p class=\"has-small-font-size\">[Th\u00e9matiques: art contemporain, peinture contemporaine]<\/p><\/div><\/div><hr class=\"wp-block-separator has-alpha-channel-opacity\"\/><div class=\"wp-block-media-text alignfull is-stacked-on-mobile is-vertically-aligned-center\" style=\"grid-template-columns:28% auto\"><figure class=\"wp-block-media-text__media\"><img decoding=\"async\" width=\"215\" height=\"162\" src=\"https:\/\/artistics.com\/wp-content\/uploads\/2023\/01\/leventail-logo.jpeg\" alt=\"\" class=\"wp-image-1074 size-full\" srcset=\"https:\/\/artistics.com\/wp-content\/uploads\/2023\/01\/leventail-logo.jpeg 215w, https:\/\/artistics.com\/wp-content\/uploads\/2023\/01\/leventail-logo-180x136.jpeg 180w\" sizes=\"(max-width: 215px) 100vw, 215px\" \/><\/figure><div class=\"wp-block-media-text__content\"><p><strong>Octobre 2022<\/strong><\/p>\n\n<p><strong>\u00ab\u00a0Tom Price : explorateur des fronti\u00e8res\u00a0\u00bb<\/strong><\/p>\n\n<p>L&rsquo;Eventail pr\u00e9sente le travail de l&rsquo;artiste Tom Price, \u00e0 mi-chemin entre l\u2019art et le design, dans cet <a href=\"https:\/\/www.eventail.be\/art-et-culture\/marche-de-lart\/tom-price-explorateur-des-frontieres\" rel=\"nofollow\">article en ligne<\/a>.<\/p>\n\n<p class=\"has-small-font-size\">[Th\u00e9matiques: art contemporain, collection, sculpture contemporaine]<\/p><\/div><\/div><hr class=\"wp-block-separator has-alpha-channel-opacity\"\/><div class=\"wp-block-media-text alignfull is-stacked-on-mobile is-vertically-aligned-center\" style=\"grid-template-columns:28% auto\"><figure class=\"wp-block-media-text__media\"><img decoding=\"async\" width=\"400\" height=\"400\" src=\"https:\/\/artistics.com\/wp-content\/uploads\/2023\/01\/logo-luxuo.jpeg\" alt=\"\" class=\"wp-image-1076 size-full\" srcset=\"https:\/\/artistics.com\/wp-content\/uploads\/2023\/01\/logo-luxuo.jpeg 400w, https:\/\/artistics.com\/wp-content\/uploads\/2023\/01\/logo-luxuo-300x300.jpeg 300w, https:\/\/artistics.com\/wp-content\/uploads\/2023\/01\/logo-luxuo-150x150.jpeg 150w, https:\/\/artistics.com\/wp-content\/uploads\/2023\/01\/logo-luxuo-100x100.jpeg 100w, https:\/\/artistics.com\/wp-content\/uploads\/2023\/01\/logo-luxuo-180x180.jpeg 180w\" sizes=\"(max-width: 400px) 100vw, 400px\" \/><\/figure><div class=\"wp-block-media-text__content\"><p><strong>Octobre 2022<\/strong><\/p>\n\n<p><strong>\u00ab\u00a0Romain Langlois: Artist and Alchemist\u00a0\u00bb<\/strong><\/p>\n\n<p>Un <a href=\"https:\/\/www.luxuo.com\/culture\/art\/romain-langlois-artist-and-alchemist.html\" rel=\"nofollow\">article en ligne<\/a> de Luxuo pr\u00e9sente les sculptures de l\u2019artiste fran\u00e7ais Romain Langlois.<\/p>\n\n<p class=\"has-small-font-size\">[Th\u00e9matiques: art contemporain, collection, sculpture contemporaine]<\/p><\/div><\/div><hr class=\"wp-block-separator has-alpha-channel-opacity\"\/><div class=\"wp-block-media-text alignfull is-stacked-on-mobile is-vertically-aligned-center\" style=\"grid-template-columns:28% auto\"><figure class=\"wp-block-media-text__media\"><img decoding=\"async\" width=\"215\" height=\"162\" src=\"https:\/\/artistics.com\/wp-content\/uploads\/2023\/01\/leventail-logo.jpeg\" alt=\"\" class=\"wp-image-1074 size-full\" srcset=\"https:\/\/artistics.com\/wp-content\/uploads\/2023\/01\/leventail-logo.jpeg 215w, https:\/\/artistics.com\/wp-content\/uploads\/2023\/01\/leventail-logo-180x136.jpeg 180w\" sizes=\"(max-width: 215px) 100vw, 215px\" \/><\/figure><div class=\"wp-block-media-text__content\"><p><strong>Octobre 2022<\/strong><\/p>\n\n<p><strong>\u00ab\u00a0Romain Langlois : Dites, que voyez-vous ?\u00a0\u00bb<\/strong><\/p>\n\n<p>L&rsquo;Eventail pr\u00e9sente le travail de l&rsquo;artiste Romain Langlois dans son num\u00e9ro d&rsquo;Octobre 2022, ainsi que avec cet <a href=\"https:\/\/www.eventail.be\/art-et-culture\/marche-de-lart\/romain-langlois-dites-que-voyez-vous\" rel=\"nofollow\">article en ligne<\/a>.<\/p>\n\n<p class=\"has-small-font-size\">[Th\u00e9matiques: art contemporain, collection, sculpture contemporaine]<\/p><\/div><\/div><hr class=\"wp-block-separator has-alpha-channel-opacity\"\/><div class=\"wp-block-media-text alignfull is-stacked-on-mobile is-vertically-aligned-center\" style=\"grid-template-columns:28% auto\"><figure class=\"wp-block-media-text__media\"><img decoding=\"async\" width=\"500\" height=\"184\" src=\"https:\/\/artistics.com\/wp-content\/uploads\/2023\/01\/1stdibs-logo-black-on-white-500px-padding.png\" alt=\"\" class=\"wp-image-1078 size-full\" srcset=\"https:\/\/artistics.com\/wp-content\/uploads\/2023\/01\/1stdibs-logo-black-on-white-500px-padding.png 500w, https:\/\/artistics.com\/wp-content\/uploads\/2023\/01\/1stdibs-logo-black-on-white-500px-padding-300x110.png 300w, https:\/\/artistics.com\/wp-content\/uploads\/2023\/01\/1stdibs-logo-black-on-white-500px-padding-180x66.png 180w\" sizes=\"(max-width: 500px) 100vw, 500px\" \/><\/figure><div class=\"wp-block-media-text__content\"><p><strong>Octobre 2022<\/strong><\/p>\n\n<p style=\"font-size:18px\"><strong>\u00ab\u00a0Tom Price sculpted one of these benches from resin, the other from coal\u00a0\u00bb<\/strong><\/p>\n\n<p style=\"font-size:18px\">Un <a href=\"https:\/\/www.1stdibs.com\/blogs\/the-study\/tom-price-counterpart-bench\/\" rel=\"nofollow\">article en ligne<\/a> sur le blog de 1stidibs The Study pr\u00e9sente dans la rubrique \u00ab\u00a0Obsession de la semaine\u00a0\u00bb les sculptures de l\u2019artiste anglais Tom Price, \u00e0 mi-chemin entre l\u2019art et le design.<\/p>\n\n<p class=\"has-small-font-size\">[Th\u00e9matiques: art contemporain, collection, sculpture contemporaine]<\/p><\/div><\/div><hr class=\"wp-block-separator has-alpha-channel-opacity\"\/><div class=\"wp-block-media-text alignfull is-stacked-on-mobile is-vertically-aligned-center\" style=\"grid-template-columns:28% auto\"><figure class=\"wp-block-media-text__media\"><img decoding=\"async\" width=\"504\" height=\"100\" src=\"https:\/\/artistics.com\/wp-content\/uploads\/2023\/01\/widewalls-logo.png\" alt=\"\" class=\"wp-image-1080 size-full\" srcset=\"https:\/\/artistics.com\/wp-content\/uploads\/2023\/01\/widewalls-logo.png 504w, https:\/\/artistics.com\/wp-content\/uploads\/2023\/01\/widewalls-logo-300x60.png 300w, https:\/\/artistics.com\/wp-content\/uploads\/2023\/01\/widewalls-logo-180x36.png 180w\" sizes=\"(max-width: 504px) 100vw, 504px\" \/><\/figure><div class=\"wp-block-media-text__content\"><p><strong>Septembre 2022<\/strong><\/p>\n\n<div class=\"wp-block-group is-vertical is-layout-flex wp-container-core-group-is-layout-8cf370e7 wp-block-group-is-layout-flex\"><p style=\"font-size:18px\"><strong>\u00ab\u00a0Czech Sculptors in the Spotlight &#8211; Ond\u0159ej Oliva and Pavl\u00edna Kvita\u00a0\u00bb<\/strong><\/p>\n\n<p style=\"font-size:18px\">Un <a href=\"https:\/\/www.widewalls.ch\/magazine\/ondrej-oliva-pavlina-kvita\" rel=\"nofollow\">article en ligne<\/a> de Widewalls pr\u00e9sente le travail de deux jeunes sculpteurs tch\u00e8ques repr\u00e9sent\u00e9s par Artistics : Ond\u0159ej Oliva et Pavl\u00edna Kvita.<\/p>\n\n<p class=\"has-small-font-size\">[Th\u00e9matiques: art contemporain, sculptures contemporaine tch\u00e8que]<\/p><\/div><\/div><\/div><hr class=\"wp-block-separator has-alpha-channel-opacity\"\/><div class=\"wp-block-media-text alignfull is-stacked-on-mobile is-vertically-aligned-center\" style=\"grid-template-columns:28% auto\"><figure class=\"wp-block-media-text__media\"><img decoding=\"async\" width=\"400\" height=\"400\" src=\"https:\/\/artistics.com\/wp-content\/uploads\/2023\/01\/logo-luxuo.jpeg\" alt=\"\" class=\"wp-image-1076 size-full\" srcset=\"https:\/\/artistics.com\/wp-content\/uploads\/2023\/01\/logo-luxuo.jpeg 400w, https:\/\/artistics.com\/wp-content\/uploads\/2023\/01\/logo-luxuo-300x300.jpeg 300w, https:\/\/artistics.com\/wp-content\/uploads\/2023\/01\/logo-luxuo-150x150.jpeg 150w, https:\/\/artistics.com\/wp-content\/uploads\/2023\/01\/logo-luxuo-100x100.jpeg 100w, https:\/\/artistics.com\/wp-content\/uploads\/2023\/01\/logo-luxuo-180x180.jpeg 180w\" sizes=\"(max-width: 400px) 100vw, 400px\" \/><\/figure><div class=\"wp-block-media-text__content\"><p><strong>Septembre 2022<\/strong><\/p>\n\n<p><strong>\u00ab\u00a0The Extravagant Minimalism of Tom Price\u00a0\u00bb<\/strong><\/p>\n\n<p>Un <a href=\"https:\/\/www.luxuo.com\/culture\/art\/the-extravagant-minimalism-of-tom-price.html\" rel=\"nofollow\">article en ligne<\/a> de Luxuo pr\u00e9sente les sculptures de l\u2019artiste anglais Tom Price, \u00e0 mi-chemin entre l\u2019art et le design.<\/p>\n\n<p class=\"has-small-font-size\">[Th\u00e9matiques: art contemporain, collection, sculpture contemporaine, art &amp; design]<\/p><\/div><\/div><hr class=\"wp-block-separator has-alpha-channel-opacity\"\/><div class=\"wp-block-media-text alignfull is-stacked-on-mobile is-vertically-aligned-center\" style=\"grid-template-columns:28% auto\"><figure class=\"wp-block-media-text__media\"><img decoding=\"async\" width=\"1000\" height=\"253\" src=\"https:\/\/artistics.com\/wp-content\/uploads\/2023\/01\/madame-figaro-0-0.png\" alt=\"\" class=\"wp-image-1135 size-full\" srcset=\"https:\/\/artistics.com\/wp-content\/uploads\/2023\/01\/madame-figaro-0-0.png 1000w, https:\/\/artistics.com\/wp-content\/uploads\/2023\/01\/madame-figaro-0-0-300x76.png 300w, https:\/\/artistics.com\/wp-content\/uploads\/2023\/01\/madame-figaro-0-0-768x194.png 768w, https:\/\/artistics.com\/wp-content\/uploads\/2023\/01\/madame-figaro-0-0-550x139.png 550w, https:\/\/artistics.com\/wp-content\/uploads\/2023\/01\/madame-figaro-0-0-180x46.png 180w\" sizes=\"(max-width: 1000px) 100vw, 1000px\" \/><\/figure><div class=\"wp-block-media-text__content\"><p><strong>Novembre 2021<\/strong><\/p>\n\n<p><strong>\u00ab\u00a05 photographies d&rsquo;art bluffantes \u00e0 accrocher chez soi\u00a0\u00bb<\/strong><\/p>\n\n<p>A l&rsquo;occasion de Paris Photo, un <a href=\"https:\/\/madame.lefigaro.fr\/deco-design\/5-photographies-dart-bluffantes-a-accrocher-dans-son-salon-121121-198979\" rel=\"nofollow\">article en ligne<\/a> de Madame Figaro pr\u00e9sente 5 photographies surprenantes de Bernhard Lang, Matthieu Venot, Christian Houge, Miss Aniela et Christophe Jacrot.<\/p>\n\n<p class=\"has-small-font-size\">[Th\u00e9matiques: art contemporain, Paris Photo, photographie d&rsquo;art]<\/p><\/div><\/div><hr class=\"wp-block-separator has-alpha-channel-opacity\"\/><div class=\"wp-block-media-text alignfull is-stacked-on-mobile is-vertically-aligned-center\" style=\"grid-template-columns:28% auto\"><figure class=\"wp-block-media-text__media\"><img decoding=\"async\" width=\"1000\" height=\"253\" src=\"https:\/\/artistics.com\/wp-content\/uploads\/2023\/01\/madame-figaro-0-0.png\" alt=\"\" class=\"wp-image-1135 size-full\" srcset=\"https:\/\/artistics.com\/wp-content\/uploads\/2023\/01\/madame-figaro-0-0.png 1000w, https:\/\/artistics.com\/wp-content\/uploads\/2023\/01\/madame-figaro-0-0-300x76.png 300w, https:\/\/artistics.com\/wp-content\/uploads\/2023\/01\/madame-figaro-0-0-768x194.png 768w, https:\/\/artistics.com\/wp-content\/uploads\/2023\/01\/madame-figaro-0-0-550x139.png 550w, https:\/\/artistics.com\/wp-content\/uploads\/2023\/01\/madame-figaro-0-0-180x46.png 180w\" sizes=\"(max-width: 1000px) 100vw, 1000px\" \/><\/figure><div class=\"wp-block-media-text__content\"><p><strong>Octobre 2021<\/strong><\/p>\n\n<p><strong>\u00ab\u00a0Partez \u00e0 la d\u00e9couverte de la sculpture contemporaine\u00a0\u00bb<\/strong><\/p>\n\n<p>A l&rsquo;occasion de la FIAC, un <a href=\"https:\/\/madame.lefigaro.fr\/celebrites\/partez-a-la-decouverte-de-la-sculpture-contemporaine-211021-198657\" rel=\"nofollow\">article en ligne<\/a> de Madame Figaro pr\u00e9sente une s\u00e9lection de sculpteurs de la galerie Artistics : Toshio Iezumi, Tom Price, Marcelo Martin Burgos, Romain Langlois, Sharon Brill.<\/p>\n\n<p class=\"has-small-font-size\">[Th\u00e9matiques: art contemporain, FIAC, sculpture contemporaine]<\/p><\/div><\/div><hr class=\"wp-block-separator has-alpha-channel-opacity\"\/><div class=\"wp-block-media-text alignfull is-stacked-on-mobile is-vertically-aligned-center\" style=\"grid-template-columns:28% auto\"><figure class=\"wp-block-media-text__media\"><img decoding=\"async\" width=\"1000\" height=\"253\" src=\"https:\/\/artistics.com\/wp-content\/uploads\/2023\/01\/madame-figaro-0-0.png\" alt=\"\" class=\"wp-image-1135 size-full\" srcset=\"https:\/\/artistics.com\/wp-content\/uploads\/2023\/01\/madame-figaro-0-0.png 1000w, https:\/\/artistics.com\/wp-content\/uploads\/2023\/01\/madame-figaro-0-0-300x76.png 300w, https:\/\/artistics.com\/wp-content\/uploads\/2023\/01\/madame-figaro-0-0-768x194.png 768w, https:\/\/artistics.com\/wp-content\/uploads\/2023\/01\/madame-figaro-0-0-550x139.png 550w, https:\/\/artistics.com\/wp-content\/uploads\/2023\/01\/madame-figaro-0-0-180x46.png 180w\" sizes=\"(max-width: 1000px) 100vw, 1000px\" \/><\/figure><div class=\"wp-block-media-text__content\"><p><strong>Septembre 2021<\/strong><\/p>\n\n<p><strong>\u00ab\u00a0Les 5 artistes qui bousculent notre perception du monde\u00a0\u00bb<\/strong><\/p>\n\n<p>Un article en ligne de Madame Figaro pr\u00e9sente quelques talentueux artistes de la galerie Artistics dont la perception du monde, singuli\u00e8re et vibrante, se propage \u00e0 travers \u0153uvres : Brad Wilson, Mattia Bosco, Luca Marziale et Doris Marten.<\/p>\n\n<p class=\"has-small-font-size\">[Th\u00e9matiques: art contemporain, collection]<\/p><\/div><\/div><hr class=\"wp-block-separator has-alpha-channel-opacity\"\/><div class=\"wp-block-media-text alignfull is-stacked-on-mobile is-vertically-aligned-center\" style=\"grid-template-columns:28% auto\"><figure class=\"wp-block-media-text__media\"><img decoding=\"async\" width=\"1024\" height=\"320\" src=\"https:\/\/artistics.com\/wp-content\/uploads\/2023\/01\/le-parisien-logosvg-0-1024x320.png\" alt=\"\" class=\"wp-image-1138 size-full\" srcset=\"https:\/\/artistics.com\/wp-content\/uploads\/2023\/01\/le-parisien-logosvg-0-1024x320.png 1024w, https:\/\/artistics.com\/wp-content\/uploads\/2023\/01\/le-parisien-logosvg-0-300x94.png 300w, https:\/\/artistics.com\/wp-content\/uploads\/2023\/01\/le-parisien-logosvg-0-768x240.png 768w, https:\/\/artistics.com\/wp-content\/uploads\/2023\/01\/le-parisien-logosvg-0-1536x480.png 1536w, https:\/\/artistics.com\/wp-content\/uploads\/2023\/01\/le-parisien-logosvg-0-550x172.png 550w, https:\/\/artistics.com\/wp-content\/uploads\/2023\/01\/le-parisien-logosvg-0-180x56.png 180w, https:\/\/artistics.com\/wp-content\/uploads\/2023\/01\/le-parisien-logosvg-0.png 1920w\" sizes=\"(max-width: 1024px) 100vw, 1024px\" \/><\/figure><div class=\"wp-block-media-text__content\"><p><strong>Juin 2021<\/strong><\/p>\n\n<p><strong>\u00ab\u00a0Bien-\u00eatre au travail : \u00e0 la recherche du bureau id\u00e9al\u201d<\/strong><\/p>\n\n<p>A travers l\u2019art, les entreprises innovantes valorisent leurs espaces et cr\u00e9ent des environnements de travail plus agr\u00e9ables. Elles peuvent \u00e9galement b\u00e9n\u00e9ficier d\u2019avantages fiscaux li\u00e9s \u00e0 l\u2019acquisition d\u2019\u0153uvres d\u2019art. Un <a href=\"https:\/\/www.leparisien.fr\/economie\/business\/bien-etre-au-travail-a-la-recherche-du-bureau-ideal-07-06-2021-EMQUNKICMZBYLCUV5F3SW5QQXY.php\" rel=\"nofollow\">article en ligne<\/a> de Le Parisien parle de l\u2019entreprise Filae, qui a d\u00e9cid\u00e9 d\u2019acqu\u00e9rir et exposer dans ses bureaux six \u0153uvres d\u2019Artistics.<\/p>\n\n<p class=\"has-small-font-size\">[Th\u00e9matiques: achat d&rsquo;art, investissement dans l&rsquo;art, leasing d&rsquo;oeuvres d&rsquo;art]<\/p><\/div><\/div><hr class=\"wp-block-separator has-alpha-channel-opacity\"\/><div class=\"wp-block-media-text alignfull is-stacked-on-mobile is-vertically-aligned-center\" style=\"grid-template-columns:28% auto\"><figure class=\"wp-block-media-text__media\"><img decoding=\"async\" width=\"1000\" height=\"253\" src=\"https:\/\/artistics.com\/wp-content\/uploads\/2023\/01\/madame-figaro-0-0.png\" alt=\"\" class=\"wp-image-1135 size-full\" srcset=\"https:\/\/artistics.com\/wp-content\/uploads\/2023\/01\/madame-figaro-0-0.png 1000w, https:\/\/artistics.com\/wp-content\/uploads\/2023\/01\/madame-figaro-0-0-300x76.png 300w, https:\/\/artistics.com\/wp-content\/uploads\/2023\/01\/madame-figaro-0-0-768x194.png 768w, https:\/\/artistics.com\/wp-content\/uploads\/2023\/01\/madame-figaro-0-0-550x139.png 550w, https:\/\/artistics.com\/wp-content\/uploads\/2023\/01\/madame-figaro-0-0-180x46.png 180w\" sizes=\"(max-width: 1000px) 100vw, 1000px\" \/><\/figure><div class=\"wp-block-media-text__content\"><p><strong>F\u00e9vrier 2021<\/strong><\/p>\n\n<p><strong>\u00ab\u00a0Les 5 artistes d\u2019art contemporain \u00e0 suivre en 2021\u00a0\u00bb<\/strong><\/p>\n\n<p>Un <a href=\"https:\/\/madame.lefigaro.fr\/deco-design\/les-5-artistes-dart-contemporain-a-suivre-en-2021-010321-195215\" rel=\"nofollow\">article en ligne<\/a> de Madame Figaro pr\u00e9sente 5 artistes talentueux de la galerie Artistics (Ramon Enrich, Romain Langlois, Gina Soden, Pierre Yermia, Guillaume Chansarel) \u00e0 suivre en 2021.<\/p>\n\n<p class=\"has-small-font-size\">[Th\u00e9matiques: art contemporain, collection]<\/p><\/div><\/div><hr class=\"wp-block-separator has-alpha-channel-opacity\"\/><div class=\"wp-block-media-text alignfull is-stacked-on-mobile is-vertically-aligned-center\" style=\"grid-template-columns:28% auto\"><figure class=\"wp-block-media-text__media\"><img decoding=\"async\" width=\"529\" height=\"131\" src=\"https:\/\/artistics.com\/wp-content\/uploads\/2023\/02\/beaux-arts-logo-0.jpeg\" alt=\"\" class=\"wp-image-1838 size-full\" srcset=\"https:\/\/artistics.com\/wp-content\/uploads\/2023\/02\/beaux-arts-logo-0.jpeg 529w, https:\/\/artistics.com\/wp-content\/uploads\/2023\/02\/beaux-arts-logo-0-300x74.jpeg 300w, https:\/\/artistics.com\/wp-content\/uploads\/2023\/02\/beaux-arts-logo-0-180x45.jpeg 180w\" sizes=\"(max-width: 529px) 100vw, 529px\" \/><\/figure><div class=\"wp-block-media-text__content\"><p><strong>Mai 2020<\/strong><\/p>\n\n<p><strong>\u00ab\u00a05 regards sur la nature par les artistes de la galerie en ligne Artistics\u00a0\u00bb<\/strong><\/p>\n\n<p>Un <a href=\"https:\/\/www.beauxarts.com\/non-classe\/5-regards-sur-la-nature-par-les-artistes-de-la-galerie-en-ligne-artistics\/\" rel=\"nofollow\">article en ligne<\/a> de Beaux Arts Magazine pr\u00e9sente le travail de 5 artistes de la galerie (Ramon Enrich, Romain Langlois, Chen Yiching, Calo Carratal\u00e1, Christophe Jacrot) autour du th\u00e8me de la nature.<\/p>\n\n<p>[Th\u00e9matiques: art contemporain, galerie d&rsquo;art]<\/p><\/div><\/div><hr class=\"wp-block-separator has-alpha-channel-opacity\"\/><div class=\"wp-block-media-text alignfull is-stacked-on-mobile is-vertically-aligned-center\" style=\"grid-template-columns:28% auto\"><figure class=\"wp-block-media-text__media\"><img decoding=\"async\" width=\"874\" height=\"615\" src=\"https:\/\/artistics.com\/wp-content\/uploads\/2023\/02\/convelio-x-artistics-0.jpeg\" alt=\"\" class=\"wp-image-1840 size-full\" srcset=\"https:\/\/artistics.com\/wp-content\/uploads\/2023\/02\/convelio-x-artistics-0.jpeg 874w, https:\/\/artistics.com\/wp-content\/uploads\/2023\/02\/convelio-x-artistics-0-300x211.jpeg 300w, https:\/\/artistics.com\/wp-content\/uploads\/2023\/02\/convelio-x-artistics-0-768x540.jpeg 768w, https:\/\/artistics.com\/wp-content\/uploads\/2023\/02\/convelio-x-artistics-0-550x387.jpeg 550w, https:\/\/artistics.com\/wp-content\/uploads\/2023\/02\/convelio-x-artistics-0-180x127.jpeg 180w\" sizes=\"(max-width: 874px) 100vw, 874px\" \/><\/figure><div class=\"wp-block-media-text__content\"><p><strong>F\u00e9vrier 2020<\/strong><\/p>\n\n<p><strong>Portrait de Sonia Rameau<\/strong><\/p>\n\n<p>Une <a href=\"https:\/\/www.convelio.com\/fr\/blog\/blogpost\/artistics-portrait-de-sa-fondatrice\/\">interview de Sonia Rameau<\/a>, fondatrice d&rsquo;Artistics. Pour en savoir plus sur les origines de la galerie et d\u00e9courvir la perspective de Sonia Rameau sur la num\u00e9risation du march\u00e9 de l&rsquo;art. L&rsquo;interview est \u00e0 retrouver sur le site de Convelio, sp\u00e9cialiste du transporteur d&rsquo;oeuvres d&rsquo;art.<\/p>\n\n<p>[Th\u00e9matiques: logistique, march\u00e9 de l&rsquo;art en ligne]<\/p><\/div><\/div><hr class=\"wp-block-separator has-alpha-channel-opacity\"\/><div class=\"wp-block-media-text alignfull is-stacked-on-mobile is-vertically-aligned-center\" style=\"grid-template-columns:28% auto\"><figure class=\"wp-block-media-text__media\"><img decoding=\"async\" width=\"1024\" height=\"768\" src=\"https:\/\/artistics.com\/wp-content\/uploads\/2023\/02\/f24-panel-0-1024x768.jpeg\" alt=\"\" class=\"wp-image-1842 size-full\" srcset=\"https:\/\/artistics.com\/wp-content\/uploads\/2023\/02\/f24-panel-0-1024x768.jpeg 1024w, https:\/\/artistics.com\/wp-content\/uploads\/2023\/02\/f24-panel-0-300x225.jpeg 300w, https:\/\/artistics.com\/wp-content\/uploads\/2023\/02\/f24-panel-0-768x576.jpeg 768w, https:\/\/artistics.com\/wp-content\/uploads\/2023\/02\/f24-panel-0-1536x1152.jpeg 1536w, https:\/\/artistics.com\/wp-content\/uploads\/2023\/02\/f24-panel-0-550x413.jpeg 550w, https:\/\/artistics.com\/wp-content\/uploads\/2023\/02\/f24-panel-0-180x135.jpeg 180w, https:\/\/artistics.com\/wp-content\/uploads\/2023\/02\/f24-panel-0.jpeg 2016w\" sizes=\"(max-width: 1024px) 100vw, 1024px\" \/><\/figure><div class=\"wp-block-media-text__content\"><p><strong>D\u00e9cembre 2019<\/strong><\/p>\n\n<p><strong>\u00ab\u00a0Strikes and a slowing economy? What French businesses can expect in 2020\u00a0\u00bb<\/strong><\/p>\n\n<p>Sonia Rameau, la fondatrice d\u2019Artistics, \u00e9tait l\u2019invit\u00e9e de l\u2019\u00e9mission <a href=\"https:\/\/youtu.be\/FyiDI0TjDlE\" rel=\"nofollow\">\u201cPeople &amp; Profit\u201d present\u00e9e par Stephen Carroll sur FRANCE 24<\/a> English (\u00e9mission du jeudi 19 d\u00e9cembre). Bilan de l\u2019ann\u00e9e et objectifs 2020 de la galerie d\u2019art contemporain en ligne.<\/p>\n\n<p>[Th\u00e9matiques : business, \u00e9conomie, art en ligne]<\/p><\/div><\/div><hr class=\"wp-block-separator has-alpha-channel-opacity\"\/><div class=\"wp-block-media-text alignfull is-stacked-on-mobile is-vertically-aligned-center\" style=\"grid-template-columns:28% auto\"><figure class=\"wp-block-media-text__media\"><img decoding=\"async\" width=\"1024\" height=\"538\" src=\"https:\/\/artistics.com\/wp-content\/uploads\/2023\/02\/m6-0-1024x538.jpeg\" alt=\"\" class=\"wp-image-1844 size-full\" srcset=\"https:\/\/artistics.com\/wp-content\/uploads\/2023\/02\/m6-0-1024x538.jpeg 1024w, https:\/\/artistics.com\/wp-content\/uploads\/2023\/02\/m6-0-300x157.jpeg 300w, https:\/\/artistics.com\/wp-content\/uploads\/2023\/02\/m6-0-768x403.jpeg 768w, https:\/\/artistics.com\/wp-content\/uploads\/2023\/02\/m6-0-550x289.jpeg 550w, https:\/\/artistics.com\/wp-content\/uploads\/2023\/02\/m6-0-180x94.jpeg 180w, https:\/\/artistics.com\/wp-content\/uploads\/2023\/02\/m6-0.jpeg 1162w\" sizes=\"(max-width: 1024px) 100vw, 1024px\" \/><\/figure><div class=\"wp-block-media-text__content\"><p><strong>Octobre 2019<\/strong><\/p>\n\n<p><strong>\u00ab\u00a0Arts appliqu\u00e9s &#8211; Une appli pour d\u00e9couvrir l&rsquo;art contemporain\u00a0\u00bb<\/strong><\/p>\n\n<p><a href=\"https:\/\/youtu.be\/gzlka0p0XYw\" rel=\"nofollow\">M6<\/a> a parl\u00e9 d&rsquo;Artistics dans le cadre d&rsquo;un reportage consacr\u00e9 \u00e0 l\u2019art contemporain et au num\u00e9rique \u00e0 l\u2019occasion de la FIAC (reportage du vendredi 18 octobre).<\/p>\n\n<p>[Th\u00e9matiques: art contemporain, innovation num\u00e9rique, achat d&rsquo;art, FIAC]<\/p><\/div><\/div><hr class=\"wp-block-separator has-alpha-channel-opacity\"\/><div class=\"wp-block-media-text alignfull is-stacked-on-mobile is-vertically-aligned-center\" style=\"grid-template-columns:28% auto\"><figure class=\"wp-block-media-text__media\"><img decoding=\"async\" width=\"822\" height=\"685\" src=\"https:\/\/artistics.com\/wp-content\/uploads\/2023\/02\/europe1-0.jpeg\" alt=\"\" class=\"wp-image-1846 size-full\" srcset=\"https:\/\/artistics.com\/wp-content\/uploads\/2023\/02\/europe1-0.jpeg 822w, https:\/\/artistics.com\/wp-content\/uploads\/2023\/02\/europe1-0-300x250.jpeg 300w, https:\/\/artistics.com\/wp-content\/uploads\/2023\/02\/europe1-0-768x640.jpeg 768w, https:\/\/artistics.com\/wp-content\/uploads\/2023\/02\/europe1-0-550x458.jpeg 550w, https:\/\/artistics.com\/wp-content\/uploads\/2023\/02\/europe1-0-180x150.jpeg 180w\" sizes=\"(max-width: 822px) 100vw, 822px\" \/><\/figure><div class=\"wp-block-media-text__content\"><p><strong>Octobre 2019<\/strong><\/p>\n\n<p><strong>\u00ab\u00a0Les innovations dans le domaine de l\u2019art \u00e0 l\u2019occasion de la FIAC\u00a0\u00bb<\/strong><\/p>\n\n<p>Sonia Rameau, fondatrice d&rsquo;Artistics, \u00e9tait l&rsquo;invit\u00e9e de La France bouge sur <a href=\"https:\/\/www.europe1.fr\/emissions\/la-france-bouge-avec-raphaelle-duchemin\/les-innovations-dans-le-domaine-de-lart-a-loccasion-de-la-fiac-3926074?fbclid=IwAR1mj9b0UKBdGdnvWQa8friKNxJoyAIVtjF6StZWbWWrBZ9IsINMOYy_cpw\" rel=\"nofollow\">Europe 1<\/a> pour une \u00e9mission consacr\u00e9e aux innovations dans le domaine de l\u2019art \u00e0 l\u2019occasion de la FIAC (\u00e9mission du jeudi 17 octobre).<\/p>\n\n<p>[Th\u00e9matiques: art contemporain, innovation num\u00e9rique, galerie d&rsquo;art en ligne, achat d&rsquo;art, FIAC]<\/p><\/div><\/div><hr class=\"wp-block-separator has-alpha-channel-opacity\"\/><div class=\"wp-block-media-text alignfull is-stacked-on-mobile is-vertically-aligned-center\" style=\"grid-template-columns:28% auto\"><figure class=\"wp-block-media-text__media\"><img decoding=\"async\" width=\"1024\" height=\"711\" src=\"https:\/\/artistics.com\/wp-content\/uploads\/2023\/02\/porsche-brad-wilson-1-page-0001-0-1024x711.jpeg\" alt=\"\" class=\"wp-image-1848 size-full\" srcset=\"https:\/\/artistics.com\/wp-content\/uploads\/2023\/02\/porsche-brad-wilson-1-page-0001-0-1024x711.jpeg 1024w, https:\/\/artistics.com\/wp-content\/uploads\/2023\/02\/porsche-brad-wilson-1-page-0001-0-300x208.jpeg 300w, https:\/\/artistics.com\/wp-content\/uploads\/2023\/02\/porsche-brad-wilson-1-page-0001-0-768x534.jpeg 768w, https:\/\/artistics.com\/wp-content\/uploads\/2023\/02\/porsche-brad-wilson-1-page-0001-0-1536x1067.jpeg 1536w, https:\/\/artistics.com\/wp-content\/uploads\/2023\/02\/porsche-brad-wilson-1-page-0001-0-2048x1423.jpeg 2048w, https:\/\/artistics.com\/wp-content\/uploads\/2023\/02\/porsche-brad-wilson-1-page-0001-0-550x382.jpeg 550w, https:\/\/artistics.com\/wp-content\/uploads\/2023\/02\/porsche-brad-wilson-1-page-0001-0-180x125.jpeg 180w\" sizes=\"(max-width: 1024px) 100vw, 1024px\" \/><\/figure><div class=\"wp-block-media-text__content\"><p><strong>Octobre 2019<\/strong><\/p>\n\n<p>\u00ab\u00a0De beestige portretten van Brad Wilson\u00a0\u00bb (les portraits d&rsquo;animau de Brad Wilson)<\/p>\n\n<p>Article sur l&rsquo;artiste photographe Brad Wilson paru dans <a href=\"https:\/\/issuu.com\/cmmporsche\/docs\/cmm_fall-winter_19\" rel=\"nofollow\">Carrera Motors Magazine<\/a> (num\u00e9ro de l\u2019automne-hiver 2019)<\/p>\n\n<p>[Th\u00e9matiques : art contemporain, photographie contemporaine]<\/p><\/div><\/div><hr class=\"wp-block-separator has-alpha-channel-opacity\"\/><div class=\"wp-block-media-text alignfull is-stacked-on-mobile is-vertically-aligned-center\" style=\"grid-template-columns:28% auto\"><figure class=\"wp-block-media-text__media\"><img decoding=\"async\" width=\"621\" height=\"877\" src=\"https:\/\/artistics.com\/wp-content\/uploads\/2023\/02\/artmuseum-magazine-0.jpeg\" alt=\"\" class=\"wp-image-1850 size-full\" srcset=\"https:\/\/artistics.com\/wp-content\/uploads\/2023\/02\/artmuseum-magazine-0.jpeg 621w, https:\/\/artistics.com\/wp-content\/uploads\/2023\/02\/artmuseum-magazine-0-212x300.jpeg 212w, https:\/\/artistics.com\/wp-content\/uploads\/2023\/02\/artmuseum-magazine-0-550x777.jpeg 550w, https:\/\/artistics.com\/wp-content\/uploads\/2023\/02\/artmuseum-magazine-0-300x424.jpeg 300w, https:\/\/artistics.com\/wp-content\/uploads\/2023\/02\/artmuseum-magazine-0-127x180.jpeg 127w\" sizes=\"(max-width: 621px) 100vw, 621px\" \/><\/figure><div class=\"wp-block-media-text__content\"><p><strong>Octobre 2019<\/strong><\/p>\n\n<p>\u00ab\u00a0Mutant Art\u00a0\u00bb<\/p>\n\n<p>Article de la directrice d\u2019Artistics Sonia Rameau sur l&rsquo;artiste Romain Langlois paru dans Art &amp; Museum Magazine, un suppl\u00e9ment de Family Office Magazine (num\u00e9ro de l&rsquo;automne 2019).<\/p>\n\n<p>Art &amp; Museum Magazine est une publication trimestrielle enti\u00e8rement consacr\u00e9e aux collectionneurs, aux investisseurs, aux philanthropes et aux professionnels de l&rsquo;art.<\/p>\n\n<p>[Th\u00e9matiques : art contemporain, sculpture contemporaine]<\/p><\/div><\/div><hr class=\"wp-block-separator has-alpha-channel-opacity\"\/><div class=\"wp-block-media-text alignfull is-stacked-on-mobile is-vertically-aligned-center\" style=\"grid-template-columns:28% auto\"><figure class=\"wp-block-media-text__media\"><img decoding=\"async\" width=\"1024\" height=\"714\" src=\"https:\/\/artistics.com\/wp-content\/uploads\/2023\/02\/hiscox-itw-1024x714.jpeg\" alt=\"\" class=\"wp-image-1852 size-full\" srcset=\"https:\/\/artistics.com\/wp-content\/uploads\/2023\/02\/hiscox-itw-1024x714.jpeg 1024w, https:\/\/artistics.com\/wp-content\/uploads\/2023\/02\/hiscox-itw-300x209.jpeg 300w, https:\/\/artistics.com\/wp-content\/uploads\/2023\/02\/hiscox-itw-768x535.jpeg 768w, https:\/\/artistics.com\/wp-content\/uploads\/2023\/02\/hiscox-itw-1536x1071.jpeg 1536w, https:\/\/artistics.com\/wp-content\/uploads\/2023\/02\/hiscox-itw-2048x1428.jpeg 2048w, https:\/\/artistics.com\/wp-content\/uploads\/2023\/02\/hiscox-itw-550x383.jpeg 550w, https:\/\/artistics.com\/wp-content\/uploads\/2023\/02\/hiscox-itw-180x125.jpeg 180w\" sizes=\"(max-width: 1024px) 100vw, 1024px\" \/><\/figure><div class=\"wp-block-media-text__content\"><p><strong>Juin 2019<\/strong><\/p>\n\n<p><strong>Interview de Sonia Rameau, fondatrice d&rsquo;Artistics.com<\/strong><\/p>\n\n<p>On June 13, 2019 Hiscox organized a panel discussion at their Paris offices entitled \u00ab Towards a 4.0 art market \u00bb. On that Occasion, Hiscox also published a booklet of interviews with the main French actors of the online art market. Here is the <a href=\"https:\/\/www.slideshare.net\/ArtisticsMag\/interview-with-sonia-rameau-founder-of-online-art-gallery-artisticscom\" rel=\"nofollow\">interview with Sonia Rameau<\/a>, founder of the online art gallery Artistics.com. The complete booklet is available <a href=\"https:\/\/www.hiscox.fr\/courtage\/sites\/courtage\/files\/documents\/table_ronde_hiscox_marche_art_4.0.pdf\" rel=\"nofollow\">here<\/a>.<\/p>\n\n<p>[Th\u00e9matiques: march\u00e9 de l&rsquo;art en ligne, Hiscox Report 2019]<\/p><\/div><\/div><hr class=\"wp-block-separator has-alpha-channel-opacity\"\/><div class=\"wp-block-media-text alignfull is-stacked-on-mobile is-vertically-aligned-center\" style=\"grid-template-columns:28% auto\"><figure class=\"wp-block-media-text__media\"><img decoding=\"async\" width=\"853\" height=\"415\" src=\"https:\/\/artistics.com\/wp-content\/uploads\/2023\/02\/hiscox-logo.jpeg\" alt=\"\" class=\"wp-image-1854 size-full\" srcset=\"https:\/\/artistics.com\/wp-content\/uploads\/2023\/02\/hiscox-logo.jpeg 853w, https:\/\/artistics.com\/wp-content\/uploads\/2023\/02\/hiscox-logo-300x146.jpeg 300w, https:\/\/artistics.com\/wp-content\/uploads\/2023\/02\/hiscox-logo-768x374.jpeg 768w, https:\/\/artistics.com\/wp-content\/uploads\/2023\/02\/hiscox-logo-550x268.jpeg 550w, https:\/\/artistics.com\/wp-content\/uploads\/2023\/02\/hiscox-logo-180x88.jpeg 180w\" sizes=\"(max-width: 853px) 100vw, 853px\" \/><\/figure><div class=\"wp-block-media-text__content\"><p><strong>Octobre 2018<\/strong><\/p>\n\n<p><strong>\u00ab\u00a0Success Story, Artistics rend l&rsquo;art accessible \u00e0 tous\u00a0\u00bb<\/strong><\/p>\n\n<p><a href=\"https:\/\/www.hiscox.fr\/blog\/succes-story-artistics-lart-accessible\" rel=\"nofollow\">Interview de Sonia Rameau<\/a>, fondatrice d&rsquo;Artistics, parue sur le blog hiscox.fr (16 octobre 2018).<\/p>\n\n<p>[Th\u00e9matiques: galerie d&rsquo;art en ligne, art contemporain, achat d&rsquo;art]<\/p><\/div><\/div><hr class=\"wp-block-separator has-alpha-channel-opacity\"\/><div class=\"wp-block-media-text alignfull is-stacked-on-mobile is-vertically-aligned-center\" style=\"grid-template-columns:28% auto\"><figure class=\"wp-block-media-text__media\"><img decoding=\"async\" width=\"1024\" height=\"328\" src=\"https:\/\/artistics.com\/wp-content\/uploads\/2023\/02\/connaissance-des-arts-1024x328.jpeg\" alt=\"\" class=\"wp-image-1856 size-full\" srcset=\"https:\/\/artistics.com\/wp-content\/uploads\/2023\/02\/connaissance-des-arts-1024x328.jpeg 1024w, https:\/\/artistics.com\/wp-content\/uploads\/2023\/02\/connaissance-des-arts-300x96.jpeg 300w, https:\/\/artistics.com\/wp-content\/uploads\/2023\/02\/connaissance-des-arts-768x246.jpeg 768w, https:\/\/artistics.com\/wp-content\/uploads\/2023\/02\/connaissance-des-arts-1536x492.jpeg 1536w, https:\/\/artistics.com\/wp-content\/uploads\/2023\/02\/connaissance-des-arts-550x176.jpeg 550w, https:\/\/artistics.com\/wp-content\/uploads\/2023\/02\/connaissance-des-arts-180x58.jpeg 180w, https:\/\/artistics.com\/wp-content\/uploads\/2023\/02\/connaissance-des-arts.jpeg 1601w\" sizes=\"(max-width: 1024px) 100vw, 1024px\" \/><\/figure><div class=\"wp-block-media-text__content\"><p><strong>Septembre 2018<\/strong><\/p>\n\n<p><strong>\u00ab\u00a0Acheter de l\u2019art sur Artistics.com\u00a0\u00bb<\/strong><\/p>\n\n<p><a href=\"https:\/\/www.connaissancedesarts.com\/marche-art\/acheter-de-lart-sur-artistics-com-11102676\/\" rel=\"nofollow\">Article publi\u00e9 dans Connaissance des Arts<\/a> (Septembre 2018). Pr\u00e9sentation de la galerie et mention de l&rsquo;exposition de C\u00e9cile Raynal au mus\u00e9e des Arts et M\u00e9tiers de Paris.<\/p>\n\n<p>[Th\u00e9matiques: galerie d&rsquo;art en ligne, art contemporain]<\/p><\/div><\/div><hr class=\"wp-block-separator has-alpha-channel-opacity\"\/><div class=\"wp-block-media-text alignfull is-stacked-on-mobile is-vertically-aligned-center\" style=\"grid-template-columns:28% auto\"><figure class=\"wp-block-media-text__media\"><img decoding=\"async\" width=\"1024\" height=\"193\" src=\"https:\/\/artistics.com\/wp-content\/uploads\/2023\/02\/les-echos-1024x193.jpeg\" alt=\"\" class=\"wp-image-1858 size-full\" srcset=\"https:\/\/artistics.com\/wp-content\/uploads\/2023\/02\/les-echos-1024x193.jpeg 1024w, https:\/\/artistics.com\/wp-content\/uploads\/2023\/02\/les-echos-300x57.jpeg 300w, https:\/\/artistics.com\/wp-content\/uploads\/2023\/02\/les-echos-768x145.jpeg 768w, https:\/\/artistics.com\/wp-content\/uploads\/2023\/02\/les-echos-550x104.jpeg 550w, https:\/\/artistics.com\/wp-content\/uploads\/2023\/02\/les-echos-180x34.jpeg 180w, https:\/\/artistics.com\/wp-content\/uploads\/2023\/02\/les-echos.jpeg 1345w\" sizes=\"(max-width: 1024px) 100vw, 1024px\" \/><\/figure><div class=\"wp-block-media-text__content\"><p><strong>Septembre 2018<\/strong><\/p>\n\n<p><strong>\u00ab\u00a0Art contemporain : un placement plaisir \u00e0 votre port\u00e9e\u00a0\u00bb<\/strong><\/p>\n\n<p><a href=\"https:\/\/www.lesechos.fr\/2017\/09\/art-contemporain-un-placement-plaisir-a-votre-portee-182015\" rel=\"nofollow\">Article publi\u00e9 dans Les Echos<\/a> (27 septembre 2017)<br>Les Echos reviennent sur l&rsquo;\u00e9tude \u00ab\u00a0Les Fran\u00e7ais et l&rsquo;art contemporain\u00a0\u00bb command\u00e9e par Artistics \u00e0 Opinion Way.<\/p>\n\n<p>[Th\u00e9matiques : patrimoine, investissement, march\u00e9 de l&rsquo;art, art contemporain]<\/p><\/div><\/div><hr class=\"wp-block-separator has-alpha-channel-opacity\"\/><div class=\"wp-block-media-text alignfull is-stacked-on-mobile is-vertically-aligned-center\" style=\"grid-template-columns:28% auto\"><figure class=\"wp-block-media-text__media\"><img decoding=\"async\" width=\"1024\" height=\"328\" src=\"https:\/\/artistics.com\/wp-content\/uploads\/2023\/02\/connaissance-des-arts-1-1024x328.jpeg\" alt=\"\" class=\"wp-image-1860 size-full\" srcset=\"https:\/\/artistics.com\/wp-content\/uploads\/2023\/02\/connaissance-des-arts-1-1024x328.jpeg 1024w, https:\/\/artistics.com\/wp-content\/uploads\/2023\/02\/connaissance-des-arts-1-300x96.jpeg 300w, https:\/\/artistics.com\/wp-content\/uploads\/2023\/02\/connaissance-des-arts-1-768x246.jpeg 768w, https:\/\/artistics.com\/wp-content\/uploads\/2023\/02\/connaissance-des-arts-1-1536x492.jpeg 1536w, https:\/\/artistics.com\/wp-content\/uploads\/2023\/02\/connaissance-des-arts-1-550x176.jpeg 550w, https:\/\/artistics.com\/wp-content\/uploads\/2023\/02\/connaissance-des-arts-1-180x58.jpeg 180w, https:\/\/artistics.com\/wp-content\/uploads\/2023\/02\/connaissance-des-arts-1.jpeg 1601w\" sizes=\"(max-width: 1024px) 100vw, 1024px\" \/><\/figure><div class=\"wp-block-media-text__content\"><p><strong>Septembre 2017<\/strong><\/p>\n\n<p><strong>\u00ab\u00a0O\u00f9 l\u2019on apprend qu\u2019un Fran\u00e7ais sur quatre envisage d\u2019acheter de l\u2019art contemporain\u00a0\u00bb<\/strong><\/p>\n\n<p><a href=\"https:\/\/www.connaissancedesarts.com\/marche-art\/ventes-encheres\/ou-lon-apprend-quun-francais-sur-quatre-envisage-dacheter-de-lart-contemporain-1176376\/\" rel=\"nofollow\">Article publi\u00e9 dans Connaissance des arts<\/a> (18 septembre 2017). Connaissance des arts revient sur l&rsquo;\u00e9tude \u00ab\u00a0Les Fran\u00e7ais et l&rsquo;art contemporain\u00a0\u00bb command\u00e9e par Artistics et r\u00e9alis\u00e9e par Opinion Way.<\/p>\n\n<p>[Th\u00e9matiques: achat d&rsquo;art, march\u00e9 de l&rsquo;art, galerie d&rsquo;art en ligne, art contemporain]<\/p><\/div><\/div><hr class=\"wp-block-separator has-alpha-channel-opacity\"\/><div class=\"wp-block-media-text alignfull is-stacked-on-mobile is-vertically-aligned-center\" style=\"grid-template-columns:28% auto\"><figure class=\"wp-block-media-text__media\"><img decoding=\"async\" width=\"270\" height=\"131\" src=\"https:\/\/artistics.com\/wp-content\/uploads\/2023\/02\/logo-wealth-bnp.jpeg\" alt=\"\" class=\"wp-image-1862 size-full\" srcset=\"https:\/\/artistics.com\/wp-content\/uploads\/2023\/02\/logo-wealth-bnp.jpeg 270w, https:\/\/artistics.com\/wp-content\/uploads\/2023\/02\/logo-wealth-bnp-180x87.jpeg 180w\" sizes=\"(max-width: 270px) 100vw, 270px\" \/><\/figure><div class=\"wp-block-media-text__content\"><p><strong>Juillet 2017<\/strong><\/p>\n\n<p><strong>\u00ab\u00a0Comment le web fait \u00e9voluer le march\u00e9 de l&rsquo;art\u00a0\u00bb<\/strong><\/p>\n\n<p>Article paru sur le E-Magazine Wealth sur le site BNP Paribas Banque Priv\u00e9e (20 juillet 2017).<br>Wealth prend la galerie Artistics comme exemple pour parler de l&rsquo;impact de la digitalisation sur le march\u00e9 de l&rsquo;art.<\/p>\n\n<p>[Th\u00e9matiques: num\u00e9rique, innovation, march\u00e9 de l&rsquo;art, galerie d&rsquo;art en ligne, art contemporain]<\/p><\/div><\/div><hr class=\"wp-block-separator has-alpha-channel-opacity\"\/><div class=\"wp-block-media-text alignfull is-stacked-on-mobile is-vertically-aligned-center\" style=\"grid-template-columns:28% auto\"><figure class=\"wp-block-media-text__media\"><img decoding=\"async\" width=\"430\" height=\"127\" src=\"https:\/\/artistics.com\/wp-content\/uploads\/2023\/02\/logo-droit-et-patrimoine.png\" alt=\"\" class=\"wp-image-1864 size-full\" srcset=\"https:\/\/artistics.com\/wp-content\/uploads\/2023\/02\/logo-droit-et-patrimoine.png 430w, https:\/\/artistics.com\/wp-content\/uploads\/2023\/02\/logo-droit-et-patrimoine-300x89.png 300w, https:\/\/artistics.com\/wp-content\/uploads\/2023\/02\/logo-droit-et-patrimoine-180x53.png 180w\" sizes=\"(max-width: 430px) 100vw, 430px\" \/><\/figure><div class=\"wp-block-media-text__content\"><p><strong>Juillet 2017<\/strong><\/p>\n\n<p><strong>\u00ab\u00a0artistics.com &#8211; Une galerie d&rsquo;art en lignes pour les professions lib\u00e9rales\u00a0\u00bb<\/strong><\/p>\n\n<p>Article publi\u00e9 dans Droit &amp; Patrimoine, n\u00b0271 (juillet-ao\u00fbt 2017). Droit &amp; Patrimoine expose les b\u00e9n\u00e9fices li\u00e9s au leasing et \u00e0 l&rsquo;acquisition d&rsquo;oeuvres d&rsquo;art par les cabinets de professions lib\u00e9rales. Un service que propose la galerie d&rsquo;art en ligne Artistics.<\/p>\n\n<p>[Th\u00e9matiques: leasing d&rsquo;oeuvres d&rsquo;art, innovation, service, professions lib\u00e9rales, art contemporain]<\/p><\/div><\/div><hr class=\"wp-block-separator has-alpha-channel-opacity\"\/><div class=\"wp-block-media-text alignfull is-stacked-on-mobile is-vertically-aligned-center\" style=\"grid-template-columns:28% auto\"><figure class=\"wp-block-media-text__media\"><img decoding=\"async\" width=\"463\" height=\"587\" src=\"https:\/\/artistics.com\/wp-content\/uploads\/2023\/02\/home-magazine.png\" alt=\"\" class=\"wp-image-1867 size-full\" srcset=\"https:\/\/artistics.com\/wp-content\/uploads\/2023\/02\/home-magazine.png 463w, https:\/\/artistics.com\/wp-content\/uploads\/2023\/02\/home-magazine-237x300.png 237w, https:\/\/artistics.com\/wp-content\/uploads\/2023\/02\/home-magazine-300x380.png 300w, https:\/\/artistics.com\/wp-content\/uploads\/2023\/02\/home-magazine-142x180.png 142w\" sizes=\"(max-width: 463px) 100vw, 463px\" \/><\/figure><div class=\"wp-block-media-text__content\"><p><strong>Janvier 2017<\/strong><\/p>\n\n<p><strong>\u00ab\u00a0Les nouveaux marchands d&rsquo;art\u00a0\u00bb<\/strong><\/p>\n\n<p>Article publi\u00e9 dans Home Magazine, n\u00b067 (janvier 2017).<br>La galerie d&rsquo;art en ligne Artistics est pr\u00e9sent\u00e9 comme une \u00ab\u00a0valeur s\u00fbre\u00a0\u00bb pour les collectionneurs souhaitant acqu\u00e9rir une oeuvre d&rsquo;art sur internet.<\/p>\n\n<p>[Th\u00e9matiques: num\u00e9rique, galerie d&rsquo;art en ligne, art contemporain]<\/p><\/div><\/div>","protected":false},"excerpt":{"rendered":"<p>Contact presse :presse@artistics.com+33 (0) 1 40 28 92 28 Parutions (liste partielle) Novembre 2025 \u00ab\u00a0Pierre Yermia et l&rsquo;art de l&rsquo;immobilit\u00e9\u00a0\u00bb Dans une interview pour Design Diary International (Style Essentials) l&rsquo;artiste fran\u00e7ais Pierre Yermia revient sur ses premi\u00e8res influences, son processus de cr\u00e9ation et sa qu\u00eate permanente de l&rsquo;\u00e9quilibre \u00e0 travers la forme et le rythme. [&hellip;]<\/p>\n","protected":false},"author":1,"featured_media":0,"parent":0,"menu_order":0,"comment_status":"closed","ping_status":"closed","template":"","meta":{"_acf_changed":false,"_searchwp_excluded":"","inline_featured_image":false,"footnotes":""},"class_list":["post-1885","page","type-page","status-publish","hentry"],"acf":[],"yoast_head":"<!-- This site is optimized with the Yoast SEO Premium plugin v27.3 (Yoast SEO v27.3) - https:\/\/yoast.com\/product\/yoast-seo-premium-wordpress\/ -->\n<title>Presse | Artistics<\/title>\n<meta name=\"robots\" content=\"index, follow, max-snippet:-1, max-image-preview:large, max-video-preview:-1\" \/>\n<link rel=\"canonical\" href=\"https:\/\/artistics.com\/fr\/presse\/\" \/>\n<meta property=\"og:locale\" content=\"fr_FR\" \/>\n<meta property=\"og:type\" content=\"article\" \/>\n<meta property=\"og:title\" content=\"Presse\" \/>\n<meta property=\"og:description\" content=\"Contact presse :presse@artistics.com+33 (0) 1 40 28 92 28 Parutions (liste partielle) Novembre 2025 \u00ab\u00a0Pierre Yermia et l&rsquo;art de l&rsquo;immobilit\u00e9\u00a0\u00bb Dans une interview pour Design Diary International (Style Essentials) l&rsquo;artiste fran\u00e7ais Pierre Yermia revient sur ses premi\u00e8res influences, son processus de cr\u00e9ation et sa qu\u00eate permanente de l&rsquo;\u00e9quilibre \u00e0 travers la forme et le rythme. [&hellip;]\" \/>\n<meta property=\"og:url\" content=\"https:\/\/artistics.com\/fr\/presse\/\" \/>\n<meta property=\"og:site_name\" content=\"Artistics\" \/>\n<meta property=\"article:publisher\" content=\"https:\/\/www.facebook.com\/ArtisticsMag\" \/>\n<meta property=\"article:modified_time\" content=\"2026-03-31T13:27:43+00:00\" \/>\n<meta property=\"og:image\" content=\"https:\/\/artistics.com\/wp-content\/uploads\/2023\/04\/artistics-site-image.jpeg\" \/>\n\t<meta property=\"og:image:width\" content=\"1200\" \/>\n\t<meta property=\"og:image:height\" content=\"675\" \/>\n\t<meta property=\"og:image:type\" content=\"image\/jpeg\" \/>\n<meta name=\"twitter:card\" content=\"summary_large_image\" \/>\n<meta name=\"twitter:site\" content=\"@Artistics_FR\" \/>\n<meta name=\"twitter:label1\" content=\"Dur\u00e9e de lecture estim\u00e9e\" \/>\n\t<meta name=\"twitter:data1\" content=\"20 minutes\" \/>\n<script type=\"application\/ld+json\" class=\"yoast-schema-graph\">{\"@context\":\"https:\\\/\\\/schema.org\",\"@graph\":[{\"@type\":\"WebPage\",\"@id\":\"https:\\\/\\\/artistics.com\\\/fr\\\/presse\\\/\",\"url\":\"https:\\\/\\\/artistics.com\\\/fr\\\/presse\\\/\",\"name\":\"Presse | Artistics\",\"isPartOf\":{\"@id\":\"https:\\\/\\\/artistics.com\\\/fr\\\/#website\"},\"primaryImageOfPage\":{\"@id\":\"https:\\\/\\\/artistics.com\\\/fr\\\/presse\\\/#primaryimage\"},\"image\":{\"@id\":\"https:\\\/\\\/artistics.com\\\/fr\\\/presse\\\/#primaryimage\"},\"thumbnailUrl\":\"https:\\\/\\\/artistics.com\\\/wp-content\\\/uploads\\\/2026\\\/01\\\/style-essentials.avif\",\"datePublished\":\"2022-09-22T17:15:25+00:00\",\"dateModified\":\"2026-03-31T13:27:43+00:00\",\"breadcrumb\":{\"@id\":\"https:\\\/\\\/artistics.com\\\/fr\\\/presse\\\/#breadcrumb\"},\"inLanguage\":\"fr-FR\",\"potentialAction\":[{\"@type\":\"ReadAction\",\"target\":[\"https:\\\/\\\/artistics.com\\\/fr\\\/presse\\\/\"]}]},{\"@type\":\"ImageObject\",\"inLanguage\":\"fr-FR\",\"@id\":\"https:\\\/\\\/artistics.com\\\/fr\\\/presse\\\/#primaryimage\",\"url\":\"https:\\\/\\\/artistics.com\\\/wp-content\\\/uploads\\\/2026\\\/01\\\/style-essentials.avif\",\"contentUrl\":\"https:\\\/\\\/artistics.com\\\/wp-content\\\/uploads\\\/2026\\\/01\\\/style-essentials.avif\"},{\"@type\":\"BreadcrumbList\",\"@id\":\"https:\\\/\\\/artistics.com\\\/fr\\\/presse\\\/#breadcrumb\",\"itemListElement\":[{\"@type\":\"ListItem\",\"position\":1,\"name\":\"Achat \u0153uvre d'art\",\"item\":\"https:\\\/\\\/artistics.com\\\/fr\\\/\"},{\"@type\":\"ListItem\",\"position\":2,\"name\":\"Presse\"}]},{\"@type\":\"WebSite\",\"@id\":\"https:\\\/\\\/artistics.com\\\/fr\\\/#website\",\"url\":\"https:\\\/\\\/artistics.com\\\/fr\\\/\",\"name\":\"Artistics\",\"description\":\"The online art gallery\",\"publisher\":{\"@id\":\"https:\\\/\\\/artistics.com\\\/fr\\\/#organization\"},\"potentialAction\":[{\"@type\":\"SearchAction\",\"target\":{\"@type\":\"EntryPoint\",\"urlTemplate\":\"https:\\\/\\\/artistics.com\\\/fr\\\/?s={search_term_string}\"},\"query-input\":{\"@type\":\"PropertyValueSpecification\",\"valueRequired\":true,\"valueName\":\"search_term_string\"}}],\"inLanguage\":\"fr-FR\"},{\"@type\":\"Organization\",\"@id\":\"https:\\\/\\\/artistics.com\\\/fr\\\/#organization\",\"name\":\"Artistics\",\"url\":\"https:\\\/\\\/artistics.com\\\/fr\\\/\",\"logo\":{\"@type\":\"ImageObject\",\"inLanguage\":\"fr-FR\",\"@id\":\"https:\\\/\\\/artistics.com\\\/fr\\\/#\\\/schema\\\/logo\\\/image\\\/\",\"url\":\"https:\\\/\\\/artistics.com\\\/wp-content\\\/uploads\\\/2023\\\/02\\\/artistics-logo-web-1.svg\",\"contentUrl\":\"https:\\\/\\\/artistics.com\\\/wp-content\\\/uploads\\\/2023\\\/02\\\/artistics-logo-web-1.svg\",\"caption\":\"Artistics\"},\"image\":{\"@id\":\"https:\\\/\\\/artistics.com\\\/fr\\\/#\\\/schema\\\/logo\\\/image\\\/\"},\"sameAs\":[\"https:\\\/\\\/www.facebook.com\\\/ArtisticsMag\",\"https:\\\/\\\/x.com\\\/Artistics_FR\",\"http:\\\/\\\/www.linkedin.com\\\/company\\\/artistics\",\"https:\\\/\\\/www.instagram.com\\\/artistics_com\\\/\",\"http:\\\/\\\/www.pinterest.com\\\/ArtisticsMag\"],\"hasMerchantReturnPolicy\":{\"@type\":\"MerchantReturnPolicy\",\"merchantReturnLink\":\"https:\\\/\\\/artistics.com\\\/free-return-policy\\\/\"}}]}<\/script>\n<!-- \/ Yoast SEO Premium plugin. -->","yoast_head_json":{"title":"Presse | Artistics","robots":{"index":"index","follow":"follow","max-snippet":"max-snippet:-1","max-image-preview":"max-image-preview:large","max-video-preview":"max-video-preview:-1"},"canonical":"https:\/\/artistics.com\/fr\/presse\/","og_locale":"fr_FR","og_type":"article","og_title":"Presse","og_description":"Contact presse :presse@artistics.com+33 (0) 1 40 28 92 28 Parutions (liste partielle) Novembre 2025 \u00ab\u00a0Pierre Yermia et l&rsquo;art de l&rsquo;immobilit\u00e9\u00a0\u00bb Dans une interview pour Design Diary International (Style Essentials) l&rsquo;artiste fran\u00e7ais Pierre Yermia revient sur ses premi\u00e8res influences, son processus de cr\u00e9ation et sa qu\u00eate permanente de l&rsquo;\u00e9quilibre \u00e0 travers la forme et le rythme. [&hellip;]","og_url":"https:\/\/artistics.com\/fr\/presse\/","og_site_name":"Artistics","article_publisher":"https:\/\/www.facebook.com\/ArtisticsMag","article_modified_time":"2026-03-31T13:27:43+00:00","og_image":[{"width":1200,"height":675,"url":"https:\/\/artistics.com\/wp-content\/uploads\/2023\/04\/artistics-site-image.jpeg","type":"image\/jpeg"}],"twitter_card":"summary_large_image","twitter_site":"@Artistics_FR","twitter_misc":{"Dur\u00e9e de lecture estim\u00e9e":"20 minutes"},"schema":{"@context":"https:\/\/schema.org","@graph":[{"@type":"WebPage","@id":"https:\/\/artistics.com\/fr\/presse\/","url":"https:\/\/artistics.com\/fr\/presse\/","name":"Presse | Artistics","isPartOf":{"@id":"https:\/\/artistics.com\/fr\/#website"},"primaryImageOfPage":{"@id":"https:\/\/artistics.com\/fr\/presse\/#primaryimage"},"image":{"@id":"https:\/\/artistics.com\/fr\/presse\/#primaryimage"},"thumbnailUrl":"https:\/\/artistics.com\/wp-content\/uploads\/2026\/01\/style-essentials.avif","datePublished":"2022-09-22T17:15:25+00:00","dateModified":"2026-03-31T13:27:43+00:00","breadcrumb":{"@id":"https:\/\/artistics.com\/fr\/presse\/#breadcrumb"},"inLanguage":"fr-FR","potentialAction":[{"@type":"ReadAction","target":["https:\/\/artistics.com\/fr\/presse\/"]}]},{"@type":"ImageObject","inLanguage":"fr-FR","@id":"https:\/\/artistics.com\/fr\/presse\/#primaryimage","url":"https:\/\/artistics.com\/wp-content\/uploads\/2026\/01\/style-essentials.avif","contentUrl":"https:\/\/artistics.com\/wp-content\/uploads\/2026\/01\/style-essentials.avif"},{"@type":"BreadcrumbList","@id":"https:\/\/artistics.com\/fr\/presse\/#breadcrumb","itemListElement":[{"@type":"ListItem","position":1,"name":"Achat \u0153uvre d'art","item":"https:\/\/artistics.com\/fr\/"},{"@type":"ListItem","position":2,"name":"Presse"}]},{"@type":"WebSite","@id":"https:\/\/artistics.com\/fr\/#website","url":"https:\/\/artistics.com\/fr\/","name":"Artistics","description":"The online art gallery","publisher":{"@id":"https:\/\/artistics.com\/fr\/#organization"},"potentialAction":[{"@type":"SearchAction","target":{"@type":"EntryPoint","urlTemplate":"https:\/\/artistics.com\/fr\/?s={search_term_string}"},"query-input":{"@type":"PropertyValueSpecification","valueRequired":true,"valueName":"search_term_string"}}],"inLanguage":"fr-FR"},{"@type":"Organization","@id":"https:\/\/artistics.com\/fr\/#organization","name":"Artistics","url":"https:\/\/artistics.com\/fr\/","logo":{"@type":"ImageObject","inLanguage":"fr-FR","@id":"https:\/\/artistics.com\/fr\/#\/schema\/logo\/image\/","url":"https:\/\/artistics.com\/wp-content\/uploads\/2023\/02\/artistics-logo-web-1.svg","contentUrl":"https:\/\/artistics.com\/wp-content\/uploads\/2023\/02\/artistics-logo-web-1.svg","caption":"Artistics"},"image":{"@id":"https:\/\/artistics.com\/fr\/#\/schema\/logo\/image\/"},"sameAs":["https:\/\/www.facebook.com\/ArtisticsMag","https:\/\/x.com\/Artistics_FR","http:\/\/www.linkedin.com\/company\/artistics","https:\/\/www.instagram.com\/artistics_com\/","http:\/\/www.pinterest.com\/ArtisticsMag"],"hasMerchantReturnPolicy":{"@type":"MerchantReturnPolicy","merchantReturnLink":"https:\/\/artistics.com\/free-return-policy\/"}}]}},"_links":{"self":[{"href":"https:\/\/artistics.com\/fr\/wp-json\/wp\/v2\/pages\/1885","targetHints":{"allow":["GET"]}}],"collection":[{"href":"https:\/\/artistics.com\/fr\/wp-json\/wp\/v2\/pages"}],"about":[{"href":"https:\/\/artistics.com\/fr\/wp-json\/wp\/v2\/types\/page"}],"author":[{"embeddable":true,"href":"https:\/\/artistics.com\/fr\/wp-json\/wp\/v2\/users\/1"}],"replies":[{"embeddable":true,"href":"https:\/\/artistics.com\/fr\/wp-json\/wp\/v2\/comments?post=1885"}],"version-history":[{"count":34,"href":"https:\/\/artistics.com\/fr\/wp-json\/wp\/v2\/pages\/1885\/revisions"}],"predecessor-version":[{"id":100386,"href":"https:\/\/artistics.com\/fr\/wp-json\/wp\/v2\/pages\/1885\/revisions\/100386"}],"wp:attachment":[{"href":"https:\/\/artistics.com\/fr\/wp-json\/wp\/v2\/media?parent=1885"}],"curies":[{"name":"wp","href":"https:\/\/api.w.org\/{rel}","templated":true}]}}