{"id":29878,"date":"2021-01-13T11:06:43","date_gmt":"2021-01-13T10:06:43","guid":{"rendered":"https:\/\/2022.devartistics.com\/collection\/la-serie-marinas-de-calo-carratala\/"},"modified":"2021-01-13T10:50:52","modified_gmt":"2021-01-13T09:50:52","slug":"la-serie-marinas-de-calo-carratala","status":"publish","type":"collection","link":"https:\/\/artistics.com\/fr\/collection\/la-serie-marinas-de-calo-carratala\/","title":{"rendered":"La s\u00e9rie Marinas de Calo Carratal\u00e1"},"excerpt":{"rendered":"","protected":false},"author":1,"featured_media":19538,"template":"","meta":{"_acf_changed":false,"_searchwp_excluded":"","inline_featured_image":false},"collection_cat":[260,263,262],"class_list":["post-29878","collection","type-collection","status-publish","has-post-thumbnail","hentry","collection_cat-artist-series","collection_cat-series-artistes","collection_cat-toutes-les-collections"],"acf":[],"yoast_head":"<!-- This site is optimized with the Yoast SEO Premium plugin v27.3 (Yoast SEO v27.3) - https:\/\/yoast.com\/product\/yoast-seo-premium-wordpress\/ -->\n<title>La s\u00e9rie Marinas de Calo Carratal\u00e1 | Artistics.com<\/title>\n<meta name=\"description\" content=\"Dans sa nouvelle s\u00e9rie Marinas, le peintre espagnol Calo Carratal\u00e1 d\u00e9cline les repr\u00e9sentations des c\u00f4tes de Tanzanie, immortalisant autant d\u2019impressions procur\u00e9es par ces paysages exotiques et sauvages. La s\u00e9rie est compos\u00e9e de 40 tableaux qui ont \u00e9t\u00e9 pr\u00e9sent\u00e9s pour la premi\u00e8re fois au public sous forme d&#039;installation lors de l&#039;exposition\u00a0\u00c1frica, el paisaje inesperado\u00a0(d\u00e9cembre 2020 - mars 2021), exposition individuelle de Calo Carratal\u00e1 \u00e0 la Fondation Bancaja (Sagonte, Espagne).\" \/>\n<meta name=\"robots\" content=\"index, follow, max-snippet:-1, max-image-preview:large, max-video-preview:-1\" \/>\n<link rel=\"canonical\" href=\"https:\/\/artistics.com\/fr\/collection\/la-serie-marinas-de-calo-carratala\/\" \/>\n<meta property=\"og:locale\" content=\"fr_FR\" \/>\n<meta property=\"og:type\" content=\"article\" \/>\n<meta property=\"og:title\" content=\"La s\u00e9rie Marinas de Calo Carratal\u00e1\" \/>\n<meta property=\"og:description\" content=\"Dans sa nouvelle s\u00e9rie Marinas, le peintre espagnol Calo Carratal\u00e1 d\u00e9cline les repr\u00e9sentations des c\u00f4tes de Tanzanie, immortalisant autant d\u2019impressions procur\u00e9es par ces paysages exotiques et sauvages. La s\u00e9rie est compos\u00e9e de 40 tableaux qui ont \u00e9t\u00e9 pr\u00e9sent\u00e9s pour la premi\u00e8re fois au public sous forme d&#039;installation lors de l&#039;exposition\u00a0\u00c1frica, el paisaje inesperado\u00a0(d\u00e9cembre 2020 - mars 2021), exposition individuelle de Calo Carratal\u00e1 \u00e0 la Fondation Bancaja (Sagonte, Espagne).\" \/>\n<meta property=\"og:url\" content=\"https:\/\/artistics.com\/fr\/collection\/la-serie-marinas-de-calo-carratala\/\" \/>\n<meta property=\"og:site_name\" content=\"Artistics\" \/>\n<meta property=\"article:publisher\" content=\"https:\/\/www.facebook.com\/ArtisticsMag\" \/>\n<meta property=\"og:image\" content=\"https:\/\/artistics.com\/wp-content\/uploads\/2023\/04\/marinas-landscape-painting-by-calo-carratala_11_2.jpg\" \/>\n\t<meta property=\"og:image:width\" content=\"1500\" \/>\n\t<meta property=\"og:image:height\" content=\"1000\" \/>\n\t<meta property=\"og:image:type\" content=\"image\/jpeg\" \/>\n<meta name=\"twitter:card\" content=\"summary_large_image\" \/>\n<meta name=\"twitter:site\" content=\"@Artistics_FR\" \/>\n<script type=\"application\/ld+json\" class=\"yoast-schema-graph\">{\"@context\":\"https:\\\/\\\/schema.org\",\"@graph\":[{\"@type\":\"Article\",\"@id\":\"https:\\\/\\\/artistics.com\\\/fr\\\/collection\\\/la-serie-marinas-de-calo-carratala\\\/#article\",\"isPartOf\":{\"@id\":\"https:\\\/\\\/artistics.com\\\/fr\\\/collection\\\/la-serie-marinas-de-calo-carratala\\\/\"},\"author\":{\"name\":\"Hypso\",\"@id\":\"https:\\\/\\\/artistics.com\\\/fr\\\/#\\\/schema\\\/person\\\/06ccbcd390d4be9b22fdc66fc2e78e6c\"},\"headline\":\"La s\u00e9rie Marinas de Calo Carratal\u00e1\",\"datePublished\":\"2021-01-13T10:06:43+00:00\",\"mainEntityOfPage\":{\"@id\":\"https:\\\/\\\/artistics.com\\\/fr\\\/collection\\\/la-serie-marinas-de-calo-carratala\\\/\"},\"wordCount\":7,\"commentCount\":0,\"publisher\":{\"@id\":\"https:\\\/\\\/artistics.com\\\/fr\\\/#organization\"},\"image\":{\"@id\":\"https:\\\/\\\/artistics.com\\\/fr\\\/collection\\\/la-serie-marinas-de-calo-carratala\\\/#primaryimage\"},\"thumbnailUrl\":\"https:\\\/\\\/artistics.com\\\/wp-content\\\/uploads\\\/2023\\\/04\\\/marinas-landscape-painting-by-calo-carratala_11_2.jpg\",\"inLanguage\":\"fr-FR\"},{\"@type\":\"WebPage\",\"@id\":\"https:\\\/\\\/artistics.com\\\/fr\\\/collection\\\/la-serie-marinas-de-calo-carratala\\\/\",\"url\":\"https:\\\/\\\/artistics.com\\\/fr\\\/collection\\\/la-serie-marinas-de-calo-carratala\\\/\",\"name\":\"La s\u00e9rie Marinas de Calo Carratal\u00e1 | Artistics.com\",\"isPartOf\":{\"@id\":\"https:\\\/\\\/artistics.com\\\/fr\\\/#website\"},\"primaryImageOfPage\":{\"@id\":\"https:\\\/\\\/artistics.com\\\/fr\\\/collection\\\/la-serie-marinas-de-calo-carratala\\\/#primaryimage\"},\"image\":{\"@id\":\"https:\\\/\\\/artistics.com\\\/fr\\\/collection\\\/la-serie-marinas-de-calo-carratala\\\/#primaryimage\"},\"thumbnailUrl\":\"https:\\\/\\\/artistics.com\\\/wp-content\\\/uploads\\\/2023\\\/04\\\/marinas-landscape-painting-by-calo-carratala_11_2.jpg\",\"datePublished\":\"2021-01-13T10:06:43+00:00\",\"description\":\"Dans sa nouvelle s\u00e9rie Marinas, le peintre espagnol Calo Carratal\u00e1 d\u00e9cline les repr\u00e9sentations des c\u00f4tes de Tanzanie, immortalisant autant d\u2019impressions procur\u00e9es par ces paysages exotiques et sauvages. La s\u00e9rie est compos\u00e9e de 40 tableaux qui ont \u00e9t\u00e9 pr\u00e9sent\u00e9s pour la premi\u00e8re fois au public sous forme d'installation lors de l'exposition\u00a0\u00c1frica, el paisaje inesperado\u00a0(d\u00e9cembre 2020 - mars 2021), exposition individuelle de Calo Carratal\u00e1 \u00e0 la Fondation Bancaja (Sagonte, Espagne).\",\"breadcrumb\":{\"@id\":\"https:\\\/\\\/artistics.com\\\/fr\\\/collection\\\/la-serie-marinas-de-calo-carratala\\\/#breadcrumb\"},\"inLanguage\":\"fr-FR\",\"potentialAction\":[{\"@type\":\"ReadAction\",\"target\":[\"https:\\\/\\\/artistics.com\\\/fr\\\/collection\\\/la-serie-marinas-de-calo-carratala\\\/\"]}]},{\"@type\":\"ImageObject\",\"inLanguage\":\"fr-FR\",\"@id\":\"https:\\\/\\\/artistics.com\\\/fr\\\/collection\\\/la-serie-marinas-de-calo-carratala\\\/#primaryimage\",\"url\":\"https:\\\/\\\/artistics.com\\\/wp-content\\\/uploads\\\/2023\\\/04\\\/marinas-landscape-painting-by-calo-carratala_11_2.jpg\",\"contentUrl\":\"https:\\\/\\\/artistics.com\\\/wp-content\\\/uploads\\\/2023\\\/04\\\/marinas-landscape-painting-by-calo-carratala_11_2.jpg\",\"width\":1500,\"height\":1000},{\"@type\":\"BreadcrumbList\",\"@id\":\"https:\\\/\\\/artistics.com\\\/fr\\\/collection\\\/la-serie-marinas-de-calo-carratala\\\/#breadcrumb\",\"itemListElement\":[{\"@type\":\"ListItem\",\"position\":1,\"name\":\"Achat \u0153uvre d'art\",\"item\":\"https:\\\/\\\/artistics.com\\\/fr\\\/\"},{\"@type\":\"ListItem\",\"position\":2,\"name\":\"Toutes les collections\",\"item\":\"https:\\\/\\\/artistics.com\\\/fr\\\/collection_cat\\\/toutes-les-collections\\\/\"},{\"@type\":\"ListItem\",\"position\":3,\"name\":\"S\u00e9ries d&#039;artistes\",\"item\":\"https:\\\/\\\/artistics.com\\\/fr\\\/collection_cat\\\/series-artistes\\\/\"},{\"@type\":\"ListItem\",\"position\":4,\"name\":\"La s\u00e9rie Marinas de Calo Carratal\u00e1\"}]},{\"@type\":\"WebSite\",\"@id\":\"https:\\\/\\\/artistics.com\\\/fr\\\/#website\",\"url\":\"https:\\\/\\\/artistics.com\\\/fr\\\/\",\"name\":\"Artistics\",\"description\":\"The online art gallery\",\"publisher\":{\"@id\":\"https:\\\/\\\/artistics.com\\\/fr\\\/#organization\"},\"potentialAction\":[{\"@type\":\"SearchAction\",\"target\":{\"@type\":\"EntryPoint\",\"urlTemplate\":\"https:\\\/\\\/artistics.com\\\/fr\\\/?s={search_term_string}\"},\"query-input\":{\"@type\":\"PropertyValueSpecification\",\"valueRequired\":true,\"valueName\":\"search_term_string\"}}],\"inLanguage\":\"fr-FR\"},{\"@type\":\"Organization\",\"@id\":\"https:\\\/\\\/artistics.com\\\/fr\\\/#organization\",\"name\":\"Artistics\",\"url\":\"https:\\\/\\\/artistics.com\\\/fr\\\/\",\"logo\":{\"@type\":\"ImageObject\",\"inLanguage\":\"fr-FR\",\"@id\":\"https:\\\/\\\/artistics.com\\\/fr\\\/#\\\/schema\\\/logo\\\/image\\\/\",\"url\":\"https:\\\/\\\/artistics.com\\\/wp-content\\\/uploads\\\/2023\\\/02\\\/artistics-logo-web-1.svg\",\"contentUrl\":\"https:\\\/\\\/artistics.com\\\/wp-content\\\/uploads\\\/2023\\\/02\\\/artistics-logo-web-1.svg\",\"caption\":\"Artistics\"},\"image\":{\"@id\":\"https:\\\/\\\/artistics.com\\\/fr\\\/#\\\/schema\\\/logo\\\/image\\\/\"},\"sameAs\":[\"https:\\\/\\\/www.facebook.com\\\/ArtisticsMag\",\"https:\\\/\\\/x.com\\\/Artistics_FR\",\"http:\\\/\\\/www.linkedin.com\\\/company\\\/artistics\",\"https:\\\/\\\/www.instagram.com\\\/artistics_com\\\/\",\"http:\\\/\\\/www.pinterest.com\\\/ArtisticsMag\"],\"hasMerchantReturnPolicy\":{\"@type\":\"MerchantReturnPolicy\",\"merchantReturnLink\":\"https:\\\/\\\/artistics.com\\\/free-return-policy\\\/\"}},{\"@type\":\"Person\",\"@id\":\"https:\\\/\\\/artistics.com\\\/fr\\\/#\\\/schema\\\/person\\\/06ccbcd390d4be9b22fdc66fc2e78e6c\",\"name\":\"Hypso\",\"image\":{\"@type\":\"ImageObject\",\"inLanguage\":\"fr-FR\",\"@id\":\"https:\\\/\\\/secure.gravatar.com\\\/avatar\\\/df2518545b115be73a09aa9ed0fe74108171a89b0189073d31863a695ada9fcf?s=96&d=mm&r=g\",\"url\":\"https:\\\/\\\/secure.gravatar.com\\\/avatar\\\/df2518545b115be73a09aa9ed0fe74108171a89b0189073d31863a695ada9fcf?s=96&d=mm&r=g\",\"contentUrl\":\"https:\\\/\\\/secure.gravatar.com\\\/avatar\\\/df2518545b115be73a09aa9ed0fe74108171a89b0189073d31863a695ada9fcf?s=96&d=mm&r=g\",\"caption\":\"Hypso\"},\"sameAs\":[\"https:\\\/\\\/artistics.com\"]}]}<\/script>\n<!-- \/ Yoast SEO Premium plugin. -->","yoast_head_json":{"title":"La s\u00e9rie Marinas de Calo Carratal\u00e1 | Artistics.com","description":"Dans sa nouvelle s\u00e9rie Marinas, le peintre espagnol Calo Carratal\u00e1 d\u00e9cline les repr\u00e9sentations des c\u00f4tes de Tanzanie, immortalisant autant d\u2019impressions procur\u00e9es par ces paysages exotiques et sauvages. La s\u00e9rie est compos\u00e9e de 40 tableaux qui ont \u00e9t\u00e9 pr\u00e9sent\u00e9s pour la premi\u00e8re fois au public sous forme d'installation lors de l'exposition\u00a0\u00c1frica, el paisaje inesperado\u00a0(d\u00e9cembre 2020 - mars 2021), exposition individuelle de Calo Carratal\u00e1 \u00e0 la Fondation Bancaja (Sagonte, Espagne).","robots":{"index":"index","follow":"follow","max-snippet":"max-snippet:-1","max-image-preview":"max-image-preview:large","max-video-preview":"max-video-preview:-1"},"canonical":"https:\/\/artistics.com\/fr\/collection\/la-serie-marinas-de-calo-carratala\/","og_locale":"fr_FR","og_type":"article","og_title":"La s\u00e9rie Marinas de Calo Carratal\u00e1","og_description":"Dans sa nouvelle s\u00e9rie Marinas, le peintre espagnol Calo Carratal\u00e1 d\u00e9cline les repr\u00e9sentations des c\u00f4tes de Tanzanie, immortalisant autant d\u2019impressions procur\u00e9es par ces paysages exotiques et sauvages. La s\u00e9rie est compos\u00e9e de 40 tableaux qui ont \u00e9t\u00e9 pr\u00e9sent\u00e9s pour la premi\u00e8re fois au public sous forme d'installation lors de l'exposition\u00a0\u00c1frica, el paisaje inesperado\u00a0(d\u00e9cembre 2020 - mars 2021), exposition individuelle de Calo Carratal\u00e1 \u00e0 la Fondation Bancaja (Sagonte, Espagne).","og_url":"https:\/\/artistics.com\/fr\/collection\/la-serie-marinas-de-calo-carratala\/","og_site_name":"Artistics","article_publisher":"https:\/\/www.facebook.com\/ArtisticsMag","og_image":[{"width":1500,"height":1000,"url":"https:\/\/artistics.com\/wp-content\/uploads\/2023\/04\/marinas-landscape-painting-by-calo-carratala_11_2.jpg","type":"image\/jpeg"}],"twitter_card":"summary_large_image","twitter_site":"@Artistics_FR","schema":{"@context":"https:\/\/schema.org","@graph":[{"@type":"Article","@id":"https:\/\/artistics.com\/fr\/collection\/la-serie-marinas-de-calo-carratala\/#article","isPartOf":{"@id":"https:\/\/artistics.com\/fr\/collection\/la-serie-marinas-de-calo-carratala\/"},"author":{"name":"Hypso","@id":"https:\/\/artistics.com\/fr\/#\/schema\/person\/06ccbcd390d4be9b22fdc66fc2e78e6c"},"headline":"La s\u00e9rie Marinas de Calo Carratal\u00e1","datePublished":"2021-01-13T10:06:43+00:00","mainEntityOfPage":{"@id":"https:\/\/artistics.com\/fr\/collection\/la-serie-marinas-de-calo-carratala\/"},"wordCount":7,"commentCount":0,"publisher":{"@id":"https:\/\/artistics.com\/fr\/#organization"},"image":{"@id":"https:\/\/artistics.com\/fr\/collection\/la-serie-marinas-de-calo-carratala\/#primaryimage"},"thumbnailUrl":"https:\/\/artistics.com\/wp-content\/uploads\/2023\/04\/marinas-landscape-painting-by-calo-carratala_11_2.jpg","inLanguage":"fr-FR"},{"@type":"WebPage","@id":"https:\/\/artistics.com\/fr\/collection\/la-serie-marinas-de-calo-carratala\/","url":"https:\/\/artistics.com\/fr\/collection\/la-serie-marinas-de-calo-carratala\/","name":"La s\u00e9rie Marinas de Calo Carratal\u00e1 | Artistics.com","isPartOf":{"@id":"https:\/\/artistics.com\/fr\/#website"},"primaryImageOfPage":{"@id":"https:\/\/artistics.com\/fr\/collection\/la-serie-marinas-de-calo-carratala\/#primaryimage"},"image":{"@id":"https:\/\/artistics.com\/fr\/collection\/la-serie-marinas-de-calo-carratala\/#primaryimage"},"thumbnailUrl":"https:\/\/artistics.com\/wp-content\/uploads\/2023\/04\/marinas-landscape-painting-by-calo-carratala_11_2.jpg","datePublished":"2021-01-13T10:06:43+00:00","description":"Dans sa nouvelle s\u00e9rie Marinas, le peintre espagnol Calo Carratal\u00e1 d\u00e9cline les repr\u00e9sentations des c\u00f4tes de Tanzanie, immortalisant autant d\u2019impressions procur\u00e9es par ces paysages exotiques et sauvages. La s\u00e9rie est compos\u00e9e de 40 tableaux qui ont \u00e9t\u00e9 pr\u00e9sent\u00e9s pour la premi\u00e8re fois au public sous forme d'installation lors de l'exposition\u00a0\u00c1frica, el paisaje inesperado\u00a0(d\u00e9cembre 2020 - mars 2021), exposition individuelle de Calo Carratal\u00e1 \u00e0 la Fondation Bancaja (Sagonte, Espagne).","breadcrumb":{"@id":"https:\/\/artistics.com\/fr\/collection\/la-serie-marinas-de-calo-carratala\/#breadcrumb"},"inLanguage":"fr-FR","potentialAction":[{"@type":"ReadAction","target":["https:\/\/artistics.com\/fr\/collection\/la-serie-marinas-de-calo-carratala\/"]}]},{"@type":"ImageObject","inLanguage":"fr-FR","@id":"https:\/\/artistics.com\/fr\/collection\/la-serie-marinas-de-calo-carratala\/#primaryimage","url":"https:\/\/artistics.com\/wp-content\/uploads\/2023\/04\/marinas-landscape-painting-by-calo-carratala_11_2.jpg","contentUrl":"https:\/\/artistics.com\/wp-content\/uploads\/2023\/04\/marinas-landscape-painting-by-calo-carratala_11_2.jpg","width":1500,"height":1000},{"@type":"BreadcrumbList","@id":"https:\/\/artistics.com\/fr\/collection\/la-serie-marinas-de-calo-carratala\/#breadcrumb","itemListElement":[{"@type":"ListItem","position":1,"name":"Achat \u0153uvre d'art","item":"https:\/\/artistics.com\/fr\/"},{"@type":"ListItem","position":2,"name":"Toutes les collections","item":"https:\/\/artistics.com\/fr\/collection_cat\/toutes-les-collections\/"},{"@type":"ListItem","position":3,"name":"S\u00e9ries d&#039;artistes","item":"https:\/\/artistics.com\/fr\/collection_cat\/series-artistes\/"},{"@type":"ListItem","position":4,"name":"La s\u00e9rie Marinas de Calo Carratal\u00e1"}]},{"@type":"WebSite","@id":"https:\/\/artistics.com\/fr\/#website","url":"https:\/\/artistics.com\/fr\/","name":"Artistics","description":"The online art gallery","publisher":{"@id":"https:\/\/artistics.com\/fr\/#organization"},"potentialAction":[{"@type":"SearchAction","target":{"@type":"EntryPoint","urlTemplate":"https:\/\/artistics.com\/fr\/?s={search_term_string}"},"query-input":{"@type":"PropertyValueSpecification","valueRequired":true,"valueName":"search_term_string"}}],"inLanguage":"fr-FR"},{"@type":"Organization","@id":"https:\/\/artistics.com\/fr\/#organization","name":"Artistics","url":"https:\/\/artistics.com\/fr\/","logo":{"@type":"ImageObject","inLanguage":"fr-FR","@id":"https:\/\/artistics.com\/fr\/#\/schema\/logo\/image\/","url":"https:\/\/artistics.com\/wp-content\/uploads\/2023\/02\/artistics-logo-web-1.svg","contentUrl":"https:\/\/artistics.com\/wp-content\/uploads\/2023\/02\/artistics-logo-web-1.svg","caption":"Artistics"},"image":{"@id":"https:\/\/artistics.com\/fr\/#\/schema\/logo\/image\/"},"sameAs":["https:\/\/www.facebook.com\/ArtisticsMag","https:\/\/x.com\/Artistics_FR","http:\/\/www.linkedin.com\/company\/artistics","https:\/\/www.instagram.com\/artistics_com\/","http:\/\/www.pinterest.com\/ArtisticsMag"],"hasMerchantReturnPolicy":{"@type":"MerchantReturnPolicy","merchantReturnLink":"https:\/\/artistics.com\/free-return-policy\/"}},{"@type":"Person","@id":"https:\/\/artistics.com\/fr\/#\/schema\/person\/06ccbcd390d4be9b22fdc66fc2e78e6c","name":"Hypso","image":{"@type":"ImageObject","inLanguage":"fr-FR","@id":"https:\/\/secure.gravatar.com\/avatar\/df2518545b115be73a09aa9ed0fe74108171a89b0189073d31863a695ada9fcf?s=96&d=mm&r=g","url":"https:\/\/secure.gravatar.com\/avatar\/df2518545b115be73a09aa9ed0fe74108171a89b0189073d31863a695ada9fcf?s=96&d=mm&r=g","contentUrl":"https:\/\/secure.gravatar.com\/avatar\/df2518545b115be73a09aa9ed0fe74108171a89b0189073d31863a695ada9fcf?s=96&d=mm&r=g","caption":"Hypso"},"sameAs":["https:\/\/artistics.com"]}]}},"_links":{"self":[{"href":"https:\/\/artistics.com\/fr\/wp-json\/wp\/v2\/collection\/29878","targetHints":{"allow":["GET"]}}],"collection":[{"href":"https:\/\/artistics.com\/fr\/wp-json\/wp\/v2\/collection"}],"about":[{"href":"https:\/\/artistics.com\/fr\/wp-json\/wp\/v2\/types\/collection"}],"author":[{"embeddable":true,"href":"https:\/\/artistics.com\/fr\/wp-json\/wp\/v2\/users\/1"}],"version-history":[{"count":0,"href":"https:\/\/artistics.com\/fr\/wp-json\/wp\/v2\/collection\/29878\/revisions"}],"wp:featuredmedia":[{"embeddable":true,"href":"https:\/\/artistics.com\/fr\/wp-json\/wp\/v2\/media\/19538"}],"wp:attachment":[{"href":"https:\/\/artistics.com\/fr\/wp-json\/wp\/v2\/media?parent=29878"}],"wp:term":[{"taxonomy":"collection_cat","embeddable":true,"href":"https:\/\/artistics.com\/fr\/wp-json\/wp\/v2\/collection_cat?post=29878"}],"curies":[{"name":"wp","href":"https:\/\/api.w.org\/{rel}","templated":true}]}}