{"id":29826,"date":"2018-06-26T15:37:34","date_gmt":"2018-06-26T13:37:34","guid":{"rendered":"https:\/\/2022.devartistics.com\/collection\/cecile-raynal-petites-histoires-en-reserve\/"},"modified":"2018-06-26T14:53:17","modified_gmt":"2018-06-26T12:53:17","slug":"cecile-raynal-petites-histoires-en-reserve","status":"publish","type":"collection","link":"https:\/\/artistics.com\/fr\/collection\/cecile-raynal-petites-histoires-en-reserve\/","title":{"rendered":"C\u00e9cile Raynal: Petites histoires en r\u00e9serve"},"excerpt":{"rendered":"<p>Jusqu&rsquo;au 26 ao\u00fbt prochain, C\u00e9cile Raynal expose une trentaine de sculptures au mus\u00e9e des Arts et M\u00e9tiers de Paris. Ces \u0153uvres ont \u00e9t\u00e9 cPour pr\u00e9parer votre visite, nous vous invitons \u00e0<br \/>\nd\u00e9couvrir ci-dessous une s\u00e9lection des \u0153uvres que vous<br \/>\nd\u00e9couvrirez sur le parcours de l&rsquo;exposition (en vente sur<br \/>\nArtistics).<\/p>\n","protected":false},"author":1,"featured_media":10027,"template":"","meta":{"_acf_changed":false,"_searchwp_excluded":"","inline_featured_image":false},"collection_cat":[263,263,262],"class_list":{"0":"post-29826","1":"collection","2":"type-collection","3":"status-publish","4":"has-post-thumbnail","5":"hentry","6":"collection_cat-series-artistes","8":"collection_cat-toutes-les-collections"},"acf":[],"yoast_head":"<!-- This site is optimized with the Yoast SEO Premium plugin v27.3 (Yoast SEO v27.3) - https:\/\/yoast.com\/product\/yoast-seo-premium-wordpress\/ -->\n<title>C\u00e9cile Raynal: Petites histoires en r\u00e9serve | Artistics.com<\/title>\n<meta name=\"description\" content=\"Jusqu&#039;au 26 ao\u00fbt prochain, C\u00e9cile Raynal expose une trentaine de sculptures au mus\u00e9e des Arts et M\u00e9tiers de Paris. Ces \u0153uvres ont \u00e9t\u00e9 cr\u00e9\u00e9es dans le cadre de la r\u00e9sidence artistique que l&#039;artiste a effectu\u00e9e dans les r\u00e9serves du mus\u00e9e au premier semestre 2017.\u00a0Pour pr\u00e9parer votre visite, nous vous invitons \u00e0\u00a0d\u00e9couvrir ci-dessous une s\u00e9lection des \u0153uvres que vous\u00a0d\u00e9couvrirez sur le parcours de l&#039;exposition (en vente sur\u00a0Artistics). Exposition &quot;Petites histoires en r\u00e9serve&quot;. Mus\u00e9e des Arts et\u00a0M\u00e9tiers, Paris \u00a0\" \/>\n<meta name=\"robots\" content=\"index, follow, max-snippet:-1, max-image-preview:large, max-video-preview:-1\" \/>\n<link rel=\"canonical\" href=\"https:\/\/artistics.com\/fr\/collection\/cecile-raynal-petites-histoires-en-reserve\/\" \/>\n<meta property=\"og:locale\" content=\"fr_FR\" \/>\n<meta property=\"og:type\" content=\"article\" \/>\n<meta property=\"og:title\" content=\"C\u00e9cile Raynal: Petites histoires en r\u00e9serve\" \/>\n<meta property=\"og:description\" content=\"Jusqu&#039;au 26 ao\u00fbt prochain, C\u00e9cile Raynal expose une trentaine de sculptures au mus\u00e9e des Arts et M\u00e9tiers de Paris. Ces \u0153uvres ont \u00e9t\u00e9 cr\u00e9\u00e9es dans le cadre de la r\u00e9sidence artistique que l&#039;artiste a effectu\u00e9e dans les r\u00e9serves du mus\u00e9e au premier semestre 2017.\u00a0Pour pr\u00e9parer votre visite, nous vous invitons \u00e0\u00a0d\u00e9couvrir ci-dessous une s\u00e9lection des \u0153uvres que vous\u00a0d\u00e9couvrirez sur le parcours de l&#039;exposition (en vente sur\u00a0Artistics). Exposition &quot;Petites histoires en r\u00e9serve&quot;. Mus\u00e9e des Arts et\u00a0M\u00e9tiers, Paris \u00a0\" \/>\n<meta property=\"og:url\" content=\"https:\/\/artistics.com\/fr\/collection\/cecile-raynal-petites-histoires-en-reserve\/\" \/>\n<meta property=\"og:site_name\" content=\"Artistics\" \/>\n<meta property=\"article:publisher\" content=\"https:\/\/www.facebook.com\/ArtisticsMag\" \/>\n<meta property=\"og:image\" content=\"https:\/\/artistics.com\/wp-content\/uploads\/2023\/04\/exhibition-by-cecile-raynal-11.jpg\" \/>\n\t<meta property=\"og:image:width\" content=\"1388\" \/>\n\t<meta property=\"og:image:height\" content=\"1388\" \/>\n\t<meta property=\"og:image:type\" content=\"image\/jpeg\" \/>\n<meta name=\"twitter:card\" content=\"summary_large_image\" \/>\n<meta name=\"twitter:site\" content=\"@Artistics_FR\" \/>\n<script type=\"application\/ld+json\" class=\"yoast-schema-graph\">{\"@context\":\"https:\\\/\\\/schema.org\",\"@graph\":[{\"@type\":\"Article\",\"@id\":\"https:\\\/\\\/artistics.com\\\/fr\\\/collection\\\/cecile-raynal-petites-histoires-en-reserve\\\/#article\",\"isPartOf\":{\"@id\":\"https:\\\/\\\/artistics.com\\\/fr\\\/collection\\\/cecile-raynal-petites-histoires-en-reserve\\\/\"},\"author\":{\"name\":\"Hypso\",\"@id\":\"https:\\\/\\\/artistics.com\\\/fr\\\/#\\\/schema\\\/person\\\/06ccbcd390d4be9b22fdc66fc2e78e6c\"},\"headline\":\"C\u00e9cile Raynal: Petites histoires en r\u00e9serve\",\"datePublished\":\"2018-06-26T13:37:34+00:00\",\"mainEntityOfPage\":{\"@id\":\"https:\\\/\\\/artistics.com\\\/fr\\\/collection\\\/cecile-raynal-petites-histoires-en-reserve\\\/\"},\"wordCount\":8,\"commentCount\":0,\"publisher\":{\"@id\":\"https:\\\/\\\/artistics.com\\\/fr\\\/#organization\"},\"image\":{\"@id\":\"https:\\\/\\\/artistics.com\\\/fr\\\/collection\\\/cecile-raynal-petites-histoires-en-reserve\\\/#primaryimage\"},\"thumbnailUrl\":\"https:\\\/\\\/artistics.com\\\/wp-content\\\/uploads\\\/2023\\\/04\\\/exhibition-by-cecile-raynal-11.jpg\",\"inLanguage\":\"fr-FR\"},{\"@type\":\"WebPage\",\"@id\":\"https:\\\/\\\/artistics.com\\\/fr\\\/collection\\\/cecile-raynal-petites-histoires-en-reserve\\\/\",\"url\":\"https:\\\/\\\/artistics.com\\\/fr\\\/collection\\\/cecile-raynal-petites-histoires-en-reserve\\\/\",\"name\":\"C\u00e9cile Raynal: Petites histoires en r\u00e9serve | Artistics.com\",\"isPartOf\":{\"@id\":\"https:\\\/\\\/artistics.com\\\/fr\\\/#website\"},\"primaryImageOfPage\":{\"@id\":\"https:\\\/\\\/artistics.com\\\/fr\\\/collection\\\/cecile-raynal-petites-histoires-en-reserve\\\/#primaryimage\"},\"image\":{\"@id\":\"https:\\\/\\\/artistics.com\\\/fr\\\/collection\\\/cecile-raynal-petites-histoires-en-reserve\\\/#primaryimage\"},\"thumbnailUrl\":\"https:\\\/\\\/artistics.com\\\/wp-content\\\/uploads\\\/2023\\\/04\\\/exhibition-by-cecile-raynal-11.jpg\",\"datePublished\":\"2018-06-26T13:37:34+00:00\",\"description\":\"Jusqu'au 26 ao\u00fbt prochain, C\u00e9cile Raynal expose une trentaine de sculptures au mus\u00e9e des Arts et M\u00e9tiers de Paris. Ces \u0153uvres ont \u00e9t\u00e9 cr\u00e9\u00e9es dans le cadre de la r\u00e9sidence artistique que l'artiste a effectu\u00e9e dans les r\u00e9serves du mus\u00e9e au premier semestre 2017.\u00a0Pour pr\u00e9parer votre visite, nous vous invitons \u00e0\u00a0d\u00e9couvrir ci-dessous une s\u00e9lection des \u0153uvres que vous\u00a0d\u00e9couvrirez sur le parcours de l'exposition (en vente sur\u00a0Artistics). Exposition \\\"Petites histoires en r\u00e9serve\\\". Mus\u00e9e des Arts et\u00a0M\u00e9tiers, Paris \u00a0\",\"breadcrumb\":{\"@id\":\"https:\\\/\\\/artistics.com\\\/fr\\\/collection\\\/cecile-raynal-petites-histoires-en-reserve\\\/#breadcrumb\"},\"inLanguage\":\"fr-FR\",\"potentialAction\":[{\"@type\":\"ReadAction\",\"target\":[\"https:\\\/\\\/artistics.com\\\/fr\\\/collection\\\/cecile-raynal-petites-histoires-en-reserve\\\/\"]}]},{\"@type\":\"ImageObject\",\"inLanguage\":\"fr-FR\",\"@id\":\"https:\\\/\\\/artistics.com\\\/fr\\\/collection\\\/cecile-raynal-petites-histoires-en-reserve\\\/#primaryimage\",\"url\":\"https:\\\/\\\/artistics.com\\\/wp-content\\\/uploads\\\/2023\\\/04\\\/exhibition-by-cecile-raynal-11.jpg\",\"contentUrl\":\"https:\\\/\\\/artistics.com\\\/wp-content\\\/uploads\\\/2023\\\/04\\\/exhibition-by-cecile-raynal-11.jpg\",\"width\":1388,\"height\":1388},{\"@type\":\"BreadcrumbList\",\"@id\":\"https:\\\/\\\/artistics.com\\\/fr\\\/collection\\\/cecile-raynal-petites-histoires-en-reserve\\\/#breadcrumb\",\"itemListElement\":[{\"@type\":\"ListItem\",\"position\":1,\"name\":\"Achat \u0153uvre d'art\",\"item\":\"https:\\\/\\\/artistics.com\\\/fr\\\/\"},{\"@type\":\"ListItem\",\"position\":2,\"name\":\"Toutes les collections\",\"item\":\"https:\\\/\\\/artistics.com\\\/fr\\\/collection_cat\\\/toutes-les-collections\\\/\"},{\"@type\":\"ListItem\",\"position\":3,\"name\":\"S\u00e9ries d&#039;artistes\",\"item\":\"https:\\\/\\\/artistics.com\\\/fr\\\/collection_cat\\\/series-artistes\\\/\"},{\"@type\":\"ListItem\",\"position\":4,\"name\":\"C\u00e9cile Raynal: Petites histoires en r\u00e9serve\"}]},{\"@type\":\"WebSite\",\"@id\":\"https:\\\/\\\/artistics.com\\\/fr\\\/#website\",\"url\":\"https:\\\/\\\/artistics.com\\\/fr\\\/\",\"name\":\"Artistics\",\"description\":\"The online art gallery\",\"publisher\":{\"@id\":\"https:\\\/\\\/artistics.com\\\/fr\\\/#organization\"},\"potentialAction\":[{\"@type\":\"SearchAction\",\"target\":{\"@type\":\"EntryPoint\",\"urlTemplate\":\"https:\\\/\\\/artistics.com\\\/fr\\\/?s={search_term_string}\"},\"query-input\":{\"@type\":\"PropertyValueSpecification\",\"valueRequired\":true,\"valueName\":\"search_term_string\"}}],\"inLanguage\":\"fr-FR\"},{\"@type\":\"Organization\",\"@id\":\"https:\\\/\\\/artistics.com\\\/fr\\\/#organization\",\"name\":\"Artistics\",\"url\":\"https:\\\/\\\/artistics.com\\\/fr\\\/\",\"logo\":{\"@type\":\"ImageObject\",\"inLanguage\":\"fr-FR\",\"@id\":\"https:\\\/\\\/artistics.com\\\/fr\\\/#\\\/schema\\\/logo\\\/image\\\/\",\"url\":\"https:\\\/\\\/artistics.com\\\/wp-content\\\/uploads\\\/2023\\\/02\\\/artistics-logo-web-1.svg\",\"contentUrl\":\"https:\\\/\\\/artistics.com\\\/wp-content\\\/uploads\\\/2023\\\/02\\\/artistics-logo-web-1.svg\",\"caption\":\"Artistics\"},\"image\":{\"@id\":\"https:\\\/\\\/artistics.com\\\/fr\\\/#\\\/schema\\\/logo\\\/image\\\/\"},\"sameAs\":[\"https:\\\/\\\/www.facebook.com\\\/ArtisticsMag\",\"https:\\\/\\\/x.com\\\/Artistics_FR\",\"http:\\\/\\\/www.linkedin.com\\\/company\\\/artistics\",\"https:\\\/\\\/www.instagram.com\\\/artistics_com\\\/\",\"http:\\\/\\\/www.pinterest.com\\\/ArtisticsMag\"],\"hasMerchantReturnPolicy\":{\"@type\":\"MerchantReturnPolicy\",\"merchantReturnLink\":\"https:\\\/\\\/artistics.com\\\/free-return-policy\\\/\"}},{\"@type\":\"Person\",\"@id\":\"https:\\\/\\\/artistics.com\\\/fr\\\/#\\\/schema\\\/person\\\/06ccbcd390d4be9b22fdc66fc2e78e6c\",\"name\":\"Hypso\",\"image\":{\"@type\":\"ImageObject\",\"inLanguage\":\"fr-FR\",\"@id\":\"https:\\\/\\\/secure.gravatar.com\\\/avatar\\\/df2518545b115be73a09aa9ed0fe74108171a89b0189073d31863a695ada9fcf?s=96&d=mm&r=g\",\"url\":\"https:\\\/\\\/secure.gravatar.com\\\/avatar\\\/df2518545b115be73a09aa9ed0fe74108171a89b0189073d31863a695ada9fcf?s=96&d=mm&r=g\",\"contentUrl\":\"https:\\\/\\\/secure.gravatar.com\\\/avatar\\\/df2518545b115be73a09aa9ed0fe74108171a89b0189073d31863a695ada9fcf?s=96&d=mm&r=g\",\"caption\":\"Hypso\"},\"sameAs\":[\"https:\\\/\\\/artistics.com\"]}]}<\/script>\n<!-- \/ Yoast SEO Premium plugin. -->","yoast_head_json":{"title":"C\u00e9cile Raynal: Petites histoires en r\u00e9serve | Artistics.com","description":"Jusqu'au 26 ao\u00fbt prochain, C\u00e9cile Raynal expose une trentaine de sculptures au mus\u00e9e des Arts et M\u00e9tiers de Paris. Ces \u0153uvres ont \u00e9t\u00e9 cr\u00e9\u00e9es dans le cadre de la r\u00e9sidence artistique que l'artiste a effectu\u00e9e dans les r\u00e9serves du mus\u00e9e au premier semestre 2017.\u00a0Pour pr\u00e9parer votre visite, nous vous invitons \u00e0\u00a0d\u00e9couvrir ci-dessous une s\u00e9lection des \u0153uvres que vous\u00a0d\u00e9couvrirez sur le parcours de l'exposition (en vente sur\u00a0Artistics). Exposition \"Petites histoires en r\u00e9serve\". Mus\u00e9e des Arts et\u00a0M\u00e9tiers, Paris \u00a0","robots":{"index":"index","follow":"follow","max-snippet":"max-snippet:-1","max-image-preview":"max-image-preview:large","max-video-preview":"max-video-preview:-1"},"canonical":"https:\/\/artistics.com\/fr\/collection\/cecile-raynal-petites-histoires-en-reserve\/","og_locale":"fr_FR","og_type":"article","og_title":"C\u00e9cile Raynal: Petites histoires en r\u00e9serve","og_description":"Jusqu'au 26 ao\u00fbt prochain, C\u00e9cile Raynal expose une trentaine de sculptures au mus\u00e9e des Arts et M\u00e9tiers de Paris. Ces \u0153uvres ont \u00e9t\u00e9 cr\u00e9\u00e9es dans le cadre de la r\u00e9sidence artistique que l'artiste a effectu\u00e9e dans les r\u00e9serves du mus\u00e9e au premier semestre 2017.\u00a0Pour pr\u00e9parer votre visite, nous vous invitons \u00e0\u00a0d\u00e9couvrir ci-dessous une s\u00e9lection des \u0153uvres que vous\u00a0d\u00e9couvrirez sur le parcours de l'exposition (en vente sur\u00a0Artistics). Exposition \"Petites histoires en r\u00e9serve\". Mus\u00e9e des Arts et\u00a0M\u00e9tiers, Paris \u00a0","og_url":"https:\/\/artistics.com\/fr\/collection\/cecile-raynal-petites-histoires-en-reserve\/","og_site_name":"Artistics","article_publisher":"https:\/\/www.facebook.com\/ArtisticsMag","og_image":[{"width":1388,"height":1388,"url":"https:\/\/artistics.com\/wp-content\/uploads\/2023\/04\/exhibition-by-cecile-raynal-11.jpg","type":"image\/jpeg"}],"twitter_card":"summary_large_image","twitter_site":"@Artistics_FR","schema":{"@context":"https:\/\/schema.org","@graph":[{"@type":"Article","@id":"https:\/\/artistics.com\/fr\/collection\/cecile-raynal-petites-histoires-en-reserve\/#article","isPartOf":{"@id":"https:\/\/artistics.com\/fr\/collection\/cecile-raynal-petites-histoires-en-reserve\/"},"author":{"name":"Hypso","@id":"https:\/\/artistics.com\/fr\/#\/schema\/person\/06ccbcd390d4be9b22fdc66fc2e78e6c"},"headline":"C\u00e9cile Raynal: Petites histoires en r\u00e9serve","datePublished":"2018-06-26T13:37:34+00:00","mainEntityOfPage":{"@id":"https:\/\/artistics.com\/fr\/collection\/cecile-raynal-petites-histoires-en-reserve\/"},"wordCount":8,"commentCount":0,"publisher":{"@id":"https:\/\/artistics.com\/fr\/#organization"},"image":{"@id":"https:\/\/artistics.com\/fr\/collection\/cecile-raynal-petites-histoires-en-reserve\/#primaryimage"},"thumbnailUrl":"https:\/\/artistics.com\/wp-content\/uploads\/2023\/04\/exhibition-by-cecile-raynal-11.jpg","inLanguage":"fr-FR"},{"@type":"WebPage","@id":"https:\/\/artistics.com\/fr\/collection\/cecile-raynal-petites-histoires-en-reserve\/","url":"https:\/\/artistics.com\/fr\/collection\/cecile-raynal-petites-histoires-en-reserve\/","name":"C\u00e9cile Raynal: Petites histoires en r\u00e9serve | Artistics.com","isPartOf":{"@id":"https:\/\/artistics.com\/fr\/#website"},"primaryImageOfPage":{"@id":"https:\/\/artistics.com\/fr\/collection\/cecile-raynal-petites-histoires-en-reserve\/#primaryimage"},"image":{"@id":"https:\/\/artistics.com\/fr\/collection\/cecile-raynal-petites-histoires-en-reserve\/#primaryimage"},"thumbnailUrl":"https:\/\/artistics.com\/wp-content\/uploads\/2023\/04\/exhibition-by-cecile-raynal-11.jpg","datePublished":"2018-06-26T13:37:34+00:00","description":"Jusqu'au 26 ao\u00fbt prochain, C\u00e9cile Raynal expose une trentaine de sculptures au mus\u00e9e des Arts et M\u00e9tiers de Paris. Ces \u0153uvres ont \u00e9t\u00e9 cr\u00e9\u00e9es dans le cadre de la r\u00e9sidence artistique que l'artiste a effectu\u00e9e dans les r\u00e9serves du mus\u00e9e au premier semestre 2017.\u00a0Pour pr\u00e9parer votre visite, nous vous invitons \u00e0\u00a0d\u00e9couvrir ci-dessous une s\u00e9lection des \u0153uvres que vous\u00a0d\u00e9couvrirez sur le parcours de l'exposition (en vente sur\u00a0Artistics). Exposition \"Petites histoires en r\u00e9serve\". Mus\u00e9e des Arts et\u00a0M\u00e9tiers, Paris \u00a0","breadcrumb":{"@id":"https:\/\/artistics.com\/fr\/collection\/cecile-raynal-petites-histoires-en-reserve\/#breadcrumb"},"inLanguage":"fr-FR","potentialAction":[{"@type":"ReadAction","target":["https:\/\/artistics.com\/fr\/collection\/cecile-raynal-petites-histoires-en-reserve\/"]}]},{"@type":"ImageObject","inLanguage":"fr-FR","@id":"https:\/\/artistics.com\/fr\/collection\/cecile-raynal-petites-histoires-en-reserve\/#primaryimage","url":"https:\/\/artistics.com\/wp-content\/uploads\/2023\/04\/exhibition-by-cecile-raynal-11.jpg","contentUrl":"https:\/\/artistics.com\/wp-content\/uploads\/2023\/04\/exhibition-by-cecile-raynal-11.jpg","width":1388,"height":1388},{"@type":"BreadcrumbList","@id":"https:\/\/artistics.com\/fr\/collection\/cecile-raynal-petites-histoires-en-reserve\/#breadcrumb","itemListElement":[{"@type":"ListItem","position":1,"name":"Achat \u0153uvre d'art","item":"https:\/\/artistics.com\/fr\/"},{"@type":"ListItem","position":2,"name":"Toutes les collections","item":"https:\/\/artistics.com\/fr\/collection_cat\/toutes-les-collections\/"},{"@type":"ListItem","position":3,"name":"S\u00e9ries d&#039;artistes","item":"https:\/\/artistics.com\/fr\/collection_cat\/series-artistes\/"},{"@type":"ListItem","position":4,"name":"C\u00e9cile Raynal: Petites histoires en r\u00e9serve"}]},{"@type":"WebSite","@id":"https:\/\/artistics.com\/fr\/#website","url":"https:\/\/artistics.com\/fr\/","name":"Artistics","description":"The online art gallery","publisher":{"@id":"https:\/\/artistics.com\/fr\/#organization"},"potentialAction":[{"@type":"SearchAction","target":{"@type":"EntryPoint","urlTemplate":"https:\/\/artistics.com\/fr\/?s={search_term_string}"},"query-input":{"@type":"PropertyValueSpecification","valueRequired":true,"valueName":"search_term_string"}}],"inLanguage":"fr-FR"},{"@type":"Organization","@id":"https:\/\/artistics.com\/fr\/#organization","name":"Artistics","url":"https:\/\/artistics.com\/fr\/","logo":{"@type":"ImageObject","inLanguage":"fr-FR","@id":"https:\/\/artistics.com\/fr\/#\/schema\/logo\/image\/","url":"https:\/\/artistics.com\/wp-content\/uploads\/2023\/02\/artistics-logo-web-1.svg","contentUrl":"https:\/\/artistics.com\/wp-content\/uploads\/2023\/02\/artistics-logo-web-1.svg","caption":"Artistics"},"image":{"@id":"https:\/\/artistics.com\/fr\/#\/schema\/logo\/image\/"},"sameAs":["https:\/\/www.facebook.com\/ArtisticsMag","https:\/\/x.com\/Artistics_FR","http:\/\/www.linkedin.com\/company\/artistics","https:\/\/www.instagram.com\/artistics_com\/","http:\/\/www.pinterest.com\/ArtisticsMag"],"hasMerchantReturnPolicy":{"@type":"MerchantReturnPolicy","merchantReturnLink":"https:\/\/artistics.com\/free-return-policy\/"}},{"@type":"Person","@id":"https:\/\/artistics.com\/fr\/#\/schema\/person\/06ccbcd390d4be9b22fdc66fc2e78e6c","name":"Hypso","image":{"@type":"ImageObject","inLanguage":"fr-FR","@id":"https:\/\/secure.gravatar.com\/avatar\/df2518545b115be73a09aa9ed0fe74108171a89b0189073d31863a695ada9fcf?s=96&d=mm&r=g","url":"https:\/\/secure.gravatar.com\/avatar\/df2518545b115be73a09aa9ed0fe74108171a89b0189073d31863a695ada9fcf?s=96&d=mm&r=g","contentUrl":"https:\/\/secure.gravatar.com\/avatar\/df2518545b115be73a09aa9ed0fe74108171a89b0189073d31863a695ada9fcf?s=96&d=mm&r=g","caption":"Hypso"},"sameAs":["https:\/\/artistics.com"]}]}},"_links":{"self":[{"href":"https:\/\/artistics.com\/fr\/wp-json\/wp\/v2\/collection\/29826","targetHints":{"allow":["GET"]}}],"collection":[{"href":"https:\/\/artistics.com\/fr\/wp-json\/wp\/v2\/collection"}],"about":[{"href":"https:\/\/artistics.com\/fr\/wp-json\/wp\/v2\/types\/collection"}],"author":[{"embeddable":true,"href":"https:\/\/artistics.com\/fr\/wp-json\/wp\/v2\/users\/1"}],"version-history":[{"count":0,"href":"https:\/\/artistics.com\/fr\/wp-json\/wp\/v2\/collection\/29826\/revisions"}],"wp:featuredmedia":[{"embeddable":true,"href":"https:\/\/artistics.com\/fr\/wp-json\/wp\/v2\/media\/10027"}],"wp:attachment":[{"href":"https:\/\/artistics.com\/fr\/wp-json\/wp\/v2\/media?parent=29826"}],"wp:term":[{"taxonomy":"collection_cat","embeddable":true,"href":"https:\/\/artistics.com\/fr\/wp-json\/wp\/v2\/collection_cat?post=29826"}],"curies":[{"name":"wp","href":"https:\/\/api.w.org\/{rel}","templated":true}]}}