{"id":29817,"date":"2018-03-06T13:17:48","date_gmt":"2018-03-06T12:17:48","guid":{"rendered":"https:\/\/2022.devartistics.com\/collection\/songes-et-mysteres-sur-les-traces-des-grands-maitres\/"},"modified":"2018-03-05T11:47:06","modified_gmt":"2018-03-05T10:47:06","slug":"songes-et-mysteres-sur-les-traces-des-grands-maitres","status":"publish","type":"collection","link":"https:\/\/artistics.com\/fr\/collection\/songes-et-mysteres-sur-les-traces-des-grands-maitres\/","title":{"rendered":"Songes et myst\u00e8res, sur les traces des grands ma\u00eetres"},"excerpt":{"rendered":"","protected":false},"author":1,"featured_media":29454,"template":"","meta":{"_acf_changed":false,"_searchwp_excluded":"","inline_featured_image":false},"collection_cat":[262],"class_list":["post-29817","collection","type-collection","status-publish","has-post-thumbnail","hentry","collection_cat-toutes-les-collections"],"acf":[],"yoast_head":"<!-- This site is optimized with the Yoast SEO Premium plugin v27.3 (Yoast SEO v27.3) - https:\/\/yoast.com\/product\/yoast-seo-premium-wordpress\/ -->\n<title>Songes et myst\u00e8res, sur les traces des grands ma\u00eetres | Artistics.com<\/title>\n<meta name=\"description\" content=\"Une exposition personnelle de Joachim van der Vlugt \u00e0 House 17 \u00e0 Luxembourg 17 rue Nord, 2229 Luxembourg Du 6 mars au 30 avril 2018 A l\u2019aide d\u2019une palette r\u00e9duite de couleurs, l&#039;artiste compose des portraits ou des paysages dont le caract\u00e8re \u00e9nigmatique est renforc\u00e9 par un travail de la lumi\u00e8re tout en nuances et en ma\u00eetrise.\" \/>\n<meta name=\"robots\" content=\"index, follow, max-snippet:-1, max-image-preview:large, max-video-preview:-1\" \/>\n<link rel=\"canonical\" href=\"https:\/\/artistics.com\/fr\/collection\/songes-et-mysteres-sur-les-traces-des-grands-maitres\/\" \/>\n<meta property=\"og:locale\" content=\"fr_FR\" \/>\n<meta property=\"og:type\" content=\"article\" \/>\n<meta property=\"og:title\" content=\"Songes et myst\u00e8res, sur les traces des grands ma\u00eetres\" \/>\n<meta property=\"og:description\" content=\"Une exposition personnelle de Joachim van der Vlugt \u00e0 House 17 \u00e0 Luxembourg 17 rue Nord, 2229 Luxembourg Du 6 mars au 30 avril 2018 A l\u2019aide d\u2019une palette r\u00e9duite de couleurs, l&#039;artiste compose des portraits ou des paysages dont le caract\u00e8re \u00e9nigmatique est renforc\u00e9 par un travail de la lumi\u00e8re tout en nuances et en ma\u00eetrise.\" \/>\n<meta property=\"og:url\" content=\"https:\/\/artistics.com\/fr\/collection\/songes-et-mysteres-sur-les-traces-des-grands-maitres\/\" \/>\n<meta property=\"og:site_name\" content=\"Artistics\" \/>\n<meta property=\"article:publisher\" content=\"https:\/\/www.facebook.com\/ArtisticsMag\" \/>\n<meta property=\"og:image\" content=\"https:\/\/artistics.com\/wp-content\/uploads\/2023\/04\/resilience_iii_115x75cm.jpg\" \/>\n\t<meta property=\"og:image:width\" content=\"1100\" \/>\n\t<meta property=\"og:image:height\" content=\"350\" \/>\n\t<meta property=\"og:image:type\" content=\"image\/jpeg\" \/>\n<meta name=\"twitter:card\" content=\"summary_large_image\" \/>\n<meta name=\"twitter:site\" content=\"@Artistics_FR\" \/>\n<script type=\"application\/ld+json\" class=\"yoast-schema-graph\">{\"@context\":\"https:\\\/\\\/schema.org\",\"@graph\":[{\"@type\":\"Article\",\"@id\":\"https:\\\/\\\/artistics.com\\\/fr\\\/collection\\\/songes-et-mysteres-sur-les-traces-des-grands-maitres\\\/#article\",\"isPartOf\":{\"@id\":\"https:\\\/\\\/artistics.com\\\/fr\\\/collection\\\/songes-et-mysteres-sur-les-traces-des-grands-maitres\\\/\"},\"author\":{\"name\":\"Hypso\",\"@id\":\"https:\\\/\\\/artistics.com\\\/fr\\\/#\\\/schema\\\/person\\\/06ccbcd390d4be9b22fdc66fc2e78e6c\"},\"headline\":\"Songes et myst\u00e8res, sur les traces des grands ma\u00eetres\",\"datePublished\":\"2018-03-06T12:17:48+00:00\",\"mainEntityOfPage\":{\"@id\":\"https:\\\/\\\/artistics.com\\\/fr\\\/collection\\\/songes-et-mysteres-sur-les-traces-des-grands-maitres\\\/\"},\"wordCount\":11,\"commentCount\":0,\"publisher\":{\"@id\":\"https:\\\/\\\/artistics.com\\\/fr\\\/#organization\"},\"image\":{\"@id\":\"https:\\\/\\\/artistics.com\\\/fr\\\/collection\\\/songes-et-mysteres-sur-les-traces-des-grands-maitres\\\/#primaryimage\"},\"thumbnailUrl\":\"https:\\\/\\\/artistics.com\\\/wp-content\\\/uploads\\\/2023\\\/04\\\/resilience_iii_115x75cm.jpg\",\"inLanguage\":\"fr-FR\"},{\"@type\":\"WebPage\",\"@id\":\"https:\\\/\\\/artistics.com\\\/fr\\\/collection\\\/songes-et-mysteres-sur-les-traces-des-grands-maitres\\\/\",\"url\":\"https:\\\/\\\/artistics.com\\\/fr\\\/collection\\\/songes-et-mysteres-sur-les-traces-des-grands-maitres\\\/\",\"name\":\"Songes et myst\u00e8res, sur les traces des grands ma\u00eetres | Artistics.com\",\"isPartOf\":{\"@id\":\"https:\\\/\\\/artistics.com\\\/fr\\\/#website\"},\"primaryImageOfPage\":{\"@id\":\"https:\\\/\\\/artistics.com\\\/fr\\\/collection\\\/songes-et-mysteres-sur-les-traces-des-grands-maitres\\\/#primaryimage\"},\"image\":{\"@id\":\"https:\\\/\\\/artistics.com\\\/fr\\\/collection\\\/songes-et-mysteres-sur-les-traces-des-grands-maitres\\\/#primaryimage\"},\"thumbnailUrl\":\"https:\\\/\\\/artistics.com\\\/wp-content\\\/uploads\\\/2023\\\/04\\\/resilience_iii_115x75cm.jpg\",\"datePublished\":\"2018-03-06T12:17:48+00:00\",\"description\":\"Une exposition personnelle de Joachim van der Vlugt \u00e0 House 17 \u00e0 Luxembourg 17 rue Nord, 2229 Luxembourg Du 6 mars au 30 avril 2018 A l\u2019aide d\u2019une palette r\u00e9duite de couleurs, l'artiste compose des portraits ou des paysages dont le caract\u00e8re \u00e9nigmatique est renforc\u00e9 par un travail de la lumi\u00e8re tout en nuances et en ma\u00eetrise.\",\"breadcrumb\":{\"@id\":\"https:\\\/\\\/artistics.com\\\/fr\\\/collection\\\/songes-et-mysteres-sur-les-traces-des-grands-maitres\\\/#breadcrumb\"},\"inLanguage\":\"fr-FR\",\"potentialAction\":[{\"@type\":\"ReadAction\",\"target\":[\"https:\\\/\\\/artistics.com\\\/fr\\\/collection\\\/songes-et-mysteres-sur-les-traces-des-grands-maitres\\\/\"]}]},{\"@type\":\"ImageObject\",\"inLanguage\":\"fr-FR\",\"@id\":\"https:\\\/\\\/artistics.com\\\/fr\\\/collection\\\/songes-et-mysteres-sur-les-traces-des-grands-maitres\\\/#primaryimage\",\"url\":\"https:\\\/\\\/artistics.com\\\/wp-content\\\/uploads\\\/2023\\\/04\\\/resilience_iii_115x75cm.jpg\",\"contentUrl\":\"https:\\\/\\\/artistics.com\\\/wp-content\\\/uploads\\\/2023\\\/04\\\/resilience_iii_115x75cm.jpg\",\"width\":1100,\"height\":350},{\"@type\":\"BreadcrumbList\",\"@id\":\"https:\\\/\\\/artistics.com\\\/fr\\\/collection\\\/songes-et-mysteres-sur-les-traces-des-grands-maitres\\\/#breadcrumb\",\"itemListElement\":[{\"@type\":\"ListItem\",\"position\":1,\"name\":\"Achat \u0153uvre d'art\",\"item\":\"https:\\\/\\\/artistics.com\\\/fr\\\/\"},{\"@type\":\"ListItem\",\"position\":2,\"name\":\"Toutes les collections\",\"item\":\"https:\\\/\\\/artistics.com\\\/fr\\\/collection_cat\\\/toutes-les-collections\\\/\"},{\"@type\":\"ListItem\",\"position\":3,\"name\":\"Songes et myst\u00e8res, sur les traces des grands ma\u00eetres\"}]},{\"@type\":\"WebSite\",\"@id\":\"https:\\\/\\\/artistics.com\\\/fr\\\/#website\",\"url\":\"https:\\\/\\\/artistics.com\\\/fr\\\/\",\"name\":\"Artistics\",\"description\":\"The online art gallery\",\"publisher\":{\"@id\":\"https:\\\/\\\/artistics.com\\\/fr\\\/#organization\"},\"potentialAction\":[{\"@type\":\"SearchAction\",\"target\":{\"@type\":\"EntryPoint\",\"urlTemplate\":\"https:\\\/\\\/artistics.com\\\/fr\\\/?s={search_term_string}\"},\"query-input\":{\"@type\":\"PropertyValueSpecification\",\"valueRequired\":true,\"valueName\":\"search_term_string\"}}],\"inLanguage\":\"fr-FR\"},{\"@type\":\"Organization\",\"@id\":\"https:\\\/\\\/artistics.com\\\/fr\\\/#organization\",\"name\":\"Artistics\",\"url\":\"https:\\\/\\\/artistics.com\\\/fr\\\/\",\"logo\":{\"@type\":\"ImageObject\",\"inLanguage\":\"fr-FR\",\"@id\":\"https:\\\/\\\/artistics.com\\\/fr\\\/#\\\/schema\\\/logo\\\/image\\\/\",\"url\":\"https:\\\/\\\/artistics.com\\\/wp-content\\\/uploads\\\/2023\\\/02\\\/artistics-logo-web-1.svg\",\"contentUrl\":\"https:\\\/\\\/artistics.com\\\/wp-content\\\/uploads\\\/2023\\\/02\\\/artistics-logo-web-1.svg\",\"caption\":\"Artistics\"},\"image\":{\"@id\":\"https:\\\/\\\/artistics.com\\\/fr\\\/#\\\/schema\\\/logo\\\/image\\\/\"},\"sameAs\":[\"https:\\\/\\\/www.facebook.com\\\/ArtisticsMag\",\"https:\\\/\\\/x.com\\\/Artistics_FR\",\"http:\\\/\\\/www.linkedin.com\\\/company\\\/artistics\",\"https:\\\/\\\/www.instagram.com\\\/artistics_com\\\/\",\"http:\\\/\\\/www.pinterest.com\\\/ArtisticsMag\"],\"hasMerchantReturnPolicy\":{\"@type\":\"MerchantReturnPolicy\",\"merchantReturnLink\":\"https:\\\/\\\/artistics.com\\\/free-return-policy\\\/\"}},{\"@type\":\"Person\",\"@id\":\"https:\\\/\\\/artistics.com\\\/fr\\\/#\\\/schema\\\/person\\\/06ccbcd390d4be9b22fdc66fc2e78e6c\",\"name\":\"Hypso\",\"image\":{\"@type\":\"ImageObject\",\"inLanguage\":\"fr-FR\",\"@id\":\"https:\\\/\\\/secure.gravatar.com\\\/avatar\\\/df2518545b115be73a09aa9ed0fe74108171a89b0189073d31863a695ada9fcf?s=96&d=mm&r=g\",\"url\":\"https:\\\/\\\/secure.gravatar.com\\\/avatar\\\/df2518545b115be73a09aa9ed0fe74108171a89b0189073d31863a695ada9fcf?s=96&d=mm&r=g\",\"contentUrl\":\"https:\\\/\\\/secure.gravatar.com\\\/avatar\\\/df2518545b115be73a09aa9ed0fe74108171a89b0189073d31863a695ada9fcf?s=96&d=mm&r=g\",\"caption\":\"Hypso\"},\"sameAs\":[\"https:\\\/\\\/artistics.com\"]}]}<\/script>\n<!-- \/ Yoast SEO Premium plugin. -->","yoast_head_json":{"title":"Songes et myst\u00e8res, sur les traces des grands ma\u00eetres | Artistics.com","description":"Une exposition personnelle de Joachim van der Vlugt \u00e0 House 17 \u00e0 Luxembourg 17 rue Nord, 2229 Luxembourg Du 6 mars au 30 avril 2018 A l\u2019aide d\u2019une palette r\u00e9duite de couleurs, l'artiste compose des portraits ou des paysages dont le caract\u00e8re \u00e9nigmatique est renforc\u00e9 par un travail de la lumi\u00e8re tout en nuances et en ma\u00eetrise.","robots":{"index":"index","follow":"follow","max-snippet":"max-snippet:-1","max-image-preview":"max-image-preview:large","max-video-preview":"max-video-preview:-1"},"canonical":"https:\/\/artistics.com\/fr\/collection\/songes-et-mysteres-sur-les-traces-des-grands-maitres\/","og_locale":"fr_FR","og_type":"article","og_title":"Songes et myst\u00e8res, sur les traces des grands ma\u00eetres","og_description":"Une exposition personnelle de Joachim van der Vlugt \u00e0 House 17 \u00e0 Luxembourg 17 rue Nord, 2229 Luxembourg Du 6 mars au 30 avril 2018 A l\u2019aide d\u2019une palette r\u00e9duite de couleurs, l'artiste compose des portraits ou des paysages dont le caract\u00e8re \u00e9nigmatique est renforc\u00e9 par un travail de la lumi\u00e8re tout en nuances et en ma\u00eetrise.","og_url":"https:\/\/artistics.com\/fr\/collection\/songes-et-mysteres-sur-les-traces-des-grands-maitres\/","og_site_name":"Artistics","article_publisher":"https:\/\/www.facebook.com\/ArtisticsMag","og_image":[{"width":1100,"height":350,"url":"https:\/\/artistics.com\/wp-content\/uploads\/2023\/04\/resilience_iii_115x75cm.jpg","type":"image\/jpeg"}],"twitter_card":"summary_large_image","twitter_site":"@Artistics_FR","schema":{"@context":"https:\/\/schema.org","@graph":[{"@type":"Article","@id":"https:\/\/artistics.com\/fr\/collection\/songes-et-mysteres-sur-les-traces-des-grands-maitres\/#article","isPartOf":{"@id":"https:\/\/artistics.com\/fr\/collection\/songes-et-mysteres-sur-les-traces-des-grands-maitres\/"},"author":{"name":"Hypso","@id":"https:\/\/artistics.com\/fr\/#\/schema\/person\/06ccbcd390d4be9b22fdc66fc2e78e6c"},"headline":"Songes et myst\u00e8res, sur les traces des grands ma\u00eetres","datePublished":"2018-03-06T12:17:48+00:00","mainEntityOfPage":{"@id":"https:\/\/artistics.com\/fr\/collection\/songes-et-mysteres-sur-les-traces-des-grands-maitres\/"},"wordCount":11,"commentCount":0,"publisher":{"@id":"https:\/\/artistics.com\/fr\/#organization"},"image":{"@id":"https:\/\/artistics.com\/fr\/collection\/songes-et-mysteres-sur-les-traces-des-grands-maitres\/#primaryimage"},"thumbnailUrl":"https:\/\/artistics.com\/wp-content\/uploads\/2023\/04\/resilience_iii_115x75cm.jpg","inLanguage":"fr-FR"},{"@type":"WebPage","@id":"https:\/\/artistics.com\/fr\/collection\/songes-et-mysteres-sur-les-traces-des-grands-maitres\/","url":"https:\/\/artistics.com\/fr\/collection\/songes-et-mysteres-sur-les-traces-des-grands-maitres\/","name":"Songes et myst\u00e8res, sur les traces des grands ma\u00eetres | Artistics.com","isPartOf":{"@id":"https:\/\/artistics.com\/fr\/#website"},"primaryImageOfPage":{"@id":"https:\/\/artistics.com\/fr\/collection\/songes-et-mysteres-sur-les-traces-des-grands-maitres\/#primaryimage"},"image":{"@id":"https:\/\/artistics.com\/fr\/collection\/songes-et-mysteres-sur-les-traces-des-grands-maitres\/#primaryimage"},"thumbnailUrl":"https:\/\/artistics.com\/wp-content\/uploads\/2023\/04\/resilience_iii_115x75cm.jpg","datePublished":"2018-03-06T12:17:48+00:00","description":"Une exposition personnelle de Joachim van der Vlugt \u00e0 House 17 \u00e0 Luxembourg 17 rue Nord, 2229 Luxembourg Du 6 mars au 30 avril 2018 A l\u2019aide d\u2019une palette r\u00e9duite de couleurs, l'artiste compose des portraits ou des paysages dont le caract\u00e8re \u00e9nigmatique est renforc\u00e9 par un travail de la lumi\u00e8re tout en nuances et en ma\u00eetrise.","breadcrumb":{"@id":"https:\/\/artistics.com\/fr\/collection\/songes-et-mysteres-sur-les-traces-des-grands-maitres\/#breadcrumb"},"inLanguage":"fr-FR","potentialAction":[{"@type":"ReadAction","target":["https:\/\/artistics.com\/fr\/collection\/songes-et-mysteres-sur-les-traces-des-grands-maitres\/"]}]},{"@type":"ImageObject","inLanguage":"fr-FR","@id":"https:\/\/artistics.com\/fr\/collection\/songes-et-mysteres-sur-les-traces-des-grands-maitres\/#primaryimage","url":"https:\/\/artistics.com\/wp-content\/uploads\/2023\/04\/resilience_iii_115x75cm.jpg","contentUrl":"https:\/\/artistics.com\/wp-content\/uploads\/2023\/04\/resilience_iii_115x75cm.jpg","width":1100,"height":350},{"@type":"BreadcrumbList","@id":"https:\/\/artistics.com\/fr\/collection\/songes-et-mysteres-sur-les-traces-des-grands-maitres\/#breadcrumb","itemListElement":[{"@type":"ListItem","position":1,"name":"Achat \u0153uvre d'art","item":"https:\/\/artistics.com\/fr\/"},{"@type":"ListItem","position":2,"name":"Toutes les collections","item":"https:\/\/artistics.com\/fr\/collection_cat\/toutes-les-collections\/"},{"@type":"ListItem","position":3,"name":"Songes et myst\u00e8res, sur les traces des grands ma\u00eetres"}]},{"@type":"WebSite","@id":"https:\/\/artistics.com\/fr\/#website","url":"https:\/\/artistics.com\/fr\/","name":"Artistics","description":"The online art gallery","publisher":{"@id":"https:\/\/artistics.com\/fr\/#organization"},"potentialAction":[{"@type":"SearchAction","target":{"@type":"EntryPoint","urlTemplate":"https:\/\/artistics.com\/fr\/?s={search_term_string}"},"query-input":{"@type":"PropertyValueSpecification","valueRequired":true,"valueName":"search_term_string"}}],"inLanguage":"fr-FR"},{"@type":"Organization","@id":"https:\/\/artistics.com\/fr\/#organization","name":"Artistics","url":"https:\/\/artistics.com\/fr\/","logo":{"@type":"ImageObject","inLanguage":"fr-FR","@id":"https:\/\/artistics.com\/fr\/#\/schema\/logo\/image\/","url":"https:\/\/artistics.com\/wp-content\/uploads\/2023\/02\/artistics-logo-web-1.svg","contentUrl":"https:\/\/artistics.com\/wp-content\/uploads\/2023\/02\/artistics-logo-web-1.svg","caption":"Artistics"},"image":{"@id":"https:\/\/artistics.com\/fr\/#\/schema\/logo\/image\/"},"sameAs":["https:\/\/www.facebook.com\/ArtisticsMag","https:\/\/x.com\/Artistics_FR","http:\/\/www.linkedin.com\/company\/artistics","https:\/\/www.instagram.com\/artistics_com\/","http:\/\/www.pinterest.com\/ArtisticsMag"],"hasMerchantReturnPolicy":{"@type":"MerchantReturnPolicy","merchantReturnLink":"https:\/\/artistics.com\/free-return-policy\/"}},{"@type":"Person","@id":"https:\/\/artistics.com\/fr\/#\/schema\/person\/06ccbcd390d4be9b22fdc66fc2e78e6c","name":"Hypso","image":{"@type":"ImageObject","inLanguage":"fr-FR","@id":"https:\/\/secure.gravatar.com\/avatar\/df2518545b115be73a09aa9ed0fe74108171a89b0189073d31863a695ada9fcf?s=96&d=mm&r=g","url":"https:\/\/secure.gravatar.com\/avatar\/df2518545b115be73a09aa9ed0fe74108171a89b0189073d31863a695ada9fcf?s=96&d=mm&r=g","contentUrl":"https:\/\/secure.gravatar.com\/avatar\/df2518545b115be73a09aa9ed0fe74108171a89b0189073d31863a695ada9fcf?s=96&d=mm&r=g","caption":"Hypso"},"sameAs":["https:\/\/artistics.com"]}]}},"_links":{"self":[{"href":"https:\/\/artistics.com\/fr\/wp-json\/wp\/v2\/collection\/29817","targetHints":{"allow":["GET"]}}],"collection":[{"href":"https:\/\/artistics.com\/fr\/wp-json\/wp\/v2\/collection"}],"about":[{"href":"https:\/\/artistics.com\/fr\/wp-json\/wp\/v2\/types\/collection"}],"author":[{"embeddable":true,"href":"https:\/\/artistics.com\/fr\/wp-json\/wp\/v2\/users\/1"}],"version-history":[{"count":0,"href":"https:\/\/artistics.com\/fr\/wp-json\/wp\/v2\/collection\/29817\/revisions"}],"wp:featuredmedia":[{"embeddable":true,"href":"https:\/\/artistics.com\/fr\/wp-json\/wp\/v2\/media\/29454"}],"wp:attachment":[{"href":"https:\/\/artistics.com\/fr\/wp-json\/wp\/v2\/media?parent=29817"}],"wp:term":[{"taxonomy":"collection_cat","embeddable":true,"href":"https:\/\/artistics.com\/fr\/wp-json\/wp\/v2\/collection_cat?post=29817"}],"curies":[{"name":"wp","href":"https:\/\/api.w.org\/{rel}","templated":true}]}}