{"id":29782,"date":"2017-09-27T14:35:54","date_gmt":"2017-09-27T12:35:54","guid":{"rendered":"https:\/\/2022.devartistics.com\/collection\/xavier-dumoulin-lhomme-et-lenvironnement\/"},"modified":"2017-09-27T10:30:10","modified_gmt":"2017-09-27T08:30:10","slug":"xavier-dumoulin-lhomme-et-lenvironnement","status":"publish","type":"collection","link":"https:\/\/artistics.com\/fr\/collection\/xavier-dumoulin-lhomme-et-lenvironnement\/","title":{"rendered":"Xavier Dumoulin : L&rsquo;homme et l&rsquo;environnement"},"excerpt":{"rendered":"","protected":false},"author":1,"featured_media":25334,"template":"","meta":{"_acf_changed":false,"_searchwp_excluded":"","inline_featured_image":false},"collection_cat":[263,263,262],"class_list":{"0":"post-29782","1":"collection","2":"type-collection","3":"status-publish","4":"has-post-thumbnail","5":"hentry","6":"collection_cat-series-artistes","8":"collection_cat-toutes-les-collections"},"acf":[],"yoast_head":"<!-- This site is optimized with the Yoast SEO Premium plugin v27.3 (Yoast SEO v27.3) - https:\/\/yoast.com\/product\/yoast-seo-premium-wordpress\/ -->\n<title>Xavier Dumoulin : L&#039;homme et l&#039;environnement | Artistics.com<\/title>\n<meta name=\"description\" content=\"Le travail de Xavier Dumoulin explore l&#039;obsession de l&#039;homme \u00e0 s&#039;arracher \u00e0 la nature, \u00e0 la tenir \u00e0 distance jusqu&#039;\u00e0 se rendre aveugle aux transformations qu&#039;il lui inflige et \u00e0 nier la relation de d\u00e9pendance qu&#039;il entretient avec elle.\" \/>\n<meta name=\"robots\" content=\"index, follow, max-snippet:-1, max-image-preview:large, max-video-preview:-1\" \/>\n<link rel=\"canonical\" href=\"https:\/\/artistics.com\/fr\/collection\/xavier-dumoulin-lhomme-et-lenvironnement\/\" \/>\n<meta property=\"og:locale\" content=\"fr_FR\" \/>\n<meta property=\"og:type\" content=\"article\" \/>\n<meta property=\"og:title\" content=\"Xavier Dumoulin : L&#039;homme et l&#039;environnement\" \/>\n<meta property=\"og:description\" content=\"Le travail de Xavier Dumoulin explore l&#039;obsession de l&#039;homme \u00e0 s&#039;arracher \u00e0 la nature, \u00e0 la tenir \u00e0 distance jusqu&#039;\u00e0 se rendre aveugle aux transformations qu&#039;il lui inflige et \u00e0 nier la relation de d\u00e9pendance qu&#039;il entretient avec elle.\" \/>\n<meta property=\"og:url\" content=\"https:\/\/artistics.com\/fr\/collection\/xavier-dumoulin-lhomme-et-lenvironnement\/\" \/>\n<meta property=\"og:site_name\" content=\"Artistics\" \/>\n<meta property=\"article:publisher\" content=\"https:\/\/www.facebook.com\/ArtisticsMag\" \/>\n<meta property=\"og:image\" content=\"https:\/\/artistics.com\/wp-content\/uploads\/2023\/04\/condensation-by-xavier-dumoulin.jpg\" \/>\n\t<meta property=\"og:image:width\" content=\"1500\" \/>\n\t<meta property=\"og:image:height\" content=\"1000\" \/>\n\t<meta property=\"og:image:type\" content=\"image\/jpeg\" \/>\n<meta name=\"twitter:card\" content=\"summary_large_image\" \/>\n<meta name=\"twitter:site\" content=\"@Artistics_FR\" \/>\n<script type=\"application\/ld+json\" class=\"yoast-schema-graph\">{\"@context\":\"https:\\\/\\\/schema.org\",\"@graph\":[{\"@type\":\"Article\",\"@id\":\"https:\\\/\\\/artistics.com\\\/fr\\\/collection\\\/xavier-dumoulin-lhomme-et-lenvironnement\\\/#article\",\"isPartOf\":{\"@id\":\"https:\\\/\\\/artistics.com\\\/fr\\\/collection\\\/xavier-dumoulin-lhomme-et-lenvironnement\\\/\"},\"author\":{\"name\":\"Hypso\",\"@id\":\"https:\\\/\\\/artistics.com\\\/fr\\\/#\\\/schema\\\/person\\\/06ccbcd390d4be9b22fdc66fc2e78e6c\"},\"headline\":\"Xavier Dumoulin : L&rsquo;homme et l&rsquo;environnement\",\"datePublished\":\"2017-09-27T12:35:54+00:00\",\"mainEntityOfPage\":{\"@id\":\"https:\\\/\\\/artistics.com\\\/fr\\\/collection\\\/xavier-dumoulin-lhomme-et-lenvironnement\\\/\"},\"wordCount\":7,\"commentCount\":0,\"publisher\":{\"@id\":\"https:\\\/\\\/artistics.com\\\/fr\\\/#organization\"},\"image\":{\"@id\":\"https:\\\/\\\/artistics.com\\\/fr\\\/collection\\\/xavier-dumoulin-lhomme-et-lenvironnement\\\/#primaryimage\"},\"thumbnailUrl\":\"https:\\\/\\\/artistics.com\\\/wp-content\\\/uploads\\\/2023\\\/04\\\/condensation-by-xavier-dumoulin.jpg\",\"inLanguage\":\"fr-FR\"},{\"@type\":\"WebPage\",\"@id\":\"https:\\\/\\\/artistics.com\\\/fr\\\/collection\\\/xavier-dumoulin-lhomme-et-lenvironnement\\\/\",\"url\":\"https:\\\/\\\/artistics.com\\\/fr\\\/collection\\\/xavier-dumoulin-lhomme-et-lenvironnement\\\/\",\"name\":\"Xavier Dumoulin : L'homme et l'environnement | Artistics.com\",\"isPartOf\":{\"@id\":\"https:\\\/\\\/artistics.com\\\/fr\\\/#website\"},\"primaryImageOfPage\":{\"@id\":\"https:\\\/\\\/artistics.com\\\/fr\\\/collection\\\/xavier-dumoulin-lhomme-et-lenvironnement\\\/#primaryimage\"},\"image\":{\"@id\":\"https:\\\/\\\/artistics.com\\\/fr\\\/collection\\\/xavier-dumoulin-lhomme-et-lenvironnement\\\/#primaryimage\"},\"thumbnailUrl\":\"https:\\\/\\\/artistics.com\\\/wp-content\\\/uploads\\\/2023\\\/04\\\/condensation-by-xavier-dumoulin.jpg\",\"datePublished\":\"2017-09-27T12:35:54+00:00\",\"description\":\"Le travail de Xavier Dumoulin explore l'obsession de l'homme \u00e0 s'arracher \u00e0 la nature, \u00e0 la tenir \u00e0 distance jusqu'\u00e0 se rendre aveugle aux transformations qu'il lui inflige et \u00e0 nier la relation de d\u00e9pendance qu'il entretient avec elle.\",\"breadcrumb\":{\"@id\":\"https:\\\/\\\/artistics.com\\\/fr\\\/collection\\\/xavier-dumoulin-lhomme-et-lenvironnement\\\/#breadcrumb\"},\"inLanguage\":\"fr-FR\",\"potentialAction\":[{\"@type\":\"ReadAction\",\"target\":[\"https:\\\/\\\/artistics.com\\\/fr\\\/collection\\\/xavier-dumoulin-lhomme-et-lenvironnement\\\/\"]}]},{\"@type\":\"ImageObject\",\"inLanguage\":\"fr-FR\",\"@id\":\"https:\\\/\\\/artistics.com\\\/fr\\\/collection\\\/xavier-dumoulin-lhomme-et-lenvironnement\\\/#primaryimage\",\"url\":\"https:\\\/\\\/artistics.com\\\/wp-content\\\/uploads\\\/2023\\\/04\\\/condensation-by-xavier-dumoulin.jpg\",\"contentUrl\":\"https:\\\/\\\/artistics.com\\\/wp-content\\\/uploads\\\/2023\\\/04\\\/condensation-by-xavier-dumoulin.jpg\",\"width\":1500,\"height\":1000},{\"@type\":\"BreadcrumbList\",\"@id\":\"https:\\\/\\\/artistics.com\\\/fr\\\/collection\\\/xavier-dumoulin-lhomme-et-lenvironnement\\\/#breadcrumb\",\"itemListElement\":[{\"@type\":\"ListItem\",\"position\":1,\"name\":\"Achat \u0153uvre d'art\",\"item\":\"https:\\\/\\\/artistics.com\\\/fr\\\/\"},{\"@type\":\"ListItem\",\"position\":2,\"name\":\"Toutes les collections\",\"item\":\"https:\\\/\\\/artistics.com\\\/fr\\\/collection_cat\\\/toutes-les-collections\\\/\"},{\"@type\":\"ListItem\",\"position\":3,\"name\":\"S\u00e9ries d&#039;artistes\",\"item\":\"https:\\\/\\\/artistics.com\\\/fr\\\/collection_cat\\\/series-artistes\\\/\"},{\"@type\":\"ListItem\",\"position\":4,\"name\":\"Xavier Dumoulin : L&rsquo;homme et l&rsquo;environnement\"}]},{\"@type\":\"WebSite\",\"@id\":\"https:\\\/\\\/artistics.com\\\/fr\\\/#website\",\"url\":\"https:\\\/\\\/artistics.com\\\/fr\\\/\",\"name\":\"Artistics\",\"description\":\"The online art gallery\",\"publisher\":{\"@id\":\"https:\\\/\\\/artistics.com\\\/fr\\\/#organization\"},\"potentialAction\":[{\"@type\":\"SearchAction\",\"target\":{\"@type\":\"EntryPoint\",\"urlTemplate\":\"https:\\\/\\\/artistics.com\\\/fr\\\/?s={search_term_string}\"},\"query-input\":{\"@type\":\"PropertyValueSpecification\",\"valueRequired\":true,\"valueName\":\"search_term_string\"}}],\"inLanguage\":\"fr-FR\"},{\"@type\":\"Organization\",\"@id\":\"https:\\\/\\\/artistics.com\\\/fr\\\/#organization\",\"name\":\"Artistics\",\"url\":\"https:\\\/\\\/artistics.com\\\/fr\\\/\",\"logo\":{\"@type\":\"ImageObject\",\"inLanguage\":\"fr-FR\",\"@id\":\"https:\\\/\\\/artistics.com\\\/fr\\\/#\\\/schema\\\/logo\\\/image\\\/\",\"url\":\"https:\\\/\\\/artistics.com\\\/wp-content\\\/uploads\\\/2023\\\/02\\\/artistics-logo-web-1.svg\",\"contentUrl\":\"https:\\\/\\\/artistics.com\\\/wp-content\\\/uploads\\\/2023\\\/02\\\/artistics-logo-web-1.svg\",\"caption\":\"Artistics\"},\"image\":{\"@id\":\"https:\\\/\\\/artistics.com\\\/fr\\\/#\\\/schema\\\/logo\\\/image\\\/\"},\"sameAs\":[\"https:\\\/\\\/www.facebook.com\\\/ArtisticsMag\",\"https:\\\/\\\/x.com\\\/Artistics_FR\",\"http:\\\/\\\/www.linkedin.com\\\/company\\\/artistics\",\"https:\\\/\\\/www.instagram.com\\\/artistics_com\\\/\",\"http:\\\/\\\/www.pinterest.com\\\/ArtisticsMag\"],\"hasMerchantReturnPolicy\":{\"@type\":\"MerchantReturnPolicy\",\"merchantReturnLink\":\"https:\\\/\\\/artistics.com\\\/free-return-policy\\\/\"}},{\"@type\":\"Person\",\"@id\":\"https:\\\/\\\/artistics.com\\\/fr\\\/#\\\/schema\\\/person\\\/06ccbcd390d4be9b22fdc66fc2e78e6c\",\"name\":\"Hypso\",\"image\":{\"@type\":\"ImageObject\",\"inLanguage\":\"fr-FR\",\"@id\":\"https:\\\/\\\/secure.gravatar.com\\\/avatar\\\/df2518545b115be73a09aa9ed0fe74108171a89b0189073d31863a695ada9fcf?s=96&d=mm&r=g\",\"url\":\"https:\\\/\\\/secure.gravatar.com\\\/avatar\\\/df2518545b115be73a09aa9ed0fe74108171a89b0189073d31863a695ada9fcf?s=96&d=mm&r=g\",\"contentUrl\":\"https:\\\/\\\/secure.gravatar.com\\\/avatar\\\/df2518545b115be73a09aa9ed0fe74108171a89b0189073d31863a695ada9fcf?s=96&d=mm&r=g\",\"caption\":\"Hypso\"},\"sameAs\":[\"https:\\\/\\\/artistics.com\"]}]}<\/script>\n<!-- \/ Yoast SEO Premium plugin. -->","yoast_head_json":{"title":"Xavier Dumoulin : L'homme et l'environnement | Artistics.com","description":"Le travail de Xavier Dumoulin explore l'obsession de l'homme \u00e0 s'arracher \u00e0 la nature, \u00e0 la tenir \u00e0 distance jusqu'\u00e0 se rendre aveugle aux transformations qu'il lui inflige et \u00e0 nier la relation de d\u00e9pendance qu'il entretient avec elle.","robots":{"index":"index","follow":"follow","max-snippet":"max-snippet:-1","max-image-preview":"max-image-preview:large","max-video-preview":"max-video-preview:-1"},"canonical":"https:\/\/artistics.com\/fr\/collection\/xavier-dumoulin-lhomme-et-lenvironnement\/","og_locale":"fr_FR","og_type":"article","og_title":"Xavier Dumoulin : L'homme et l'environnement","og_description":"Le travail de Xavier Dumoulin explore l'obsession de l'homme \u00e0 s'arracher \u00e0 la nature, \u00e0 la tenir \u00e0 distance jusqu'\u00e0 se rendre aveugle aux transformations qu'il lui inflige et \u00e0 nier la relation de d\u00e9pendance qu'il entretient avec elle.","og_url":"https:\/\/artistics.com\/fr\/collection\/xavier-dumoulin-lhomme-et-lenvironnement\/","og_site_name":"Artistics","article_publisher":"https:\/\/www.facebook.com\/ArtisticsMag","og_image":[{"width":1500,"height":1000,"url":"https:\/\/artistics.com\/wp-content\/uploads\/2023\/04\/condensation-by-xavier-dumoulin.jpg","type":"image\/jpeg"}],"twitter_card":"summary_large_image","twitter_site":"@Artistics_FR","schema":{"@context":"https:\/\/schema.org","@graph":[{"@type":"Article","@id":"https:\/\/artistics.com\/fr\/collection\/xavier-dumoulin-lhomme-et-lenvironnement\/#article","isPartOf":{"@id":"https:\/\/artistics.com\/fr\/collection\/xavier-dumoulin-lhomme-et-lenvironnement\/"},"author":{"name":"Hypso","@id":"https:\/\/artistics.com\/fr\/#\/schema\/person\/06ccbcd390d4be9b22fdc66fc2e78e6c"},"headline":"Xavier Dumoulin : L&rsquo;homme et l&rsquo;environnement","datePublished":"2017-09-27T12:35:54+00:00","mainEntityOfPage":{"@id":"https:\/\/artistics.com\/fr\/collection\/xavier-dumoulin-lhomme-et-lenvironnement\/"},"wordCount":7,"commentCount":0,"publisher":{"@id":"https:\/\/artistics.com\/fr\/#organization"},"image":{"@id":"https:\/\/artistics.com\/fr\/collection\/xavier-dumoulin-lhomme-et-lenvironnement\/#primaryimage"},"thumbnailUrl":"https:\/\/artistics.com\/wp-content\/uploads\/2023\/04\/condensation-by-xavier-dumoulin.jpg","inLanguage":"fr-FR"},{"@type":"WebPage","@id":"https:\/\/artistics.com\/fr\/collection\/xavier-dumoulin-lhomme-et-lenvironnement\/","url":"https:\/\/artistics.com\/fr\/collection\/xavier-dumoulin-lhomme-et-lenvironnement\/","name":"Xavier Dumoulin : L'homme et l'environnement | Artistics.com","isPartOf":{"@id":"https:\/\/artistics.com\/fr\/#website"},"primaryImageOfPage":{"@id":"https:\/\/artistics.com\/fr\/collection\/xavier-dumoulin-lhomme-et-lenvironnement\/#primaryimage"},"image":{"@id":"https:\/\/artistics.com\/fr\/collection\/xavier-dumoulin-lhomme-et-lenvironnement\/#primaryimage"},"thumbnailUrl":"https:\/\/artistics.com\/wp-content\/uploads\/2023\/04\/condensation-by-xavier-dumoulin.jpg","datePublished":"2017-09-27T12:35:54+00:00","description":"Le travail de Xavier Dumoulin explore l'obsession de l'homme \u00e0 s'arracher \u00e0 la nature, \u00e0 la tenir \u00e0 distance jusqu'\u00e0 se rendre aveugle aux transformations qu'il lui inflige et \u00e0 nier la relation de d\u00e9pendance qu'il entretient avec elle.","breadcrumb":{"@id":"https:\/\/artistics.com\/fr\/collection\/xavier-dumoulin-lhomme-et-lenvironnement\/#breadcrumb"},"inLanguage":"fr-FR","potentialAction":[{"@type":"ReadAction","target":["https:\/\/artistics.com\/fr\/collection\/xavier-dumoulin-lhomme-et-lenvironnement\/"]}]},{"@type":"ImageObject","inLanguage":"fr-FR","@id":"https:\/\/artistics.com\/fr\/collection\/xavier-dumoulin-lhomme-et-lenvironnement\/#primaryimage","url":"https:\/\/artistics.com\/wp-content\/uploads\/2023\/04\/condensation-by-xavier-dumoulin.jpg","contentUrl":"https:\/\/artistics.com\/wp-content\/uploads\/2023\/04\/condensation-by-xavier-dumoulin.jpg","width":1500,"height":1000},{"@type":"BreadcrumbList","@id":"https:\/\/artistics.com\/fr\/collection\/xavier-dumoulin-lhomme-et-lenvironnement\/#breadcrumb","itemListElement":[{"@type":"ListItem","position":1,"name":"Achat \u0153uvre d'art","item":"https:\/\/artistics.com\/fr\/"},{"@type":"ListItem","position":2,"name":"Toutes les collections","item":"https:\/\/artistics.com\/fr\/collection_cat\/toutes-les-collections\/"},{"@type":"ListItem","position":3,"name":"S\u00e9ries d&#039;artistes","item":"https:\/\/artistics.com\/fr\/collection_cat\/series-artistes\/"},{"@type":"ListItem","position":4,"name":"Xavier Dumoulin : L&rsquo;homme et l&rsquo;environnement"}]},{"@type":"WebSite","@id":"https:\/\/artistics.com\/fr\/#website","url":"https:\/\/artistics.com\/fr\/","name":"Artistics","description":"The online art gallery","publisher":{"@id":"https:\/\/artistics.com\/fr\/#organization"},"potentialAction":[{"@type":"SearchAction","target":{"@type":"EntryPoint","urlTemplate":"https:\/\/artistics.com\/fr\/?s={search_term_string}"},"query-input":{"@type":"PropertyValueSpecification","valueRequired":true,"valueName":"search_term_string"}}],"inLanguage":"fr-FR"},{"@type":"Organization","@id":"https:\/\/artistics.com\/fr\/#organization","name":"Artistics","url":"https:\/\/artistics.com\/fr\/","logo":{"@type":"ImageObject","inLanguage":"fr-FR","@id":"https:\/\/artistics.com\/fr\/#\/schema\/logo\/image\/","url":"https:\/\/artistics.com\/wp-content\/uploads\/2023\/02\/artistics-logo-web-1.svg","contentUrl":"https:\/\/artistics.com\/wp-content\/uploads\/2023\/02\/artistics-logo-web-1.svg","caption":"Artistics"},"image":{"@id":"https:\/\/artistics.com\/fr\/#\/schema\/logo\/image\/"},"sameAs":["https:\/\/www.facebook.com\/ArtisticsMag","https:\/\/x.com\/Artistics_FR","http:\/\/www.linkedin.com\/company\/artistics","https:\/\/www.instagram.com\/artistics_com\/","http:\/\/www.pinterest.com\/ArtisticsMag"],"hasMerchantReturnPolicy":{"@type":"MerchantReturnPolicy","merchantReturnLink":"https:\/\/artistics.com\/free-return-policy\/"}},{"@type":"Person","@id":"https:\/\/artistics.com\/fr\/#\/schema\/person\/06ccbcd390d4be9b22fdc66fc2e78e6c","name":"Hypso","image":{"@type":"ImageObject","inLanguage":"fr-FR","@id":"https:\/\/secure.gravatar.com\/avatar\/df2518545b115be73a09aa9ed0fe74108171a89b0189073d31863a695ada9fcf?s=96&d=mm&r=g","url":"https:\/\/secure.gravatar.com\/avatar\/df2518545b115be73a09aa9ed0fe74108171a89b0189073d31863a695ada9fcf?s=96&d=mm&r=g","contentUrl":"https:\/\/secure.gravatar.com\/avatar\/df2518545b115be73a09aa9ed0fe74108171a89b0189073d31863a695ada9fcf?s=96&d=mm&r=g","caption":"Hypso"},"sameAs":["https:\/\/artistics.com"]}]}},"_links":{"self":[{"href":"https:\/\/artistics.com\/fr\/wp-json\/wp\/v2\/collection\/29782","targetHints":{"allow":["GET"]}}],"collection":[{"href":"https:\/\/artistics.com\/fr\/wp-json\/wp\/v2\/collection"}],"about":[{"href":"https:\/\/artistics.com\/fr\/wp-json\/wp\/v2\/types\/collection"}],"author":[{"embeddable":true,"href":"https:\/\/artistics.com\/fr\/wp-json\/wp\/v2\/users\/1"}],"version-history":[{"count":0,"href":"https:\/\/artistics.com\/fr\/wp-json\/wp\/v2\/collection\/29782\/revisions"}],"wp:featuredmedia":[{"embeddable":true,"href":"https:\/\/artistics.com\/fr\/wp-json\/wp\/v2\/media\/25334"}],"wp:attachment":[{"href":"https:\/\/artistics.com\/fr\/wp-json\/wp\/v2\/media?parent=29782"}],"wp:term":[{"taxonomy":"collection_cat","embeddable":true,"href":"https:\/\/artistics.com\/fr\/wp-json\/wp\/v2\/collection_cat?post=29782"}],"curies":[{"name":"wp","href":"https:\/\/api.w.org\/{rel}","templated":true}]}}