{"id":29754,"date":"2016-12-05T14:33:10","date_gmt":"2016-12-05T13:33:10","guid":{"rendered":"https:\/\/2022.devartistics.com\/collection\/snjor-lhiver-islandais-par-christophe-jacrot\/"},"modified":"2016-11-30T13:49:47","modified_gmt":"2016-11-30T12:49:47","slug":"snjor-lhiver-islandais-par-christophe-jacrot","status":"publish","type":"collection","link":"https:\/\/artistics.com\/fr\/collection\/snjor-lhiver-islandais-par-christophe-jacrot\/","title":{"rendered":"SNJOR : l\u2019hiver islandais par Christophe Jacrot"},"excerpt":{"rendered":"","protected":false},"author":1,"featured_media":9553,"template":"","meta":{"_acf_changed":false,"_searchwp_excluded":"","inline_featured_image":false},"collection_cat":[260,263,262],"class_list":["post-29754","collection","type-collection","status-publish","has-post-thumbnail","hentry","collection_cat-artist-series","collection_cat-series-artistes","collection_cat-toutes-les-collections"],"acf":[],"yoast_head":"<!-- This site is optimized with the Yoast SEO Premium plugin v27.3 (Yoast SEO v27.3) - https:\/\/yoast.com\/product\/yoast-seo-premium-wordpress\/ -->\n<title>SNJOR : l\u2019hiver islandais par Christophe Jacrot | Artistics.com<\/title>\n<meta name=\"description\" content=\"La derni\u00e8re s\u00e9rie photo de Christophe Jacrot part d\u2019un questionnement : est-il encore possible de photographier aujourd\u2019hui en Europe un hiver\u2026 qui ressemble \u00e0 l\u2019hiver ? Cette qu\u00eate a conduit le photographe jusqu&#039;en Islande, \u00e0 l\u2019occasion de six voyages entre fin 2014 et mi 2016. SNJOR (\u2018neige\u2019 en islandais) est le r\u00e9sultat de ces immersions dans l\u2019hiver de cette &quot;terre de glace&quot; : \u00e0 la fois une s\u00e9rie photo (dont les tirages, en \u00e9dition limit\u00e9e, sont disponibles sur Artistics), une exposition et un livre !\" \/>\n<meta name=\"robots\" content=\"index, follow, max-snippet:-1, max-image-preview:large, max-video-preview:-1\" \/>\n<link rel=\"canonical\" href=\"https:\/\/artistics.com\/fr\/collection\/snjor-lhiver-islandais-par-christophe-jacrot\/\" \/>\n<meta property=\"og:locale\" content=\"fr_FR\" \/>\n<meta property=\"og:type\" content=\"article\" \/>\n<meta property=\"og:title\" content=\"SNJOR : l\u2019hiver islandais par Christophe Jacrot\" \/>\n<meta property=\"og:description\" content=\"La derni\u00e8re s\u00e9rie photo de Christophe Jacrot part d\u2019un questionnement : est-il encore possible de photographier aujourd\u2019hui en Europe un hiver\u2026 qui ressemble \u00e0 l\u2019hiver ? Cette qu\u00eate a conduit le photographe jusqu&#039;en Islande, \u00e0 l\u2019occasion de six voyages entre fin 2014 et mi 2016. SNJOR (\u2018neige\u2019 en islandais) est le r\u00e9sultat de ces immersions dans l\u2019hiver de cette &quot;terre de glace&quot; : \u00e0 la fois une s\u00e9rie photo (dont les tirages, en \u00e9dition limit\u00e9e, sont disponibles sur Artistics), une exposition et un livre !\" \/>\n<meta property=\"og:url\" content=\"https:\/\/artistics.com\/fr\/collection\/snjor-lhiver-islandais-par-christophe-jacrot\/\" \/>\n<meta property=\"og:site_name\" content=\"Artistics\" \/>\n<meta property=\"article:publisher\" content=\"https:\/\/www.facebook.com\/ArtisticsMag\" \/>\n<meta property=\"og:image\" content=\"https:\/\/artistics.com\/wp-content\/uploads\/2023\/04\/mini-maison-by-christophe-jacrot_9.jpg\" \/>\n\t<meta property=\"og:image:width\" content=\"1125\" \/>\n\t<meta property=\"og:image:height\" content=\"751\" \/>\n\t<meta property=\"og:image:type\" content=\"image\/jpeg\" \/>\n<meta name=\"twitter:card\" content=\"summary_large_image\" \/>\n<meta name=\"twitter:site\" content=\"@Artistics_FR\" \/>\n<script type=\"application\/ld+json\" class=\"yoast-schema-graph\">{\"@context\":\"https:\\\/\\\/schema.org\",\"@graph\":[{\"@type\":\"Article\",\"@id\":\"https:\\\/\\\/artistics.com\\\/fr\\\/collection\\\/snjor-lhiver-islandais-par-christophe-jacrot\\\/#article\",\"isPartOf\":{\"@id\":\"https:\\\/\\\/artistics.com\\\/fr\\\/collection\\\/snjor-lhiver-islandais-par-christophe-jacrot\\\/\"},\"author\":{\"name\":\"Hypso\",\"@id\":\"https:\\\/\\\/artistics.com\\\/fr\\\/#\\\/schema\\\/person\\\/06ccbcd390d4be9b22fdc66fc2e78e6c\"},\"headline\":\"SNJOR : l\u2019hiver islandais par Christophe Jacrot\",\"datePublished\":\"2016-12-05T13:33:10+00:00\",\"mainEntityOfPage\":{\"@id\":\"https:\\\/\\\/artistics.com\\\/fr\\\/collection\\\/snjor-lhiver-islandais-par-christophe-jacrot\\\/\"},\"wordCount\":7,\"commentCount\":0,\"publisher\":{\"@id\":\"https:\\\/\\\/artistics.com\\\/fr\\\/#organization\"},\"image\":{\"@id\":\"https:\\\/\\\/artistics.com\\\/fr\\\/collection\\\/snjor-lhiver-islandais-par-christophe-jacrot\\\/#primaryimage\"},\"thumbnailUrl\":\"https:\\\/\\\/artistics.com\\\/wp-content\\\/uploads\\\/2023\\\/04\\\/mini-maison-by-christophe-jacrot_9.jpg\",\"inLanguage\":\"fr-FR\"},{\"@type\":\"WebPage\",\"@id\":\"https:\\\/\\\/artistics.com\\\/fr\\\/collection\\\/snjor-lhiver-islandais-par-christophe-jacrot\\\/\",\"url\":\"https:\\\/\\\/artistics.com\\\/fr\\\/collection\\\/snjor-lhiver-islandais-par-christophe-jacrot\\\/\",\"name\":\"SNJOR : l\u2019hiver islandais par Christophe Jacrot | Artistics.com\",\"isPartOf\":{\"@id\":\"https:\\\/\\\/artistics.com\\\/fr\\\/#website\"},\"primaryImageOfPage\":{\"@id\":\"https:\\\/\\\/artistics.com\\\/fr\\\/collection\\\/snjor-lhiver-islandais-par-christophe-jacrot\\\/#primaryimage\"},\"image\":{\"@id\":\"https:\\\/\\\/artistics.com\\\/fr\\\/collection\\\/snjor-lhiver-islandais-par-christophe-jacrot\\\/#primaryimage\"},\"thumbnailUrl\":\"https:\\\/\\\/artistics.com\\\/wp-content\\\/uploads\\\/2023\\\/04\\\/mini-maison-by-christophe-jacrot_9.jpg\",\"datePublished\":\"2016-12-05T13:33:10+00:00\",\"description\":\"La derni\u00e8re s\u00e9rie photo de Christophe Jacrot part d\u2019un questionnement : est-il encore possible de photographier aujourd\u2019hui en Europe un hiver\u2026 qui ressemble \u00e0 l\u2019hiver ? Cette qu\u00eate a conduit le photographe jusqu'en Islande, \u00e0 l\u2019occasion de six voyages entre fin 2014 et mi 2016. SNJOR (\u2018neige\u2019 en islandais) est le r\u00e9sultat de ces immersions dans l\u2019hiver de cette \\\"terre de glace\\\" : \u00e0 la fois une s\u00e9rie photo (dont les tirages, en \u00e9dition limit\u00e9e, sont disponibles sur Artistics), une exposition et un livre !\",\"breadcrumb\":{\"@id\":\"https:\\\/\\\/artistics.com\\\/fr\\\/collection\\\/snjor-lhiver-islandais-par-christophe-jacrot\\\/#breadcrumb\"},\"inLanguage\":\"fr-FR\",\"potentialAction\":[{\"@type\":\"ReadAction\",\"target\":[\"https:\\\/\\\/artistics.com\\\/fr\\\/collection\\\/snjor-lhiver-islandais-par-christophe-jacrot\\\/\"]}]},{\"@type\":\"ImageObject\",\"inLanguage\":\"fr-FR\",\"@id\":\"https:\\\/\\\/artistics.com\\\/fr\\\/collection\\\/snjor-lhiver-islandais-par-christophe-jacrot\\\/#primaryimage\",\"url\":\"https:\\\/\\\/artistics.com\\\/wp-content\\\/uploads\\\/2023\\\/04\\\/mini-maison-by-christophe-jacrot_9.jpg\",\"contentUrl\":\"https:\\\/\\\/artistics.com\\\/wp-content\\\/uploads\\\/2023\\\/04\\\/mini-maison-by-christophe-jacrot_9.jpg\",\"width\":1125,\"height\":751},{\"@type\":\"BreadcrumbList\",\"@id\":\"https:\\\/\\\/artistics.com\\\/fr\\\/collection\\\/snjor-lhiver-islandais-par-christophe-jacrot\\\/#breadcrumb\",\"itemListElement\":[{\"@type\":\"ListItem\",\"position\":1,\"name\":\"Achat \u0153uvre d'art\",\"item\":\"https:\\\/\\\/artistics.com\\\/fr\\\/\"},{\"@type\":\"ListItem\",\"position\":2,\"name\":\"Toutes les collections\",\"item\":\"https:\\\/\\\/artistics.com\\\/fr\\\/collection_cat\\\/toutes-les-collections\\\/\"},{\"@type\":\"ListItem\",\"position\":3,\"name\":\"S\u00e9ries d&#039;artistes\",\"item\":\"https:\\\/\\\/artistics.com\\\/fr\\\/collection_cat\\\/series-artistes\\\/\"},{\"@type\":\"ListItem\",\"position\":4,\"name\":\"SNJOR : l\u2019hiver islandais par Christophe Jacrot\"}]},{\"@type\":\"WebSite\",\"@id\":\"https:\\\/\\\/artistics.com\\\/fr\\\/#website\",\"url\":\"https:\\\/\\\/artistics.com\\\/fr\\\/\",\"name\":\"Artistics\",\"description\":\"The online art gallery\",\"publisher\":{\"@id\":\"https:\\\/\\\/artistics.com\\\/fr\\\/#organization\"},\"potentialAction\":[{\"@type\":\"SearchAction\",\"target\":{\"@type\":\"EntryPoint\",\"urlTemplate\":\"https:\\\/\\\/artistics.com\\\/fr\\\/?s={search_term_string}\"},\"query-input\":{\"@type\":\"PropertyValueSpecification\",\"valueRequired\":true,\"valueName\":\"search_term_string\"}}],\"inLanguage\":\"fr-FR\"},{\"@type\":\"Organization\",\"@id\":\"https:\\\/\\\/artistics.com\\\/fr\\\/#organization\",\"name\":\"Artistics\",\"url\":\"https:\\\/\\\/artistics.com\\\/fr\\\/\",\"logo\":{\"@type\":\"ImageObject\",\"inLanguage\":\"fr-FR\",\"@id\":\"https:\\\/\\\/artistics.com\\\/fr\\\/#\\\/schema\\\/logo\\\/image\\\/\",\"url\":\"https:\\\/\\\/artistics.com\\\/wp-content\\\/uploads\\\/2023\\\/02\\\/artistics-logo-web-1.svg\",\"contentUrl\":\"https:\\\/\\\/artistics.com\\\/wp-content\\\/uploads\\\/2023\\\/02\\\/artistics-logo-web-1.svg\",\"caption\":\"Artistics\"},\"image\":{\"@id\":\"https:\\\/\\\/artistics.com\\\/fr\\\/#\\\/schema\\\/logo\\\/image\\\/\"},\"sameAs\":[\"https:\\\/\\\/www.facebook.com\\\/ArtisticsMag\",\"https:\\\/\\\/x.com\\\/Artistics_FR\",\"http:\\\/\\\/www.linkedin.com\\\/company\\\/artistics\",\"https:\\\/\\\/www.instagram.com\\\/artistics_com\\\/\",\"http:\\\/\\\/www.pinterest.com\\\/ArtisticsMag\"],\"hasMerchantReturnPolicy\":{\"@type\":\"MerchantReturnPolicy\",\"merchantReturnLink\":\"https:\\\/\\\/artistics.com\\\/free-return-policy\\\/\"}},{\"@type\":\"Person\",\"@id\":\"https:\\\/\\\/artistics.com\\\/fr\\\/#\\\/schema\\\/person\\\/06ccbcd390d4be9b22fdc66fc2e78e6c\",\"name\":\"Hypso\",\"image\":{\"@type\":\"ImageObject\",\"inLanguage\":\"fr-FR\",\"@id\":\"https:\\\/\\\/secure.gravatar.com\\\/avatar\\\/df2518545b115be73a09aa9ed0fe74108171a89b0189073d31863a695ada9fcf?s=96&d=mm&r=g\",\"url\":\"https:\\\/\\\/secure.gravatar.com\\\/avatar\\\/df2518545b115be73a09aa9ed0fe74108171a89b0189073d31863a695ada9fcf?s=96&d=mm&r=g\",\"contentUrl\":\"https:\\\/\\\/secure.gravatar.com\\\/avatar\\\/df2518545b115be73a09aa9ed0fe74108171a89b0189073d31863a695ada9fcf?s=96&d=mm&r=g\",\"caption\":\"Hypso\"},\"sameAs\":[\"https:\\\/\\\/artistics.com\"]}]}<\/script>\n<!-- \/ Yoast SEO Premium plugin. -->","yoast_head_json":{"title":"SNJOR : l\u2019hiver islandais par Christophe Jacrot | Artistics.com","description":"La derni\u00e8re s\u00e9rie photo de Christophe Jacrot part d\u2019un questionnement : est-il encore possible de photographier aujourd\u2019hui en Europe un hiver\u2026 qui ressemble \u00e0 l\u2019hiver ? Cette qu\u00eate a conduit le photographe jusqu'en Islande, \u00e0 l\u2019occasion de six voyages entre fin 2014 et mi 2016. SNJOR (\u2018neige\u2019 en islandais) est le r\u00e9sultat de ces immersions dans l\u2019hiver de cette \"terre de glace\" : \u00e0 la fois une s\u00e9rie photo (dont les tirages, en \u00e9dition limit\u00e9e, sont disponibles sur Artistics), une exposition et un livre !","robots":{"index":"index","follow":"follow","max-snippet":"max-snippet:-1","max-image-preview":"max-image-preview:large","max-video-preview":"max-video-preview:-1"},"canonical":"https:\/\/artistics.com\/fr\/collection\/snjor-lhiver-islandais-par-christophe-jacrot\/","og_locale":"fr_FR","og_type":"article","og_title":"SNJOR : l\u2019hiver islandais par Christophe Jacrot","og_description":"La derni\u00e8re s\u00e9rie photo de Christophe Jacrot part d\u2019un questionnement : est-il encore possible de photographier aujourd\u2019hui en Europe un hiver\u2026 qui ressemble \u00e0 l\u2019hiver ? Cette qu\u00eate a conduit le photographe jusqu'en Islande, \u00e0 l\u2019occasion de six voyages entre fin 2014 et mi 2016. SNJOR (\u2018neige\u2019 en islandais) est le r\u00e9sultat de ces immersions dans l\u2019hiver de cette \"terre de glace\" : \u00e0 la fois une s\u00e9rie photo (dont les tirages, en \u00e9dition limit\u00e9e, sont disponibles sur Artistics), une exposition et un livre !","og_url":"https:\/\/artistics.com\/fr\/collection\/snjor-lhiver-islandais-par-christophe-jacrot\/","og_site_name":"Artistics","article_publisher":"https:\/\/www.facebook.com\/ArtisticsMag","og_image":[{"width":1125,"height":751,"url":"https:\/\/artistics.com\/wp-content\/uploads\/2023\/04\/mini-maison-by-christophe-jacrot_9.jpg","type":"image\/jpeg"}],"twitter_card":"summary_large_image","twitter_site":"@Artistics_FR","schema":{"@context":"https:\/\/schema.org","@graph":[{"@type":"Article","@id":"https:\/\/artistics.com\/fr\/collection\/snjor-lhiver-islandais-par-christophe-jacrot\/#article","isPartOf":{"@id":"https:\/\/artistics.com\/fr\/collection\/snjor-lhiver-islandais-par-christophe-jacrot\/"},"author":{"name":"Hypso","@id":"https:\/\/artistics.com\/fr\/#\/schema\/person\/06ccbcd390d4be9b22fdc66fc2e78e6c"},"headline":"SNJOR : l\u2019hiver islandais par Christophe Jacrot","datePublished":"2016-12-05T13:33:10+00:00","mainEntityOfPage":{"@id":"https:\/\/artistics.com\/fr\/collection\/snjor-lhiver-islandais-par-christophe-jacrot\/"},"wordCount":7,"commentCount":0,"publisher":{"@id":"https:\/\/artistics.com\/fr\/#organization"},"image":{"@id":"https:\/\/artistics.com\/fr\/collection\/snjor-lhiver-islandais-par-christophe-jacrot\/#primaryimage"},"thumbnailUrl":"https:\/\/artistics.com\/wp-content\/uploads\/2023\/04\/mini-maison-by-christophe-jacrot_9.jpg","inLanguage":"fr-FR"},{"@type":"WebPage","@id":"https:\/\/artistics.com\/fr\/collection\/snjor-lhiver-islandais-par-christophe-jacrot\/","url":"https:\/\/artistics.com\/fr\/collection\/snjor-lhiver-islandais-par-christophe-jacrot\/","name":"SNJOR : l\u2019hiver islandais par Christophe Jacrot | Artistics.com","isPartOf":{"@id":"https:\/\/artistics.com\/fr\/#website"},"primaryImageOfPage":{"@id":"https:\/\/artistics.com\/fr\/collection\/snjor-lhiver-islandais-par-christophe-jacrot\/#primaryimage"},"image":{"@id":"https:\/\/artistics.com\/fr\/collection\/snjor-lhiver-islandais-par-christophe-jacrot\/#primaryimage"},"thumbnailUrl":"https:\/\/artistics.com\/wp-content\/uploads\/2023\/04\/mini-maison-by-christophe-jacrot_9.jpg","datePublished":"2016-12-05T13:33:10+00:00","description":"La derni\u00e8re s\u00e9rie photo de Christophe Jacrot part d\u2019un questionnement : est-il encore possible de photographier aujourd\u2019hui en Europe un hiver\u2026 qui ressemble \u00e0 l\u2019hiver ? Cette qu\u00eate a conduit le photographe jusqu'en Islande, \u00e0 l\u2019occasion de six voyages entre fin 2014 et mi 2016. SNJOR (\u2018neige\u2019 en islandais) est le r\u00e9sultat de ces immersions dans l\u2019hiver de cette \"terre de glace\" : \u00e0 la fois une s\u00e9rie photo (dont les tirages, en \u00e9dition limit\u00e9e, sont disponibles sur Artistics), une exposition et un livre !","breadcrumb":{"@id":"https:\/\/artistics.com\/fr\/collection\/snjor-lhiver-islandais-par-christophe-jacrot\/#breadcrumb"},"inLanguage":"fr-FR","potentialAction":[{"@type":"ReadAction","target":["https:\/\/artistics.com\/fr\/collection\/snjor-lhiver-islandais-par-christophe-jacrot\/"]}]},{"@type":"ImageObject","inLanguage":"fr-FR","@id":"https:\/\/artistics.com\/fr\/collection\/snjor-lhiver-islandais-par-christophe-jacrot\/#primaryimage","url":"https:\/\/artistics.com\/wp-content\/uploads\/2023\/04\/mini-maison-by-christophe-jacrot_9.jpg","contentUrl":"https:\/\/artistics.com\/wp-content\/uploads\/2023\/04\/mini-maison-by-christophe-jacrot_9.jpg","width":1125,"height":751},{"@type":"BreadcrumbList","@id":"https:\/\/artistics.com\/fr\/collection\/snjor-lhiver-islandais-par-christophe-jacrot\/#breadcrumb","itemListElement":[{"@type":"ListItem","position":1,"name":"Achat \u0153uvre d'art","item":"https:\/\/artistics.com\/fr\/"},{"@type":"ListItem","position":2,"name":"Toutes les collections","item":"https:\/\/artistics.com\/fr\/collection_cat\/toutes-les-collections\/"},{"@type":"ListItem","position":3,"name":"S\u00e9ries d&#039;artistes","item":"https:\/\/artistics.com\/fr\/collection_cat\/series-artistes\/"},{"@type":"ListItem","position":4,"name":"SNJOR : l\u2019hiver islandais par Christophe Jacrot"}]},{"@type":"WebSite","@id":"https:\/\/artistics.com\/fr\/#website","url":"https:\/\/artistics.com\/fr\/","name":"Artistics","description":"The online art gallery","publisher":{"@id":"https:\/\/artistics.com\/fr\/#organization"},"potentialAction":[{"@type":"SearchAction","target":{"@type":"EntryPoint","urlTemplate":"https:\/\/artistics.com\/fr\/?s={search_term_string}"},"query-input":{"@type":"PropertyValueSpecification","valueRequired":true,"valueName":"search_term_string"}}],"inLanguage":"fr-FR"},{"@type":"Organization","@id":"https:\/\/artistics.com\/fr\/#organization","name":"Artistics","url":"https:\/\/artistics.com\/fr\/","logo":{"@type":"ImageObject","inLanguage":"fr-FR","@id":"https:\/\/artistics.com\/fr\/#\/schema\/logo\/image\/","url":"https:\/\/artistics.com\/wp-content\/uploads\/2023\/02\/artistics-logo-web-1.svg","contentUrl":"https:\/\/artistics.com\/wp-content\/uploads\/2023\/02\/artistics-logo-web-1.svg","caption":"Artistics"},"image":{"@id":"https:\/\/artistics.com\/fr\/#\/schema\/logo\/image\/"},"sameAs":["https:\/\/www.facebook.com\/ArtisticsMag","https:\/\/x.com\/Artistics_FR","http:\/\/www.linkedin.com\/company\/artistics","https:\/\/www.instagram.com\/artistics_com\/","http:\/\/www.pinterest.com\/ArtisticsMag"],"hasMerchantReturnPolicy":{"@type":"MerchantReturnPolicy","merchantReturnLink":"https:\/\/artistics.com\/free-return-policy\/"}},{"@type":"Person","@id":"https:\/\/artistics.com\/fr\/#\/schema\/person\/06ccbcd390d4be9b22fdc66fc2e78e6c","name":"Hypso","image":{"@type":"ImageObject","inLanguage":"fr-FR","@id":"https:\/\/secure.gravatar.com\/avatar\/df2518545b115be73a09aa9ed0fe74108171a89b0189073d31863a695ada9fcf?s=96&d=mm&r=g","url":"https:\/\/secure.gravatar.com\/avatar\/df2518545b115be73a09aa9ed0fe74108171a89b0189073d31863a695ada9fcf?s=96&d=mm&r=g","contentUrl":"https:\/\/secure.gravatar.com\/avatar\/df2518545b115be73a09aa9ed0fe74108171a89b0189073d31863a695ada9fcf?s=96&d=mm&r=g","caption":"Hypso"},"sameAs":["https:\/\/artistics.com"]}]}},"_links":{"self":[{"href":"https:\/\/artistics.com\/fr\/wp-json\/wp\/v2\/collection\/29754","targetHints":{"allow":["GET"]}}],"collection":[{"href":"https:\/\/artistics.com\/fr\/wp-json\/wp\/v2\/collection"}],"about":[{"href":"https:\/\/artistics.com\/fr\/wp-json\/wp\/v2\/types\/collection"}],"author":[{"embeddable":true,"href":"https:\/\/artistics.com\/fr\/wp-json\/wp\/v2\/users\/1"}],"version-history":[{"count":0,"href":"https:\/\/artistics.com\/fr\/wp-json\/wp\/v2\/collection\/29754\/revisions"}],"wp:featuredmedia":[{"embeddable":true,"href":"https:\/\/artistics.com\/fr\/wp-json\/wp\/v2\/media\/9553"}],"wp:attachment":[{"href":"https:\/\/artistics.com\/fr\/wp-json\/wp\/v2\/media?parent=29754"}],"wp:term":[{"taxonomy":"collection_cat","embeddable":true,"href":"https:\/\/artistics.com\/fr\/wp-json\/wp\/v2\/collection_cat?post=29754"}],"curies":[{"name":"wp","href":"https:\/\/api.w.org\/{rel}","templated":true}]}}