{"id":92763,"date":"2025-12-05T16:07:30","date_gmt":"2025-12-05T15:07:30","guid":{"rendered":"https:\/\/artistics.com\/?post_type=artist&#038;p=92763"},"modified":"2026-03-11T16:09:33","modified_gmt":"2026-03-11T15:09:33","slug":"antoine-vidal","status":"publish","type":"artist","link":"https:\/\/artistics.com\/fr\/artiste\/antoine-vidal\/","title":{"rendered":"Antoine Vidal"},"featured_media":92769,"template":"","artist-type":[2237,305,2385,308],"class_list":["post-92763","artist","type-artist","status-publish","has-post-thumbnail","hentry","artist-type-artistes-abstraits","artist-type-artistes-contemporains","artist-type-artistes-contemporains-francais","artist-type-sculpteurs-contemporains"],"acf":{"artist_first_name":"Antoine","artist_last_name":"Vidal","artist_nickname":"","artist_prefix":"Mr","artist_gender":"Man","artist_main_type":308,"artist_types":[305,2237,308,2385],"artist_parent_series":2577,"artist_parent_series_info":"Antoine Vidal (antoine-vidal)","artist_nationality":["FR"],"artist_square_profile_picture":92767,"artist_address":{"address_1":"74 Rue Gabriel P\u00e9ri","address_2":"","city":"Ivry-sur-Seine","zip_code":"94200","country_of_residence":"FR"},"artist_contact_info":{"phone":"06 87 16 49 75 ","email":"vidal.sculpture@gmail.com"},"artist_about":{"":null,"date_of_birth":"19711101","date_of_death":null,"description":"<blockquote><em>\u00ab Le bronze, c'est imp\u00e9rissable, c'est \u00e9ternel, et surtout, il prend la lumi\u00e8re. Avec ce m\u00e9tal, on arrive \u00e0 obtenir quelque chose d'extr\u00eamement lumineux, extr\u00eamement puissant, extr\u00eamement min\u00e9ral. \u00bb<\/em><\/blockquote>\r\nLes sculptures en bronze d\u2019Antoine Vidal conjuguent verticalit\u00e9 et abstraction dans une qu\u00eate d\u2019harmonie des lignes et des formes. Elles traduisent une recherche de rythme et de musicalit\u00e9 dont l'objectif est de permettre \u00e0 la lumi\u00e8re de glisser sur la pi\u00e8ce, r\u00e9v\u00e9lant ainsi son \u00e9l\u00e9gance subtile.","biography":"Les <a href=\"https:\/\/artistics.com\/fr\/categorie-oeuvre\/sculpture-contemporaine\/sculpture-en-bronze\/\" target=\"_blank\" rel=\"noopener\">sculptures en bronze<\/a> d\u2019Antoine Vidal conjuguent verticalit\u00e9 et abstraction dans une qu\u00eate d\u2019harmonie des lignes et des formes. Elles traduisent une recherche de rythme et de musicalit\u00e9 dont l'objectif est de permettre \u00e0 la lumi\u00e8re de glisser sur la pi\u00e8ce, r\u00e9v\u00e9lant ainsi son \u00e9l\u00e9gance subtile.\r\n<h2><strong>Antoine Vidal : de la musique \u00e0 la sculpture, une qu\u00eate d\u2019harmonie<\/strong><\/h2>\r\nAntoine Vidal (n\u00e9 en 1971) n\u2019a pas toujours \u00e9t\u00e9 sculpteur. Autodidacte, il a d\u2019abord \u00e9volu\u00e9 dans l\u2019univers musical, en tant que compositeur, producteur de disques et fondateur d\u2019une soci\u00e9t\u00e9 de production. Pour des raisons personnelles, il arr\u00eate sa carri\u00e8re musicale en 2014. C\u2019est une sculpture en bois d\u2019\u00e9b\u00e8ne, r\u00e9alis\u00e9e des ann\u00e9es auparavant \u00e0 la suite d\u2019un voyage en C\u00f4te d\u2019Ivoire, qui ravive son d\u00e9sir de sculpter. Cela l\u2019incite \u00e0 explorer plus en profondeur les formes et les lignes qu\u2019il dessinait depuis sa jeunesse. Suivant avec spontan\u00e9it\u00e9 son instinct cr\u00e9atif, il produit alors une premi\u00e8re s\u00e9rie de <a href=\"https:\/\/artistics.com\/fr\/categorie-oeuvre\/sculpture-contemporaine\/sculpture-abstraite\/\" target=\"_blank\" rel=\"noopener\">sculptures abstraites<\/a> en bois. Depuis, il n\u2019a jamais abandonn\u00e9 la sculpture. Aujourd'hui, ses \u0153uvres sont pr\u00e9sent\u00e9es dans des foires et des galeries d'art \u00e0 travers l'Europe. L\u2019artiste collabore r\u00e9guli\u00e8rement avec des d\u00e9corateurs d'int\u00e9rieur de renom.\r\n\r\nCe qui relie son pass\u00e9 musical \u00e0 son pr\u00e9sent de sculpteur est une qu\u00eate inlassable d\u2019harmonie. Antoine Vidal explique ce lien ainsi : \u00ab <em>Je pense qu\u2019il y a beaucoup de similitudes entre la musique et mon travail de sculpture, car je cherche \u00e0 travailler sur des harmonies, des rythmes, des silences, des pleins et des vides. Je trouve qu\u2019il y a une grande musicalit\u00e9 et beaucoup d\u2019harmonie dans la recherche de ces lignes tendues, ces lignes lisses, puis dans les ruptures et les cassures.<\/em> \u00bb\r\n<h2><strong>Un attrait pour la verticalit\u00e9 et l\u2019abstraction<\/strong><\/h2>\r\nInfluenc\u00e9 par les arts premiers et par le design, Antoine Vidal souligne les deux \u00e9vidences qui se sont impos\u00e9es \u00e0 lui au d\u00e9but de son parcours sculptural : la verticalit\u00e9 de ses pi\u00e8ces, probable r\u00e9f\u00e9rence \u00e0 la sculpture tot\u00e9mique, et une d\u00e9marche abstraite, qu\u2019il appr\u00e9cie pour la libert\u00e9 d\u2019imagination et d\u2019interpr\u00e9tation qu\u2019elle offre \u00e0 l\u2019observateur. Dans ses <a href=\"https:\/\/artistics.com\/fr\/categorie-oeuvre\/sculpture-contemporaine\/\" target=\"_blank\" rel=\"noopener\">sculptures contemporaines<\/a>, ce qu\u2019il appelle des \u00ab ingr\u00e9dients figuratifs \u00bb \u2014 des \u00e9l\u00e9ments zoomorphes ou anthropomorphes pouvant inspirer son id\u00e9e initiale \u2014 s\u2019effacent progressivement ou ne laissent qu\u2019une empreinte lointaine et subtile sur la pi\u00e8ce.\r\n\r\n\u00ab <em>J\u2019aime l\u2019id\u00e9e de l\u2019abstraction, de l\u2019abstraction pure, cette possibilit\u00e9 d\u2019y voir une multitude de choses plut\u00f4t qu\u2019une seule repr\u00e9sentation<\/em>. \u00bb \u2014 Antoine Vidal\r\n<h2><strong>La rencontre avec son mat\u00e9riau de pr\u00e9dilection : le bronze<\/strong><\/h2>\r\nAntoine Vidal travaille encore le bois, notamment certaines essences exotiques comme le sipo ou l\u2019iroko. Mais son mat\u00e9riau de pr\u00e9dilection est sans conteste le bronze. La rencontre avec son fondeur actuel, Giuseppe Rosini, a \u00e9t\u00e9 d\u00e9terminante dans son parcours artistique : la premi\u00e8re sculpture coul\u00e9e en bronze a r\u00e9v\u00e9l\u00e9 une force et une puissance qu\u2019il n\u2019avait pas imagin\u00e9es. Le caract\u00e8re noble, \u00e9ternel et solide du bronze est \u00e0 l\u2019origine de l\u2019attachement profond de l\u2019artiste \u00e0 ce mat\u00e9riau. Il appr\u00e9cie \u00e9galement la collaboration \u00e9troite avec le fondeur, ainsi que les \u00e9changes entre l\u2019artiste et les artisans associ\u00e9s \u00e0 la cr\u00e9ation de la pi\u00e8ce.\r\n\r\nAvant de confier une \u0153uvre \u00e0 la fonderie, Antoine Vidal la fa\u00e7onne d\u2019abord en bois ou, plus fr\u00e9quemment, dans une mousse de polyur\u00e9thane tr\u00e8s dense et dure. Pendant plusieurs jours, il dessine et trace des lignes directement sur le bloc, l\u2019observe sous tous les angles et en photographie chaque face. Les sessions de travail sont volontairement courtes, afin de pr\u00e9server sa concentration. Lorsqu\u2019il se sent suffisamment confiant \u2014 car une fois taill\u00e9, il n\u2019est plus possible de revenir en arri\u00e8re \u2014 il commence \u00e0 travailler le bloc avec des outils simples et traditionnels tels que des gouges, des scies et des r\u00e2pes, jusqu\u2019\u00e0 faire appara\u00eetre \u00ab des \u00e9vidences \u00bb : les lignes tendues s\u2019unissent, les pleins et les vides s\u2019alternent pour cr\u00e9er un \u00e9quilibre harmonieux. Dans cette phase cr\u00e9ative, l'artiste se laisse guider par ses mains dans ce qu\u2019il d\u00e9crit comme \u00ab une danse \u00e0 deux \u00bb. Une fois la forme \u00e9tablie, il proc\u00e8de au pon\u00e7age, \u00e9tape finale essentielle pour obtenir cet aspect lisse, si caract\u00e9ristique de son travail, \u00e9cho \u00e0 la statuaire africaine.\r\n\r\nLe <a href=\"https:\/\/artistics.com\/fr\/type-artiste\/sculpteurs-contemporains\/\" target=\"_blank\" rel=\"noopener\">sculpteur contemporain<\/a> r\u00e9alise ensuite un moule qu\u2019il confie \u00e0 la fonderie, o\u00f9 le travail du bronze se d\u00e9ploie en plusieurs \u00e9tapes : fonte, ciselure et patine. Cette derni\u00e8re est particuli\u00e8rement passionnante pour le sculpteur, car le choix de la patine d\u00e9termine la couleur, la texture et les reflets de l\u2019\u0153uvre achev\u00e9e. Antoine Vidal privil\u00e9gie des teintes sobres, souvent sombres, et des patines aux allures min\u00e9rales qui brouillent la perception du mat\u00e9riau. Mais surtout, le bronze et sa patine permettent \u00e0 la lumi\u00e8re de glisser sur la pi\u00e8ce, soulignant ainsi son \u00e9l\u00e9gance, son caract\u00e8re fluide et sinueux.\r\n\r\n\u00ab <em>Quand j\u2019ai commenc\u00e9, le c\u00f4t\u00e9 multiface de la sculpture m\u2019a compl\u00e8tement s\u00e9duit, surtout par rapport \u00e0 la lumi\u00e8re. Lorsqu\u2019on se d\u00e9place et que l\u2019on tourne l\u2019\u0153uvre d\u2019un quart, elle raconte une tout autre histoire. C\u2019est cette importance de la lumi\u00e8re, de la fa\u00e7on dont elle se pose, dont elle \u00e9merveille\u2026 C\u2019est un peu le secret et le c\u00f4t\u00e9 passionnant de mon travail. Mon v\u00e9ritable d\u00e9sir est d\u2019aboutir \u00e0 une lecture harmonieuse de la pi\u00e8ce, quel que soit l\u2019endroit o\u00f9 l\u2019on se trouve.<\/em> \u00bb \u2014 Antoine Vidal","education":"","exhibitions":"<ul>\r\n \t<li>2025 : \u00ab R\u00e9v\u00e9lations \u00bb, exposition en duo avec Nicolas Galtier, Grand Palais(Paris, France)<\/li>\r\n \t<li>2023 : \u00ab R\u00e9v\u00e9lations \u00bb Grand Palais(Paris, France)<\/li>\r\n \t<li>2021: Show room Kimberly Denman \u00a0(NYC, \u00c9tats-Unis)<\/li>\r\n \t<li>2019 : Galerie Cyril Guernieri (Paris, France)<\/li>\r\n \t<li>2019 : SIAF \u2013 Galerie Van Gogh (Salzbourg, Autriche)<\/li>\r\n \t<li>2019 : FIAC (Paris, France)<\/li>\r\n \t<li>2019 : Galerie Cyril Guernieri (Paris, France)<\/li>\r\n \t<li>2018 : YIA Art Fair, Galerie Cyril Guernieri (Paris, France)<\/li>\r\n \t<li>2018 : \u00ab Les Jeunes Marchands at Tajan \u00bb, Galerie Cyril Guernieri (Paris, France)<\/li>\r\n \t<li>2018 : Freestudios (Gen\u00e8ve, Suisse)<\/li>\r\n \t<li>2018 : Vallart (Courchevel, France)<\/li>\r\n \t<li>2017 : YIA Art Fair (Paris, France)<\/li>\r\n \t<li>2017 : \u00ab Les Jeunes Marchands at Tajan \u00bb, Galerie Rauchfeld (Paris, France)<\/li>\r\n \t<li>2017 : YIA Art Fair (Bruxelles, Belgique)<\/li>\r\n \t<li>2016 : \u00ab Metamorphoses \u00bb (Paris, France)<\/li>\r\n \t<li>2016 : YIA Art Fair (Paris, France)<\/li>\r\n \t<li>2016 : \u00ab Sculpture by the Ch\u00e2teau with Marshall Murray \u00bb (Dourlers, France)<\/li>\r\n \t<li>2016 : Art EnTranse Gallery (Paris, France)<\/li>\r\n \t<li>2016 : \u00ab Showroom with Bel'RP \u00bb (Paris, France)<\/li>\r\n \t<li>2016 : \u00ab YIA Art Fair \u00bb (Bruxelles, Belgique)<\/li>\r\n \t<li>2015 : Monaco Fine Arts (Monaco, France)<\/li>\r\n \t<li>2015 : Galerie Charlotte Norberg (Paris, France)<\/li>\r\n<\/ul>","personal_exhibitions":"","collective_exhibitions":"","collections":"","awards":"","commissions":"","publications":""},"artist_video":{"url":"https:\/\/youtu.be\/kHn8Ajpus4o","poster_image":95356},"artist_taxes":{"vat_liability":false,"vat_applicable_rate":5.5},"artist_featured_artworks_images":[{"image":94487},{"image":94471}],"artist_featured_artworks":[94208,94256],"artist_diaporama":[{"image":93236,"image_caption":""},{"image":93238,"image_caption":"Biennale Revelations 2025, Antoine Vidal et Nicolas Galtier"},{"image":93240,"image_caption":"YIA Art Fair 2018, Galerie Cyril Guernieri, exposition Antoine Vidal et Joachim van der Vlugt"},{"image":93242,"image_caption":""},{"image":93244,"image_caption":""},{"image":93246,"image_caption":""},{"image":93248,"image_caption":""},{"image":93250,"image_caption":""},{"image":93252,"image_caption":""},{"image":93254,"image_caption":""},{"image":93256,"image_caption":""},{"image":93258,"image_caption":""},{"image":93260,"image_caption":"Biennale Revelations 2025, Antoine Vidal et Nicolas Galtier"},{"image":93273,"image_caption":""},{"image":93262,"image_caption":""},{"image":93267,"image_caption":"YIA Art Fair 2018, Galerie Cyril Guernieri, exposition Antoine Vidal et Joachim van der Vlugt"},{"image":93269,"image_caption":""},{"image":93271,"image_caption":""},{"image":93264,"image_caption":""}],"artist_query_group":"10","drupal_id":""},"yoast_head":"<!-- This site is optimized with the Yoast SEO Premium plugin v27.3 (Yoast SEO v27.3) - https:\/\/yoast.com\/product\/yoast-seo-premium-wordpress\/ -->\n<title>Antoine Vidal | Sculpture abstraite en bronze | Artistics<\/title>\n<meta name=\"description\" content=\"D\u00e9couvrez les sculptures en bronze de l\u2019artiste fran\u00e7ais Antoine Vidal, qui conjuguent verticalit\u00e9 et abstraction dans une recherche d\u2019harmonie des lignes et des formes. Achetez ses \u0153uvres en ligne.\" \/>\n<meta name=\"robots\" content=\"index, follow, max-snippet:-1, max-image-preview:large, max-video-preview:-1\" \/>\n<link rel=\"canonical\" href=\"https:\/\/artistics.com\/fr\/artiste\/antoine-vidal\/\" \/>\n<meta property=\"og:locale\" content=\"fr_FR\" \/>\n<meta property=\"og:type\" content=\"article\" \/>\n<meta property=\"og:title\" content=\"Antoine Vidal\" \/>\n<meta property=\"og:description\" content=\"D\u00e9couvrez les sculptures en bronze de l\u2019artiste fran\u00e7ais Antoine Vidal, qui conjuguent verticalit\u00e9 et abstraction dans une recherche d\u2019harmonie des lignes et des formes. Achetez ses \u0153uvres en ligne.\" \/>\n<meta property=\"og:url\" content=\"https:\/\/artistics.com\/fr\/artiste\/antoine-vidal\/\" \/>\n<meta property=\"og:site_name\" content=\"Artistics\" \/>\n<meta property=\"article:publisher\" content=\"https:\/\/www.facebook.com\/ArtisticsMag\" \/>\n<meta property=\"article:modified_time\" content=\"2026-03-11T15:09:33+00:00\" \/>\n<meta property=\"og:image\" content=\"https:\/\/artistics.com\/wp-content\/uploads\/2025\/11\/antoine-vidal-studio-portrait.jpg\" \/>\n\t<meta property=\"og:image:width\" content=\"2560\" \/>\n\t<meta property=\"og:image:height\" content=\"1707\" \/>\n\t<meta property=\"og:image:type\" content=\"image\/jpeg\" \/>\n<meta name=\"twitter:card\" content=\"summary_large_image\" \/>\n<meta name=\"twitter:site\" content=\"@Artistics_FR\" \/>\n<meta name=\"twitter:label1\" content=\"Dur\u00e9e de lecture estim\u00e9e\" \/>\n\t<meta name=\"twitter:data1\" content=\"10 minutes\" \/>\n<script type=\"application\/ld+json\" class=\"yoast-schema-graph\">{\"@context\":\"https:\\\/\\\/schema.org\",\"@graph\":[{\"@type\":[\"WebPage\",\"ProfilePage\"],\"@id\":\"https:\\\/\\\/artistics.com\\\/fr\\\/artiste\\\/antoine-vidal\\\/\",\"url\":\"https:\\\/\\\/artistics.com\\\/fr\\\/artiste\\\/antoine-vidal\\\/\",\"name\":\"Antoine Vidal | Sculpture abstraite en bronze | Artistics\",\"isPartOf\":{\"@id\":\"https:\\\/\\\/artistics.com\\\/fr\\\/#website\"},\"primaryImageOfPage\":{\"@id\":\"https:\\\/\\\/artistics.com\\\/fr\\\/artiste\\\/antoine-vidal\\\/#primaryimage\"},\"image\":{\"@id\":\"https:\\\/\\\/artistics.com\\\/fr\\\/artiste\\\/antoine-vidal\\\/#primaryimage\"},\"thumbnailUrl\":\"https:\\\/\\\/artistics.com\\\/wp-content\\\/uploads\\\/2025\\\/11\\\/antoine-vidal-studio-portrait.jpg\",\"datePublished\":\"2025-12-05T15:07:30+00:00\",\"dateModified\":\"2026-03-11T15:09:33+00:00\",\"description\":\"D\u00e9couvrez les sculptures en bronze de l\u2019artiste fran\u00e7ais Antoine Vidal, qui conjuguent verticalit\u00e9 et abstraction dans une recherche d\u2019harmonie des lignes et des formes. Achetez ses \u0153uvres en ligne.\",\"breadcrumb\":{\"@id\":\"https:\\\/\\\/artistics.com\\\/fr\\\/artiste\\\/antoine-vidal\\\/#breadcrumb\"},\"inLanguage\":\"fr-FR\",\"potentialAction\":[{\"@type\":\"ReadAction\",\"target\":[\"https:\\\/\\\/artistics.com\\\/fr\\\/artiste\\\/antoine-vidal\\\/\"]}]},{\"@type\":\"ImageObject\",\"inLanguage\":\"fr-FR\",\"@id\":\"https:\\\/\\\/artistics.com\\\/fr\\\/artiste\\\/antoine-vidal\\\/#primaryimage\",\"url\":\"https:\\\/\\\/artistics.com\\\/wp-content\\\/uploads\\\/2025\\\/11\\\/antoine-vidal-studio-portrait.jpg\",\"contentUrl\":\"https:\\\/\\\/artistics.com\\\/wp-content\\\/uploads\\\/2025\\\/11\\\/antoine-vidal-studio-portrait.jpg\",\"width\":2560,\"height\":1707},{\"@type\":\"BreadcrumbList\",\"@id\":\"https:\\\/\\\/artistics.com\\\/fr\\\/artiste\\\/antoine-vidal\\\/#breadcrumb\",\"itemListElement\":[{\"@type\":\"ListItem\",\"position\":1,\"name\":\"Achat \u0153uvre d'art\",\"item\":\"https:\\\/\\\/artistics.com\\\/fr\\\/\"},{\"@type\":\"ListItem\",\"position\":2,\"name\":\"Artistes contemporains\",\"item\":\"https:\\\/\\\/artistics.com\\\/fr\\\/type-artiste\\\/artistes-contemporains\\\/\"},{\"@type\":\"ListItem\",\"position\":3,\"name\":\"Sculpteurs contemporains\",\"item\":\"https:\\\/\\\/artistics.com\\\/fr\\\/type-artiste\\\/sculpteurs-contemporains\\\/\"},{\"@type\":\"ListItem\",\"position\":4,\"name\":\"Antoine Vidal\"}]},{\"@type\":\"WebSite\",\"@id\":\"https:\\\/\\\/artistics.com\\\/fr\\\/#website\",\"url\":\"https:\\\/\\\/artistics.com\\\/fr\\\/\",\"name\":\"Artistics\",\"description\":\"The online art gallery\",\"publisher\":{\"@id\":\"https:\\\/\\\/artistics.com\\\/fr\\\/#organization\"},\"potentialAction\":[{\"@type\":\"SearchAction\",\"target\":{\"@type\":\"EntryPoint\",\"urlTemplate\":\"https:\\\/\\\/artistics.com\\\/fr\\\/?s={search_term_string}\"},\"query-input\":{\"@type\":\"PropertyValueSpecification\",\"valueRequired\":true,\"valueName\":\"search_term_string\"}}],\"inLanguage\":\"fr-FR\"},{\"@type\":\"Organization\",\"@id\":\"https:\\\/\\\/artistics.com\\\/fr\\\/#organization\",\"name\":\"Artistics\",\"url\":\"https:\\\/\\\/artistics.com\\\/fr\\\/\",\"logo\":{\"@type\":\"ImageObject\",\"inLanguage\":\"fr-FR\",\"@id\":\"https:\\\/\\\/artistics.com\\\/fr\\\/#\\\/schema\\\/logo\\\/image\\\/\",\"url\":\"https:\\\/\\\/artistics.com\\\/wp-content\\\/uploads\\\/2023\\\/02\\\/artistics-logo-web-1.svg\",\"contentUrl\":\"https:\\\/\\\/artistics.com\\\/wp-content\\\/uploads\\\/2023\\\/02\\\/artistics-logo-web-1.svg\",\"caption\":\"Artistics\"},\"image\":{\"@id\":\"https:\\\/\\\/artistics.com\\\/fr\\\/#\\\/schema\\\/logo\\\/image\\\/\"},\"sameAs\":[\"https:\\\/\\\/www.facebook.com\\\/ArtisticsMag\",\"https:\\\/\\\/x.com\\\/Artistics_FR\",\"http:\\\/\\\/www.linkedin.com\\\/company\\\/artistics\",\"https:\\\/\\\/www.instagram.com\\\/artistics_com\\\/\",\"http:\\\/\\\/www.pinterest.com\\\/ArtisticsMag\"],\"mainEntityOfPage\":{\"@id\":\"https:\\\/\\\/artistics.com\\\/fr\\\/artiste\\\/antoine-vidal\\\/\"},\"hasMerchantReturnPolicy\":{\"@type\":\"MerchantReturnPolicy\",\"merchantReturnLink\":\"https:\\\/\\\/artistics.com\\\/free-return-policy\\\/\"}}]}<\/script>\n<!-- \/ Yoast SEO Premium plugin. -->","yoast_head_json":{"title":"Antoine Vidal | Sculpture abstraite en bronze | Artistics","description":"D\u00e9couvrez les sculptures en bronze de l\u2019artiste fran\u00e7ais Antoine Vidal, qui conjuguent verticalit\u00e9 et abstraction dans une recherche d\u2019harmonie des lignes et des formes. Achetez ses \u0153uvres en ligne.","robots":{"index":"index","follow":"follow","max-snippet":"max-snippet:-1","max-image-preview":"max-image-preview:large","max-video-preview":"max-video-preview:-1"},"canonical":"https:\/\/artistics.com\/fr\/artiste\/antoine-vidal\/","og_locale":"fr_FR","og_type":"article","og_title":"Antoine Vidal","og_description":"D\u00e9couvrez les sculptures en bronze de l\u2019artiste fran\u00e7ais Antoine Vidal, qui conjuguent verticalit\u00e9 et abstraction dans une recherche d\u2019harmonie des lignes et des formes. Achetez ses \u0153uvres en ligne.","og_url":"https:\/\/artistics.com\/fr\/artiste\/antoine-vidal\/","og_site_name":"Artistics","article_publisher":"https:\/\/www.facebook.com\/ArtisticsMag","article_modified_time":"2026-03-11T15:09:33+00:00","og_image":[{"width":2560,"height":1707,"url":"https:\/\/artistics.com\/wp-content\/uploads\/2025\/11\/antoine-vidal-studio-portrait.jpg","type":"image\/jpeg"}],"twitter_card":"summary_large_image","twitter_site":"@Artistics_FR","twitter_misc":{"Dur\u00e9e de lecture estim\u00e9e":"10 minutes"},"schema":{"@context":"https:\/\/schema.org","@graph":[{"@type":["WebPage","ProfilePage"],"@id":"https:\/\/artistics.com\/fr\/artiste\/antoine-vidal\/","url":"https:\/\/artistics.com\/fr\/artiste\/antoine-vidal\/","name":"Antoine Vidal | Sculpture abstraite en bronze | Artistics","isPartOf":{"@id":"https:\/\/artistics.com\/fr\/#website"},"primaryImageOfPage":{"@id":"https:\/\/artistics.com\/fr\/artiste\/antoine-vidal\/#primaryimage"},"image":{"@id":"https:\/\/artistics.com\/fr\/artiste\/antoine-vidal\/#primaryimage"},"thumbnailUrl":"https:\/\/artistics.com\/wp-content\/uploads\/2025\/11\/antoine-vidal-studio-portrait.jpg","datePublished":"2025-12-05T15:07:30+00:00","dateModified":"2026-03-11T15:09:33+00:00","description":"D\u00e9couvrez les sculptures en bronze de l\u2019artiste fran\u00e7ais Antoine Vidal, qui conjuguent verticalit\u00e9 et abstraction dans une recherche d\u2019harmonie des lignes et des formes. Achetez ses \u0153uvres en ligne.","breadcrumb":{"@id":"https:\/\/artistics.com\/fr\/artiste\/antoine-vidal\/#breadcrumb"},"inLanguage":"fr-FR","potentialAction":[{"@type":"ReadAction","target":["https:\/\/artistics.com\/fr\/artiste\/antoine-vidal\/"]}]},{"@type":"ImageObject","inLanguage":"fr-FR","@id":"https:\/\/artistics.com\/fr\/artiste\/antoine-vidal\/#primaryimage","url":"https:\/\/artistics.com\/wp-content\/uploads\/2025\/11\/antoine-vidal-studio-portrait.jpg","contentUrl":"https:\/\/artistics.com\/wp-content\/uploads\/2025\/11\/antoine-vidal-studio-portrait.jpg","width":2560,"height":1707},{"@type":"BreadcrumbList","@id":"https:\/\/artistics.com\/fr\/artiste\/antoine-vidal\/#breadcrumb","itemListElement":[{"@type":"ListItem","position":1,"name":"Achat \u0153uvre d'art","item":"https:\/\/artistics.com\/fr\/"},{"@type":"ListItem","position":2,"name":"Artistes contemporains","item":"https:\/\/artistics.com\/fr\/type-artiste\/artistes-contemporains\/"},{"@type":"ListItem","position":3,"name":"Sculpteurs contemporains","item":"https:\/\/artistics.com\/fr\/type-artiste\/sculpteurs-contemporains\/"},{"@type":"ListItem","position":4,"name":"Antoine Vidal"}]},{"@type":"WebSite","@id":"https:\/\/artistics.com\/fr\/#website","url":"https:\/\/artistics.com\/fr\/","name":"Artistics","description":"The online art gallery","publisher":{"@id":"https:\/\/artistics.com\/fr\/#organization"},"potentialAction":[{"@type":"SearchAction","target":{"@type":"EntryPoint","urlTemplate":"https:\/\/artistics.com\/fr\/?s={search_term_string}"},"query-input":{"@type":"PropertyValueSpecification","valueRequired":true,"valueName":"search_term_string"}}],"inLanguage":"fr-FR"},{"@type":"Organization","@id":"https:\/\/artistics.com\/fr\/#organization","name":"Artistics","url":"https:\/\/artistics.com\/fr\/","logo":{"@type":"ImageObject","inLanguage":"fr-FR","@id":"https:\/\/artistics.com\/fr\/#\/schema\/logo\/image\/","url":"https:\/\/artistics.com\/wp-content\/uploads\/2023\/02\/artistics-logo-web-1.svg","contentUrl":"https:\/\/artistics.com\/wp-content\/uploads\/2023\/02\/artistics-logo-web-1.svg","caption":"Artistics"},"image":{"@id":"https:\/\/artistics.com\/fr\/#\/schema\/logo\/image\/"},"sameAs":["https:\/\/www.facebook.com\/ArtisticsMag","https:\/\/x.com\/Artistics_FR","http:\/\/www.linkedin.com\/company\/artistics","https:\/\/www.instagram.com\/artistics_com\/","http:\/\/www.pinterest.com\/ArtisticsMag"],"mainEntityOfPage":{"@id":"https:\/\/artistics.com\/fr\/artiste\/antoine-vidal\/"},"hasMerchantReturnPolicy":{"@type":"MerchantReturnPolicy","merchantReturnLink":"https:\/\/artistics.com\/free-return-policy\/"}}]}},"_links":{"self":[{"href":"https:\/\/artistics.com\/fr\/wp-json\/wp\/v2\/artist\/92763","targetHints":{"allow":["GET"]}}],"collection":[{"href":"https:\/\/artistics.com\/fr\/wp-json\/wp\/v2\/artist"}],"about":[{"href":"https:\/\/artistics.com\/fr\/wp-json\/wp\/v2\/types\/artist"}],"version-history":[{"count":50,"href":"https:\/\/artistics.com\/fr\/wp-json\/wp\/v2\/artist\/92763\/revisions"}],"predecessor-version":[{"id":99423,"href":"https:\/\/artistics.com\/fr\/wp-json\/wp\/v2\/artist\/92763\/revisions\/99423"}],"acf:post":[{"embeddable":true,"href":"https:\/\/artistics.com\/fr\/wp-json\/wp\/v2\/product\/94256"},{"embeddable":true,"href":"https:\/\/artistics.com\/fr\/wp-json\/wp\/v2\/product\/94208"}],"acf:term":[{"embeddable":true,"taxonomy":"series","href":"https:\/\/artistics.com\/fr\/wp-json\/wp\/v2\/series\/2577"},{"embeddable":true,"taxonomy":"artist-type","href":"https:\/\/artistics.com\/fr\/wp-json\/wp\/v2\/artist-type\/2385"},{"embeddable":true,"taxonomy":"artist-type","href":"https:\/\/artistics.com\/fr\/wp-json\/wp\/v2\/artist-type\/2237"},{"embeddable":true,"taxonomy":"artist-type","href":"https:\/\/artistics.com\/fr\/wp-json\/wp\/v2\/artist-type\/305"},{"embeddable":true,"taxonomy":"artist-type","href":"https:\/\/artistics.com\/fr\/wp-json\/wp\/v2\/artist-type\/308"}],"wp:featuredmedia":[{"embeddable":true,"href":"https:\/\/artistics.com\/fr\/wp-json\/wp\/v2\/media\/92769"}],"wp:attachment":[{"href":"https:\/\/artistics.com\/fr\/wp-json\/wp\/v2\/media?parent=92763"}],"wp:term":[{"taxonomy":"artist-type","embeddable":true,"href":"https:\/\/artistics.com\/fr\/wp-json\/wp\/v2\/artist-type?post=92763"}],"curies":[{"name":"wp","href":"https:\/\/api.w.org\/{rel}","templated":true}]}}