{"id":37939,"date":"2023-10-04T16:30:06","date_gmt":"2023-10-04T14:30:06","guid":{"rendered":"https:\/\/artistics.com\/?post_type=artist&#038;p=37939"},"modified":"2025-03-24T12:07:58","modified_gmt":"2025-03-24T11:07:58","slug":"pawel-zak","status":"publish","type":"artist","link":"https:\/\/artistics.com\/fr\/artiste\/pawel-zak\/","title":{"rendered":"Pawel \u017bak"},"featured_media":37930,"template":"","artist-type":[307],"class_list":["post-37939","artist","type-artist","status-publish","has-post-thumbnail","hentry","artist-type-photographes-contemporains"],"acf":{"artist_first_name":"Pawel ","artist_last_name":"\u017bak","artist_nickname":"","artist_prefix":"Mr","artist_gender":"Man","artist_main_type":307,"artist_types":[307],"artist_parent_series":2147,"artist_parent_series_info":"Pawel \u017bak (pawel-zak)","artist_nationality":["PL"],"artist_square_profile_picture":37922,"artist_address":{"address_1":"Laskowa Laskowa 2A","address_2":"","city":"J\u00f3zef\u00f3w","zip_code":"05-420","country_of_residence":"PL"},"artist_contact_info":{"phone":"48601395265","email":"pawelzak65@gmail.com"},"artist_about":{"":null,"date_of_birth":"19650101","date_of_death":null,"description":"<blockquote>\u00ab J\u2019ai senti que ce n\u2019est qu\u2019\u00e0 travers une image fabriqu\u00e9e que je m\u2019exprime pleinement. La r\u00e9alit\u00e9 m\u2019int\u00e9resse, mais pour parler du fond du c\u0153ur, j\u2019ai besoin d\u2019une image que j\u2019ai con\u00e7ue et que je contr\u00f4le parfaitement. \u00bb<\/blockquote>\r\n\r\nLes photographies contemporaines de natures mortes hors du temps de Pawel \u017bak offrent une plong\u00e9e singuli\u00e8re dans un univers minimaliste, \u00e0 la composition sophistiqu\u00e9e, et po\u00e9tique.","biography":"Les photographies contemporaines de natures mortes hors du temps de Pawel \u017bak offrent une plong\u00e9e singuli\u00e8re dans un univers minimaliste, \u00e0 la composition sophistiqu\u00e9e, et po\u00e9tique.\r\n<h2><strong>Du dessin \u00e0 la photographie, d\u00e9buts d\u2019un parcours<\/strong><\/h2>\r\nPawel \u017bak est n\u00e9 en 1965 \u00e0 Varsovie (Pologne), o\u00f9 il vit et travaille toujours. Il a ressenti tr\u00e8s jeune un vif int\u00e9r\u00eat pour les arts plastiques, qui se mat\u00e9rialise dans un premier temps par son d\u00e9sir de peindre. Au lyc\u00e9e, il jongle entre diff\u00e9rents moyens d\u2019expression : dessin, \u00e9criture, photographie. \u00c0 l\u2019\u00e9poque, cette derni\u00e8re lui sert principalement \u00e0 documenter son quotidien. Il prend des clich\u00e9s de sa famille, de ses amis. Il se cantonne \u00e0 \u00eatre un t\u00e9moin du r\u00e9el.\r\n\r\nApr\u00e8s le lyc\u00e9e, Pawel \u017bak \u00e9tudie les sciences sociales \u00e0 l\u2019Universit\u00e9 de Varsovie et il est dipl\u00f4m\u00e9 de l\u2019\u00c9cole des Beaux-Arts de Poznan. En parall\u00e8le, il continue sa pratique de la photographie et s\u2019inscrit au Study of Photography, organis\u00e9 par l\u2019Association of Polish Art Photographer.\r\n<h2><strong>\u00ab\u00a0Tales\u00a0\u00bb, la premi\u00e8re s\u00e9rie de photographies de Pawel \u017bak<\/strong><\/h2>\r\n\u00c0 la fin des ann\u00e9es 1990, la s\u00e9rie la plus connue de Pawel \u017bak \u00ab\u00a0Tales\u00a0\u00bb \u2014 qui lui fait d\u00e9buter sa carri\u00e8re sur la sc\u00e8ne photographique polonaise puis internationale\u2014 nait d\u2019un hasard. Au cours d\u2019exp\u00e9rimentations, l\u2019artiste s\u00e9lectionne des objets qui l\u2019entourent et les place dans une installation modeste : une poire et un morceau de carton par exemple. Quand l\u2019artiste r\u00e9alise les premiers tirages de ces tentatives, il est d\u00e9\u00e7u. Il laisse alors les n\u00e9gatifs au sol. Quelques semaines plus tard, Pawel \u017bak les reprend et les place de nouveau dans l'agrandisseur. Les tirages sont devenus beaucoup plus sombres. Des traces de poussi\u00e8re et des rayures sont apparues. Gr\u00e2ce \u00e0 ces accidents, les photographies gagnent en profondeur, en myst\u00e8re. Ce moment marque le d\u00e9but de la s\u00e9rie \u00ab\u00a0Tales\u00a0\u00bb et de son travail sur les natures mortes.\r\n\u00c0 propos de la s\u00e9rie \u00ab\u00a0Tales\u00a0\u00bb, Pawel \u017bak note \u00e9galement : \u00ab\u00a0<em>J'ai senti que ce n'est qu'\u00e0 travers une image fabriqu\u00e9e que je m'exprime pleinement. La r\u00e9alit\u00e9 m'int\u00e9resse, mais pour parler du fond du c\u0153ur, j'ai besoin d'une image que j'ai con\u00e7ue et que je contr\u00f4le parfaitement.<\/em>\u00a0\u00bb\r\n\r\nAdam Mazur, curateur, souligne quant \u00e0 lui : \u00ab\u00a0<em>La nature morte en photographie est une double mort des choses. Tout d'abord, la nature meurt et est transform\u00e9e en art par la composition et l'abstraction. Comme la photographie est morte dans son essence, elle peut immobiliser \u00e0 la fois les processus de croissance et de d\u00e9composition. Ce paradoxe est \u00e0 la base des \u0153uvres d'art de Pawe\u0142 \u017bak<\/em>\u00a0\u00bb.\r\n<h2><strong>\u00ab <em>Une image appara\u00eet dans mon esprit et n'a pas encore de signification.\u00a0<\/em>\u00bb<\/strong><\/h2>\r\nAu d\u00e9part de chaque photographie de Pawel \u017bak, il y a une image.\u00a0L\u2019artiste explique qu\u2019il se sent comme un m\u00e9dium dou\u00e9 d\u2019intuitions sous forme visuelle : \u00ab <em>Une image appara\u00eet dans mon esprit et n'a pas encore de signification. Du moins, je ne l'interpr\u00e8te pas \u00e0 ce moment-l\u00e0. Ce n'est pas une pens\u00e9e visualis\u00e9e, c'est une image que je ne peux qu'essayer de lire. Je l\u2019esquisse et, parfois, je la comprends tout de suite. Parfois pas vraiment. Je ne sais pas encore ce qu'elle signifie. Ce n'est que plus tard que ses significations me parviennent.<\/em>\u00a0\u00bb Ces clich\u00e9s sont le r\u00e9sultat d\u2019un travail lent, qui d\u00e9bute souvent par un croquis capturant cette premi\u00e8re impression, puis tentant de l\u2019interpr\u00e9ter.\r\nEn outre, le <a href=\"https:\/\/artistics.com\/fr\/type-artiste\/photographes-contemporains\/\" target=\"_blank\" rel=\"noopener\">photographe contemporain<\/a> ne figure pas sur son travail. Pourtant, le spectateur ressent sa pr\u00e9sence discr\u00e8te, mais continuelle, sur chacune de ses \u0153uvres. En effet, le regard de Pawel \u017bak sur l\u2019image d\u2019une r\u00e9alit\u00e9 qu\u2019il a lui-m\u00eame cr\u00e9\u00e9e t\u00e9moigne de sa sensibilit\u00e9 et illustre sa vision du monde.\r\n<h2><strong>Des tableaux photographiques minimalistes et oniriques<\/strong><\/h2>\r\nLes \u0153uvres de Pawel \u017bak sont autant de tableaux photographiques qui repr\u00e9sentent des objets inanim\u00e9s de l\u2019espace domestique (fruits, fleurs, jouets\u2026), un choix qui d\u00e9note l\u2019originalit\u00e9 de sa d\u00e9marche. Si la nature morte est un genre classique dans l\u2019histoire de la peinture, elle se fait plus rare dans le champ de la photographie contemporaine, o\u00f9 l'accent est davantage mis sur les portraits, les paysages et la photographie de rue.\r\nPawel \u017bak puise par ailleurs son inspiration dans l\u2019histoire de l\u2019art : la peinture hollandaise du XVIIe si\u00e8cle, c\u00e9l\u00e8bre pour ses natures mortes riches de d\u00e9tails et de symboles. L\u2019art abstrait et japonais nourrissent \u00e9galement son travail.\r\n<h2><strong>Reconnaissance et expositions<\/strong><\/h2>\r\nLes <a href=\"https:\/\/artistics.com\/fr\/categorie-oeuvre\/photographie-contemporaine\/\" target=\"_blank\" rel=\"noopener\">photographies contemporaines<\/a> de Pawel \u017bak ont fait l'objet de nombreuses expositions dans le monde entier.\r\nSes \u0153uvres font partie de collections publiques prestigieuses telles que celles du Mus\u00e9e national de Varsovie, du Centre d'art contemporain de Varsovie, du Mus\u00e9e d'art de Lodz et de la BNF \u00e0 Paris. Il a \u00e9galement \u00e9t\u00e9 r\u00e9compens\u00e9 de nombreuses fois pour son travail, notamment par le tr\u00e8s prestigieux Prix Broncolor de la lumi\u00e8re lors du concours europ\u00e9en de photographie de Vevey, en Suisse, en 1998 pour sa s\u00e9rie \u00ab\u00a0Tales\u00a0\u00bb.","education":"<ul>\r\n \t<li>1985-90 : \u00c9tudes en sciences sociales, Universit\u00e9 de Varsovie, Pologne<\/li>\r\n \t<li>1990-92 : \u00c9cole de photographie, Varsovie (Pologne)<\/li>\r\n \t<li>1999-2002 : Facult\u00e9 de Communication Multim\u00e9dia, Acad\u00e9mie des Beaux-Arts, Poznan, Pologne<\/li>\r\n<\/ul>\r\n<ul>\r\n \t<li>2011 - aujourd'hui : professeur associ\u00e9, Facult\u00e9 de journalisme de l'Universit\u00e9 de Varsovie, Pologne.<\/li>\r\n<\/ul>","exhibitions":"","personal_exhibitions":"S\u00e9lection\r\n<ul>\r\n \t<li>2024: \"<em>Jest i nie jest<\/em>\" (\"<em>C'est et ce n'est pas<\/em>\"), exposition personnelle, L'ancienne galerie de l'Association des photographes d'art polonais (ZPAF), Varsovie (Pologne)<\/li>\r\n \t<li>2020 : \u00ab <em>Trail<\/em> \u00bb, Leica 6\u00d77 Gallery, Varsovie, Pologne<\/li>\r\n \t<li>2017 : \u00ab <em>Core Curriculum and Other Still Lives<\/em> \u00bb, Leica 6\u00d77 Gallery, Varsovie, Pologne<\/li>\r\n \t<li>2016 : \u00ab <em>Photographs<\/em> \u00bb, Galerie Anzerberger, Vienne, Autriche<\/li>\r\n \t<li>2014 : \u00ab <em>Three words and other still lives<\/em> \u00bb, Galerie Bardzo Bia\u0142a, Varsovie, Pologne<\/li>\r\n \t<li>2010 : \u00ab <em>Evening waves and other photographs<\/em> \u00bb, Galerie Refleksy, Varsovie, Pologne<\/li>\r\n \t<li>2008 : \u00ab <em>A Close Acquaintance<\/em> \u00bb, Galerie FF, \u0141\u00f3d\u017a, Pologne<\/li>\r\n \t<li>2008 : \u00ab <em>Sweet Monday and other still lives<\/em> \u00bb, Galerie Luksfera, Varsovie, Pologne<\/li>\r\n \t<li>2007 : \u00ab <em>Photographs<\/em> \u00bb, Institut Fran\u00e7ais, Varsovie, Pologne<\/li>\r\n \t<li>2005 : \u00ab <em>Sunflowers and other photographs<\/em> \u00bb, Galerie Luksfera, Varsovie, Pologne<\/li>\r\n \t<li>2004 : \u00ab <em>A Close Acquaintance<\/em> \u00bb, Rencontres d'Arles, Arles, France<\/li>\r\n \t<li>1999 : \u00ab <em>Tales<\/em> \u00bb, Galerie Ma\u0142a ZPAF \/ CSW, Varsovie, Pologne<\/li>\r\n<\/ul>","collective_exhibitions":"S\u00e9lection\r\n<ul>\r\n \t<li>2018 : \u00ab Air and other things we need to live \u00bb, Galerie Bielska BWA, Bielsko, Pologne<\/li>\r\n \t<li>2009 : \u00ab Photosensitive - collections de photographies \u00bb, Mus\u00e9e National de Varsovie, Varsovie, Pologne<\/li>\r\n \t<li>2008 : \u00ab Dreamers and Witnesses, Photographie de la Pologne du XXe si\u00e8cle \u00bb, Mus\u00e9e National, Cracovie, Pologne<\/li>\r\n \t<li>2007 : \u00ab Remembered time, Galerie Ma\u0142a 1977-2006 \u00bb, Centre d\u2019art contemporain de Varsovie, Pologne<\/li>\r\n \t<li>2007 : \u00ab Photographie polonaise au XXe si\u00e8cle \u00bb, Varsovie, Pologne<\/li>\r\n \t<li>2007 : \u00ab City - not mine \u00bb, Mus\u00e9e d\u2019art, Lodz, Pologne<\/li>\r\n \t<li>2004-2005 : \u00ab Me - others: Self portrait of photography \u00bb, Jelenia G\u00f3ra, Lodz, Poznan, Wroclaw, Pologne<\/li>\r\n \t<li>2002 : \u00ab Around the decade. Polish photography of the 90s \u00bb, Mus\u00e9e d\u2019art de Lodz, Mus\u00e9e National de Wroclaw, Galerie Bielska BWA, Bielsko, Pologne<\/li>\r\n \t<li>2002 : \u00ab Zoom. Photographs in times of hustle and bustle \u00bb, Palais de la Culture et des Sciences, Varsovie, Pologne<\/li>\r\n \t<li>1998 : \u00ab Images 98 \u00bb, Concours Europ\u00e9en de Photographie (Prix Lumi\u00e8re Broncolor), Vevey, Suisse<\/li>\r\n<\/ul>","collections":"Collections publiques\r\n<ul>\r\n \t<li>Biblioth\u00e8que Nationale de Paris, Paris, France<\/li>\r\n \t<li>Mus\u00e9e National de Varsovie, Varsovie, Pologne<\/li>\r\n \t<li>Centre d'art contemporain de Varsovie, Varsovie, Pologne<\/li>\r\n \t<li>Mus\u00e9e d'art de Lodz, Lodz, Pologne<\/li>\r\n<\/ul>\r\nCollections priv\u00e9es\r\n<ul>Pologne, France, Etats-Unis, Pays-Bas, Belgique, Br\u00e9sil, Allemagne, Grande-Bretagne, Italie, Japon.<\/ul>","awards":"<ul>\r\n \t<li>1998 : Prix Lumi\u00e8re Broncolor, Concours Europ\u00e9en de Photographie, Vevey, Suisse \r\n <li><ul>","commissions":"","publications":""},"artist_video":{"url":"https:\/\/youtu.be\/MyhPmIa-Cj0","poster_image":39628},"artist_taxes":{"vat_liability":false,"vat_applicable_rate":5.5},"artist_featured_artworks_images":[{"image":38396},{"image":38297}],"artist_featured_artworks":[38380,38477],"artist_diaporama":[{"image":37925,"image_caption":"\u00c0 l'atelier (2021)"},{"image":37934,"image_caption":""},{"image":37937,"image_caption":"Anzerberger Gallery (Vienne, Austriche)."}],"artist_query_group":"20","drupal_id":""},"yoast_head":"<!-- This site is optimized with the Yoast SEO Premium plugin v27.3 (Yoast SEO v27.3) - https:\/\/yoast.com\/product\/yoast-seo-premium-wordpress\/ -->\n<title>Pawel \u017bak | Photographie de natures mortes | Artistics<\/title>\n<meta name=\"description\" content=\"D\u00e9couvrez les compositions minimalistes du photographe polonais Pawel \u017bak et achetez en ligne un tirage num\u00e9rot\u00e9 sur Artistics.\" \/>\n<meta name=\"robots\" content=\"index, follow, max-snippet:-1, max-image-preview:large, max-video-preview:-1\" \/>\n<link rel=\"canonical\" href=\"https:\/\/artistics.com\/fr\/artiste\/pawel-zak\/\" \/>\n<meta property=\"og:locale\" content=\"fr_FR\" \/>\n<meta property=\"og:type\" content=\"article\" \/>\n<meta property=\"og:title\" content=\"Pawel \u017bak\" \/>\n<meta property=\"og:description\" content=\"D\u00e9couvrez les compositions minimalistes du photographe polonais Pawel \u017bak et achetez en ligne un tirage num\u00e9rot\u00e9 sur Artistics.\" \/>\n<meta property=\"og:url\" content=\"https:\/\/artistics.com\/fr\/artiste\/pawel-zak\/\" \/>\n<meta property=\"og:site_name\" content=\"Artistics\" \/>\n<meta property=\"article:publisher\" content=\"https:\/\/www.facebook.com\/ArtisticsMag\" \/>\n<meta property=\"article:modified_time\" content=\"2025-03-24T11:07:58+00:00\" \/>\n<meta property=\"og:image\" content=\"https:\/\/artistics.com\/wp-content\/uploads\/2023\/08\/featured-image-pawel-zak-phorographer-1.jpeg\" \/>\n\t<meta property=\"og:image:width\" content=\"807\" \/>\n\t<meta property=\"og:image:height\" content=\"605\" \/>\n\t<meta property=\"og:image:type\" content=\"image\/jpeg\" \/>\n<meta name=\"twitter:card\" content=\"summary_large_image\" \/>\n<meta name=\"twitter:site\" content=\"@Artistics_FR\" \/>\n<meta name=\"twitter:label1\" content=\"Dur\u00e9e de lecture estim\u00e9e\" \/>\n\t<meta name=\"twitter:data1\" content=\"7 minutes\" \/>\n<script type=\"application\/ld+json\" class=\"yoast-schema-graph\">{\"@context\":\"https:\\\/\\\/schema.org\",\"@graph\":[{\"@type\":[\"WebPage\",\"ProfilePage\"],\"@id\":\"https:\\\/\\\/artistics.com\\\/fr\\\/artiste\\\/pawel-zak\\\/\",\"url\":\"https:\\\/\\\/artistics.com\\\/fr\\\/artiste\\\/pawel-zak\\\/\",\"name\":\"Pawel \u017bak | Photographie de natures mortes | Artistics\",\"isPartOf\":{\"@id\":\"https:\\\/\\\/artistics.com\\\/fr\\\/#website\"},\"primaryImageOfPage\":{\"@id\":\"https:\\\/\\\/artistics.com\\\/fr\\\/artiste\\\/pawel-zak\\\/#primaryimage\"},\"image\":{\"@id\":\"https:\\\/\\\/artistics.com\\\/fr\\\/artiste\\\/pawel-zak\\\/#primaryimage\"},\"thumbnailUrl\":\"https:\\\/\\\/artistics.com\\\/wp-content\\\/uploads\\\/2023\\\/08\\\/featured-image-pawel-zak-phorographer-1.jpeg\",\"datePublished\":\"2023-10-04T14:30:06+00:00\",\"dateModified\":\"2025-03-24T11:07:58+00:00\",\"description\":\"D\u00e9couvrez les compositions minimalistes du photographe polonais Pawel \u017bak et achetez en ligne un tirage num\u00e9rot\u00e9 sur Artistics.\",\"breadcrumb\":{\"@id\":\"https:\\\/\\\/artistics.com\\\/fr\\\/artiste\\\/pawel-zak\\\/#breadcrumb\"},\"inLanguage\":\"fr-FR\",\"potentialAction\":[{\"@type\":\"ReadAction\",\"target\":[\"https:\\\/\\\/artistics.com\\\/fr\\\/artiste\\\/pawel-zak\\\/\"]}]},{\"@type\":\"ImageObject\",\"inLanguage\":\"fr-FR\",\"@id\":\"https:\\\/\\\/artistics.com\\\/fr\\\/artiste\\\/pawel-zak\\\/#primaryimage\",\"url\":\"https:\\\/\\\/artistics.com\\\/wp-content\\\/uploads\\\/2023\\\/08\\\/featured-image-pawel-zak-phorographer-1.jpeg\",\"contentUrl\":\"https:\\\/\\\/artistics.com\\\/wp-content\\\/uploads\\\/2023\\\/08\\\/featured-image-pawel-zak-phorographer-1.jpeg\",\"width\":807,\"height\":605},{\"@type\":\"BreadcrumbList\",\"@id\":\"https:\\\/\\\/artistics.com\\\/fr\\\/artiste\\\/pawel-zak\\\/#breadcrumb\",\"itemListElement\":[{\"@type\":\"ListItem\",\"position\":1,\"name\":\"Achat \u0153uvre d'art\",\"item\":\"https:\\\/\\\/artistics.com\\\/fr\\\/\"},{\"@type\":\"ListItem\",\"position\":2,\"name\":\"Artistes contemporains\",\"item\":\"https:\\\/\\\/artistics.com\\\/fr\\\/type-artiste\\\/artistes-contemporains\\\/\"},{\"@type\":\"ListItem\",\"position\":3,\"name\":\"Photographes contemporains\",\"item\":\"https:\\\/\\\/artistics.com\\\/fr\\\/type-artiste\\\/photographes-contemporains\\\/\"},{\"@type\":\"ListItem\",\"position\":4,\"name\":\"Pawel \u017bak\"}]},{\"@type\":\"WebSite\",\"@id\":\"https:\\\/\\\/artistics.com\\\/fr\\\/#website\",\"url\":\"https:\\\/\\\/artistics.com\\\/fr\\\/\",\"name\":\"Artistics\",\"description\":\"The online art gallery\",\"publisher\":{\"@id\":\"https:\\\/\\\/artistics.com\\\/fr\\\/#organization\"},\"potentialAction\":[{\"@type\":\"SearchAction\",\"target\":{\"@type\":\"EntryPoint\",\"urlTemplate\":\"https:\\\/\\\/artistics.com\\\/fr\\\/?s={search_term_string}\"},\"query-input\":{\"@type\":\"PropertyValueSpecification\",\"valueRequired\":true,\"valueName\":\"search_term_string\"}}],\"inLanguage\":\"fr-FR\"},{\"@type\":\"Organization\",\"@id\":\"https:\\\/\\\/artistics.com\\\/fr\\\/#organization\",\"name\":\"Artistics\",\"url\":\"https:\\\/\\\/artistics.com\\\/fr\\\/\",\"logo\":{\"@type\":\"ImageObject\",\"inLanguage\":\"fr-FR\",\"@id\":\"https:\\\/\\\/artistics.com\\\/fr\\\/#\\\/schema\\\/logo\\\/image\\\/\",\"url\":\"https:\\\/\\\/artistics.com\\\/wp-content\\\/uploads\\\/2023\\\/02\\\/artistics-logo-web-1.svg\",\"contentUrl\":\"https:\\\/\\\/artistics.com\\\/wp-content\\\/uploads\\\/2023\\\/02\\\/artistics-logo-web-1.svg\",\"caption\":\"Artistics\"},\"image\":{\"@id\":\"https:\\\/\\\/artistics.com\\\/fr\\\/#\\\/schema\\\/logo\\\/image\\\/\"},\"sameAs\":[\"https:\\\/\\\/www.facebook.com\\\/ArtisticsMag\",\"https:\\\/\\\/x.com\\\/Artistics_FR\",\"http:\\\/\\\/www.linkedin.com\\\/company\\\/artistics\",\"https:\\\/\\\/www.instagram.com\\\/artistics_com\\\/\",\"http:\\\/\\\/www.pinterest.com\\\/ArtisticsMag\"],\"mainEntityOfPage\":{\"@id\":\"https:\\\/\\\/artistics.com\\\/fr\\\/artiste\\\/pawel-zak\\\/\"},\"hasMerchantReturnPolicy\":{\"@type\":\"MerchantReturnPolicy\",\"merchantReturnLink\":\"https:\\\/\\\/artistics.com\\\/free-return-policy\\\/\"}}]}<\/script>\n<!-- \/ Yoast SEO Premium plugin. -->","yoast_head_json":{"title":"Pawel \u017bak | Photographie de natures mortes | Artistics","description":"D\u00e9couvrez les compositions minimalistes du photographe polonais Pawel \u017bak et achetez en ligne un tirage num\u00e9rot\u00e9 sur Artistics.","robots":{"index":"index","follow":"follow","max-snippet":"max-snippet:-1","max-image-preview":"max-image-preview:large","max-video-preview":"max-video-preview:-1"},"canonical":"https:\/\/artistics.com\/fr\/artiste\/pawel-zak\/","og_locale":"fr_FR","og_type":"article","og_title":"Pawel \u017bak","og_description":"D\u00e9couvrez les compositions minimalistes du photographe polonais Pawel \u017bak et achetez en ligne un tirage num\u00e9rot\u00e9 sur Artistics.","og_url":"https:\/\/artistics.com\/fr\/artiste\/pawel-zak\/","og_site_name":"Artistics","article_publisher":"https:\/\/www.facebook.com\/ArtisticsMag","article_modified_time":"2025-03-24T11:07:58+00:00","og_image":[{"width":807,"height":605,"url":"https:\/\/artistics.com\/wp-content\/uploads\/2023\/08\/featured-image-pawel-zak-phorographer-1.jpeg","type":"image\/jpeg"}],"twitter_card":"summary_large_image","twitter_site":"@Artistics_FR","twitter_misc":{"Dur\u00e9e de lecture estim\u00e9e":"7 minutes"},"schema":{"@context":"https:\/\/schema.org","@graph":[{"@type":["WebPage","ProfilePage"],"@id":"https:\/\/artistics.com\/fr\/artiste\/pawel-zak\/","url":"https:\/\/artistics.com\/fr\/artiste\/pawel-zak\/","name":"Pawel \u017bak | Photographie de natures mortes | Artistics","isPartOf":{"@id":"https:\/\/artistics.com\/fr\/#website"},"primaryImageOfPage":{"@id":"https:\/\/artistics.com\/fr\/artiste\/pawel-zak\/#primaryimage"},"image":{"@id":"https:\/\/artistics.com\/fr\/artiste\/pawel-zak\/#primaryimage"},"thumbnailUrl":"https:\/\/artistics.com\/wp-content\/uploads\/2023\/08\/featured-image-pawel-zak-phorographer-1.jpeg","datePublished":"2023-10-04T14:30:06+00:00","dateModified":"2025-03-24T11:07:58+00:00","description":"D\u00e9couvrez les compositions minimalistes du photographe polonais Pawel \u017bak et achetez en ligne un tirage num\u00e9rot\u00e9 sur Artistics.","breadcrumb":{"@id":"https:\/\/artistics.com\/fr\/artiste\/pawel-zak\/#breadcrumb"},"inLanguage":"fr-FR","potentialAction":[{"@type":"ReadAction","target":["https:\/\/artistics.com\/fr\/artiste\/pawel-zak\/"]}]},{"@type":"ImageObject","inLanguage":"fr-FR","@id":"https:\/\/artistics.com\/fr\/artiste\/pawel-zak\/#primaryimage","url":"https:\/\/artistics.com\/wp-content\/uploads\/2023\/08\/featured-image-pawel-zak-phorographer-1.jpeg","contentUrl":"https:\/\/artistics.com\/wp-content\/uploads\/2023\/08\/featured-image-pawel-zak-phorographer-1.jpeg","width":807,"height":605},{"@type":"BreadcrumbList","@id":"https:\/\/artistics.com\/fr\/artiste\/pawel-zak\/#breadcrumb","itemListElement":[{"@type":"ListItem","position":1,"name":"Achat \u0153uvre d'art","item":"https:\/\/artistics.com\/fr\/"},{"@type":"ListItem","position":2,"name":"Artistes contemporains","item":"https:\/\/artistics.com\/fr\/type-artiste\/artistes-contemporains\/"},{"@type":"ListItem","position":3,"name":"Photographes contemporains","item":"https:\/\/artistics.com\/fr\/type-artiste\/photographes-contemporains\/"},{"@type":"ListItem","position":4,"name":"Pawel \u017bak"}]},{"@type":"WebSite","@id":"https:\/\/artistics.com\/fr\/#website","url":"https:\/\/artistics.com\/fr\/","name":"Artistics","description":"The online art gallery","publisher":{"@id":"https:\/\/artistics.com\/fr\/#organization"},"potentialAction":[{"@type":"SearchAction","target":{"@type":"EntryPoint","urlTemplate":"https:\/\/artistics.com\/fr\/?s={search_term_string}"},"query-input":{"@type":"PropertyValueSpecification","valueRequired":true,"valueName":"search_term_string"}}],"inLanguage":"fr-FR"},{"@type":"Organization","@id":"https:\/\/artistics.com\/fr\/#organization","name":"Artistics","url":"https:\/\/artistics.com\/fr\/","logo":{"@type":"ImageObject","inLanguage":"fr-FR","@id":"https:\/\/artistics.com\/fr\/#\/schema\/logo\/image\/","url":"https:\/\/artistics.com\/wp-content\/uploads\/2023\/02\/artistics-logo-web-1.svg","contentUrl":"https:\/\/artistics.com\/wp-content\/uploads\/2023\/02\/artistics-logo-web-1.svg","caption":"Artistics"},"image":{"@id":"https:\/\/artistics.com\/fr\/#\/schema\/logo\/image\/"},"sameAs":["https:\/\/www.facebook.com\/ArtisticsMag","https:\/\/x.com\/Artistics_FR","http:\/\/www.linkedin.com\/company\/artistics","https:\/\/www.instagram.com\/artistics_com\/","http:\/\/www.pinterest.com\/ArtisticsMag"],"mainEntityOfPage":{"@id":"https:\/\/artistics.com\/fr\/artiste\/pawel-zak\/"},"hasMerchantReturnPolicy":{"@type":"MerchantReturnPolicy","merchantReturnLink":"https:\/\/artistics.com\/free-return-policy\/"}}]}},"_links":{"self":[{"href":"https:\/\/artistics.com\/fr\/wp-json\/wp\/v2\/artist\/37939","targetHints":{"allow":["GET"]}}],"collection":[{"href":"https:\/\/artistics.com\/fr\/wp-json\/wp\/v2\/artist"}],"about":[{"href":"https:\/\/artistics.com\/fr\/wp-json\/wp\/v2\/types\/artist"}],"version-history":[{"count":20,"href":"https:\/\/artistics.com\/fr\/wp-json\/wp\/v2\/artist\/37939\/revisions"}],"predecessor-version":[{"id":77658,"href":"https:\/\/artistics.com\/fr\/wp-json\/wp\/v2\/artist\/37939\/revisions\/77658"}],"acf:post":[{"embeddable":true,"href":"https:\/\/artistics.com\/fr\/wp-json\/wp\/v2\/product\/38477"},{"embeddable":true,"href":"https:\/\/artistics.com\/fr\/wp-json\/wp\/v2\/product\/38380"}],"acf:term":[{"embeddable":true,"taxonomy":"series","href":"https:\/\/artistics.com\/fr\/wp-json\/wp\/v2\/series\/2147"},{"embeddable":true,"taxonomy":"artist-type","href":"https:\/\/artistics.com\/fr\/wp-json\/wp\/v2\/artist-type\/307"}],"wp:featuredmedia":[{"embeddable":true,"href":"https:\/\/artistics.com\/fr\/wp-json\/wp\/v2\/media\/37930"}],"wp:attachment":[{"href":"https:\/\/artistics.com\/fr\/wp-json\/wp\/v2\/media?parent=37939"}],"wp:term":[{"taxonomy":"artist-type","embeddable":true,"href":"https:\/\/artistics.com\/fr\/wp-json\/wp\/v2\/artist-type?post=37939"}],"curies":[{"name":"wp","href":"https:\/\/api.w.org\/{rel}","templated":true}]}}