{"id":2785,"date":"2017-06-26T15:33:24","date_gmt":"2017-06-26T13:33:24","guid":{"rendered":"https:\/\/2022.devartistics.com\/artist\/xavier-dumoulin\/"},"modified":"2025-08-24T22:53:06","modified_gmt":"2025-08-24T20:53:06","slug":"xavier-dumoulin","status":"publish","type":"artist","link":"https:\/\/artistics.com\/fr\/artiste\/xavier-dumoulin\/","title":{"rendered":"Xavier Dumoulin"},"featured_media":31347,"template":"","artist-type":[305,2385,307],"class_list":["post-2785","artist","type-artist","status-publish","has-post-thumbnail","hentry","artist-type-artistes-contemporains","artist-type-artistes-contemporains-francais","artist-type-photographes-contemporains"],"acf":{"artist_first_name":"Xavier","artist_last_name":"Dumoulin","artist_nickname":"","artist_prefix":"Mr","artist_gender":"Man","artist_main_type":307,"artist_types":[305,307,2385],"artist_parent_series":1158,"artist_parent_series_info":"Xavier Dumoulin (xavier-dumoulin)","artist_nationality":["FR"],"artist_square_profile_picture":31350,"artist_address":{"address_1":"18 rue du moh\u00e9dan","address_2":"","city":"Pau","zip_code":"64000","country_of_residence":"FR"},"artist_contact_info":{"phone":"0684685856","email":"dumoulinxavier@gmail.com"},"artist_about":{"":null,"date_of_birth":"19741203","date_of_death":null,"description":"<blockquote>\u00ab Mon travail est avant tout un moyen d\u2019expression, un message pour inciter \u00e0 une prise de conscience des urgences de notre \u00e9poque. \u00bb<\/blockquote>\r\nXavier Dumoulin est un photographe contemporain fran\u00e7ais install\u00e9 \u00e0 Pau (Pyr\u00e9n\u00e9es-Atlantiques). Son travail photographique s\u2019int\u00e9resse \u00e0 des probl\u00e9matiques environnementales tr\u00e8s actuelles et r\u00e9v\u00e8le, avec pourtant beaucoup de po\u00e9sie, une croissante dichotomie entre l\u2019homme et son environnement. Pollution lumineuse, mondialisation, changements climatiques, les photographies de Xavier Dumoulin illustrent parfaitement l\u2019Anthropoc\u00e8ne, cette \u00e8re nouvelle o\u00f9 l\u2019activit\u00e9 humaine impacte plus significativement que jamais l\u2019\u00e9cosyst\u00e8me terrestre. La pr\u00e9sence de l\u2019homme devenue encombrante et m\u00eame parasitaire, la nature s\u2019en trouve incontestablement transform\u00e9e. C\u2019est ce que nous rappelle Xavier Dumoulin. Au-del\u00e0 d\u2019un constat tragique, ses photographies nous invitent \u00e0 ne pas oublier et d\u00e9consid\u00e9rer le monde qui nous entoure et ce qu\u2019il a encore \u00e0 nous offrir\u00a0: des nuits \u00e9toil\u00e9es par exemple, ou des paysages, bien que transform\u00e9s, toujours sublimes.\r\n\r\nDepuis 2011, Xavier Dumoulin a produit trois s\u00e9ries photographiques\u00a0: \u00ab\u00a0Limites\u00a0\u00bb, Incandescences\u00a0\u00bb et \u00ab\u00a0Passager de la nuit\u00a0\u00bb. Son travail est r\u00e9guli\u00e8rement expos\u00e9 en galerie \u00e0 Paris. Xavier Dumoulin a \u00e9galement remport\u00e9 plusieurs prix de photographie\u00a0: finaliste Bourse du talent en 2016 pour sa s\u00e9rie \u00ab\u00a0Limites\u00a0\u00bb, prix du jury Hiiibrand Photography (Chine) en 2013, prix Fubiz et laur\u00e9at Photocollection en 2012, prim\u00e9 au concours \u00ab Urban photo \u00bb de la mairie de Paris en 2011.","biography":"<p>Xavier Dumoulin est un photographe contemporain fran\u00e7ais install\u00e9 \u00e0 Pau (Pyr\u00e9n\u00e9es-Atlantiques). Son travail photographique s\u2019int\u00e9resse \u00e0 des probl\u00e9matiques environnementales tr\u00e8s actuelles et r\u00e9v\u00e8le, avec pourtant beaucoup de po\u00e9sie, une croissante dichotomie entre l\u2019homme et son environnement.<\/p><p>Pollution lumineuse, mondialisation, changements climatiques, les photographies de Xavier Dumoulin illustrent parfaitement l\u2019Anthropoc\u00e8ne, cette \u00e8re nouvelle o\u00f9 l\u2019activit\u00e9 humaine impacte plus significativement que jamais l\u2019\u00e9cosyst\u00e8me terrestre. La pr\u00e9sence de l\u2019homme devenue encombrante et m\u00eame parasitaire, la nature s\u2019en trouve incontestablement transform\u00e9e. C\u2019est ce que nous rappelle Xavier Dumoulin. Au-del\u00e0 d\u2019un constat tragique, ses photographies nous invitent \u00e0 ne pas oublier et d\u00e9consid\u00e9rer le monde qui nous entoure et ce qu\u2019il a encore \u00e0 nous offrir\u00a0: des nuits \u00e9toil\u00e9es par exemple, ou des paysages, bien que transform\u00e9s, toujours sublimes.<\/p><p>Depuis 2011, Xavier Dumoulin a produit trois s\u00e9ries photographiques\u00a0: \u00ab\u00a0Limites\u00a0\u00bb, Incandescences\u00a0\u00bb et \u00ab\u00a0Passager de la nuit\u00a0\u00bb. Son travail est r\u00e9guli\u00e8rement expos\u00e9 en galerie \u00e0 Paris. Xavier Dumoulin a \u00e9galement remport\u00e9 plusieurs prix de photographie\u00a0: finaliste Bourse du talent en 2016 pour sa s\u00e9rie \u00ab\u00a0Limites\u00a0\u00bb, prix du jury Hiiibrand Photography (Chine) en 2013, prix Fubiz et laur\u00e9at Photocollection en 2012, prim\u00e9 au concours \u00ab Urban photo \u00bb de la mairie de Paris en 2011.\u00a0<\/p>","education":"","exhibitions":"<ul>\r\n \t<li>2022 - Tropique des Pyr\u00e9n\u00e9es au Bel Ordinaire, Pau (France)<\/li>\r\n \t<li>2022 - Acad\u00e9mie du Climat, Paris 4 (France)<\/li>\r\n \t<li>2014 - Galerie Wanted, Paris (France)<\/li>\r\n \t<li>2013 - Galerie Thierry Marlat, Paris (France)<\/li>\r\n \t<li>2012 \/ 2013 - Orangerie du Thabor, Festival \"l'image publique\", Rennes (France)<\/li>\r\n \t<li>2012 - Palais des Arts de Marseille (France)<\/li>\r\n \t<li>2012 - Galerie du centre Iris, Paris (France)<\/li>\r\n<\/ul>","personal_exhibitions":"<ul>\r\n \t<li class=\"ai-optimize-6\">2022 - Paris Photo, exposition personnelle, Prix du public Dahinden, Grand Palais \u00e9ph\u00e9m\u00e8re, Paris (France)<\/li>\r\n<\/ul>","collective_exhibitions":"<ul>\r\n \t<li class=\"ai-optimize-6\"><em data-start=\"195\" data-end=\"230\">2025 \u2013 M\u00e9andre (la rivi\u00e8re monde)<\/em>, exposition collective, Galerie d\u2019Art Contemporain de Mourenx (Mourenx, France)<\/li>\r\n \t<li class=\"ai-optimize-6\"><em data-start=\"313\" data-end=\"338\">2019 \u2013 Work in Progress<\/em>, exposition collective, Galerie S\u00e9gol\u00e8ne Brossette (Paris, France)<\/li>\r\n \t<li class=\"ai-optimize-6\"><em data-start=\"408\" data-end=\"426\">2018 \u2013 Fotofever<\/em>, exposition collective, Galerie Artistics (Paris, France)<\/li>\r\n \t<li class=\"ai-optimize-6\"><em data-start=\"487\" data-end=\"505\">2018 \u2013 Voies-off<\/em>, exposition collective organis\u00e9e par Galerie S\u00e9gol\u00e8ne Brossette (Arles, France)<\/li>\r\n \t<li class=\"ai-optimize-6\"><em data-start=\"588\" data-end=\"606\">2017 \u2013 Fotofever<\/em>, exposition collective, Galerie S\u00e9gol\u00e8ne Brossette (Paris, France)<\/li>\r\n \t<li class=\"ai-optimize-6\"><em data-start=\"676\" data-end=\"702\">2015 \u2013 Parcours dix-huit<\/em>, exposition collective, Galerie S\u00e9gol\u00e8ne Brossette (Paris, France)<\/li>\r\n \t<li class=\"ai-optimize-6\"><em data-start=\"772\" data-end=\"809\">2012 \u2013 Biennale de Conches-<\/em><em data-start=\"772\" data-end=\"809\">en-Ouche<\/em>, exposition collective, Maison des Arts (Conches-en-Ouche, France)<\/li>\r\n<\/ul>","collections":"","awards":"<ul>\r\n \t<li>2022 - Prix du public pour la s\u00e9rie \"INCANDESCENCES\" lors du prix photo Dahinden de l'Acad\u00e9mie du Climat \u00e0 Paris.<\/li>\r\n \t<li>2022 - Laur\u00e9at de l'\u00e9dition 2022 du prix Dahinden de l'Acad\u00e9mie du Climat \u00e0 Paris.<\/li>\r\n \t<li>2016 - Finaliste Bourse du talent 2016 dans la cat\u00e9gorie \"paysages\" pour la s\u00e9rie \"Limites\".<\/li>\r\n \t<li>2013 - Prix du jury et best of the best Hiiibrand photography en Chine.<\/li>\r\n \t<li>2012 - S\u00e9lectionn\u00e9 pour l'exposition \"Photocollection\" \u00e0 Paris.<\/li>\r\n \t<li>2012 - Prix \"Fubiz\" pour le concours \"Myprovence festival\" (Bouches-du-Rh\u00f4nes).<\/li>\r\n \t<li>2011 - Laur\u00e9at de la biennale photographique de Conches en Ouche (Normandie).<\/li>\r\n \t<li>2011 - Prim\u00e9 au concours \"Urban photo\" organis\u00e9 par la mairie de Paris.<\/li>\r\n<\/ul>","commissions":"","publications":""},"artist_video":{"url":"https:\/\/youtube.com\/watch?v=1X5doC83nKM","poster_image":30468},"artist_taxes":{"vat_liability":false,"vat_applicable_rate":5.5},"artist_featured_artworks_images":[{"image":25309},{"image":25116},{"image":""}],"artist_featured_artworks":[28263,28245],"artist_diaporama":[{"image":31627,"image_caption":"Paris Photo, Prix du public Dahinden pour la s\u00e9rie \"INCANDESCENCES\", Grand Palais Eph\u00e9m\u00e8re, Paris (France), 2022"},{"image":31629,"image_caption":"Paris Photo, Prix du public Dahinden pour la s\u00e9rie \"INCANDESCENCES\", Grand Palais Eph\u00e9m\u00e8re, Paris (France), 2022"},{"image":31625,"image_caption":"Paris Photo, Prix du public Dahinden pour la s\u00e9rie \"INCANDESCENCES\", Grand Palais Eph\u00e9m\u00e8re, Paris (France), 2022"}],"artist_query_group":"20","drupal_id":"19965"},"yoast_head":"<!-- This site is optimized with the Yoast SEO Premium plugin v27.3 (Yoast SEO v27.3) - https:\/\/yoast.com\/product\/yoast-seo-premium-wordpress\/ -->\n<title>Xavier Dumoulin \u2013 Photographie de paysages | Artistics<\/title>\n<meta name=\"description\" content=\"D\u00e9couvrez les photos d&#039;art de Xavier Dumoulin anim\u00e9 par des pr\u00e9occupations \u00e9cologiques et environnementales. Achetez en ligne un tirage num\u00e9rot\u00e9 et sign\u00e9.\" \/>\n<meta name=\"robots\" content=\"index, follow, max-snippet:-1, max-image-preview:large, max-video-preview:-1\" \/>\n<link rel=\"canonical\" href=\"https:\/\/artistics.com\/fr\/artiste\/xavier-dumoulin\/\" \/>\n<meta property=\"og:locale\" content=\"fr_FR\" \/>\n<meta property=\"og:type\" content=\"article\" \/>\n<meta property=\"og:title\" content=\"Xavier Dumoulin\" \/>\n<meta property=\"og:description\" content=\"D\u00e9couvrez les photos d&#039;art de Xavier Dumoulin anim\u00e9 par des pr\u00e9occupations \u00e9cologiques et environnementales. Achetez en ligne un tirage num\u00e9rot\u00e9 et sign\u00e9.\" \/>\n<meta property=\"og:url\" content=\"https:\/\/artistics.com\/fr\/artiste\/xavier-dumoulin\/\" \/>\n<meta property=\"og:site_name\" content=\"Artistics\" \/>\n<meta property=\"article:publisher\" content=\"https:\/\/www.facebook.com\/ArtisticsMag\" \/>\n<meta property=\"article:modified_time\" content=\"2025-08-24T20:53:06+00:00\" \/>\n<meta property=\"og:image\" content=\"https:\/\/artistics.com\/wp-content\/uploads\/2023\/04\/featured-image-xavier-dumoulin-photograph-2.jpg\" \/>\n\t<meta property=\"og:image:width\" content=\"2560\" \/>\n\t<meta property=\"og:image:height\" content=\"1920\" \/>\n\t<meta property=\"og:image:type\" content=\"image\/jpeg\" \/>\n<meta name=\"twitter:card\" content=\"summary_large_image\" \/>\n<meta name=\"twitter:site\" content=\"@Artistics_FR\" \/>\n<meta name=\"twitter:label1\" content=\"Dur\u00e9e de lecture estim\u00e9e\" \/>\n\t<meta name=\"twitter:data1\" content=\"5 minutes\" \/>\n<script type=\"application\/ld+json\" class=\"yoast-schema-graph\">{\"@context\":\"https:\\\/\\\/schema.org\",\"@graph\":[{\"@type\":[\"WebPage\",\"ProfilePage\"],\"@id\":\"https:\\\/\\\/artistics.com\\\/fr\\\/artiste\\\/xavier-dumoulin\\\/\",\"url\":\"https:\\\/\\\/artistics.com\\\/fr\\\/artiste\\\/xavier-dumoulin\\\/\",\"name\":\"Xavier Dumoulin \u2013 Photographie de paysages | Artistics\",\"isPartOf\":{\"@id\":\"https:\\\/\\\/artistics.com\\\/fr\\\/#website\"},\"primaryImageOfPage\":{\"@id\":\"https:\\\/\\\/artistics.com\\\/fr\\\/artiste\\\/xavier-dumoulin\\\/#primaryimage\"},\"image\":{\"@id\":\"https:\\\/\\\/artistics.com\\\/fr\\\/artiste\\\/xavier-dumoulin\\\/#primaryimage\"},\"thumbnailUrl\":\"https:\\\/\\\/artistics.com\\\/wp-content\\\/uploads\\\/2023\\\/04\\\/featured-image-xavier-dumoulin-photograph-2.jpg\",\"datePublished\":\"2017-06-26T13:33:24+00:00\",\"dateModified\":\"2025-08-24T20:53:06+00:00\",\"description\":\"D\u00e9couvrez les photos d'art de Xavier Dumoulin anim\u00e9 par des pr\u00e9occupations \u00e9cologiques et environnementales. Achetez en ligne un tirage num\u00e9rot\u00e9 et sign\u00e9.\",\"breadcrumb\":{\"@id\":\"https:\\\/\\\/artistics.com\\\/fr\\\/artiste\\\/xavier-dumoulin\\\/#breadcrumb\"},\"inLanguage\":\"fr-FR\",\"potentialAction\":[{\"@type\":\"ReadAction\",\"target\":[\"https:\\\/\\\/artistics.com\\\/fr\\\/artiste\\\/xavier-dumoulin\\\/\"]}]},{\"@type\":\"ImageObject\",\"inLanguage\":\"fr-FR\",\"@id\":\"https:\\\/\\\/artistics.com\\\/fr\\\/artiste\\\/xavier-dumoulin\\\/#primaryimage\",\"url\":\"https:\\\/\\\/artistics.com\\\/wp-content\\\/uploads\\\/2023\\\/04\\\/featured-image-xavier-dumoulin-photograph-2.jpg\",\"contentUrl\":\"https:\\\/\\\/artistics.com\\\/wp-content\\\/uploads\\\/2023\\\/04\\\/featured-image-xavier-dumoulin-photograph-2.jpg\",\"width\":2560,\"height\":1920},{\"@type\":\"BreadcrumbList\",\"@id\":\"https:\\\/\\\/artistics.com\\\/fr\\\/artiste\\\/xavier-dumoulin\\\/#breadcrumb\",\"itemListElement\":[{\"@type\":\"ListItem\",\"position\":1,\"name\":\"Achat \u0153uvre d'art\",\"item\":\"https:\\\/\\\/artistics.com\\\/fr\\\/\"},{\"@type\":\"ListItem\",\"position\":2,\"name\":\"Artistes contemporains\",\"item\":\"https:\\\/\\\/artistics.com\\\/fr\\\/type-artiste\\\/artistes-contemporains\\\/\"},{\"@type\":\"ListItem\",\"position\":3,\"name\":\"Photographes contemporains\",\"item\":\"https:\\\/\\\/artistics.com\\\/fr\\\/type-artiste\\\/photographes-contemporains\\\/\"},{\"@type\":\"ListItem\",\"position\":4,\"name\":\"Xavier Dumoulin\"}]},{\"@type\":\"WebSite\",\"@id\":\"https:\\\/\\\/artistics.com\\\/fr\\\/#website\",\"url\":\"https:\\\/\\\/artistics.com\\\/fr\\\/\",\"name\":\"Artistics\",\"description\":\"The online art gallery\",\"publisher\":{\"@id\":\"https:\\\/\\\/artistics.com\\\/fr\\\/#organization\"},\"potentialAction\":[{\"@type\":\"SearchAction\",\"target\":{\"@type\":\"EntryPoint\",\"urlTemplate\":\"https:\\\/\\\/artistics.com\\\/fr\\\/?s={search_term_string}\"},\"query-input\":{\"@type\":\"PropertyValueSpecification\",\"valueRequired\":true,\"valueName\":\"search_term_string\"}}],\"inLanguage\":\"fr-FR\"},{\"@type\":\"Organization\",\"@id\":\"https:\\\/\\\/artistics.com\\\/fr\\\/#organization\",\"name\":\"Artistics\",\"url\":\"https:\\\/\\\/artistics.com\\\/fr\\\/\",\"logo\":{\"@type\":\"ImageObject\",\"inLanguage\":\"fr-FR\",\"@id\":\"https:\\\/\\\/artistics.com\\\/fr\\\/#\\\/schema\\\/logo\\\/image\\\/\",\"url\":\"https:\\\/\\\/artistics.com\\\/wp-content\\\/uploads\\\/2023\\\/02\\\/artistics-logo-web-1.svg\",\"contentUrl\":\"https:\\\/\\\/artistics.com\\\/wp-content\\\/uploads\\\/2023\\\/02\\\/artistics-logo-web-1.svg\",\"caption\":\"Artistics\"},\"image\":{\"@id\":\"https:\\\/\\\/artistics.com\\\/fr\\\/#\\\/schema\\\/logo\\\/image\\\/\"},\"sameAs\":[\"https:\\\/\\\/www.facebook.com\\\/ArtisticsMag\",\"https:\\\/\\\/x.com\\\/Artistics_FR\",\"http:\\\/\\\/www.linkedin.com\\\/company\\\/artistics\",\"https:\\\/\\\/www.instagram.com\\\/artistics_com\\\/\",\"http:\\\/\\\/www.pinterest.com\\\/ArtisticsMag\"],\"mainEntityOfPage\":{\"@id\":\"https:\\\/\\\/artistics.com\\\/fr\\\/artiste\\\/xavier-dumoulin\\\/\"},\"hasMerchantReturnPolicy\":{\"@type\":\"MerchantReturnPolicy\",\"merchantReturnLink\":\"https:\\\/\\\/artistics.com\\\/free-return-policy\\\/\"}}]}<\/script>\n<!-- \/ Yoast SEO Premium plugin. -->","yoast_head_json":{"title":"Xavier Dumoulin \u2013 Photographie de paysages | Artistics","description":"D\u00e9couvrez les photos d'art de Xavier Dumoulin anim\u00e9 par des pr\u00e9occupations \u00e9cologiques et environnementales. Achetez en ligne un tirage num\u00e9rot\u00e9 et sign\u00e9.","robots":{"index":"index","follow":"follow","max-snippet":"max-snippet:-1","max-image-preview":"max-image-preview:large","max-video-preview":"max-video-preview:-1"},"canonical":"https:\/\/artistics.com\/fr\/artiste\/xavier-dumoulin\/","og_locale":"fr_FR","og_type":"article","og_title":"Xavier Dumoulin","og_description":"D\u00e9couvrez les photos d'art de Xavier Dumoulin anim\u00e9 par des pr\u00e9occupations \u00e9cologiques et environnementales. Achetez en ligne un tirage num\u00e9rot\u00e9 et sign\u00e9.","og_url":"https:\/\/artistics.com\/fr\/artiste\/xavier-dumoulin\/","og_site_name":"Artistics","article_publisher":"https:\/\/www.facebook.com\/ArtisticsMag","article_modified_time":"2025-08-24T20:53:06+00:00","og_image":[{"width":2560,"height":1920,"url":"https:\/\/artistics.com\/wp-content\/uploads\/2023\/04\/featured-image-xavier-dumoulin-photograph-2.jpg","type":"image\/jpeg"}],"twitter_card":"summary_large_image","twitter_site":"@Artistics_FR","twitter_misc":{"Dur\u00e9e de lecture estim\u00e9e":"5 minutes"},"schema":{"@context":"https:\/\/schema.org","@graph":[{"@type":["WebPage","ProfilePage"],"@id":"https:\/\/artistics.com\/fr\/artiste\/xavier-dumoulin\/","url":"https:\/\/artistics.com\/fr\/artiste\/xavier-dumoulin\/","name":"Xavier Dumoulin \u2013 Photographie de paysages | Artistics","isPartOf":{"@id":"https:\/\/artistics.com\/fr\/#website"},"primaryImageOfPage":{"@id":"https:\/\/artistics.com\/fr\/artiste\/xavier-dumoulin\/#primaryimage"},"image":{"@id":"https:\/\/artistics.com\/fr\/artiste\/xavier-dumoulin\/#primaryimage"},"thumbnailUrl":"https:\/\/artistics.com\/wp-content\/uploads\/2023\/04\/featured-image-xavier-dumoulin-photograph-2.jpg","datePublished":"2017-06-26T13:33:24+00:00","dateModified":"2025-08-24T20:53:06+00:00","description":"D\u00e9couvrez les photos d'art de Xavier Dumoulin anim\u00e9 par des pr\u00e9occupations \u00e9cologiques et environnementales. Achetez en ligne un tirage num\u00e9rot\u00e9 et sign\u00e9.","breadcrumb":{"@id":"https:\/\/artistics.com\/fr\/artiste\/xavier-dumoulin\/#breadcrumb"},"inLanguage":"fr-FR","potentialAction":[{"@type":"ReadAction","target":["https:\/\/artistics.com\/fr\/artiste\/xavier-dumoulin\/"]}]},{"@type":"ImageObject","inLanguage":"fr-FR","@id":"https:\/\/artistics.com\/fr\/artiste\/xavier-dumoulin\/#primaryimage","url":"https:\/\/artistics.com\/wp-content\/uploads\/2023\/04\/featured-image-xavier-dumoulin-photograph-2.jpg","contentUrl":"https:\/\/artistics.com\/wp-content\/uploads\/2023\/04\/featured-image-xavier-dumoulin-photograph-2.jpg","width":2560,"height":1920},{"@type":"BreadcrumbList","@id":"https:\/\/artistics.com\/fr\/artiste\/xavier-dumoulin\/#breadcrumb","itemListElement":[{"@type":"ListItem","position":1,"name":"Achat \u0153uvre d'art","item":"https:\/\/artistics.com\/fr\/"},{"@type":"ListItem","position":2,"name":"Artistes contemporains","item":"https:\/\/artistics.com\/fr\/type-artiste\/artistes-contemporains\/"},{"@type":"ListItem","position":3,"name":"Photographes contemporains","item":"https:\/\/artistics.com\/fr\/type-artiste\/photographes-contemporains\/"},{"@type":"ListItem","position":4,"name":"Xavier Dumoulin"}]},{"@type":"WebSite","@id":"https:\/\/artistics.com\/fr\/#website","url":"https:\/\/artistics.com\/fr\/","name":"Artistics","description":"The online art gallery","publisher":{"@id":"https:\/\/artistics.com\/fr\/#organization"},"potentialAction":[{"@type":"SearchAction","target":{"@type":"EntryPoint","urlTemplate":"https:\/\/artistics.com\/fr\/?s={search_term_string}"},"query-input":{"@type":"PropertyValueSpecification","valueRequired":true,"valueName":"search_term_string"}}],"inLanguage":"fr-FR"},{"@type":"Organization","@id":"https:\/\/artistics.com\/fr\/#organization","name":"Artistics","url":"https:\/\/artistics.com\/fr\/","logo":{"@type":"ImageObject","inLanguage":"fr-FR","@id":"https:\/\/artistics.com\/fr\/#\/schema\/logo\/image\/","url":"https:\/\/artistics.com\/wp-content\/uploads\/2023\/02\/artistics-logo-web-1.svg","contentUrl":"https:\/\/artistics.com\/wp-content\/uploads\/2023\/02\/artistics-logo-web-1.svg","caption":"Artistics"},"image":{"@id":"https:\/\/artistics.com\/fr\/#\/schema\/logo\/image\/"},"sameAs":["https:\/\/www.facebook.com\/ArtisticsMag","https:\/\/x.com\/Artistics_FR","http:\/\/www.linkedin.com\/company\/artistics","https:\/\/www.instagram.com\/artistics_com\/","http:\/\/www.pinterest.com\/ArtisticsMag"],"mainEntityOfPage":{"@id":"https:\/\/artistics.com\/fr\/artiste\/xavier-dumoulin\/"},"hasMerchantReturnPolicy":{"@type":"MerchantReturnPolicy","merchantReturnLink":"https:\/\/artistics.com\/free-return-policy\/"}}]}},"_links":{"self":[{"href":"https:\/\/artistics.com\/fr\/wp-json\/wp\/v2\/artist\/2785","targetHints":{"allow":["GET"]}}],"collection":[{"href":"https:\/\/artistics.com\/fr\/wp-json\/wp\/v2\/artist"}],"about":[{"href":"https:\/\/artistics.com\/fr\/wp-json\/wp\/v2\/types\/artist"}],"version-history":[{"count":37,"href":"https:\/\/artistics.com\/fr\/wp-json\/wp\/v2\/artist\/2785\/revisions"}],"predecessor-version":[{"id":87863,"href":"https:\/\/artistics.com\/fr\/wp-json\/wp\/v2\/artist\/2785\/revisions\/87863"}],"acf:post":[{"embeddable":true,"href":"https:\/\/artistics.com\/fr\/wp-json\/wp\/v2\/product\/28245"},{"embeddable":true,"href":"https:\/\/artistics.com\/fr\/wp-json\/wp\/v2\/product\/28263"}],"acf:term":[{"embeddable":true,"taxonomy":"series","href":"https:\/\/artistics.com\/fr\/wp-json\/wp\/v2\/series\/1158"},{"embeddable":true,"taxonomy":"artist-type","href":"https:\/\/artistics.com\/fr\/wp-json\/wp\/v2\/artist-type\/2385"},{"embeddable":true,"taxonomy":"artist-type","href":"https:\/\/artistics.com\/fr\/wp-json\/wp\/v2\/artist-type\/305"},{"embeddable":true,"taxonomy":"artist-type","href":"https:\/\/artistics.com\/fr\/wp-json\/wp\/v2\/artist-type\/307"}],"wp:featuredmedia":[{"embeddable":true,"href":"https:\/\/artistics.com\/fr\/wp-json\/wp\/v2\/media\/31347"}],"wp:attachment":[{"href":"https:\/\/artistics.com\/fr\/wp-json\/wp\/v2\/media?parent=2785"}],"wp:term":[{"taxonomy":"artist-type","embeddable":true,"href":"https:\/\/artistics.com\/fr\/wp-json\/wp\/v2\/artist-type?post=2785"}],"curies":[{"name":"wp","href":"https:\/\/api.w.org\/{rel}","templated":true}]}}