{"id":2783,"date":"2017-02-27T16:01:32","date_gmt":"2017-02-27T15:01:32","guid":{"rendered":"https:\/\/2022.devartistics.com\/artist\/joachim-van-der-vlugt\/"},"modified":"2026-04-27T16:40:46","modified_gmt":"2026-04-27T14:40:46","slug":"joachim-van-der-vlugt","status":"publish","type":"artist","link":"https:\/\/artistics.com\/fr\/artiste\/joachim-van-der-vlugt\/","title":{"rendered":"Joachim van der Vlugt"},"featured_media":30889,"template":"","artist-type":[305,306],"class_list":["post-2783","artist","type-artist","status-publish","has-post-thumbnail","hentry","artist-type-artistes-contemporains","artist-type-peintres-contemporains"],"acf":{"artist_first_name":"Joachim","artist_last_name":"van der Vlugt","artist_nickname":"","artist_prefix":"Mr","artist_gender":"Man","artist_main_type":306,"artist_types":[305,306],"artist_parent_series":1023,"artist_parent_series_info":"Joachim van der Vlugt (joachim-van-der-vlugt)","artist_nationality":["NL"],"artist_square_profile_picture":30376,"artist_address":{"address_1":"43, rue de Waltzing","address_2":"","city":"Eischen","zip_code":"8478","country_of_residence":"LU"},"artist_contact_info":{"phone":"00 35 26 21 25 55 57","email":"joachim.vandervlugt@gmail.com"},"artist_about":{"":null,"date_of_birth":"19700810","date_of_death":null,"description":"<blockquote>\u00ab\u202fPour moi, la peinture a beaucoup \u00e0 voir avec l'introspection et est une forme d'expression tr\u00e8s intime, mais elle n'est pas isol\u00e9e. Au contraire, l'art est la forme de communication la plus directe et la plus intense. \u00bb<\/blockquote>\r\nJoachim van der Vlugt, peintre n\u00e9erlandais install\u00e9 au Luxembourg, r\u00e9alise une peinture r\u00e9solument contemporaine, tout en s\u2019inspirant des ma\u00eetres hollandais classiques. Il revisite et m\u00eale les deux registres traditionnels du paysage et du portrait.\r\n\r\nForm\u00e9 \u00e0 l\u2019Acad\u00e9mie des Beaux-Arts de Maastricht, Joachim van der Vlugt, apr\u00e8s s\u2019\u00eatre essay\u00e9 au stylisme, se tourne enti\u00e8rement et d\u00e9finitivement vers la peinture. Amoureux des grands ma\u00eetres de la peinture flamande, il assume pleinement son influence. A l\u2019aide d\u2019une palette de couleurs volontairement r\u00e9duite et sombre, du noir et du blanc, du brun, du beige et du bleu, Joachim van der Vlugt ne cesse de superposer les couches de peinture, ce qui lui permet de travailler la lumi\u00e8re, ses nuances et son intensit\u00e9, et de laisser des images et des figures vaporeuses \u00e9merger d\u00e9licatement. Sans s\u2019arr\u00eater l\u00e0, il continue de composer ses tableaux en multipliant les couches, en accentuant certaines aires mais aussi en int\u00e9grant des formes g\u00e9om\u00e9triques ou des coulures presque transparentes venant parfaire la composition de ses tableaux jusqu\u2019\u00e0 obtenir, comme il aime \u00e0 l\u2019appeler, un chaos orchestr\u00e9.\r\n\r\nCette peinture cultiv\u00e9e, aux r\u00e9f\u00e9rences multiples, poss\u00e8de une dimension spirituelle et quasi-\u00e9sot\u00e9rique. L\u2019artiste se pla\u00eet \u00e0 introduire des images cach\u00e9es et quasi invisibles dans les sous-couches de ses tableaux. C\u2019est donc une \u0153uvre qui se d\u00e9couvre au fur et \u00e0 mesure, devant laquelle le spectateur renouvelle son regard en permanence.\r\n\r\nJoachim van der Vlugt expose son travail depuis une vingtaine d\u2019ann\u00e9es principalement en Europe, par le biais de galeries luxembourgeoises, n\u00e9erlandaises et allemandes, ainsi qu\u2019\u00e0 l\u2019occasion de diff\u00e9rentes foires d\u2019art contemporain.\r\n\r\n&nbsp;","biography":"<p ><strong>Joachim van der Vlugt<\/strong>, peintre n\u00e9erlandais install\u00e9 au Luxembourg, r\u00e9alise une peinture r\u00e9solument contemporaine, tout en s\u2019inspirant des ma\u00eetres hollandais classiques. Il revisite et m\u00eale les deux registres traditionnels du paysage et du portrait.<\/p><p >Form\u00e9 \u00e0 l\u2019Acad\u00e9mie des Beaux-Arts de Maastricht, Joachim van der Vlugt, apr\u00e8s s\u2019\u00eatre essay\u00e9 au stylisme, se tourne enti\u00e8rement et d\u00e9finitivement vers la peinture. Amoureux des grands ma\u00eetres de la peinture flamande, il assume pleinement son influence. A l\u2019aide d\u2019une palette de couleurs volontairement r\u00e9duite et sombre, du noir et du blanc, du brun, du beige et du bleu, Joachim van der Vlugt ne cesse de superposer les couches de peinture, ce qui lui permet de travailler la lumi\u00e8re, ses nuances et son intensit\u00e9, et de laisser des images et des figures vaporeuses \u00e9merger d\u00e9licatement. Sans s\u2019arr\u00eater l\u00e0, il continue de composer ses tableaux en multipliant les couches, en accentuant certaines aires mais aussi en int\u00e9grant des formes g\u00e9om\u00e9triques ou des coulures presque transparentes venant parfaire la composition de ses tableaux jusqu\u2019\u00e0 obtenir, comme il aime \u00e0 l\u2019appeler, un chaos orchestr\u00e9.<\/p><p >Cette peinture cultiv\u00e9e, aux r\u00e9f\u00e9rences multiples, poss\u00e8de une dimension spirituelle et quasi-\u00e9sot\u00e9rique. L\u2019artiste se pla\u00eet \u00e0 introduire des images cach\u00e9es et quasi invisibles dans les sous-couches de ses tableaux. C\u2019est donc une \u0153uvre qui se d\u00e9couvre au fur et \u00e0 mesure, devant laquelle le spectateur renouvelle son regard en permanence.<\/p><p >Joachim van der Vlugt expose son travail depuis une vingtaine d\u2019ann\u00e9es principalement en Europe, par le biais de galeries luxembourgeoises, n\u00e9erlandaises et allemandes, ainsi qu\u2019\u00e0 l\u2019occasion de diff\u00e9rentes foires d\u2019art contemporain.<\/p><p >\u00a0<\/p><p >\u00a0<\/p>","education":"<ul><li>2001 : Membre fondateur du groupe artistique \"Sixthfloor\", Koerich, Luxembourg<\/li><li>1988-1993 : Acad\u00e9mie des Beaux-Arts, Maastricht, Pays-bas<\/li><li>1993 : Artiste peintre au Luxembourg<\/li><\/ul>","exhibitions":"","personal_exhibitions":"<ul>\r\n \t<li>2026 : <em>\"Von Wellen Und Teilchen\"<\/em>, galerie Sch\u00ebfflenger Konschthaus (Luxembourg)<\/li>\r\n \t<li>2024 : Fellner contemporary, (Luxembourg)<\/li>\r\n \t<li>2022 : \"<em>Les Balcons du Ciel\"<\/em>, House Seventeen, (Luxembourg)<\/li>\r\n \t<li>2019 : Galerie Anette Mueller, D\u00fcsseldorf, (Allemagne)<\/li>\r\n \t<li>2018 : Galerie Cyril Guernieri, Salon d'art contemporain par YIA INTERNATIONAL ART FAIR, Le Carreau du Temple, Paris, (France)<\/li>\r\n \t<li>2018 : H2O, Differdange, (Luxembourg)<\/li>\r\n \t<li>2018 : Galerie Cyril Guernieri, Paris, (France)<\/li>\r\n \t<li>2018 : Exposition House 17, Luxembourg ville, (Luxembourg)<\/li>\r\n \t<li>2015 : \"<em>Eternal return\"<\/em>, Galerie Art Container 9, exposition, Echternach, (Luxembourg)<\/li>\r\n \t<li>2015 : Galerie 21 Artstreet, Kehlen, (Luxembourg)<\/li>\r\n \t<li>2015 : Caves Bentz, R\u00e9mich, (Luxembourg)<\/li>\r\n \t<li>2014 : Galerie Kjub, (Luxembourg)<\/li>\r\n \t<li>2014 : Galerie Closedart, Anvers, (Belgique)<\/li>\r\n \t<li>2014 : Galerie Espace Paragon, (Luxembourg)<\/li>\r\n \t<li>2014 : Galerie Op der Cap, Capellen, (Luxembourg)<\/li>\r\n \t<li>2013 : Galerie Kjub, exposition \"<em>Recall\"<\/em>, (Luxembourg)<\/li>\r\n \t<li>2010 : Galerie van Reizungen, Eindhoven, (Pays-bas)<\/li>\r\n \t<li>2010 : Galerie Clairefontaine, exposition \"<em>Fernweh\"<\/em>, (Luxembourg)<\/li>\r\n \t<li>2008 : Galerie Clairefontaine, exposition \"<em>Schlachtplan B\"<\/em>, (Luxembourg)<\/li>\r\n \t<li>2008 : Galerie Clairefontaine, exposition \"<em>Portraits\"<\/em>, (Luxembourg)<\/li>\r\n \t<li>2008 : Art Karlsruhe, exposition personnelle avec la Galerie Hubertus Melsheimer, Karlsruhe, (Allemagne)<\/li>\r\n \t<li>2006 : Bisch\u00f6fliches Dom und Di\u00f6zesan Museum, Tr\u00eaves, (Allemagne)<\/li>\r\n \t<li>2006 : Galerie Armand Gaasch, Dudelange, (Luxembourg)<\/li>\r\n \t<li>2005 : Galerie BC\/2, Bettembourg, (Luxembourg)<\/li>\r\n \t<li>2004 : Galerie BC\/2, Bettembourg, (Luxembourg)<\/li>\r\n \t<li>2003 : Galerie Espace Paragon, (Luxembourg)<\/li>\r\n \t<li>2003 : Centre culturel \"Jacques Brel\", Thionville, (France)<\/li>\r\n \t<li>2002 : Galerie beim Engel, (Luxembourg)<\/li>\r\n \t<li>1998 : Galerie Armand Gaasch, Dudelange, (Luxembourg)<\/li>\r\n \t<li>1997 : Galerie Armand Gaasch, Dudelange, (Luxembourg)<\/li>\r\n \t<li>1996 : Galerie Armand Gaasch, Dudelange, (Luxembourg)<\/li>\r\n<\/ul>","collective_exhibitions":"<ul>\r\n \t<li>2018 : Luxembourg Art Week, ateliers Sixthfloor, Limpertsberg, (Luxembourg)<\/li>\r\n \t<li>2018 : Salon d\u2019automne du Cercle Artistique de Luxembourg, Tramschapp, (Luxembourg)<\/li>\r\n \t<li>2018 : Galerie Ronald Feldmann, Art2Cure, New-York, (Etats-Unies d\u2019Am\u00e9rique)<\/li>\r\n \t<li>2018 : First Art fair, galerie Sille, a\u00e9roport d\u2019Amsterdam, (Pays-Bas)<\/li>\r\n \t<li>2017 : Exposition \"<em>Artlab Munich\"<\/em>, Galerie Benjamin Eck, Munich, (Allemagne)<\/li>\r\n \t<li>2017 : Salon d\u2019automne du Cercle artistique de Luxembourg, Tramschapp, (Luxembourg)<\/li>\r\n \t<li>2017 : Exposition \"<em>End of year\"<\/em>, ateliers Sixthfloor, Koerich, (Luxembourg)<\/li>\r\n \t<li>2017 : Luxembourg Art week, Sixthfloor, Limpertsberg, (Luxembourg)<\/li>\r\n \t<li>2017 : Affordable Art Fair Amsterdam, Amsterdam, (Pays-Bas)<\/li>\r\n \t<li>2017 : Galerie Sille, preview, Oudewater, Utrecht, (Pays-bas)<\/li>\r\n \t<li>2017 : Trustmoore, Luxembourg ville, (Luxembourg)<\/li>\r\n \t<li>2017 : Art2cure, exposition de groupe \u00e0 la Banque internationale de Luxembourg, Galerie de l\u2019ind\u00e9pendence, (Luxembourg)<\/li>\r\n \t<li>2017 : All about identity, Carr\u00e9rotondes, Cercle artistique de Luxembourg, (Luxembourg)<\/li>\r\n \t<li>2016 : Exposition \"<em>Luxembourg Artweek\"<\/em>, s\u00e9lection du Cercle artistique de Luxembourg, (Luxembourg)<\/li>\r\n \t<li>2016 : Exposition \"<em>End of year\"<\/em>, ateliers Sixthfloor, Koerich, (Luxembourg)<\/li>\r\n \t<li>2016 : Galerie de l\u2019ind\u00e9pendance, exposition \"<em>Art2cure\"<\/em> (exposition au profit de la recherche contre la maladie d\u2019Alzheimer), (Luxembourg)<\/li>\r\n \t<li>2015 : Exposition \"<em>End of year\"<\/em>, ateliers Sixthfloor, Koerich, (Luxembourg)<\/li>\r\n \t<li>2015 : Tuchfabrik, Tr\u00eaves, exposition annuelle du Trierer Kunstverein, (Allemagne)<\/li>\r\n \t<li>2015 : Kulturfabrik, Esch-sur-Alzette, Art2cure (exposition au profit de la recherche contre la maladie d\u2019Alzheimer)<\/li>\r\n \t<li>2015 : Galerie Art Container 9, Echternach, Luxembourg, exposition d\u2019inauguration de la galerie, (Luxembourg)<\/li>\r\n \t<li>2014 : Exposition \"<em>End of year\"<\/em>, ateliers Sixthfloor, Koerich, (Luxembourg)<\/li>\r\n \t<li>2014 : Two days Artfair, Kirchberg, (Luxembourg)<\/li>\r\n \t<li>2014 : Tuchfabrik, Tr\u00eaves, (Allemagne)<\/li>\r\n \t<li>2014 : Galerie beim Engel, (Luxembourg)<\/li>\r\n \t<li>2014 : Two days Artfair, Kirchberg, (Luxembourg)<\/li>\r\n \t<li>2013 : Exposition \"<em>End of year\"<\/em>, ateliers Sixthfloor, Koerich, (Luxembourg)<\/li>\r\n \t<li>2013 : Ateliers \"<em>Sixthfloor\"<\/em><\/li>\r\n \t<li>2013 : Centre culturel de T\u00e9tange, (Luxembourg)<\/li>\r\n \t<li>2012 : Galerie A Spiren, Strassen, (Luxembourg)<\/li>\r\n \t<li>2012 : Garage Muzzolini, Esch-sur-Alzette, (Luxembourg)<\/li>\r\n \t<li>2012 : Galerie Kjub, (Luxembourg)<\/li>\r\n \t<li>2011 : Exposition \"<em>Odyssey 2011\"<\/em>, Koerich, (Luxembourg)<\/li>\r\n \t<li>2010 : Salon d\u2019automne du cercle artistique de Luxembourg, Carr\u00e9 Rotondes, (Luxembourg)<\/li>\r\n \t<li>2010 : Casino 2000, Mondorf les Bains, (Luxembourg)<\/li>\r\n \t<li>2009 : Villa Goethe, (Luxembourg)<\/li>\r\n \t<li>2009 : Galerie Clairefontaine, (Luxembourg)<\/li>\r\n \t<li>2009 : Salon d\u2019automne du cercle artistique de Luxembourg, Carr\u00e9 Rotondes, (Luxembourg)<\/li>\r\n \t<li>2008 : Salon d\u2019automne du cercle artistique de Luxembourg, Carr\u00e9 Rotondes, (Luxembourg)<\/li>\r\n \t<li>2008 : Galerie Hubertus Melsheimer, Cologne, (Allemagne)<\/li>\r\n \t<li>2007 : Ateliers Sixthfloor, Koerich, (Luxembourg)<\/li>\r\n \t<li>2007 : Galerie A Spiren, Strassen, (Luxembourg)<\/li>\r\n \t<li>2006 : Salon d\u2019automne du cercle artistique de Luxembourg, Carr\u00e9 Rotondes, (Luxembourg)<\/li>\r\n \t<li>2004 : Salon d\u2019automne du cercle artistique de Luxembourg, (Luxembourg)<\/li>\r\n \t<li>2004 : Galerie Recto-verso, Rodange, (Luxembourg)<\/li>\r\n \t<li>2004 : Ateliers Sixthfloor, exposition \"<em>Petits formats\"<\/em>, Koerich, (Luxembourg)<\/li>\r\n \t<li>2003 : Salon d\u2019automne du cercle artistique de Luxembourg, (Luxembourg)<\/li>\r\n \t<li>2002 : Salon d\u2019automne du cercle artistique de Luxembourg, (Luxembourg)<\/li>\r\n \t<li>2002 : Art \u00e0 Beaufort, Beaufort, Luxembourg<\/li>\r\n \t<li>2002 : Art Metz, Metz, (France)<\/li>\r\n \t<li>2002 : Galerie 2000, (Luxembourg)<\/li>\r\n \t<li>2001 : Galerie Espace Paragon, (Luxembourg)<\/li>\r\n \t<li>2001 : Galerie a Spiren, Strassen, (Luxembourg)<\/li>\r\n \t<li>2001 : Limes, Reichstags Pr\u00e4sidentenpalais, Berlin, (Allemagne)<\/li>\r\n \t<li>2001 : Cercle artistique de Luxembourg, exposition \"<em>Petits formats\"<\/em>, galerie beim Engel, (Luxembourg)<\/li>\r\n \t<li>2001 : Biennale pour jeunes artistes, Esch sur Alzette, (Luxembourg)<\/li>\r\n \t<li>2000 : Concours Art Limes, Allemagne, Belgique, (Luxembourg)<\/li>\r\n \t<li>1999 : Th\u00e9\u00e2tre d\u2019Esch sur Alzette, (Luxembourg)<\/li>\r\n \t<li>1999 : Cercle artistique de Luxembourg, Villa Vauban, (Luxembourg)<\/li>\r\n \t<li>1999 : Tuchfabrik, Tr\u00eaves, (Allemagne)<\/li>\r\n \t<li>1999 : Cercle artistique de Luxembourg, Salon pour jeunes, Esch sur Alzette, (Luxembourg)<\/li>\r\n \t<li>1999 : Biennale pour jeunes artistes, Esch sur Alzette, (Luxembourg)<\/li>\r\n \t<li>1998 : Cercle artistique de Luxembourg, Salon d\u2019automne, Luxembourg et Metz, (France)<\/li>\r\n \t<li>1998 : Cercle artistique de Lun\u00e9ville, Lun\u00e9ville, (France)<\/li>\r\n \t<li>1998 : Concours Art Limes, Wittlich, (Allemagne)<\/li>\r\n \t<li>1997 : Foire d\u2019art contemporain, Pirmasens, (Allemagne)<\/li>\r\n \t<li>1997 : Cercle artistique de Lun\u00e9ville, Lun\u00e9ville, (France)<\/li>\r\n \t<li>1997 : Art a Beaufort, Beaufort, (Luxembourg)<\/li>\r\n \t<li>1997 : Art Limes, Wittlich, (Allemagne)<\/li>\r\n \t<li>1997 : Biennale pour jeunes artistes, Esch sur Alzette, (Luxembourg)<\/li>\r\n \t<li>1996 : Salon d\u2019automne du cercle artistique de Luxembourg, (Luxembourg)<\/li>\r\n \t<li>1996 : Art a Beaufort, Beaufort, (Luxembourg)<\/li>\r\n \t<li>1996 : Expositions d\u2019\u00e9t\u00e9, Longwy, (France)<\/li>\r\n \t<li>1995 : Art a Beaufort, Beaufort, Luxembourg<\/li>\r\n \t<li>1995 : Aktion \"<em>Kunst und Handel\"<\/em>, Tr\u00eaves, (Allemagne)<\/li>\r\n<\/ul>","collections":"","awards":"<ul><li>Octobre 2003 : Prix du Cercle Artistique du Luxembourg, Salon d\u2019automne, Prix pour Jeune Peinture<\/li><\/ul>","commissions":"","publications":""},"artist_video":{"url":"https:\/\/youtu.be\/iV42WAc66E8","poster_image":77014},"artist_taxes":{"vat_liability":true,"vat_applicable_rate":5.5},"artist_featured_artworks_images":[{"image":20275},{"image":10970},{"image":""}],"artist_featured_artworks":[22228,23253],"artist_diaporama":[{"image":31541,"image_caption":"L\u2019artiste devant deux de ses \u0153uvres \u00e0 l'exposition"},{"image":31535,"image_caption":"L'artiste en train de travailler dans son atelier"},{"image":31543,"image_caption":"L'artiste en train de travailler dans son atelier"},{"image":31537,"image_caption":"L'artiste en train de travailler dans son atelier"},{"image":31539,"image_caption":"L'atelier de l'artiste"},{"image":69595,"image_caption":"L'artiste avec son fr\u00e8re Wouter van der Vlugt, le sculpteur, dans l'atelier"},{"image":69597,"image_caption":"L'atelier de l'artiste"},{"image":69599,"image_caption":"L'atelier de l'artiste"},{"image":69601,"image_caption":"Des d\u00e9tails dans l'atelier de l'artiste"},{"image":69605,"image_caption":"L'atelier de l'artiste"},{"image":69603,"image_caption":"Des d\u00e9tails dans l'atelier de l'artiste"}],"artist_query_group":"10","drupal_id":"19825"},"yoast_head":"<!-- This site is optimized with the Yoast SEO Premium plugin v27.3 (Yoast SEO v27.3) - https:\/\/yoast.com\/product\/yoast-seo-premium-wordpress\/ -->\n<title>Joachim van der Vlugt \u2013 Peinture de paysages et de portraits | Artistics<\/title>\n<meta name=\"description\" content=\"D\u00e9couvrez les \u0153uvres d\u2019art contemporain de Joachim van der Vlugt inspir\u00e9es des ma\u00eetres de la peinture hollandaise et flamande. Achetez ses tableaux en ligne.\" \/>\n<meta name=\"robots\" content=\"index, follow, max-snippet:-1, max-image-preview:large, max-video-preview:-1\" \/>\n<link rel=\"canonical\" href=\"https:\/\/artistics.com\/fr\/artiste\/joachim-van-der-vlugt\/\" \/>\n<meta property=\"og:locale\" content=\"fr_FR\" \/>\n<meta property=\"og:type\" content=\"article\" \/>\n<meta property=\"og:title\" content=\"Joachim van der Vlugt\" \/>\n<meta property=\"og:description\" content=\"D\u00e9couvrez les \u0153uvres d\u2019art contemporain de Joachim van der Vlugt inspir\u00e9es des ma\u00eetres de la peinture hollandaise et flamande. Achetez ses tableaux en ligne.\" \/>\n<meta property=\"og:url\" content=\"https:\/\/artistics.com\/fr\/artiste\/joachim-van-der-vlugt\/\" \/>\n<meta property=\"og:site_name\" content=\"Artistics\" \/>\n<meta property=\"article:publisher\" content=\"https:\/\/www.facebook.com\/ArtisticsMag\" \/>\n<meta property=\"article:modified_time\" content=\"2026-04-27T14:40:46+00:00\" \/>\n<meta property=\"og:image\" content=\"https:\/\/artistics.com\/wp-content\/uploads\/2023\/04\/featured-image-joachim-van-der-vlugt-painter.jpg\" \/>\n\t<meta property=\"og:image:width\" content=\"2560\" \/>\n\t<meta property=\"og:image:height\" content=\"1920\" \/>\n\t<meta property=\"og:image:type\" content=\"image\/jpeg\" \/>\n<meta name=\"twitter:card\" content=\"summary_large_image\" \/>\n<meta name=\"twitter:site\" content=\"@Artistics_FR\" \/>\n<meta name=\"twitter:label1\" content=\"Dur\u00e9e de lecture estim\u00e9e\" \/>\n\t<meta name=\"twitter:data1\" content=\"1 minute\" \/>\n<script type=\"application\/ld+json\" class=\"yoast-schema-graph\">{\"@context\":\"https:\\\/\\\/schema.org\",\"@graph\":[{\"@type\":[\"WebPage\",\"ProfilePage\"],\"@id\":\"https:\\\/\\\/artistics.com\\\/fr\\\/artiste\\\/joachim-van-der-vlugt\\\/\",\"url\":\"https:\\\/\\\/artistics.com\\\/fr\\\/artiste\\\/joachim-van-der-vlugt\\\/\",\"name\":\"Joachim van der Vlugt \u2013 Peinture de paysages et de portraits | Artistics\",\"isPartOf\":{\"@id\":\"https:\\\/\\\/artistics.com\\\/fr\\\/#website\"},\"primaryImageOfPage\":{\"@id\":\"https:\\\/\\\/artistics.com\\\/fr\\\/artiste\\\/joachim-van-der-vlugt\\\/#primaryimage\"},\"image\":{\"@id\":\"https:\\\/\\\/artistics.com\\\/fr\\\/artiste\\\/joachim-van-der-vlugt\\\/#primaryimage\"},\"thumbnailUrl\":\"https:\\\/\\\/artistics.com\\\/wp-content\\\/uploads\\\/2023\\\/04\\\/featured-image-joachim-van-der-vlugt-painter.jpg\",\"datePublished\":\"2017-02-27T15:01:32+00:00\",\"dateModified\":\"2026-04-27T14:40:46+00:00\",\"description\":\"D\u00e9couvrez les \u0153uvres d\u2019art contemporain de Joachim van der Vlugt inspir\u00e9es des ma\u00eetres de la peinture hollandaise et flamande. Achetez ses tableaux en ligne.\",\"breadcrumb\":{\"@id\":\"https:\\\/\\\/artistics.com\\\/fr\\\/artiste\\\/joachim-van-der-vlugt\\\/#breadcrumb\"},\"inLanguage\":\"fr-FR\",\"potentialAction\":[{\"@type\":\"ReadAction\",\"target\":[\"https:\\\/\\\/artistics.com\\\/fr\\\/artiste\\\/joachim-van-der-vlugt\\\/\"]}]},{\"@type\":\"ImageObject\",\"inLanguage\":\"fr-FR\",\"@id\":\"https:\\\/\\\/artistics.com\\\/fr\\\/artiste\\\/joachim-van-der-vlugt\\\/#primaryimage\",\"url\":\"https:\\\/\\\/artistics.com\\\/wp-content\\\/uploads\\\/2023\\\/04\\\/featured-image-joachim-van-der-vlugt-painter.jpg\",\"contentUrl\":\"https:\\\/\\\/artistics.com\\\/wp-content\\\/uploads\\\/2023\\\/04\\\/featured-image-joachim-van-der-vlugt-painter.jpg\",\"width\":2560,\"height\":1920},{\"@type\":\"BreadcrumbList\",\"@id\":\"https:\\\/\\\/artistics.com\\\/fr\\\/artiste\\\/joachim-van-der-vlugt\\\/#breadcrumb\",\"itemListElement\":[{\"@type\":\"ListItem\",\"position\":1,\"name\":\"Achat \u0153uvre d'art\",\"item\":\"https:\\\/\\\/artistics.com\\\/fr\\\/\"},{\"@type\":\"ListItem\",\"position\":2,\"name\":\"Artistes contemporains\",\"item\":\"https:\\\/\\\/artistics.com\\\/fr\\\/type-artiste\\\/artistes-contemporains\\\/\"},{\"@type\":\"ListItem\",\"position\":3,\"name\":\"Peintres contemporains\",\"item\":\"https:\\\/\\\/artistics.com\\\/fr\\\/type-artiste\\\/peintres-contemporains\\\/\"},{\"@type\":\"ListItem\",\"position\":4,\"name\":\"Joachim van der Vlugt\"}]},{\"@type\":\"WebSite\",\"@id\":\"https:\\\/\\\/artistics.com\\\/fr\\\/#website\",\"url\":\"https:\\\/\\\/artistics.com\\\/fr\\\/\",\"name\":\"Artistics\",\"description\":\"The online art gallery\",\"publisher\":{\"@id\":\"https:\\\/\\\/artistics.com\\\/fr\\\/#organization\"},\"potentialAction\":[{\"@type\":\"SearchAction\",\"target\":{\"@type\":\"EntryPoint\",\"urlTemplate\":\"https:\\\/\\\/artistics.com\\\/fr\\\/?s={search_term_string}\"},\"query-input\":{\"@type\":\"PropertyValueSpecification\",\"valueRequired\":true,\"valueName\":\"search_term_string\"}}],\"inLanguage\":\"fr-FR\"},{\"@type\":\"Organization\",\"@id\":\"https:\\\/\\\/artistics.com\\\/fr\\\/#organization\",\"name\":\"Artistics\",\"url\":\"https:\\\/\\\/artistics.com\\\/fr\\\/\",\"logo\":{\"@type\":\"ImageObject\",\"inLanguage\":\"fr-FR\",\"@id\":\"https:\\\/\\\/artistics.com\\\/fr\\\/#\\\/schema\\\/logo\\\/image\\\/\",\"url\":\"https:\\\/\\\/artistics.com\\\/wp-content\\\/uploads\\\/2023\\\/02\\\/artistics-logo-web-1.svg\",\"contentUrl\":\"https:\\\/\\\/artistics.com\\\/wp-content\\\/uploads\\\/2023\\\/02\\\/artistics-logo-web-1.svg\",\"caption\":\"Artistics\"},\"image\":{\"@id\":\"https:\\\/\\\/artistics.com\\\/fr\\\/#\\\/schema\\\/logo\\\/image\\\/\"},\"sameAs\":[\"https:\\\/\\\/www.facebook.com\\\/ArtisticsMag\",\"https:\\\/\\\/x.com\\\/Artistics_FR\",\"http:\\\/\\\/www.linkedin.com\\\/company\\\/artistics\",\"https:\\\/\\\/www.instagram.com\\\/artistics_com\\\/\",\"http:\\\/\\\/www.pinterest.com\\\/ArtisticsMag\"],\"mainEntityOfPage\":{\"@id\":\"https:\\\/\\\/artistics.com\\\/fr\\\/artiste\\\/joachim-van-der-vlugt\\\/\"},\"hasMerchantReturnPolicy\":{\"@type\":\"MerchantReturnPolicy\",\"merchantReturnLink\":\"https:\\\/\\\/artistics.com\\\/free-return-policy\\\/\"}}]}<\/script>\n<!-- \/ Yoast SEO Premium plugin. -->","yoast_head_json":{"title":"Joachim van der Vlugt \u2013 Peinture de paysages et de portraits | Artistics","description":"D\u00e9couvrez les \u0153uvres d\u2019art contemporain de Joachim van der Vlugt inspir\u00e9es des ma\u00eetres de la peinture hollandaise et flamande. Achetez ses tableaux en ligne.","robots":{"index":"index","follow":"follow","max-snippet":"max-snippet:-1","max-image-preview":"max-image-preview:large","max-video-preview":"max-video-preview:-1"},"canonical":"https:\/\/artistics.com\/fr\/artiste\/joachim-van-der-vlugt\/","og_locale":"fr_FR","og_type":"article","og_title":"Joachim van der Vlugt","og_description":"D\u00e9couvrez les \u0153uvres d\u2019art contemporain de Joachim van der Vlugt inspir\u00e9es des ma\u00eetres de la peinture hollandaise et flamande. Achetez ses tableaux en ligne.","og_url":"https:\/\/artistics.com\/fr\/artiste\/joachim-van-der-vlugt\/","og_site_name":"Artistics","article_publisher":"https:\/\/www.facebook.com\/ArtisticsMag","article_modified_time":"2026-04-27T14:40:46+00:00","og_image":[{"width":2560,"height":1920,"url":"https:\/\/artistics.com\/wp-content\/uploads\/2023\/04\/featured-image-joachim-van-der-vlugt-painter.jpg","type":"image\/jpeg"}],"twitter_card":"summary_large_image","twitter_site":"@Artistics_FR","twitter_misc":{"Dur\u00e9e de lecture estim\u00e9e":"1 minute"},"schema":{"@context":"https:\/\/schema.org","@graph":[{"@type":["WebPage","ProfilePage"],"@id":"https:\/\/artistics.com\/fr\/artiste\/joachim-van-der-vlugt\/","url":"https:\/\/artistics.com\/fr\/artiste\/joachim-van-der-vlugt\/","name":"Joachim van der Vlugt \u2013 Peinture de paysages et de portraits | Artistics","isPartOf":{"@id":"https:\/\/artistics.com\/fr\/#website"},"primaryImageOfPage":{"@id":"https:\/\/artistics.com\/fr\/artiste\/joachim-van-der-vlugt\/#primaryimage"},"image":{"@id":"https:\/\/artistics.com\/fr\/artiste\/joachim-van-der-vlugt\/#primaryimage"},"thumbnailUrl":"https:\/\/artistics.com\/wp-content\/uploads\/2023\/04\/featured-image-joachim-van-der-vlugt-painter.jpg","datePublished":"2017-02-27T15:01:32+00:00","dateModified":"2026-04-27T14:40:46+00:00","description":"D\u00e9couvrez les \u0153uvres d\u2019art contemporain de Joachim van der Vlugt inspir\u00e9es des ma\u00eetres de la peinture hollandaise et flamande. Achetez ses tableaux en ligne.","breadcrumb":{"@id":"https:\/\/artistics.com\/fr\/artiste\/joachim-van-der-vlugt\/#breadcrumb"},"inLanguage":"fr-FR","potentialAction":[{"@type":"ReadAction","target":["https:\/\/artistics.com\/fr\/artiste\/joachim-van-der-vlugt\/"]}]},{"@type":"ImageObject","inLanguage":"fr-FR","@id":"https:\/\/artistics.com\/fr\/artiste\/joachim-van-der-vlugt\/#primaryimage","url":"https:\/\/artistics.com\/wp-content\/uploads\/2023\/04\/featured-image-joachim-van-der-vlugt-painter.jpg","contentUrl":"https:\/\/artistics.com\/wp-content\/uploads\/2023\/04\/featured-image-joachim-van-der-vlugt-painter.jpg","width":2560,"height":1920},{"@type":"BreadcrumbList","@id":"https:\/\/artistics.com\/fr\/artiste\/joachim-van-der-vlugt\/#breadcrumb","itemListElement":[{"@type":"ListItem","position":1,"name":"Achat \u0153uvre d'art","item":"https:\/\/artistics.com\/fr\/"},{"@type":"ListItem","position":2,"name":"Artistes contemporains","item":"https:\/\/artistics.com\/fr\/type-artiste\/artistes-contemporains\/"},{"@type":"ListItem","position":3,"name":"Peintres contemporains","item":"https:\/\/artistics.com\/fr\/type-artiste\/peintres-contemporains\/"},{"@type":"ListItem","position":4,"name":"Joachim van der Vlugt"}]},{"@type":"WebSite","@id":"https:\/\/artistics.com\/fr\/#website","url":"https:\/\/artistics.com\/fr\/","name":"Artistics","description":"The online art gallery","publisher":{"@id":"https:\/\/artistics.com\/fr\/#organization"},"potentialAction":[{"@type":"SearchAction","target":{"@type":"EntryPoint","urlTemplate":"https:\/\/artistics.com\/fr\/?s={search_term_string}"},"query-input":{"@type":"PropertyValueSpecification","valueRequired":true,"valueName":"search_term_string"}}],"inLanguage":"fr-FR"},{"@type":"Organization","@id":"https:\/\/artistics.com\/fr\/#organization","name":"Artistics","url":"https:\/\/artistics.com\/fr\/","logo":{"@type":"ImageObject","inLanguage":"fr-FR","@id":"https:\/\/artistics.com\/fr\/#\/schema\/logo\/image\/","url":"https:\/\/artistics.com\/wp-content\/uploads\/2023\/02\/artistics-logo-web-1.svg","contentUrl":"https:\/\/artistics.com\/wp-content\/uploads\/2023\/02\/artistics-logo-web-1.svg","caption":"Artistics"},"image":{"@id":"https:\/\/artistics.com\/fr\/#\/schema\/logo\/image\/"},"sameAs":["https:\/\/www.facebook.com\/ArtisticsMag","https:\/\/x.com\/Artistics_FR","http:\/\/www.linkedin.com\/company\/artistics","https:\/\/www.instagram.com\/artistics_com\/","http:\/\/www.pinterest.com\/ArtisticsMag"],"mainEntityOfPage":{"@id":"https:\/\/artistics.com\/fr\/artiste\/joachim-van-der-vlugt\/"},"hasMerchantReturnPolicy":{"@type":"MerchantReturnPolicy","merchantReturnLink":"https:\/\/artistics.com\/free-return-policy\/"}}]}},"_links":{"self":[{"href":"https:\/\/artistics.com\/fr\/wp-json\/wp\/v2\/artist\/2783","targetHints":{"allow":["GET"]}}],"collection":[{"href":"https:\/\/artistics.com\/fr\/wp-json\/wp\/v2\/artist"}],"about":[{"href":"https:\/\/artistics.com\/fr\/wp-json\/wp\/v2\/types\/artist"}],"version-history":[{"count":50,"href":"https:\/\/artistics.com\/fr\/wp-json\/wp\/v2\/artist\/2783\/revisions"}],"predecessor-version":[{"id":101933,"href":"https:\/\/artistics.com\/fr\/wp-json\/wp\/v2\/artist\/2783\/revisions\/101933"}],"acf:post":[{"embeddable":true,"href":"https:\/\/artistics.com\/fr\/wp-json\/wp\/v2\/product\/23253"},{"embeddable":true,"href":"https:\/\/artistics.com\/fr\/wp-json\/wp\/v2\/product\/22228"}],"acf:term":[{"embeddable":true,"taxonomy":"series","href":"https:\/\/artistics.com\/fr\/wp-json\/wp\/v2\/series\/1023"},{"embeddable":true,"taxonomy":"artist-type","href":"https:\/\/artistics.com\/fr\/wp-json\/wp\/v2\/artist-type\/305"},{"embeddable":true,"taxonomy":"artist-type","href":"https:\/\/artistics.com\/fr\/wp-json\/wp\/v2\/artist-type\/306"}],"wp:featuredmedia":[{"embeddable":true,"href":"https:\/\/artistics.com\/fr\/wp-json\/wp\/v2\/media\/30889"}],"wp:attachment":[{"href":"https:\/\/artistics.com\/fr\/wp-json\/wp\/v2\/media?parent=2783"}],"wp:term":[{"taxonomy":"artist-type","embeddable":true,"href":"https:\/\/artistics.com\/fr\/wp-json\/wp\/v2\/artist-type?post=2783"}],"curies":[{"name":"wp","href":"https:\/\/api.w.org\/{rel}","templated":true}]}}