{"id":2777,"date":"2016-01-20T12:57:11","date_gmt":"2016-01-20T11:57:11","guid":{"rendered":"https:\/\/2022.devartistics.com\/artist\/matthieu-venot\/"},"modified":"2025-01-20T12:19:19","modified_gmt":"2025-01-20T11:19:19","slug":"matthieu-venot","status":"publish","type":"artist","link":"https:\/\/artistics.com\/fr\/artiste\/matthieu-venot\/","title":{"rendered":"Matthieu Venot"},"featured_media":2618,"template":"","artist-type":[305,2385,307],"class_list":["post-2777","artist","type-artist","status-publish","has-post-thumbnail","hentry","artist-type-artistes-contemporains","artist-type-artistes-contemporains-francais","artist-type-photographes-contemporains"],"acf":{"artist_first_name":"Matthieu","artist_last_name":"Venot","artist_nickname":"","artist_prefix":"Mr","artist_gender":"Man","artist_main_type":307,"artist_types":[305,2385,307],"artist_parent_series":1083,"artist_parent_series_info":"Matthieu Venot (matthieu-venot)","artist_nationality":["FR"],"artist_square_profile_picture":30321,"artist_address":{"address_1":"31 rue du Chateau","address_2":"","city":"Brest","zip_code":"29200","country_of_residence":"FR"},"artist_contact_info":{"phone":"06 21 03 11 00","email":"contact@matthieuvenot.fr"},"artist_about":{"":null,"date_of_birth":"19790227","date_of_death":null,"description":"<blockquote>\u00ab Dans mes photographies il y a plein de couleurs, il y a du beau ciel bleu, donc on se sent bien quand on regarde la photo. [\u2026] C'est une vision optimiste de la r\u00e9alit\u00e9 !\u00a0\u00bb<\/blockquote>\r\nLa photographie contemporaine de l\u2019artiste Matthieu Venot conjugue un travail sur l\u2019abstraction, la couleur, un certain minimalisme et une forte acuit\u00e9. Ce <a href=\"https:\/\/artistics.com\/fr\/type-artiste\/photographes-contemporains\/\">photographe contemporain<\/a> commence \u00e0 se faire une place dans le milieu de l\u2019art contemporain.\r\n<h2><strong>Matthieu Venot : un photographe cr\u00e9atif et optimiste<\/strong><\/h2>\r\nCr\u00e9atif de nature, c\u2019est apr\u00e8s avoir quitt\u00e9 son groupe de musique que Matthieu Venot se met \u00e0 la photographie , \u00e0 presque 35 ans. Originaire de Brest, il commence son travail photographique avec l\u2019envie de faire d\u00e9couvrir sa ville sous un autre angle. Quand on observe la s\u00e9rie <em><a href=\"https:\/\/artistics.com\/fr\/series\/matthieu-venot-aint-got-no-troubles-fr\/\" target=\"_blank\" rel=\"noopener\">Ain\u2019t got no troubles<\/a>,<\/em> l\u2019\u0153il est imm\u00e9diatement attir\u00e9 par les couleurs pastel et le travail sur les lignes\u00a0: la silhouette d\u2019un immeuble jaune se d\u00e9tache sur un ciel bleu, un mur de couleur ocre est perc\u00e9 d\u2019une \u00e9troite fen\u00eatre aux reflets turquoise... Ne sortant que par jours de grand beau temps, Matthieu Venot se sert de ce ciel immacul\u00e9 comme d\u2019un fond de studio. C\u2019est pour lui un moyen de ne pas perturber la composition de ses images\u00a0: simples et graphiques. Les lignes se croisent et se superposent, les formes se d\u00e9tachent de ce fond bleu jusqu\u2019\u00e0 nous faire oublier ce que l\u2019on regarde\u00a0: un toit, un mur, une rambarde, un balcon.\r\n\r\nC\u2019est ce beau temps qui permet \u00e9galement aux couleurs d\u2019\u00eatre plus puissantes. En effet, la couleur occupe une place primordiale dans les photographies d\u2019art contemporain de Matthieu Venot. Le photographe nous fait oublier la grisaille bretonne et transforme notre vision de la ville jusqu\u2019\u00e0 \u00e9voquer des images de Californie ou de Floride. Le choix de ces couleurs pastel est pour l\u2019artiste, une mani\u00e8re de transmettre, par ses photos, l\u2019optimisme qui l\u2019habite.\r\n\r\nTr\u00e8s intuitif, Matthieu Venot fonctionne beaucoup \u00e0 l\u2019instinct. Au sujet de la photographie <a href=\"https:\/\/artistics.com\/fr\/oeuvre\/sans-titre-iii-6\/\">Sans Titre\u00a0III, de la s\u00e9rie <em>Who Want Sky<\/em><\/a>, qui montre les balcons d\u2019un immeuble d\u00e9coupant un ciel bleu pastel, le photographe d\u2019art contemporain nous confie\u00a0: <em>\u00ab\u2009Cette image, quand je l\u2019ai prise, je savais qu\u2019elle \u00e9tait super. Elle marche bien, avec ses cinq balcons\u00a0align\u00e9s sur la verticale. Je suis pass\u00e9 devant ce b\u00e2timent par hasard, j\u2019y suis revenu\u00a0et l\u00e0, tout de suite, j\u2019ai vu la photo.\u2009\u00bb<\/em> Une \u00e9vidence pour l\u2019artiste, \u00e0 mettre sur le compte de l\u2019acuit\u00e9 de son regard.\r\n\r\nLa photographie de Matthieu Venot se concentre sur des d\u00e9tails architecturaux. En adoptant des points de vue constructivistes, l\u2019artiste parvient \u00e0 cr\u00e9er des images abstraites et g\u00e9om\u00e9triques.","biography":"<p >La photographie contemporaine de l\u2019artiste Matthieu Venot conjugue un travail sur l\u2019abstraction, la couleur, un certain minimalisme et une forte acuit\u00e9. Ce <span ><a href=\"https:\/\/artistics.com\/fr\/type-artiste\/photographes-contemporains\/\"><span >photographe contemporain<\/span><\/a><\/span> commence \u00e0 se faire une place dans le milieu de l\u2019art contemporain.<\/p><h2 ><span ><strong>Matthieu Venot : un photographe cr\u00e9atif et optimiste<\/strong><\/span><\/h2><p >Cr\u00e9atif de nature, c\u2019est apr\u00e8s avoir quitt\u00e9 son groupe de musique que Matthieu Venot se met \u00e0 la photographie , \u00e0 presque 35 ans. Originaire de Brest, il commence son travail photographique avec l\u2019envie de faire d\u00e9couvrir sa ville sous un autre angle. Quand on observe la s\u00e9rie <em><span ><a href=\"\/fr\/search\/site\/Matthieu%20Venot?fq%5B0%5D=bundle%3Aproduit&fq%5B1%5D=is_uid%3A14234&fq%5B2%5D=im_product_art_collection%3A3042&collection=1\"><span >Ain\u2019t got no troubles<\/span><\/a><\/span>,<\/em> l\u2019\u0153il est imm\u00e9diatement attir\u00e9 par les couleurs pastel et le travail sur les lignes\u00a0: la silhouette d\u2019un immeuble jaune se d\u00e9tache sur un ciel bleu, un mur de couleur ocre est perc\u00e9 d\u2019une \u00e9troite fen\u00eatre aux reflets turquoise... Ne sortant que par jours de grand beau temps, Matthieu Venot se sert de ce ciel immacul\u00e9 comme d\u2019un fond de studio. C\u2019est pour lui un moyen de ne pas perturber la composition de ses images\u00a0: simples et graphiques. Les lignes se croisent et se superposent, les formes se d\u00e9tachent de ce fond bleu jusqu\u2019\u00e0 nous faire oublier ce que l\u2019on regarde\u00a0: un toit, un mur, une rambarde, un balcon.<\/p><p >C\u2019est ce beau temps qui permet \u00e9galement aux couleurs d\u2019\u00eatre plus puissantes. En effet, la couleur occupe une place primordiale dans les photographies d\u2019art contemporain de Matthieu Venot. Le photographe nous fait oublier la grisaille bretonne et transforme notre vision de la ville jusqu\u2019\u00e0 \u00e9voquer des images de Californie ou de Floride. Le choix de ces couleurs pastel est pour l\u2019artiste, une mani\u00e8re de transmettre, par ses photos, l\u2019optimisme qui l\u2019habite.<\/p><p >Tr\u00e8s intuitif, Matthieu Venot fonctionne beaucoup \u00e0 l\u2019instinct. Au sujet de la photographie <span ><a href=\"https:\/\/artistics.com\/fr\/oeuvre\/sans-titre-iii-6\/\"><span >Sans Titre\u00a0III, de la s\u00e9rie <em>Who Want Sky<\/em><\/span><\/a><\/span>, qui montre les balcons d\u2019un immeuble d\u00e9coupant un ciel bleu pastel, le photographe d\u2019art contemporain nous confie\u00a0: <em>\u00ab\u2009Cette image, quand je l\u2019ai prise, je savais qu\u2019elle \u00e9tait super. Elle marche bien, avec ses cinq balcons\u00a0align\u00e9s sur la verticale. Je suis pass\u00e9 devant ce b\u00e2timent par hasard, j\u2019y suis revenu\u00a0et l\u00e0, tout de suite, j\u2019ai vu la photo.\u2009\u00bb<\/em> Une \u00e9vidence pour l\u2019artiste, \u00e0 mettre sur le compte de l\u2019acuit\u00e9 de son regard.<\/p><p >La photographie de Matthieu Venot se concentre sur des d\u00e9tails architecturaux. En adoptant des points de vue constructivistes, l\u2019artiste parvient \u00e0 cr\u00e9er des images abstraites et g\u00e9om\u00e9triques.<\/p>","education":"","exhibitions":"","personal_exhibitions":"<ul>\r\n \t<li>2022 - Exposition personnelle : Ici &amp; ailleurs, Grande Galerie de la Maison r\u00e9gionale d\u2019architecture des Pays de la Loire, Nantes (France)<\/li>\r\n \t<li>2022 - \"<em>Exposition : Photographies de Matthieu Venot Landivisiau<\/em>\", Espace culturel Lucien-Prigent Landivisiau (France)<\/li>\r\n \t<li>2021 - Exposition \" <em>Un jeu d'enfant<\/em> \", Espace Lucien-Prigent, Sartilly-Baie-Bocage (France)<\/li>\r\n \t<li>2020 - 2021 - Des lignes et des couleurs, exposition personelle, Facult\u00e9 Victor Segalen, UBO, Brest (France)<\/li>\r\n \t<li>2018 - \"<em>Couleurs<\/em>\", exposition la Halle au Sucres, Dunkerque (France)<\/li>\r\n \t<li>2017 - \"<em>Pastel Perspectives<\/em>\", Fine Art Museum, Nigni Tagil (Russie)<\/li>\r\n \t<li>2016 - \u201c<em>Pastel Perspectives<\/em>\u201d, exposition personnelle \u00e0 la Space Place Gallery, Nigni Tagil (Russie)<\/li>\r\n \t<li>2016 - \"<em>BRST<\/em>\" exposition personnelle \u00e0 l'espace culturel Mac Orlan, Brest (France)<\/li>\r\n \t<li>2014 - \"Le Grand Bazar\", exposition organis\u00e9e par Kuuutch aux Etablis, Brest (France)<\/li>\r\n<\/ul>","collective_exhibitions":"<ul>\r\n \t<li>2024 - La 4e \u00e9dition de l\u2019exposition de photographies en plein air, exposition collective, Ch\u00e2teaulin (France)<\/li>\r\n \t<li>2022 - Exposition collective \"<em>El\u00e9ments<\/em>\" au Com\u0153dia, Brest (France)<\/li>\r\n \t<li>2019 - \"<em>Beaux-Arts Ligne et Figure<\/em>\", Espace culturel Condorcet, Viry-Chatillon (France)<\/li>\r\n \t<li>2018 - \"<em>Constructions-D\u00e9constructions<\/em>\", exposition \u00e0 la Villa Violet, Paris (France)<\/li>\r\n \t<li>2017 - Salon de la Photo, avec la galerie Artistics, Paris (France)<\/li>\r\n \t<li>2015 - Participation \u00e0 Fotofever avec la galerie Artistics, Paris (France)<\/li>\r\n \t<li>2015 - Exposition #emptyelysee au Palais de l'Elys\u00e9e, Paris (France)<\/li>\r\n \t<li>2015 - \"<em>Perspective Carr\u00e9e<\/em>\", exposition collective organis\u00e9e par lesphotographes.org \u00e0 La Galerie d'Art, Paris (France)<\/li>\r\n<\/ul>","collections":"","awards":"<ul>\r\n \t<li>2017 - 1\u00e8re place PX3 Prix de la Photographie Paris - Fine Art \/ Architecture<\/li>\r\n \t<li>2017 - 2\u00e8me place dans la cat\u00e9gorie \" Architecture\/Industrial\" au Moscow International Foto Award<\/li>\r\n \t<li>2016 - Gram Awards<\/li>\r\n<\/ul>","commissions":"","publications":""},"artist_video":{"url":"https:\/\/youtube.com\/watch?v=OANvHS-DQE4","poster_image":30442},"artist_taxes":{"vat_liability":false,"vat_applicable_rate":5.5},"artist_featured_artworks_images":[{"image":26810},{"image":24163},{"image":""}],"artist_featured_artworks":[27753,28930],"artist_diaporama":null,"artist_query_group":"20","drupal_id":"14234"},"yoast_head":"<!-- This site is optimized with the Yoast SEO Premium plugin v27.3 (Yoast SEO v27.3) - https:\/\/yoast.com\/product\/yoast-seo-premium-wordpress\/ -->\n<title>Matthieu Venot \u2013 Photographie d\u2019architecture | Artistics<\/title>\n<meta name=\"description\" content=\"D\u00e9couvrez les photographies abstraites, g\u00e9om\u00e9triques et color\u00e9es de l\u2019artiste contemporain Matthieu Venot. Tirage de ses \u0153uvres d\u2019art en \u00e9dition limit\u00e9e.\" \/>\n<meta name=\"robots\" content=\"index, follow, max-snippet:-1, max-image-preview:large, max-video-preview:-1\" \/>\n<link rel=\"canonical\" href=\"https:\/\/artistics.com\/fr\/artiste\/matthieu-venot\/\" \/>\n<meta property=\"og:locale\" content=\"fr_FR\" \/>\n<meta property=\"og:type\" content=\"article\" \/>\n<meta property=\"og:title\" content=\"Matthieu Venot\" \/>\n<meta property=\"og:description\" content=\"D\u00e9couvrez les photographies abstraites, g\u00e9om\u00e9triques et color\u00e9es de l\u2019artiste contemporain Matthieu Venot. Tirage de ses \u0153uvres d\u2019art en \u00e9dition limit\u00e9e.\" \/>\n<meta property=\"og:url\" content=\"https:\/\/artistics.com\/fr\/artiste\/matthieu-venot\/\" \/>\n<meta property=\"og:site_name\" content=\"Artistics\" \/>\n<meta property=\"article:publisher\" content=\"https:\/\/www.facebook.com\/ArtisticsMag\" \/>\n<meta property=\"article:modified_time\" content=\"2025-01-20T11:19:19+00:00\" \/>\n<meta property=\"og:image\" content=\"https:\/\/artistics.com\/wp-content\/uploads\/2023\/04\/artist_portrait-venot_0_0.jpg\" \/>\n\t<meta property=\"og:image:width\" content=\"900\" \/>\n\t<meta property=\"og:image:height\" content=\"900\" \/>\n\t<meta property=\"og:image:type\" content=\"image\/jpeg\" \/>\n<meta name=\"twitter:card\" content=\"summary_large_image\" \/>\n<meta name=\"twitter:site\" content=\"@Artistics_FR\" \/>\n<meta name=\"twitter:label1\" content=\"Dur\u00e9e de lecture estim\u00e9e\" \/>\n\t<meta name=\"twitter:data1\" content=\"6 minutes\" \/>\n<script type=\"application\/ld+json\" class=\"yoast-schema-graph\">{\"@context\":\"https:\\\/\\\/schema.org\",\"@graph\":[{\"@type\":[\"WebPage\",\"ProfilePage\"],\"@id\":\"https:\\\/\\\/artistics.com\\\/fr\\\/artiste\\\/matthieu-venot\\\/\",\"url\":\"https:\\\/\\\/artistics.com\\\/fr\\\/artiste\\\/matthieu-venot\\\/\",\"name\":\"Matthieu Venot \u2013 Photographie d\u2019architecture | Artistics\",\"isPartOf\":{\"@id\":\"https:\\\/\\\/artistics.com\\\/fr\\\/#website\"},\"primaryImageOfPage\":{\"@id\":\"https:\\\/\\\/artistics.com\\\/fr\\\/artiste\\\/matthieu-venot\\\/#primaryimage\"},\"image\":{\"@id\":\"https:\\\/\\\/artistics.com\\\/fr\\\/artiste\\\/matthieu-venot\\\/#primaryimage\"},\"thumbnailUrl\":\"https:\\\/\\\/artistics.com\\\/wp-content\\\/uploads\\\/2023\\\/04\\\/artist_portrait-venot_0_0.jpg\",\"datePublished\":\"2016-01-20T11:57:11+00:00\",\"dateModified\":\"2025-01-20T11:19:19+00:00\",\"description\":\"D\u00e9couvrez les photographies abstraites, g\u00e9om\u00e9triques et color\u00e9es de l\u2019artiste contemporain Matthieu Venot. Tirage de ses \u0153uvres d\u2019art en \u00e9dition limit\u00e9e.\",\"breadcrumb\":{\"@id\":\"https:\\\/\\\/artistics.com\\\/fr\\\/artiste\\\/matthieu-venot\\\/#breadcrumb\"},\"inLanguage\":\"fr-FR\",\"potentialAction\":[{\"@type\":\"ReadAction\",\"target\":[\"https:\\\/\\\/artistics.com\\\/fr\\\/artiste\\\/matthieu-venot\\\/\"]}]},{\"@type\":\"ImageObject\",\"inLanguage\":\"fr-FR\",\"@id\":\"https:\\\/\\\/artistics.com\\\/fr\\\/artiste\\\/matthieu-venot\\\/#primaryimage\",\"url\":\"https:\\\/\\\/artistics.com\\\/wp-content\\\/uploads\\\/2023\\\/04\\\/artist_portrait-venot_0_0.jpg\",\"contentUrl\":\"https:\\\/\\\/artistics.com\\\/wp-content\\\/uploads\\\/2023\\\/04\\\/artist_portrait-venot_0_0.jpg\",\"width\":900,\"height\":900},{\"@type\":\"BreadcrumbList\",\"@id\":\"https:\\\/\\\/artistics.com\\\/fr\\\/artiste\\\/matthieu-venot\\\/#breadcrumb\",\"itemListElement\":[{\"@type\":\"ListItem\",\"position\":1,\"name\":\"Achat \u0153uvre d'art\",\"item\":\"https:\\\/\\\/artistics.com\\\/fr\\\/\"},{\"@type\":\"ListItem\",\"position\":2,\"name\":\"Artistes contemporains\",\"item\":\"https:\\\/\\\/artistics.com\\\/fr\\\/type-artiste\\\/artistes-contemporains\\\/\"},{\"@type\":\"ListItem\",\"position\":3,\"name\":\"Photographes contemporains\",\"item\":\"https:\\\/\\\/artistics.com\\\/fr\\\/type-artiste\\\/photographes-contemporains\\\/\"},{\"@type\":\"ListItem\",\"position\":4,\"name\":\"Matthieu Venot\"}]},{\"@type\":\"WebSite\",\"@id\":\"https:\\\/\\\/artistics.com\\\/fr\\\/#website\",\"url\":\"https:\\\/\\\/artistics.com\\\/fr\\\/\",\"name\":\"Artistics\",\"description\":\"The online art gallery\",\"publisher\":{\"@id\":\"https:\\\/\\\/artistics.com\\\/fr\\\/#organization\"},\"potentialAction\":[{\"@type\":\"SearchAction\",\"target\":{\"@type\":\"EntryPoint\",\"urlTemplate\":\"https:\\\/\\\/artistics.com\\\/fr\\\/?s={search_term_string}\"},\"query-input\":{\"@type\":\"PropertyValueSpecification\",\"valueRequired\":true,\"valueName\":\"search_term_string\"}}],\"inLanguage\":\"fr-FR\"},{\"@type\":\"Organization\",\"@id\":\"https:\\\/\\\/artistics.com\\\/fr\\\/#organization\",\"name\":\"Artistics\",\"url\":\"https:\\\/\\\/artistics.com\\\/fr\\\/\",\"logo\":{\"@type\":\"ImageObject\",\"inLanguage\":\"fr-FR\",\"@id\":\"https:\\\/\\\/artistics.com\\\/fr\\\/#\\\/schema\\\/logo\\\/image\\\/\",\"url\":\"https:\\\/\\\/artistics.com\\\/wp-content\\\/uploads\\\/2023\\\/02\\\/artistics-logo-web-1.svg\",\"contentUrl\":\"https:\\\/\\\/artistics.com\\\/wp-content\\\/uploads\\\/2023\\\/02\\\/artistics-logo-web-1.svg\",\"caption\":\"Artistics\"},\"image\":{\"@id\":\"https:\\\/\\\/artistics.com\\\/fr\\\/#\\\/schema\\\/logo\\\/image\\\/\"},\"sameAs\":[\"https:\\\/\\\/www.facebook.com\\\/ArtisticsMag\",\"https:\\\/\\\/x.com\\\/Artistics_FR\",\"http:\\\/\\\/www.linkedin.com\\\/company\\\/artistics\",\"https:\\\/\\\/www.instagram.com\\\/artistics_com\\\/\",\"http:\\\/\\\/www.pinterest.com\\\/ArtisticsMag\"],\"mainEntityOfPage\":{\"@id\":\"https:\\\/\\\/artistics.com\\\/fr\\\/artiste\\\/matthieu-venot\\\/\"},\"hasMerchantReturnPolicy\":{\"@type\":\"MerchantReturnPolicy\",\"merchantReturnLink\":\"https:\\\/\\\/artistics.com\\\/free-return-policy\\\/\"}}]}<\/script>\n<!-- \/ Yoast SEO Premium plugin. -->","yoast_head_json":{"title":"Matthieu Venot \u2013 Photographie d\u2019architecture | Artistics","description":"D\u00e9couvrez les photographies abstraites, g\u00e9om\u00e9triques et color\u00e9es de l\u2019artiste contemporain Matthieu Venot. Tirage de ses \u0153uvres d\u2019art en \u00e9dition limit\u00e9e.","robots":{"index":"index","follow":"follow","max-snippet":"max-snippet:-1","max-image-preview":"max-image-preview:large","max-video-preview":"max-video-preview:-1"},"canonical":"https:\/\/artistics.com\/fr\/artiste\/matthieu-venot\/","og_locale":"fr_FR","og_type":"article","og_title":"Matthieu Venot","og_description":"D\u00e9couvrez les photographies abstraites, g\u00e9om\u00e9triques et color\u00e9es de l\u2019artiste contemporain Matthieu Venot. Tirage de ses \u0153uvres d\u2019art en \u00e9dition limit\u00e9e.","og_url":"https:\/\/artistics.com\/fr\/artiste\/matthieu-venot\/","og_site_name":"Artistics","article_publisher":"https:\/\/www.facebook.com\/ArtisticsMag","article_modified_time":"2025-01-20T11:19:19+00:00","og_image":[{"width":900,"height":900,"url":"https:\/\/artistics.com\/wp-content\/uploads\/2023\/04\/artist_portrait-venot_0_0.jpg","type":"image\/jpeg"}],"twitter_card":"summary_large_image","twitter_site":"@Artistics_FR","twitter_misc":{"Dur\u00e9e de lecture estim\u00e9e":"6 minutes"},"schema":{"@context":"https:\/\/schema.org","@graph":[{"@type":["WebPage","ProfilePage"],"@id":"https:\/\/artistics.com\/fr\/artiste\/matthieu-venot\/","url":"https:\/\/artistics.com\/fr\/artiste\/matthieu-venot\/","name":"Matthieu Venot \u2013 Photographie d\u2019architecture | Artistics","isPartOf":{"@id":"https:\/\/artistics.com\/fr\/#website"},"primaryImageOfPage":{"@id":"https:\/\/artistics.com\/fr\/artiste\/matthieu-venot\/#primaryimage"},"image":{"@id":"https:\/\/artistics.com\/fr\/artiste\/matthieu-venot\/#primaryimage"},"thumbnailUrl":"https:\/\/artistics.com\/wp-content\/uploads\/2023\/04\/artist_portrait-venot_0_0.jpg","datePublished":"2016-01-20T11:57:11+00:00","dateModified":"2025-01-20T11:19:19+00:00","description":"D\u00e9couvrez les photographies abstraites, g\u00e9om\u00e9triques et color\u00e9es de l\u2019artiste contemporain Matthieu Venot. Tirage de ses \u0153uvres d\u2019art en \u00e9dition limit\u00e9e.","breadcrumb":{"@id":"https:\/\/artistics.com\/fr\/artiste\/matthieu-venot\/#breadcrumb"},"inLanguage":"fr-FR","potentialAction":[{"@type":"ReadAction","target":["https:\/\/artistics.com\/fr\/artiste\/matthieu-venot\/"]}]},{"@type":"ImageObject","inLanguage":"fr-FR","@id":"https:\/\/artistics.com\/fr\/artiste\/matthieu-venot\/#primaryimage","url":"https:\/\/artistics.com\/wp-content\/uploads\/2023\/04\/artist_portrait-venot_0_0.jpg","contentUrl":"https:\/\/artistics.com\/wp-content\/uploads\/2023\/04\/artist_portrait-venot_0_0.jpg","width":900,"height":900},{"@type":"BreadcrumbList","@id":"https:\/\/artistics.com\/fr\/artiste\/matthieu-venot\/#breadcrumb","itemListElement":[{"@type":"ListItem","position":1,"name":"Achat \u0153uvre d'art","item":"https:\/\/artistics.com\/fr\/"},{"@type":"ListItem","position":2,"name":"Artistes contemporains","item":"https:\/\/artistics.com\/fr\/type-artiste\/artistes-contemporains\/"},{"@type":"ListItem","position":3,"name":"Photographes contemporains","item":"https:\/\/artistics.com\/fr\/type-artiste\/photographes-contemporains\/"},{"@type":"ListItem","position":4,"name":"Matthieu Venot"}]},{"@type":"WebSite","@id":"https:\/\/artistics.com\/fr\/#website","url":"https:\/\/artistics.com\/fr\/","name":"Artistics","description":"The online art gallery","publisher":{"@id":"https:\/\/artistics.com\/fr\/#organization"},"potentialAction":[{"@type":"SearchAction","target":{"@type":"EntryPoint","urlTemplate":"https:\/\/artistics.com\/fr\/?s={search_term_string}"},"query-input":{"@type":"PropertyValueSpecification","valueRequired":true,"valueName":"search_term_string"}}],"inLanguage":"fr-FR"},{"@type":"Organization","@id":"https:\/\/artistics.com\/fr\/#organization","name":"Artistics","url":"https:\/\/artistics.com\/fr\/","logo":{"@type":"ImageObject","inLanguage":"fr-FR","@id":"https:\/\/artistics.com\/fr\/#\/schema\/logo\/image\/","url":"https:\/\/artistics.com\/wp-content\/uploads\/2023\/02\/artistics-logo-web-1.svg","contentUrl":"https:\/\/artistics.com\/wp-content\/uploads\/2023\/02\/artistics-logo-web-1.svg","caption":"Artistics"},"image":{"@id":"https:\/\/artistics.com\/fr\/#\/schema\/logo\/image\/"},"sameAs":["https:\/\/www.facebook.com\/ArtisticsMag","https:\/\/x.com\/Artistics_FR","http:\/\/www.linkedin.com\/company\/artistics","https:\/\/www.instagram.com\/artistics_com\/","http:\/\/www.pinterest.com\/ArtisticsMag"],"mainEntityOfPage":{"@id":"https:\/\/artistics.com\/fr\/artiste\/matthieu-venot\/"},"hasMerchantReturnPolicy":{"@type":"MerchantReturnPolicy","merchantReturnLink":"https:\/\/artistics.com\/free-return-policy\/"}}]}},"_links":{"self":[{"href":"https:\/\/artistics.com\/fr\/wp-json\/wp\/v2\/artist\/2777","targetHints":{"allow":["GET"]}}],"collection":[{"href":"https:\/\/artistics.com\/fr\/wp-json\/wp\/v2\/artist"}],"about":[{"href":"https:\/\/artistics.com\/fr\/wp-json\/wp\/v2\/types\/artist"}],"version-history":[{"count":7,"href":"https:\/\/artistics.com\/fr\/wp-json\/wp\/v2\/artist\/2777\/revisions"}],"predecessor-version":[{"id":75065,"href":"https:\/\/artistics.com\/fr\/wp-json\/wp\/v2\/artist\/2777\/revisions\/75065"}],"acf:post":[{"embeddable":true,"href":"https:\/\/artistics.com\/fr\/wp-json\/wp\/v2\/product\/28930"},{"embeddable":true,"href":"https:\/\/artistics.com\/fr\/wp-json\/wp\/v2\/product\/27753"}],"acf:term":[{"embeddable":true,"taxonomy":"series","href":"https:\/\/artistics.com\/fr\/wp-json\/wp\/v2\/series\/1083"},{"embeddable":true,"taxonomy":"artist-type","href":"https:\/\/artistics.com\/fr\/wp-json\/wp\/v2\/artist-type\/2385"},{"embeddable":true,"taxonomy":"artist-type","href":"https:\/\/artistics.com\/fr\/wp-json\/wp\/v2\/artist-type\/305"},{"embeddable":true,"taxonomy":"artist-type","href":"https:\/\/artistics.com\/fr\/wp-json\/wp\/v2\/artist-type\/307"}],"wp:featuredmedia":[{"embeddable":true,"href":"https:\/\/artistics.com\/fr\/wp-json\/wp\/v2\/media\/2618"}],"wp:attachment":[{"href":"https:\/\/artistics.com\/fr\/wp-json\/wp\/v2\/media?parent=2777"}],"wp:term":[{"taxonomy":"artist-type","embeddable":true,"href":"https:\/\/artistics.com\/fr\/wp-json\/wp\/v2\/artist-type?post=2777"}],"curies":[{"name":"wp","href":"https:\/\/api.w.org\/{rel}","templated":true}]}}