{"id":2772,"date":"2015-09-15T15:59:34","date_gmt":"2015-09-15T13:59:34","guid":{"rendered":"https:\/\/2022.devartistics.com\/artist\/valerie-desarrieu\/"},"modified":"2025-07-24T16:09:30","modified_gmt":"2025-07-24T14:09:30","slug":"valerie-desarrieu","status":"publish","type":"artist","link":"https:\/\/artistics.com\/fr\/artiste\/valerie-desarrieu\/","title":{"rendered":"Val\u00e9rie de Sarrieu"},"featured_media":31766,"template":"","artist-type":[305,2385,2240,306],"class_list":["post-2772","artist","type-artist","status-publish","has-post-thumbnail","hentry","artist-type-artistes-contemporains","artist-type-artistes-contemporains-francais","artist-type-femmes-artistes","artist-type-peintres-contemporains"],"acf":{"artist_first_name":"Val\u00e9rie","artist_last_name":"de Sarrieu","artist_nickname":"","artist_prefix":"Ms","artist_gender":"Woman","artist_main_type":306,"artist_types":[305,2240,2385,306],"artist_parent_series":1150,"artist_parent_series_info":"Val\u00e9rie de Sarrieu (valerie-de-sarrieu)","artist_nationality":["FR"],"artist_square_profile_picture":30350,"artist_address":{"address_1":"1 rue Sylvie","address_2":"","city":"toulouse","zip_code":"31500","country_of_residence":"FR"},"artist_contact_info":{"phone":"06 24 90 46 13","email":"valerie.desarrieu@free.fr"},"artist_about":{"":null,"date_of_birth":"19580101","date_of_death":null,"description":"<blockquote>\u00ab Travailler l'accueil, la r\u00e9ceptivit\u00e9 du lieu, de l'instant lumi\u00e8re et sa restitution la plus simple et juste possible. \u00bb<\/blockquote>\r\nVal\u00e9rie de Sarrieu est une artiste peintre fran\u00e7aise qui vit et travaille \u00e0 Toulouse. Pendant six ann\u00e9es, elle s'est consacr\u00e9e \u00e0 la restauration de peintures murales de monuments fran\u00e7ais, au nombre desquels : les cath\u00e9drales de Cahors et Albi. Licenci\u00e9e en histoire de l'art, elle a suivi les 4\u00e8me et 5\u00e8me ann\u00e9e des Beaux arts de Toulouse et compl\u00e9t\u00e9 sa formation dans les ann\u00e9es 90 aupr\u00e8s de Robert Thon et Maurice M\u00e9lat. Aujourd'hui, elle travaille essentiellement sur la peinture dite \" Sur le motif\".\r\nElle r\u00e9sume ainsi sa d\u00e9marche: \"travailler l'accueil, la r\u00e9ceptivit\u00e9 du lieu, de l'instant lumi\u00e8re et sa restitution la plus simple et juste possible\".","biography":"Val\u00e9rie de Sarrieu est une artiste peintre fran\u00e7aise qui vit et travaille \u00e0 Toulouse. Pendant six ann\u00e9es, elle s'est consacr\u00e9e \u00e0 la restauration de peintures murales de monuments fran\u00e7ais, au nombre desquels : les cath\u00e9drales de Cahors et Albi. Licenci\u00e9e en histoire de l'art, elle a suivi les 4\u00e8me et 5\u00e8me ann\u00e9e des Beaux arts de Toulouse et compl\u00e9t\u00e9 sa formation dans les ann\u00e9es 90 aupr\u00e8s de Robert Thon et Maurice M\u00e9lat. Aujourd'hui, elle travaille essentiellement sur la peinture dite \" Sur le motif\".\r\nElle r\u00e9sume ainsi sa d\u00e9marche: \"travailler l'accueil, la r\u00e9ceptivit\u00e9 du lieu, de l'instant lumi\u00e8re et sa restitution la plus simple et juste possible\".","education":"<ul><li>1995-2000 : Atelier toulousain avec Robert Thon et Maurice M\u00e9lat.<\/li><li>1980-1986 : Restaurations de peintures murales dont celles de la cath\u00e9drale de Cahors, d\u2019Albi, du ch\u00e2teau de Beynac, du mus\u00e9e des Augustins.<\/li><li>1975-1980 : Licence d'histoire de l\u2019art, 4\u00e8me et 5\u00e8me ann\u00e9e de l\u2019Ecole des Beaux Arts de Toulouse.<\/li><\/ul>","exhibitions":"","personal_exhibitions":"<ul>\r\n \t<li>2023 : \u00ab <em>De Tavira \u00e0 Tr\u00e9beurden<\/em> \u00bb, exposition personnelle, Galerie La Palette des possibles, Toulouse (France)<\/li>\r\n \t<li>2022 : Exposition personnelle, Galerie Prodromus, Paris (France)<\/li>\r\n \t<li>2019 : Exposition personnelle \u00e0 l'Espace 2JOL, Castelnau de Montmiral (France)<\/li>\r\n \t<li>2018 : Estivales Lagorre, Seix (France)<\/li>\r\n \t<li>2017 : \"<em>Derri\u00e8re la haie\"<\/em>, Cellier du Ch\u00e2teau de Saurs, Lisle sur Tarn (France)<\/li>\r\n \t<li>2016 : Exposition personnelle, Galerie 17, Azille (France)<\/li>\r\n \t<li>2015 : \"<em>Paysages\"<\/em>, exposition personnelle, Cabinet d'architectes Cellier-Chanson-Rou\u00e8de, Toulouse (France)<\/li>\r\n \t<li>2013 : Maison de l\u2019Occitanie, Toulouse &amp; Galerie Peinture Fra\u00eeche, Paris 7\u00e8me (France)<\/li>\r\n \t<li>2012 : Galerie Artbouge, Labastide Murat, Lot (France)<\/li>\r\n \t<li>2011 : St Hilaire Luc en Corr\u00e8ze &amp; Seix en Ari\u00e8ge (France)<\/li>\r\n \t<li>2010 : Espace Bonnefoy \u00e0 Toulouse (France)<\/li>\r\n \t<li>2009 : 111 des Arts Paris, Toulouse et Lyon &amp; Cabinet d\u2019architectes Cellier, Chanson, Rou\u00e8de \u00e0 Toulouse (France)<\/li>\r\n \t<li>2006 : Galerie du \u00ab pont des arts \u00bb \u00e0 Marcillac en Vallon (France)<\/li>\r\n \t<li>2003 : Espace Bouqui\u00e8res \u00e0 Toulouse (France)<\/li>\r\n<\/ul>","collective_exhibitions":"<ul>\r\n \t<li>2025 : \"<em>Nature Contre-Nature\"<\/em>, exposition collective, Le Grand Presbyt\u00e8re, Martres-Tolosane (France)<\/li>\r\n \t<li>2024 : Exposition collective, Exposition d'\u00e9t\u00e9, Ferme du Grand Couvent, Galerie MHB Gramat, Gramat (France)<\/li>\r\n \t<li>2024 : Exposition collective, Galerie Peinture Fra\u00eeche, Paris (France)<\/li>\r\n \t<li>2023 : \u00ab <em>Natures<\/em> \u00bb, exposition collective, MHB Galerie, ferme du Grand Couvent, Gramat (France)<\/li>\r\n \t<li>2022 : Exposition collective, MHB Galerie, ferme du Grand Couvent de Gramat (France)<\/li>\r\n \t<li>2021 : Exposition \u00e9t\u00e9 2021 \u00e0 la Ferme du Grand Couvent, Gramat (France)<\/li>\r\n \t<li>2020 : Exposition \u00e0 la Galerie La Barbacane, Cordes sur Ciel (France)<\/li>\r\n \t<li>2020 : Exposition collective, Galerie MH Bou, Gramat\u00a0(France)<\/li>\r\n \t<li>2018 : Galerie Peinture Fraiche, Paris (France)<\/li>\r\n \t<li>2007 : Mus\u00e9e de Gaillac &amp; Galerie de la Daurade \u00e0 Toulouse &amp; Galerie Fonderie et v\u0153ux d\u2019artistes Toulouse (France)<\/li>\r\n \t<li>2004 : Salon d\u2019Art contemporain Paris, Bastille (France)<\/li>\r\n<\/ul>","collections":"","awards":"<ul>\r\n \t<li>2008 : 1er prix, 111 des Arts Paris et Toulouse. &amp; Salon des artistes occitans (France)<\/li>\r\n \t<li>2008 : 1er prix, Salon du grand format \u00e0 Fr\u00e9jus (France)<\/li>\r\n \t<li>2002 : Castelsarrazin (prix du salon d'automne), \"The gallery\" place des Vosges, Paris (France)<\/li>\r\n<\/ul>","commissions":"","publications":""},"artist_video":{"url":"https:\/\/youtube.com\/watch?v=ZYcTLe4ibl8","poster_image":2599},"artist_taxes":{"vat_liability":false,"vat_applicable_rate":5.5},"artist_featured_artworks_images":[{"image":7024},{"image":15611},{"image":""}],"artist_featured_artworks":[21768,22745],"artist_diaporama":[{"image":31760,"image_caption":""},{"image":31762,"image_caption":""},{"image":31758,"image_caption":""}],"artist_query_group":"40","drupal_id":"7465"},"yoast_head":"<!-- This site is optimized with the Yoast SEO Premium plugin v27.3 (Yoast SEO v27.3) - https:\/\/yoast.com\/product\/yoast-seo-premium-wordpress\/ -->\n<title>Val\u00e9rie de Sarrieu \u2013 Peinture de paysages | Artistics<\/title>\n<meta name=\"description\" content=\"D\u00e9couvrez les tableaux contemporains de l\u2019artiste Val\u00e9rie de Sarrieu, entre paysages naturels et urbains du Sud-Ouest de la France. Achat en ligne s\u00e9curis\u00e9.\" \/>\n<meta name=\"robots\" content=\"index, follow, max-snippet:-1, max-image-preview:large, max-video-preview:-1\" \/>\n<link rel=\"canonical\" href=\"https:\/\/artistics.com\/fr\/artiste\/valerie-desarrieu\/\" \/>\n<meta property=\"og:locale\" content=\"fr_FR\" \/>\n<meta property=\"og:type\" content=\"article\" \/>\n<meta property=\"og:title\" content=\"Val\u00e9rie de Sarrieu\" \/>\n<meta property=\"og:description\" content=\"D\u00e9couvrez les tableaux contemporains de l\u2019artiste Val\u00e9rie de Sarrieu, entre paysages naturels et urbains du Sud-Ouest de la France. Achat en ligne s\u00e9curis\u00e9.\" \/>\n<meta property=\"og:url\" content=\"https:\/\/artistics.com\/fr\/artiste\/valerie-desarrieu\/\" \/>\n<meta property=\"og:site_name\" content=\"Artistics\" \/>\n<meta property=\"article:publisher\" content=\"https:\/\/www.facebook.com\/ArtisticsMag\" \/>\n<meta property=\"article:modified_time\" content=\"2025-07-24T14:09:30+00:00\" \/>\n<meta property=\"og:image\" content=\"https:\/\/artistics.com\/wp-content\/uploads\/2023\/04\/featured-image-valerie-de-sarrieu-painter.jpg\" \/>\n\t<meta property=\"og:image:width\" content=\"2560\" \/>\n\t<meta property=\"og:image:height\" content=\"1920\" \/>\n\t<meta property=\"og:image:type\" content=\"image\/jpeg\" \/>\n<meta name=\"twitter:card\" content=\"summary_large_image\" \/>\n<meta name=\"twitter:site\" content=\"@Artistics_FR\" \/>\n<meta name=\"twitter:label1\" content=\"Dur\u00e9e de lecture estim\u00e9e\" \/>\n\t<meta name=\"twitter:data1\" content=\"5 minutes\" \/>\n<script type=\"application\/ld+json\" class=\"yoast-schema-graph\">{\"@context\":\"https:\\\/\\\/schema.org\",\"@graph\":[{\"@type\":[\"WebPage\",\"ProfilePage\"],\"@id\":\"https:\\\/\\\/artistics.com\\\/fr\\\/artiste\\\/valerie-desarrieu\\\/\",\"url\":\"https:\\\/\\\/artistics.com\\\/fr\\\/artiste\\\/valerie-desarrieu\\\/\",\"name\":\"Val\u00e9rie de Sarrieu \u2013 Peinture de paysages | Artistics\",\"isPartOf\":{\"@id\":\"https:\\\/\\\/artistics.com\\\/fr\\\/#website\"},\"primaryImageOfPage\":{\"@id\":\"https:\\\/\\\/artistics.com\\\/fr\\\/artiste\\\/valerie-desarrieu\\\/#primaryimage\"},\"image\":{\"@id\":\"https:\\\/\\\/artistics.com\\\/fr\\\/artiste\\\/valerie-desarrieu\\\/#primaryimage\"},\"thumbnailUrl\":\"https:\\\/\\\/artistics.com\\\/wp-content\\\/uploads\\\/2023\\\/04\\\/featured-image-valerie-de-sarrieu-painter.jpg\",\"datePublished\":\"2015-09-15T13:59:34+00:00\",\"dateModified\":\"2025-07-24T14:09:30+00:00\",\"description\":\"D\u00e9couvrez les tableaux contemporains de l\u2019artiste Val\u00e9rie de Sarrieu, entre paysages naturels et urbains du Sud-Ouest de la France. Achat en ligne s\u00e9curis\u00e9.\",\"breadcrumb\":{\"@id\":\"https:\\\/\\\/artistics.com\\\/fr\\\/artiste\\\/valerie-desarrieu\\\/#breadcrumb\"},\"inLanguage\":\"fr-FR\",\"potentialAction\":[{\"@type\":\"ReadAction\",\"target\":[\"https:\\\/\\\/artistics.com\\\/fr\\\/artiste\\\/valerie-desarrieu\\\/\"]}]},{\"@type\":\"ImageObject\",\"inLanguage\":\"fr-FR\",\"@id\":\"https:\\\/\\\/artistics.com\\\/fr\\\/artiste\\\/valerie-desarrieu\\\/#primaryimage\",\"url\":\"https:\\\/\\\/artistics.com\\\/wp-content\\\/uploads\\\/2023\\\/04\\\/featured-image-valerie-de-sarrieu-painter.jpg\",\"contentUrl\":\"https:\\\/\\\/artistics.com\\\/wp-content\\\/uploads\\\/2023\\\/04\\\/featured-image-valerie-de-sarrieu-painter.jpg\",\"width\":2560,\"height\":1920},{\"@type\":\"BreadcrumbList\",\"@id\":\"https:\\\/\\\/artistics.com\\\/fr\\\/artiste\\\/valerie-desarrieu\\\/#breadcrumb\",\"itemListElement\":[{\"@type\":\"ListItem\",\"position\":1,\"name\":\"Achat \u0153uvre d'art\",\"item\":\"https:\\\/\\\/artistics.com\\\/fr\\\/\"},{\"@type\":\"ListItem\",\"position\":2,\"name\":\"Artistes contemporains\",\"item\":\"https:\\\/\\\/artistics.com\\\/fr\\\/type-artiste\\\/artistes-contemporains\\\/\"},{\"@type\":\"ListItem\",\"position\":3,\"name\":\"Peintres contemporains\",\"item\":\"https:\\\/\\\/artistics.com\\\/fr\\\/type-artiste\\\/peintres-contemporains\\\/\"},{\"@type\":\"ListItem\",\"position\":4,\"name\":\"Val\u00e9rie de Sarrieu\"}]},{\"@type\":\"WebSite\",\"@id\":\"https:\\\/\\\/artistics.com\\\/fr\\\/#website\",\"url\":\"https:\\\/\\\/artistics.com\\\/fr\\\/\",\"name\":\"Artistics\",\"description\":\"The online art gallery\",\"publisher\":{\"@id\":\"https:\\\/\\\/artistics.com\\\/fr\\\/#organization\"},\"potentialAction\":[{\"@type\":\"SearchAction\",\"target\":{\"@type\":\"EntryPoint\",\"urlTemplate\":\"https:\\\/\\\/artistics.com\\\/fr\\\/?s={search_term_string}\"},\"query-input\":{\"@type\":\"PropertyValueSpecification\",\"valueRequired\":true,\"valueName\":\"search_term_string\"}}],\"inLanguage\":\"fr-FR\"},{\"@type\":\"Organization\",\"@id\":\"https:\\\/\\\/artistics.com\\\/fr\\\/#organization\",\"name\":\"Artistics\",\"url\":\"https:\\\/\\\/artistics.com\\\/fr\\\/\",\"logo\":{\"@type\":\"ImageObject\",\"inLanguage\":\"fr-FR\",\"@id\":\"https:\\\/\\\/artistics.com\\\/fr\\\/#\\\/schema\\\/logo\\\/image\\\/\",\"url\":\"https:\\\/\\\/artistics.com\\\/wp-content\\\/uploads\\\/2023\\\/02\\\/artistics-logo-web-1.svg\",\"contentUrl\":\"https:\\\/\\\/artistics.com\\\/wp-content\\\/uploads\\\/2023\\\/02\\\/artistics-logo-web-1.svg\",\"caption\":\"Artistics\"},\"image\":{\"@id\":\"https:\\\/\\\/artistics.com\\\/fr\\\/#\\\/schema\\\/logo\\\/image\\\/\"},\"sameAs\":[\"https:\\\/\\\/www.facebook.com\\\/ArtisticsMag\",\"https:\\\/\\\/x.com\\\/Artistics_FR\",\"http:\\\/\\\/www.linkedin.com\\\/company\\\/artistics\",\"https:\\\/\\\/www.instagram.com\\\/artistics_com\\\/\",\"http:\\\/\\\/www.pinterest.com\\\/ArtisticsMag\"],\"mainEntityOfPage\":{\"@id\":\"https:\\\/\\\/artistics.com\\\/fr\\\/artiste\\\/valerie-desarrieu\\\/\"},\"hasMerchantReturnPolicy\":{\"@type\":\"MerchantReturnPolicy\",\"merchantReturnLink\":\"https:\\\/\\\/artistics.com\\\/free-return-policy\\\/\"}}]}<\/script>\n<!-- \/ Yoast SEO Premium plugin. -->","yoast_head_json":{"title":"Val\u00e9rie de Sarrieu \u2013 Peinture de paysages | Artistics","description":"D\u00e9couvrez les tableaux contemporains de l\u2019artiste Val\u00e9rie de Sarrieu, entre paysages naturels et urbains du Sud-Ouest de la France. Achat en ligne s\u00e9curis\u00e9.","robots":{"index":"index","follow":"follow","max-snippet":"max-snippet:-1","max-image-preview":"max-image-preview:large","max-video-preview":"max-video-preview:-1"},"canonical":"https:\/\/artistics.com\/fr\/artiste\/valerie-desarrieu\/","og_locale":"fr_FR","og_type":"article","og_title":"Val\u00e9rie de Sarrieu","og_description":"D\u00e9couvrez les tableaux contemporains de l\u2019artiste Val\u00e9rie de Sarrieu, entre paysages naturels et urbains du Sud-Ouest de la France. Achat en ligne s\u00e9curis\u00e9.","og_url":"https:\/\/artistics.com\/fr\/artiste\/valerie-desarrieu\/","og_site_name":"Artistics","article_publisher":"https:\/\/www.facebook.com\/ArtisticsMag","article_modified_time":"2025-07-24T14:09:30+00:00","og_image":[{"width":2560,"height":1920,"url":"https:\/\/artistics.com\/wp-content\/uploads\/2023\/04\/featured-image-valerie-de-sarrieu-painter.jpg","type":"image\/jpeg"}],"twitter_card":"summary_large_image","twitter_site":"@Artistics_FR","twitter_misc":{"Dur\u00e9e de lecture estim\u00e9e":"5 minutes"},"schema":{"@context":"https:\/\/schema.org","@graph":[{"@type":["WebPage","ProfilePage"],"@id":"https:\/\/artistics.com\/fr\/artiste\/valerie-desarrieu\/","url":"https:\/\/artistics.com\/fr\/artiste\/valerie-desarrieu\/","name":"Val\u00e9rie de Sarrieu \u2013 Peinture de paysages | Artistics","isPartOf":{"@id":"https:\/\/artistics.com\/fr\/#website"},"primaryImageOfPage":{"@id":"https:\/\/artistics.com\/fr\/artiste\/valerie-desarrieu\/#primaryimage"},"image":{"@id":"https:\/\/artistics.com\/fr\/artiste\/valerie-desarrieu\/#primaryimage"},"thumbnailUrl":"https:\/\/artistics.com\/wp-content\/uploads\/2023\/04\/featured-image-valerie-de-sarrieu-painter.jpg","datePublished":"2015-09-15T13:59:34+00:00","dateModified":"2025-07-24T14:09:30+00:00","description":"D\u00e9couvrez les tableaux contemporains de l\u2019artiste Val\u00e9rie de Sarrieu, entre paysages naturels et urbains du Sud-Ouest de la France. Achat en ligne s\u00e9curis\u00e9.","breadcrumb":{"@id":"https:\/\/artistics.com\/fr\/artiste\/valerie-desarrieu\/#breadcrumb"},"inLanguage":"fr-FR","potentialAction":[{"@type":"ReadAction","target":["https:\/\/artistics.com\/fr\/artiste\/valerie-desarrieu\/"]}]},{"@type":"ImageObject","inLanguage":"fr-FR","@id":"https:\/\/artistics.com\/fr\/artiste\/valerie-desarrieu\/#primaryimage","url":"https:\/\/artistics.com\/wp-content\/uploads\/2023\/04\/featured-image-valerie-de-sarrieu-painter.jpg","contentUrl":"https:\/\/artistics.com\/wp-content\/uploads\/2023\/04\/featured-image-valerie-de-sarrieu-painter.jpg","width":2560,"height":1920},{"@type":"BreadcrumbList","@id":"https:\/\/artistics.com\/fr\/artiste\/valerie-desarrieu\/#breadcrumb","itemListElement":[{"@type":"ListItem","position":1,"name":"Achat \u0153uvre d'art","item":"https:\/\/artistics.com\/fr\/"},{"@type":"ListItem","position":2,"name":"Artistes contemporains","item":"https:\/\/artistics.com\/fr\/type-artiste\/artistes-contemporains\/"},{"@type":"ListItem","position":3,"name":"Peintres contemporains","item":"https:\/\/artistics.com\/fr\/type-artiste\/peintres-contemporains\/"},{"@type":"ListItem","position":4,"name":"Val\u00e9rie de Sarrieu"}]},{"@type":"WebSite","@id":"https:\/\/artistics.com\/fr\/#website","url":"https:\/\/artistics.com\/fr\/","name":"Artistics","description":"The online art gallery","publisher":{"@id":"https:\/\/artistics.com\/fr\/#organization"},"potentialAction":[{"@type":"SearchAction","target":{"@type":"EntryPoint","urlTemplate":"https:\/\/artistics.com\/fr\/?s={search_term_string}"},"query-input":{"@type":"PropertyValueSpecification","valueRequired":true,"valueName":"search_term_string"}}],"inLanguage":"fr-FR"},{"@type":"Organization","@id":"https:\/\/artistics.com\/fr\/#organization","name":"Artistics","url":"https:\/\/artistics.com\/fr\/","logo":{"@type":"ImageObject","inLanguage":"fr-FR","@id":"https:\/\/artistics.com\/fr\/#\/schema\/logo\/image\/","url":"https:\/\/artistics.com\/wp-content\/uploads\/2023\/02\/artistics-logo-web-1.svg","contentUrl":"https:\/\/artistics.com\/wp-content\/uploads\/2023\/02\/artistics-logo-web-1.svg","caption":"Artistics"},"image":{"@id":"https:\/\/artistics.com\/fr\/#\/schema\/logo\/image\/"},"sameAs":["https:\/\/www.facebook.com\/ArtisticsMag","https:\/\/x.com\/Artistics_FR","http:\/\/www.linkedin.com\/company\/artistics","https:\/\/www.instagram.com\/artistics_com\/","http:\/\/www.pinterest.com\/ArtisticsMag"],"mainEntityOfPage":{"@id":"https:\/\/artistics.com\/fr\/artiste\/valerie-desarrieu\/"},"hasMerchantReturnPolicy":{"@type":"MerchantReturnPolicy","merchantReturnLink":"https:\/\/artistics.com\/free-return-policy\/"}}]}},"_links":{"self":[{"href":"https:\/\/artistics.com\/fr\/wp-json\/wp\/v2\/artist\/2772","targetHints":{"allow":["GET"]}}],"collection":[{"href":"https:\/\/artistics.com\/fr\/wp-json\/wp\/v2\/artist"}],"about":[{"href":"https:\/\/artistics.com\/fr\/wp-json\/wp\/v2\/types\/artist"}],"version-history":[{"count":50,"href":"https:\/\/artistics.com\/fr\/wp-json\/wp\/v2\/artist\/2772\/revisions"}],"predecessor-version":[{"id":87504,"href":"https:\/\/artistics.com\/fr\/wp-json\/wp\/v2\/artist\/2772\/revisions\/87504"}],"acf:post":[{"embeddable":true,"href":"https:\/\/artistics.com\/fr\/wp-json\/wp\/v2\/product\/22745"},{"embeddable":true,"href":"https:\/\/artistics.com\/fr\/wp-json\/wp\/v2\/product\/21768"}],"acf:term":[{"embeddable":true,"taxonomy":"series","href":"https:\/\/artistics.com\/fr\/wp-json\/wp\/v2\/series\/1150"},{"embeddable":true,"taxonomy":"artist-type","href":"https:\/\/artistics.com\/fr\/wp-json\/wp\/v2\/artist-type\/2385"},{"embeddable":true,"taxonomy":"artist-type","href":"https:\/\/artistics.com\/fr\/wp-json\/wp\/v2\/artist-type\/2240"},{"embeddable":true,"taxonomy":"artist-type","href":"https:\/\/artistics.com\/fr\/wp-json\/wp\/v2\/artist-type\/305"},{"embeddable":true,"taxonomy":"artist-type","href":"https:\/\/artistics.com\/fr\/wp-json\/wp\/v2\/artist-type\/306"}],"wp:featuredmedia":[{"embeddable":true,"href":"https:\/\/artistics.com\/fr\/wp-json\/wp\/v2\/media\/31766"}],"wp:attachment":[{"href":"https:\/\/artistics.com\/fr\/wp-json\/wp\/v2\/media?parent=2772"}],"wp:term":[{"taxonomy":"artist-type","embeddable":true,"href":"https:\/\/artistics.com\/fr\/wp-json\/wp\/v2\/artist-type?post=2772"}],"curies":[{"name":"wp","href":"https:\/\/api.w.org\/{rel}","templated":true}]}}