{"id":2757,"date":"2015-09-15T15:29:19","date_gmt":"2015-09-15T13:29:19","guid":{"rendered":"https:\/\/2022.devartistics.com\/artist\/pierre-yermia\/"},"modified":"2026-02-24T13:33:49","modified_gmt":"2026-02-24T12:33:49","slug":"pierre-yermia","status":"publish","type":"artist","link":"https:\/\/artistics.com\/fr\/artiste\/pierre-yermia\/","title":{"rendered":"Pierre Yermia"},"featured_media":30911,"template":"","artist-type":[2238,305,2385,308],"class_list":["post-2757","artist","type-artist","status-publish","has-post-thumbnail","hentry","artist-type-artistes-animaliers","artist-type-artistes-contemporains","artist-type-artistes-contemporains-francais","artist-type-sculpteurs-contemporains"],"acf":{"artist_first_name":"Pierre","artist_last_name":"Yermia","artist_nickname":"","artist_prefix":"Mr","artist_gender":"Man","artist_main_type":308,"artist_types":[305,2238,308,2385],"artist_parent_series":1110,"artist_parent_series_info":"Pierre Yermia (pierre-yermia)","artist_nationality":["FR"],"artist_square_profile_picture":30334,"artist_address":{"address_1":"9 place de la coupoleEnrich","address_2":"","city":"Charenton le Pont","zip_code":"94220","country_of_residence":"FR"},"artist_contact_info":{"phone":"0663629437","email":"pierre.yermia@gmail.com"},"artist_about":{"":null,"date_of_birth":"19641015","date_of_death":null,"description":"<blockquote>\u00ab Moi j'aime que la sculpture soit l'expression d'un \u00e9lan, d'un pur moment de gr\u00e2ce, d\u2019\u00e9quilibre, \u00e0 la fois o\u00f9 on sente la fragilit\u00e9 de l\u2019humanit\u00e9 mais aussi sa force. \u00bb<\/blockquote>\r\nPierre Yermia est un sculpteur fran\u00e7ais qui vit et travaille \u00e0 Charenton le Pont. Apr\u00e8s \u00eatre pass\u00e9 \u00e0 l\u2019\u00e9cole des Beaux-Arts de Paris et de Toulouse, il a choisi de travailler le bronze. Depuis 30 ans, il propose une \u0153uvre unique sur la sc\u00e8ne de l\u2019art contemporain o\u00f9 l\u2019on retrouve <a href=\"https:\/\/artistics.com\/fr\/categorie-oeuvre\/sculpture-contemporaine\/sculpture-animaliere\/\">sculpture animali\u00e8re<\/a> (statues d\u2019animaux) et figures f\u00e9minines \u00e9lanc\u00e9es. Parcourez notre site pour d\u00e9couvrir ses splendides statues longilignes qui peuvent \u00e9voquer le travail du c\u00e9l\u00e8bre sculpteur suisse Alberto Giacometti.\r\n<h2><strong>Un travail tout en courbe et tension<\/strong><\/h2>\r\n\"Mon travail est une qu\u00eate constante d'un moment d'\u00e9quilibre pr\u00e9caire et improbable, o\u00f9 se confrontent simultan\u00e9ment force et fragilit\u00e9\", confie-t-il. Cette description prend tout son sens quand on observe les s\u00e9ries Figures allong\u00e9es ou Animaux. L\u2019artiste joue sur les contrastes physiques (femmes aux jambes fines et aux bassins larges, taureaux au buste puissant, aux jambes fines dot\u00e9es d\u2019une petite t\u00eate) : \"Mes figures humaines ou animales, profond\u00e9ment enracin\u00e9es, se dressent sur leurs membres fragiles et s'\u00e9l\u00e8vent dans un lent mouvement, d\u00e9fiant les lois de la pesanteur. Les formes sont allong\u00e9es, les membres fr\u00eales contrastent avec les torses plus massifs, les t\u00eates r\u00e9duites \u00e0 l'essentiel tr\u00f4nent sur de longs cous effil\u00e9s. Les pleins et les vides se r\u00e9pondent dans un jeu permanent, cr\u00e9ant ainsi un espace monumental et ouvert.\"\r\n\r\nSes <a href=\"https:\/\/artistics.com\/fr\/series\/pierre-yermia-figures-allongees-fr\/\" target=\"_blank\" rel=\"noopener\">Figures allong\u00e9es<\/a>, des figures f\u00e9minines apparemment alanguies, sont en fait dans des positions impossibles \u00e0 tenir, presque en l\u00e9vitation. La tenion g\u00e9n\u00e9r\u00e9e par ces figures \u00e0 l'\u00e9quilibre improbable intrigue et captive. Ces\u00a0 figures de femmes sont tout en courbes, mouvement et l\u00e9g\u00e8ret\u00e9, dans une recherche d\u2019expressivit\u00e9 qui peut parfois faire penser au mani\u00e9risme. Par sa technique et son expertise, Pierre Yermia parvient donc \u00e0 donner au bronze une impression de l\u00e9g\u00e8ret\u00e9 et d\u2019\u00e9lan.\r\n<h2><strong>Un travail \u00e0 une \u00e9chelle monumentale pour la statuaire ext\u00e9rieure<\/strong><\/h2>\r\nS\u2019il y a beaucoup de sculptures contemporaines de petite taille dans l\u2019\u0153uvre de Pierre Yermia, le sculpteur contemporain travaille aussi parfois \u00e0 une \u00e9chelle monumentale : \"Les petits ou moyens formats r\u00e9alis\u00e9s sont les \u00e9tapes successives n\u00e9cessaires de mes sculptures monumentales (en moyenne 3 m\u00e8tres de haut ou de long).\" En effet, l\u2019artiste a r\u00e9alis\u00e9 des statues d\u2019animaux ou de figures humaines en grand format qui ont \u00e9t\u00e9 expos\u00e9es en ext\u00e9rieur. Le <a href=\"https:\/\/artistics.com\/fr\/oeuvre\/grand-cerf\/\" target=\"_blank\" rel=\"noopener\">Grand Cerf<\/a>, une sculpture monumentale de trois m\u00e8tres et de plus de 250 kg a \u00e9t\u00e9 <a href=\"https:\/\/artistics.com\/fr\/artzine\/un-projet-monumental\/\" target=\"_blank\" rel=\"noopener\">acquise par un h\u00f4tel de luxe<\/a> et install\u00e9e \u00e0 l\u2019entr\u00e9e du domaine dont il accueille d\u00e9sormais les visiteurs.\r\n\r\nPr\u00e9sent\u00e9es lors de nombreuses manifestations artistiques, les sculptures contemporaines de Pierre Yermia t\u00e9moignent d'une humanit\u00e9 toujours en danger et cependant optimiste et sereine.","biography":"<p >Pierre Yermia est un sculpteur fran\u00e7ais qui vit et travaille \u00e0 Charenton le Pont. Apr\u00e8s \u00eatre pass\u00e9 \u00e0 l\u2019\u00e9cole des Beaux-Arts de Paris et de Toulouse, il a choisi de travailler le bronze. Depuis 30 ans, il propose une \u0153uvre unique sur la sc\u00e8ne de l\u2019art contemporain o\u00f9 l\u2019on retrouve <span ><a href=\"https:\/\/artistics.com\/fr\/categorie-oeuvre\/sculpture-contemporaine\/sculpture-animaliere\/\"><span >sculpture animali\u00e8re<\/span><\/a><\/span> (statues d\u2019animaux) et figures f\u00e9minines \u00e9lanc\u00e9es. Parcourez notre site pour d\u00e9couvrir ses splendides statues longilignes qui peuvent \u00e9voquer le travail du c\u00e9l\u00e8bre sculpteur suisse Alberto Giacometti.<\/p><h2 ><span ><strong>Un travail tout en courbe et tension<\/strong><\/span><\/h2><p >\"Mon travail est une qu\u00eate constante d'un moment d'\u00e9quilibre pr\u00e9caire et improbable, o\u00f9 se confrontent simultan\u00e9ment force et fragilit\u00e9\", confie-t-il. Cette description prend tout son sens quand on observe les s\u00e9ries Figures allong\u00e9es ou Animaux. L\u2019artiste joue sur les contrastes physiques (femmes aux jambes fines et aux bassins larges, taureaux au buste puissant, aux jambes fines dot\u00e9es d\u2019une petite t\u00eate) : \"Mes figures humaines ou animales, profond\u00e9ment enracin\u00e9es, se dressent sur leurs membres fragiles et s'\u00e9l\u00e8vent dans un lent mouvement, d\u00e9fiant les lois de la pesanteur. Les formes sont allong\u00e9es, les membres fr\u00eales contrastent avec les torses plus massifs, les t\u00eates r\u00e9duites \u00e0 l'essentiel tr\u00f4nent sur de longs cous effil\u00e9s. Les pleins et les vides se r\u00e9pondent dans un jeu permanent, cr\u00e9ant ainsi un espace monumental et ouvert.\"<\/p><p >Ses <span ><a href=\"\/fr\/search\/site\/Pierre%20Yermia?fq%5B0%5D=bundle%3Aproduit&fq%5B1%5D=is_uid%3A221&fq%5B2%5D=im_product_art_collection%3A4796&collection=1\"><span >Figures allong\u00e9es<\/span><\/a><\/span>, des figures f\u00e9minines apparemment alanguies, sont en fait dans des positions impossibles \u00e0 tenir, presque en l\u00e9vitation. La tenion g\u00e9n\u00e9r\u00e9e par ces figures \u00e0 l'\u00e9quilibre improbable intrigue et captive. Ces\u00a0 figures de femmes sont tout en courbes, mouvement et l\u00e9g\u00e8ret\u00e9, dans une recherche d\u2019expressivit\u00e9 qui peut parfois faire penser au mani\u00e9risme. Par sa technique et son expertise, Pierre Yermia parvient donc \u00e0 donner au bronze une impression de l\u00e9g\u00e8ret\u00e9 et d\u2019\u00e9lan.\u00a0<\/p><h2 ><span ><strong>Un travail \u00e0 une \u00e9chelle monumentale pour la statuaire ext\u00e9rieure<\/strong><\/span><\/h2><p >S\u2019il y a beaucoup de sculptures contemporaines de petite taille dans l\u2019\u0153uvre de Pierre Yermia, le sculpteur contemporain travaille aussi parfois \u00e0 une \u00e9chelle monumentale : \"Les petits ou moyens formats r\u00e9alis\u00e9s sont les \u00e9tapes successives n\u00e9cessaires de mes sculptures monumentales (en moyenne 3 m\u00e8tres de haut ou de long).\" En effet, l\u2019artiste a r\u00e9alis\u00e9 des statues d\u2019animaux ou de figures humaines en grand format qui ont \u00e9t\u00e9 expos\u00e9es en ext\u00e9rieur. Le <span ><a href=\"https:\/\/artistics.com\/fr\/oeuvre\/grand-cerf\/\" target=\"_blank\"><span >Grand Cerf<\/span><\/a><\/span>, une sculpture monumentale de trois m\u00e8tres et de plus de 250 kg a \u00e9t\u00e9 <span ><a href=\"https:\/\/artistics.com\/fr\/artzine\/un-projet-monumental\/\" target=\"_blank\"><span >acquise par un h\u00f4tel de luxe<\/span><\/a><\/span> et install\u00e9e \u00e0 l\u2019entr\u00e9e du domaine dont il accueille d\u00e9sormais les visiteurs.<\/p><p >Pr\u00e9sent\u00e9es lors de nombreuses manifestations artistiques, les sculptures contemporaines de Pierre Yermia t\u00e9moignent d'une humanit\u00e9 toujours en danger et cependant optimiste et sereine.<\/p>","education":"<ul><li>1984\/1988 - Ecole des Beaux Arts de Paris (France)<\/li><li>1982\/1984 - Ecole des Beaux Arts de Toulouse (France)<\/li><\/ul>","exhibitions":"","personal_exhibitions":"<ul>\r\n \t<li><span data-olk-copy-source=\"MessageBody\">2026 - Exposition en duo avec \u00c9milie Dewaele, Galerie Estelle Lebas, Haubourdin-Lille (France)<\/span><\/li>\r\n \t<li><\/li>\r\n \t<li>2022 - Exposition en duo avec le peintre Guillaume Lavigne, La Chapelle des Ursulines, Lannion (France)<\/li>\r\n \t<li>2020 - Salon de Printemps, exposition en duo avec le Graveur Mikio Watanab\u00e9, Espace culturel et congr\u00e8s La Fleuiaye, Carquefou (France)<\/li>\r\n \t<li>2020 - Exposition en duo \"Passions Animales\" avec le sculpteur Pascal Masi, Galerie des Ormes, Paris (France)<\/li>\r\n \t<li>2016 - \u00ab Pr\u00e9sences intemporelles \u00bb, exposition personnelle, Espace Bansard, Paris (France)<\/li>\r\n \t<li>2016 - \u00ab Sculptures monumentales \u00bb, Parc thermal de Ch\u00e2tel-Guyon (France)<\/li>\r\n \t<li>2016 - Hommage \u00e0 Shinsa\u00ef Haruta, Galerie des Ormes, Paris (France)<\/li>\r\n \t<li>2015 - L\u2019Arrivage, Troyes (France)<\/li>\r\n \t<li>2015 - Galerie Art Aujourd\u2019hui, Paris (France)<\/li>\r\n \t<li>2014 - Galerie Peinture Fra\u00eeche, Paris (France)<\/li>\r\n \t<li>2014 - Galerie Des Ormes, Domaine Mauvoisin, Lommoye (France)<\/li>\r\n \t<li>2014 - Galerie Chikabee, De Haan (Belgique)<\/li>\r\n \t<li>2013 - Carr\u00e9 Des Coignard, Nogent (France)<\/li>\r\n \t<li>2013 - MIM Galerie, Martel (France)<\/li>\r\n \t<li>2013 - Fondation Taylor, Paris (France)<\/li>\r\n \t<li>2012 - Primo Piano, Bon March\u00e9, Paris (France)<\/li>\r\n \t<li>2012 - Mairie du 17 \u00e8me, Paris (France)<\/li>\r\n \t<li>2012 - Splendeurs animales, Galerie Des Ormes, Courtenay (France)<\/li>\r\n \t<li>2012 - Galerie Peinture Fra\u00eeche, Paris (France)<\/li>\r\n \t<li>2011 - Galerie Des Ormes, Courtenay (France)<\/li>\r\n \t<li>2011 - Galerie MIM, Martel (France)<\/li>\r\n \t<li>2010 - Art\u2019Pros, avec Perrine Rabouin et Bruno Mallart , Orsay (France)<\/li>\r\n \t<li>2009 - OFI, Paris (France)<\/li>\r\n \t<li>2008 - Galerie des Ormes, Courtenay, Paris (France)<\/li>\r\n \t<li>2008 - Galerie Marbeau, Paris (France)<\/li>\r\n \t<li>2008 - Galerie Act\u00e9e, Charenton (France)<\/li>\r\n \t<li>2008 - \u00ab Lignes de Temps \u00bb, Viaduc des Arts, Paris (France)<\/li>\r\n \t<li>2008 - Aeroneff, Pantin (France)<\/li>\r\n \t<li>2007 - Galerie des Ormes, Courtenay (France)<\/li>\r\n \t<li>2006 - Galerie Art 21, Palo Alto (\u00c9tats-Unis)<\/li>\r\n \t<li>2005 - Galerie des Ormes, Courtenay (France)<\/li>\r\n \t<li>2005 - Hom\u2019Art, Ivry-sur-Seine (France)<\/li>\r\n \t<li>2005 - Galerie Simonoff, Paris (France)<\/li>\r\n \t<li>2005 - Abbaye de Talloire, Annecy (France)<\/li>\r\n \t<li>2004 - Communider, Paris (France)<\/li>\r\n \t<li>2004 - Maison des Artistes, Charenton (France)<\/li>\r\n \t<li>2003 - Ofivalmo, Paris (France)<\/li>\r\n \t<li>2003 - Galerie Lazoukine, Deauville (France)<\/li>\r\n \t<li>2003 - Galerie Bianca Landgraaf, Laren (Pays-Bas)<\/li>\r\n \t<li>2002 - Galerie Nichido, Paris (France)<\/li>\r\n \t<li>2002 - Centre Culturel de Mers-les-Bains (France)<\/li>\r\n \t<li>2001 - Galerie Bianca Landgraaf, Laren (Pays-Bas)<\/li>\r\n \t<li>2001 - Galerie Odile Mauve, Paris (France)<\/li>\r\n \t<li>2000 - Centre Culturel de Mers-les-Bains (France)<\/li>\r\n \t<li>1999 - Galerie De Buci, Paris (France)<\/li>\r\n \t<li>1999 - Garath Center, Dusseldorf (Allemagne)<\/li>\r\n \t<li>1997 - Galerie 17, Clermont Ferrand (France)<\/li>\r\n \t<li>1997 - Galerie de la Maison des Artistes, Charenton (France)<\/li>\r\n \t<li>1996 - Espace Pr\u00e9vert, Savigny-le-temple (France)<\/li>\r\n \t<li>1993 - Salle Voltaire, Sens (France)<\/li>\r\n \t<li>1992 - Soci\u00e9t\u00e9 G\u00e9n\u00e9rale des Champs Elys\u00e9es, Paris (France)<\/li>\r\n \t<li>1991 - Galerie Art-Cadres, Laval (France)<\/li>\r\n \t<li>1991 - Galerie Anex, Montrouge (France)<\/li>\r\n \t<li>1990 - Exposition de dessins, Relais Saint Romain, Laigueville (France)<\/li>\r\n \t<li>1990 - \u00ab Du Temps pour l\u2019Art \u00bb, sculptures et dessins, Paris (France)<\/li>\r\n<\/ul>","collective_exhibitions":"<ul>\r\n \t<li class=\"ai-optimize-6\">2025 : \"<em>Aujourd\u2019hui\u2026 autrefois\",<\/em> exposition collective, Galerie <span data-olk-copy-source=\"MessageBody\">Marion et Patrick Fran\u00e7ois (Vichy, France)<\/span><\/li>\r\n \t<li class=\"ai-optimize-7\">2025 : \"<em>Tendre chim\u00e8re supr\u00eame bestiaire<\/em>\", exposition collective, Galerie Marion &amp; Patrick Fran\u00e7ois, Vichy (France)<\/li>\r\n \t<li class=\"ai-optimize-8\">2023 : Biennale de Bois-Guilbert, exposition collective, Bois-Guilbert (France)<\/li>\r\n \t<li class=\"ai-optimize-9\">2023 : \"Les Ali\u00e9n\u00e9s du Mobilier national \u00bb, exposition collective, Mobilier national, Paris (France)<\/li>\r\n \t<li class=\"ai-optimize-10\">2023 : \u00ab Animal...Y\u00e9 \u00bb, exposition collective, Marion &amp; Patrick Fran\u00e7ois Galerie, Vichy (France)<\/li>\r\n \t<li class=\"ai-optimize-11\">2022 - Invit\u00e9 d'honneur au Salon d'automne \u00e0 l'Espace Culturel Alain Vanzo, Gournay-sur-Marne (France)<\/li>\r\n \t<li class=\"ai-optimize-12\">2021 - \u00ab 7\u00e8me Biennale de Sologne \u00bb, Ch\u00e2teau de la fert\u00e9 Beauharnais (France)<\/li>\r\n \t<li class=\"ai-optimize-13\">2020 - \u00ab Expressions plurielles \u00bb, saison 2, exposition collective, Charenton-le-Pont (France)<\/li>\r\n \t<li class=\"ai-optimize-14\">2019 - \u00ab Mosa\u00efques \u00bb, exposition collective, Pont-Sainte-Marie (France)<\/li>\r\n \t<li class=\"ai-optimize-15\">2019 - 11\u00e8me Biennale de sculpture au Jardin des sculptures, Ch\u00e2teau de Bois-Guilbert (France)<\/li>\r\n \t<li class=\"ai-optimize-16\">2018 - \u00ab Sauvages \u00bb, exposition collective, Atelier Grognard, Rueil-Malmaison (France)<\/li>\r\n \t<li class=\"ai-optimize-17\">2017 - 10e Biennale de sculpture de Bois-Guilbert, Le Jardin des sculptures, Ch\u00e2teau de Bois-Guilbert (France)<\/li>\r\n \t<li class=\"ai-optimize-18\">2017 - \u00ab Expressions plurielles \u00bb, exposition collective, Charenton-le-Pont (France)<\/li>\r\n \t<li class=\"ai-optimize-19\">2017 - \u00ab Intangible \u00bb, exposition collective, Bruxelles (Belgique)<\/li>\r\n \t<li class=\"ai-optimize-20\">2017 - 64\u00e8me Salon de Charenton, exposition collective (France)<\/li>\r\n \t<li class=\"ai-optimize-21\">2016 - Galerie l'Ang\u00e9lus, exposition collective, Barbizon (France)<\/li>\r\n \t<li class=\"ai-optimize-22\">2015 - Biennale de Sologne \u00ab Art contemporain et Paysage \u00bb, Parcours dans Chaumont-sur-Tharonne (France)<\/li>\r\n \t<li class=\"ai-optimize-23\">2015 - 9\u00e8me Biennale de Sculpture, Jardins du ch\u00e2teau de Bois-Guilbert (France)<\/li>\r\n \t<li class=\"ai-optimize-24\">2014 - \u00ab B\u00eate Off \u00bb, exposition collective, Espace Art et Libert\u00e9, La Coupole, Charenton-le-Pont (France)<\/li>\r\n \t<li class=\"ai-optimize-25\">2014 - Portes ouvertes des Ateliers, Maison des artistes de Charenton-le-Pont (France)<\/li>\r\n \t<li class=\"ai-optimize-26\">2013 - 8\u00e8me Biennale de Sculpture, les Jardins du ch\u00e2teau de Bois-Guilbert (France)<\/li>\r\n \t<li class=\"ai-optimize-27\">2009 - Affordable Art Fair, Galerie Dima, Londres (Royaume-Uni)<\/li>\r\n \t<li class=\"ai-optimize-28\">2004 - MAC 2000, Paris (France)<\/li>\r\n \t<li class=\"ai-optimize-29\">2002 - MAC 2000, Paris (France)<\/li>\r\n \t<li class=\"ai-optimize-30\">1999 - MAC 2000, Paris (France)<\/li>\r\n \t<li class=\"ai-optimize-31\">1998 - MAC 2000, Paris (France)<\/li>\r\n<\/ul>","collections":"","awards":"<ul>\r\n \t<li>2020 - Prix de sculpture au 67\u00e8me Salon de Charenton<\/li>\r\n \t<li>2019 - Prix de la ville de Charenton<\/li>\r\n \t<li>2016 - Prix de la ville de Charenton<\/li>\r\n \t<li>2011 - Prix du Lion\u2019s Club de Charenton<\/li>\r\n \t<li>2000 - Prix de la ville d\u2019Ern\u00e9e<\/li>\r\n \t<li>1991 - M\u00e9daille Vermeille avec mention de l\u2019Acad\u00e9mie Internationale de Lut\u00e8ce<\/li>\r\n \t<li>1990 - Prix de Sculpture, Lauriers Wiso<\/li>\r\n<\/ul>","commissions":"","publications":""},"artist_video":{"url":"https:\/\/youtube.com\/watch?v=Y-eQ1w0gTqk","poster_image":30452},"artist_taxes":{"vat_liability":true,"vat_applicable_rate":5.5},"artist_featured_artworks_images":[{"image":8557},{"image":9449},{"image":""}],"artist_featured_artworks":[22052,21951],"artist_diaporama":[{"image":31571,"image_caption":""},{"image":31583,"image_caption":""},{"image":31585,"image_caption":""},{"image":31573,"image_caption":""},{"image":31575,"image_caption":""},{"image":31581,"image_caption":"<span lang=\"EN-GB\"><span class=\"ILfuVd\" lang=\"ru\"><span class=\"hgKElc\">\u00ab<\/span><\/span><\/span> Grand Cerf <span lang=\"EN-GB\"><span class=\"ILfuVd\" lang=\"ru\"><span class=\"hgKElc\">\u00bb<\/span><\/span><\/span> de Pierre Yermia, \u00e0 l'entr\u00e9e du Domaine des Hauts de Loire"},{"image":31577,"image_caption":"<span lang=\"EN-GB\"><span class=\"ILfuVd\" lang=\"ru\"><span class=\"hgKElc\">\u00ab<\/span><\/span><\/span> Grand Cerf <span lang=\"EN-GB\"><span class=\"ILfuVd\" lang=\"ru\"><span class=\"hgKElc\">\u00bb<\/span><\/span><\/span> de Pierre Yermia, \u00e0 l'entr\u00e9e du Domaine des Hauts de Loire"},{"image":31579,"image_caption":"<p class=\"oeuvres-title\"><span lang=\"EN-GB\"><span class=\"ILfuVd\" lang=\"ru\"><span class=\"hgKElc\">\u00ab<\/span><\/span><\/span> Figure debout monumentale II <span lang=\"EN-GB\"><span class=\"ILfuVd\" lang=\"ru\"><span class=\"hgKElc\">\u00bb au Domaine des Hauts de Loire<\/span><\/span><\/span><\/p>"}],"artist_query_group":"10","drupal_id":"221"},"yoast_head":"<!-- This site is optimized with the Yoast SEO Premium plugin v27.3 (Yoast SEO v27.3) - https:\/\/yoast.com\/product\/yoast-seo-premium-wordpress\/ -->\n<title>Pierre Yermia \u2013 Sculpture animali\u00e8re et monumentale | Artistics<\/title>\n<meta name=\"description\" content=\"D\u00e9couvrez les figures et les animaux en bronze de Pierre Yermia, notamment les sculptures monumentales adapt\u00e9es \u00e0 l\u2019ext\u00e9rieur et au jardin. Achetez en ligne.\" \/>\n<meta name=\"robots\" content=\"index, follow, max-snippet:-1, max-image-preview:large, max-video-preview:-1\" \/>\n<link rel=\"canonical\" href=\"https:\/\/artistics.com\/fr\/artiste\/pierre-yermia\/\" \/>\n<meta property=\"og:locale\" content=\"fr_FR\" \/>\n<meta property=\"og:type\" content=\"article\" \/>\n<meta property=\"og:title\" content=\"Pierre Yermia\" \/>\n<meta property=\"og:description\" content=\"D\u00e9couvrez les figures et les animaux en bronze de Pierre Yermia, notamment les sculptures monumentales adapt\u00e9es \u00e0 l\u2019ext\u00e9rieur et au jardin. Achetez en ligne.\" \/>\n<meta property=\"og:url\" content=\"https:\/\/artistics.com\/fr\/artiste\/pierre-yermia\/\" \/>\n<meta property=\"og:site_name\" content=\"Artistics\" \/>\n<meta property=\"article:publisher\" content=\"https:\/\/www.facebook.com\/ArtisticsMag\" \/>\n<meta property=\"article:modified_time\" content=\"2026-02-24T12:33:49+00:00\" \/>\n<meta property=\"og:image\" content=\"https:\/\/artistics.com\/wp-content\/uploads\/2023\/04\/featured-image-pierre-yermia-sculptor.jpg\" \/>\n\t<meta property=\"og:image:width\" content=\"2560\" \/>\n\t<meta property=\"og:image:height\" content=\"1920\" \/>\n\t<meta property=\"og:image:type\" content=\"image\/jpeg\" \/>\n<meta name=\"twitter:card\" content=\"summary_large_image\" \/>\n<meta name=\"twitter:site\" content=\"@Artistics_FR\" \/>\n<meta name=\"twitter:label1\" content=\"Dur\u00e9e de lecture estim\u00e9e\" \/>\n\t<meta name=\"twitter:data1\" content=\"10 minutes\" \/>\n<script type=\"application\/ld+json\" class=\"yoast-schema-graph\">{\"@context\":\"https:\\\/\\\/schema.org\",\"@graph\":[{\"@type\":[\"WebPage\",\"ProfilePage\"],\"@id\":\"https:\\\/\\\/artistics.com\\\/fr\\\/artiste\\\/pierre-yermia\\\/\",\"url\":\"https:\\\/\\\/artistics.com\\\/fr\\\/artiste\\\/pierre-yermia\\\/\",\"name\":\"Pierre Yermia \u2013 Sculpture animali\u00e8re et monumentale | Artistics\",\"isPartOf\":{\"@id\":\"https:\\\/\\\/artistics.com\\\/fr\\\/#website\"},\"primaryImageOfPage\":{\"@id\":\"https:\\\/\\\/artistics.com\\\/fr\\\/artiste\\\/pierre-yermia\\\/#primaryimage\"},\"image\":{\"@id\":\"https:\\\/\\\/artistics.com\\\/fr\\\/artiste\\\/pierre-yermia\\\/#primaryimage\"},\"thumbnailUrl\":\"https:\\\/\\\/artistics.com\\\/wp-content\\\/uploads\\\/2023\\\/04\\\/featured-image-pierre-yermia-sculptor.jpg\",\"datePublished\":\"2015-09-15T13:29:19+00:00\",\"dateModified\":\"2026-02-24T12:33:49+00:00\",\"description\":\"D\u00e9couvrez les figures et les animaux en bronze de Pierre Yermia, notamment les sculptures monumentales adapt\u00e9es \u00e0 l\u2019ext\u00e9rieur et au jardin. Achetez en ligne.\",\"breadcrumb\":{\"@id\":\"https:\\\/\\\/artistics.com\\\/fr\\\/artiste\\\/pierre-yermia\\\/#breadcrumb\"},\"inLanguage\":\"fr-FR\",\"potentialAction\":[{\"@type\":\"ReadAction\",\"target\":[\"https:\\\/\\\/artistics.com\\\/fr\\\/artiste\\\/pierre-yermia\\\/\"]}]},{\"@type\":\"ImageObject\",\"inLanguage\":\"fr-FR\",\"@id\":\"https:\\\/\\\/artistics.com\\\/fr\\\/artiste\\\/pierre-yermia\\\/#primaryimage\",\"url\":\"https:\\\/\\\/artistics.com\\\/wp-content\\\/uploads\\\/2023\\\/04\\\/featured-image-pierre-yermia-sculptor.jpg\",\"contentUrl\":\"https:\\\/\\\/artistics.com\\\/wp-content\\\/uploads\\\/2023\\\/04\\\/featured-image-pierre-yermia-sculptor.jpg\",\"width\":2560,\"height\":1920},{\"@type\":\"BreadcrumbList\",\"@id\":\"https:\\\/\\\/artistics.com\\\/fr\\\/artiste\\\/pierre-yermia\\\/#breadcrumb\",\"itemListElement\":[{\"@type\":\"ListItem\",\"position\":1,\"name\":\"Achat \u0153uvre d'art\",\"item\":\"https:\\\/\\\/artistics.com\\\/fr\\\/\"},{\"@type\":\"ListItem\",\"position\":2,\"name\":\"Artistes contemporains\",\"item\":\"https:\\\/\\\/artistics.com\\\/fr\\\/type-artiste\\\/artistes-contemporains\\\/\"},{\"@type\":\"ListItem\",\"position\":3,\"name\":\"Sculpteurs contemporains\",\"item\":\"https:\\\/\\\/artistics.com\\\/fr\\\/type-artiste\\\/sculpteurs-contemporains\\\/\"},{\"@type\":\"ListItem\",\"position\":4,\"name\":\"Pierre Yermia\"}]},{\"@type\":\"WebSite\",\"@id\":\"https:\\\/\\\/artistics.com\\\/fr\\\/#website\",\"url\":\"https:\\\/\\\/artistics.com\\\/fr\\\/\",\"name\":\"Artistics\",\"description\":\"The online art gallery\",\"publisher\":{\"@id\":\"https:\\\/\\\/artistics.com\\\/fr\\\/#organization\"},\"potentialAction\":[{\"@type\":\"SearchAction\",\"target\":{\"@type\":\"EntryPoint\",\"urlTemplate\":\"https:\\\/\\\/artistics.com\\\/fr\\\/?s={search_term_string}\"},\"query-input\":{\"@type\":\"PropertyValueSpecification\",\"valueRequired\":true,\"valueName\":\"search_term_string\"}}],\"inLanguage\":\"fr-FR\"},{\"@type\":\"Organization\",\"@id\":\"https:\\\/\\\/artistics.com\\\/fr\\\/#organization\",\"name\":\"Artistics\",\"url\":\"https:\\\/\\\/artistics.com\\\/fr\\\/\",\"logo\":{\"@type\":\"ImageObject\",\"inLanguage\":\"fr-FR\",\"@id\":\"https:\\\/\\\/artistics.com\\\/fr\\\/#\\\/schema\\\/logo\\\/image\\\/\",\"url\":\"https:\\\/\\\/artistics.com\\\/wp-content\\\/uploads\\\/2023\\\/02\\\/artistics-logo-web-1.svg\",\"contentUrl\":\"https:\\\/\\\/artistics.com\\\/wp-content\\\/uploads\\\/2023\\\/02\\\/artistics-logo-web-1.svg\",\"caption\":\"Artistics\"},\"image\":{\"@id\":\"https:\\\/\\\/artistics.com\\\/fr\\\/#\\\/schema\\\/logo\\\/image\\\/\"},\"sameAs\":[\"https:\\\/\\\/www.facebook.com\\\/ArtisticsMag\",\"https:\\\/\\\/x.com\\\/Artistics_FR\",\"http:\\\/\\\/www.linkedin.com\\\/company\\\/artistics\",\"https:\\\/\\\/www.instagram.com\\\/artistics_com\\\/\",\"http:\\\/\\\/www.pinterest.com\\\/ArtisticsMag\"],\"mainEntityOfPage\":{\"@id\":\"https:\\\/\\\/artistics.com\\\/fr\\\/artiste\\\/pierre-yermia\\\/\"},\"hasMerchantReturnPolicy\":{\"@type\":\"MerchantReturnPolicy\",\"merchantReturnLink\":\"https:\\\/\\\/artistics.com\\\/free-return-policy\\\/\"}}]}<\/script>\n<!-- \/ Yoast SEO Premium plugin. -->","yoast_head_json":{"title":"Pierre Yermia \u2013 Sculpture animali\u00e8re et monumentale | Artistics","description":"D\u00e9couvrez les figures et les animaux en bronze de Pierre Yermia, notamment les sculptures monumentales adapt\u00e9es \u00e0 l\u2019ext\u00e9rieur et au jardin. Achetez en ligne.","robots":{"index":"index","follow":"follow","max-snippet":"max-snippet:-1","max-image-preview":"max-image-preview:large","max-video-preview":"max-video-preview:-1"},"canonical":"https:\/\/artistics.com\/fr\/artiste\/pierre-yermia\/","og_locale":"fr_FR","og_type":"article","og_title":"Pierre Yermia","og_description":"D\u00e9couvrez les figures et les animaux en bronze de Pierre Yermia, notamment les sculptures monumentales adapt\u00e9es \u00e0 l\u2019ext\u00e9rieur et au jardin. Achetez en ligne.","og_url":"https:\/\/artistics.com\/fr\/artiste\/pierre-yermia\/","og_site_name":"Artistics","article_publisher":"https:\/\/www.facebook.com\/ArtisticsMag","article_modified_time":"2026-02-24T12:33:49+00:00","og_image":[{"width":2560,"height":1920,"url":"https:\/\/artistics.com\/wp-content\/uploads\/2023\/04\/featured-image-pierre-yermia-sculptor.jpg","type":"image\/jpeg"}],"twitter_card":"summary_large_image","twitter_site":"@Artistics_FR","twitter_misc":{"Dur\u00e9e de lecture estim\u00e9e":"10 minutes"},"schema":{"@context":"https:\/\/schema.org","@graph":[{"@type":["WebPage","ProfilePage"],"@id":"https:\/\/artistics.com\/fr\/artiste\/pierre-yermia\/","url":"https:\/\/artistics.com\/fr\/artiste\/pierre-yermia\/","name":"Pierre Yermia \u2013 Sculpture animali\u00e8re et monumentale | Artistics","isPartOf":{"@id":"https:\/\/artistics.com\/fr\/#website"},"primaryImageOfPage":{"@id":"https:\/\/artistics.com\/fr\/artiste\/pierre-yermia\/#primaryimage"},"image":{"@id":"https:\/\/artistics.com\/fr\/artiste\/pierre-yermia\/#primaryimage"},"thumbnailUrl":"https:\/\/artistics.com\/wp-content\/uploads\/2023\/04\/featured-image-pierre-yermia-sculptor.jpg","datePublished":"2015-09-15T13:29:19+00:00","dateModified":"2026-02-24T12:33:49+00:00","description":"D\u00e9couvrez les figures et les animaux en bronze de Pierre Yermia, notamment les sculptures monumentales adapt\u00e9es \u00e0 l\u2019ext\u00e9rieur et au jardin. Achetez en ligne.","breadcrumb":{"@id":"https:\/\/artistics.com\/fr\/artiste\/pierre-yermia\/#breadcrumb"},"inLanguage":"fr-FR","potentialAction":[{"@type":"ReadAction","target":["https:\/\/artistics.com\/fr\/artiste\/pierre-yermia\/"]}]},{"@type":"ImageObject","inLanguage":"fr-FR","@id":"https:\/\/artistics.com\/fr\/artiste\/pierre-yermia\/#primaryimage","url":"https:\/\/artistics.com\/wp-content\/uploads\/2023\/04\/featured-image-pierre-yermia-sculptor.jpg","contentUrl":"https:\/\/artistics.com\/wp-content\/uploads\/2023\/04\/featured-image-pierre-yermia-sculptor.jpg","width":2560,"height":1920},{"@type":"BreadcrumbList","@id":"https:\/\/artistics.com\/fr\/artiste\/pierre-yermia\/#breadcrumb","itemListElement":[{"@type":"ListItem","position":1,"name":"Achat \u0153uvre d'art","item":"https:\/\/artistics.com\/fr\/"},{"@type":"ListItem","position":2,"name":"Artistes contemporains","item":"https:\/\/artistics.com\/fr\/type-artiste\/artistes-contemporains\/"},{"@type":"ListItem","position":3,"name":"Sculpteurs contemporains","item":"https:\/\/artistics.com\/fr\/type-artiste\/sculpteurs-contemporains\/"},{"@type":"ListItem","position":4,"name":"Pierre Yermia"}]},{"@type":"WebSite","@id":"https:\/\/artistics.com\/fr\/#website","url":"https:\/\/artistics.com\/fr\/","name":"Artistics","description":"The online art gallery","publisher":{"@id":"https:\/\/artistics.com\/fr\/#organization"},"potentialAction":[{"@type":"SearchAction","target":{"@type":"EntryPoint","urlTemplate":"https:\/\/artistics.com\/fr\/?s={search_term_string}"},"query-input":{"@type":"PropertyValueSpecification","valueRequired":true,"valueName":"search_term_string"}}],"inLanguage":"fr-FR"},{"@type":"Organization","@id":"https:\/\/artistics.com\/fr\/#organization","name":"Artistics","url":"https:\/\/artistics.com\/fr\/","logo":{"@type":"ImageObject","inLanguage":"fr-FR","@id":"https:\/\/artistics.com\/fr\/#\/schema\/logo\/image\/","url":"https:\/\/artistics.com\/wp-content\/uploads\/2023\/02\/artistics-logo-web-1.svg","contentUrl":"https:\/\/artistics.com\/wp-content\/uploads\/2023\/02\/artistics-logo-web-1.svg","caption":"Artistics"},"image":{"@id":"https:\/\/artistics.com\/fr\/#\/schema\/logo\/image\/"},"sameAs":["https:\/\/www.facebook.com\/ArtisticsMag","https:\/\/x.com\/Artistics_FR","http:\/\/www.linkedin.com\/company\/artistics","https:\/\/www.instagram.com\/artistics_com\/","http:\/\/www.pinterest.com\/ArtisticsMag"],"mainEntityOfPage":{"@id":"https:\/\/artistics.com\/fr\/artiste\/pierre-yermia\/"},"hasMerchantReturnPolicy":{"@type":"MerchantReturnPolicy","merchantReturnLink":"https:\/\/artistics.com\/free-return-policy\/"}}]}},"_links":{"self":[{"href":"https:\/\/artistics.com\/fr\/wp-json\/wp\/v2\/artist\/2757","targetHints":{"allow":["GET"]}}],"collection":[{"href":"https:\/\/artistics.com\/fr\/wp-json\/wp\/v2\/artist"}],"about":[{"href":"https:\/\/artistics.com\/fr\/wp-json\/wp\/v2\/types\/artist"}],"version-history":[{"count":50,"href":"https:\/\/artistics.com\/fr\/wp-json\/wp\/v2\/artist\/2757\/revisions"}],"predecessor-version":[{"id":98620,"href":"https:\/\/artistics.com\/fr\/wp-json\/wp\/v2\/artist\/2757\/revisions\/98620"}],"acf:post":[{"embeddable":true,"href":"https:\/\/artistics.com\/fr\/wp-json\/wp\/v2\/product\/21951"},{"embeddable":true,"href":"https:\/\/artistics.com\/fr\/wp-json\/wp\/v2\/product\/22052"}],"acf:term":[{"embeddable":true,"taxonomy":"series","href":"https:\/\/artistics.com\/fr\/wp-json\/wp\/v2\/series\/1110"},{"embeddable":true,"taxonomy":"artist-type","href":"https:\/\/artistics.com\/fr\/wp-json\/wp\/v2\/artist-type\/2385"},{"embeddable":true,"taxonomy":"artist-type","href":"https:\/\/artistics.com\/fr\/wp-json\/wp\/v2\/artist-type\/2238"},{"embeddable":true,"taxonomy":"artist-type","href":"https:\/\/artistics.com\/fr\/wp-json\/wp\/v2\/artist-type\/305"},{"embeddable":true,"taxonomy":"artist-type","href":"https:\/\/artistics.com\/fr\/wp-json\/wp\/v2\/artist-type\/308"}],"wp:featuredmedia":[{"embeddable":true,"href":"https:\/\/artistics.com\/fr\/wp-json\/wp\/v2\/media\/30911"}],"wp:attachment":[{"href":"https:\/\/artistics.com\/fr\/wp-json\/wp\/v2\/media?parent=2757"}],"wp:term":[{"taxonomy":"artist-type","embeddable":true,"href":"https:\/\/artistics.com\/fr\/wp-json\/wp\/v2\/artist-type?post=2757"}],"curies":[{"name":"wp","href":"https:\/\/api.w.org\/{rel}","templated":true}]}}